{"id":1231,"date":"2015-11-08T18:05:38","date_gmt":"2015-11-08T17:05:38","guid":{"rendered":"https:\/\/www.prazskekancelare.com\/test\/?post_type=property&#038;p=1231"},"modified":"2019-10-30T15:22:59","modified_gmt":"2019-10-30T14:22:59","slug":"pronajem-kancelari-hradcanska-office-center-praha-6","status":"publish","type":"property","link":"https:\/\/www.prazskekancelare.com\/test\/kancelare-k-pronajmu\/pronajem-kancelari-hradcanska-office-center-praha-6\/","title":{"rendered":"Kancel\u00e1\u0159e HRAD\u010cANSK\u00c1 Office Center <span style=\"color: #ff0000;\">TOP<\/span>"},"content":{"rendered":"\n\t<ul id=\"slideshowgallery23517\" class=\"slideshowgallery23517\" style=\"display:none;\">\n\t\t\t\t\t<!-- From all slides or gallery slides -->\n\t\t\t\t\t\t\t<li>\n\t\t\t\t\t<h3 style=\"opacity:70;\">vyhled z kancelari k pronajmu praha 6<\/h3>\n\t\t\t\t\t\t\t\t\t\t\t<span data-alt=\"vyhled-z-kancelari-k-pronajmu-praha-6\">https:\/\/www.prazskekancelare.com\/test\/wp-content\/uploads\/2015\/11\/vyhled-z-kancelari-k-pronajmu-praha-6.jpg<\/span>\n\t\t\t\t\t\t\t\t\t\t<p><\/p>\n\t\t\t\t\t\t\t\t\t\t\t\t\t\t\t\t\t\t<a><img class=\"skip-lazy\" src=\"https:\/\/www.prazskekancelare.com\/test\/wp-content\/uploads\/2015\/11\/vyhled-z-kancelari-k-pronajmu-praha-6-400x300.jpg\" alt=\"vyhled-z-kancelari-k-pronajmu-praha-6\" \/><\/a>\n\t\t\t\t\t\t\t\t\t\t\t\t\t\t\t<\/li>\n\t\t\t\t\t\t\t<li>\n\t\t\t\t\t<h3 style=\"opacity:70;\">kancelar k pronajmu praha 6<\/h3>\n\t\t\t\t\t\t\t\t\t\t\t<span data-alt=\"kancelar-k-pronajmu-praha-6\">https:\/\/www.prazskekancelare.com\/test\/wp-content\/uploads\/2015\/11\/kancelar-k-pronajmu-praha-6.jpg<\/span>\n\t\t\t\t\t\t\t\t\t\t<p><\/p>\n\t\t\t\t\t\t\t\t\t\t\t\t\t\t\t\t\t\t<a><img class=\"skip-lazy\" src=\"https:\/\/www.prazskekancelare.com\/test\/wp-content\/uploads\/2015\/11\/kancelar-k-pronajmu-praha-6-400x300.jpg\" alt=\"kancelar-k-pronajmu-praha-6\" \/><\/a>\n\t\t\t\t\t\t\t\t\t\t\t\t\t\t\t<\/li>\n\t\t\t\t\t\t\t<li>\n\t\t\t\t\t<h3 style=\"opacity:70;\">kancelar na praze 6 ihned<\/h3>\n\t\t\t\t\t\t\t\t\t\t\t<span data-alt=\"kancelar-na-praze-6-ihned\">https:\/\/www.prazskekancelare.com\/test\/wp-content\/uploads\/2015\/11\/kancelar-na-praze-6-ihned.jpg<\/span>\n\t\t\t\t\t\t\t\t\t\t<p><\/p>\n\t\t\t\t\t\t\t\t\t\t\t\t\t\t\t\t\t\t<a><img class=\"skip-lazy\" src=\"https:\/\/www.prazskekancelare.com\/test\/wp-content\/uploads\/2015\/11\/kancelar-na-praze-6-ihned-400x300.jpg\" alt=\"kancelar-na-praze-6-ihned\" \/><\/a>\n\t\t\t\t\t\t\t\t\t\t\t\t\t\t\t<\/li>\n\t\t\t\t\t\t\t<li>\n\t\t\t\t\t<h3 style=\"opacity:70;\">kancelare na praze 6<\/h3>\n\t\t\t\t\t\t\t\t\t\t\t<span data-alt=\"kancelare-na-praze-6\">https:\/\/www.prazskekancelare.com\/test\/wp-content\/uploads\/2015\/11\/kancelare-na-praze-6.jpg<\/span>\n\t\t\t\t\t\t\t\t\t\t<p><\/p>\n\t\t\t\t\t\t\t\t\t\t\t\t\t\t\t\t\t\t<a><img class=\"skip-lazy\" src=\"https:\/\/www.prazskekancelare.com\/test\/wp-content\/uploads\/2015\/11\/kancelare-na-praze-6-400x300.jpg\" alt=\"kancelare-na-praze-6\" \/><\/a>\n\t\t\t\t\t\t\t\t\t\t\t\t\t\t\t<\/li>\n\t\t\t\t\t\t\t<li>\n\t\t\t\t\t<h3 style=\"opacity:70;\">kancelare praha 6 levne<\/h3>\n\t\t\t\t\t\t\t\t\t\t\t<span data-alt=\"kancelare-praha-6-levne\">https:\/\/www.prazskekancelare.com\/test\/wp-content\/uploads\/2015\/11\/kancelare-praha-6-levne.jpg<\/span>\n\t\t\t\t\t\t\t\t\t\t<p><\/p>\n\t\t\t\t\t\t\t\t\t\t\t\t\t\t\t\t\t\t<a><img class=\"skip-lazy\" src=\"https:\/\/www.prazskekancelare.com\/test\/wp-content\/uploads\/2015\/11\/kancelare-praha-6-levne-400x300.jpg\" alt=\"kancelare-praha-6-levne\" \/><\/a>\n\t\t\t\t\t\t\t\t\t\t\t\t\t\t\t<\/li>\n\t\t\t\t\t\t\t<li>\n\t\t\t\t\t<h3 style=\"opacity:70;\">kancelare praha 6<\/h3>\n\t\t\t\t\t\t\t\t\t\t\t<span data-alt=\"kancelare-praha-6\">https:\/\/www.prazskekancelare.com\/test\/wp-content\/uploads\/2015\/11\/kancelare-praha-6.jpg<\/span>\n\t\t\t\t\t\t\t\t\t\t<p><\/p>\n\t\t\t\t\t\t\t\t\t\t\t\t\t\t\t\t\t\t<a><img class=\"skip-lazy\" src=\"https:\/\/www.prazskekancelare.com\/test\/wp-content\/uploads\/2015\/11\/kancelare-praha-6-400x300.jpg\" alt=\"kancelare-praha-6\" \/><\/a>\n\t\t\t\t\t\t\t\t\t\t\t\t\t\t\t<\/li>\n\t\t\t\t\t\t\t<li>\n\t\t\t\t\t<h3 style=\"opacity:70;\">levny pronajem kancelari praha 6<\/h3>\n\t\t\t\t\t\t\t\t\t\t\t<span data-alt=\"levny-pronajem-kancelari-praha-6\">https:\/\/www.prazskekancelare.com\/test\/wp-content\/uploads\/2015\/11\/levny-pronajem-kancelari-praha-6.jpg<\/span>\n\t\t\t\t\t\t\t\t\t\t<p><\/p>\n\t\t\t\t\t\t\t\t\t\t\t\t\t\t\t\t\t\t<a><img class=\"skip-lazy\" src=\"https:\/\/www.prazskekancelare.com\/test\/wp-content\/uploads\/2015\/11\/levny-pronajem-kancelari-praha-6-400x300.jpg\" alt=\"levny-pronajem-kancelari-praha-6\" \/><\/a>\n\t\t\t\t\t\t\t\t\t\t\t\t\t\t\t<\/li>\n\t\t\t\t\t\t\t<li>\n\t\t\t\t\t<h3 style=\"opacity:70;\">pronajem kancelare na sestce<\/h3>\n\t\t\t\t\t\t\t\t\t\t\t<span data-alt=\"pronajem-kancelare-na-sestce\">https:\/\/www.prazskekancelare.com\/test\/wp-content\/uploads\/2015\/11\/pronajem-kancelare-na-sestce.jpg<\/span>\n\t\t\t\t\t\t\t\t\t\t<p><\/p>\n\t\t\t\t\t\t\t\t\t\t\t\t\t\t\t\t\t\t<a><img class=\"skip-lazy\" src=\"https:\/\/www.prazskekancelare.com\/test\/wp-content\/uploads\/2015\/11\/pronajem-kancelare-na-sestce-400x300.jpg\" alt=\"pronajem-kancelare-na-sestce\" \/><\/a>\n\t\t\t\t\t\t\t\t\t\t\t\t\t\t\t<\/li>\n\t\t\t\t\t\t\t<li>\n\t\t\t\t\t<h3 style=\"opacity:70;\">pronajem kancelare praha 6<\/h3>\n\t\t\t\t\t\t\t\t\t\t\t<span data-alt=\"pronajem-kancelare-praha-6\">https:\/\/www.prazskekancelare.com\/test\/wp-content\/uploads\/2015\/11\/pronajem-kancelare-praha-6.jpg<\/span>\n\t\t\t\t\t\t\t\t\t\t<p><\/p>\n\t\t\t\t\t\t\t\t\t\t\t\t\t\t\t\t\t\t<a><img class=\"skip-lazy\" src=\"https:\/\/www.prazskekancelare.com\/test\/wp-content\/uploads\/2015\/11\/pronajem-kancelare-praha-6-400x300.jpg\" alt=\"pronajem-kancelare-praha-6\" \/><\/a>\n\t\t\t\t\t\t\t\t\t\t\t\t\t\t\t<\/li>\n\t\t\t\t\t\t\t<li>\n\t\t\t\t\t<h3 style=\"opacity:70;\">pronajem kancelari praha 6<\/h3>\n\t\t\t\t\t\t\t\t\t\t\t<span data-alt=\"pronajem-kancelari-praha-6\">https:\/\/www.prazskekancelare.com\/test\/wp-content\/uploads\/2015\/11\/pronajem-kancelari-praha-6.jpg<\/span>\n\t\t\t\t\t\t\t\t\t\t<p><\/p>\n\t\t\t\t\t\t\t\t\t\t\t\t\t\t\t\t\t\t<a><img class=\"skip-lazy\" src=\"https:\/\/www.prazskekancelare.com\/test\/wp-content\/uploads\/2015\/11\/pronajem-kancelari-praha-6-400x300.jpg\" alt=\"pronajem-kancelari-praha-6\" \/><\/a>\n\t\t\t\t\t\t\t\t\t\t\t\t\t\t\t<\/li>\n\t\t\t\t\t\t\t<li>\n\t\t\t\t\t<h3 style=\"opacity:70;\">velke kancelare praha 6<\/h3>\n\t\t\t\t\t\t\t\t\t\t\t<span data-alt=\"velke-kancelare-praha-6\">https:\/\/www.prazskekancelare.com\/test\/wp-content\/uploads\/2015\/11\/velke-kancelare-praha-6.jpg<\/span>\n\t\t\t\t\t\t\t\t\t\t<p><\/p>\n\t\t\t\t\t\t\t\t\t\t\t\t\t\t\t\t\t\t<a><img class=\"skip-lazy\" src=\"https:\/\/www.prazskekancelare.com\/test\/wp-content\/uploads\/2015\/11\/velke-kancelare-praha-6-400x300.jpg\" alt=\"velke-kancelare-praha-6\" \/><\/a>\n\t\t\t\t\t\t\t\t\t\t\t\t\t\t\t<\/li>\n\t\t\t\t\t\t\t<li>\n\t\t\t\t\t<h3 style=\"opacity:70;\">budova kancelari praha 6<\/h3>\n\t\t\t\t\t\t\t\t\t\t\t<span data-alt=\"budova-kancelari-praha-6\">https:\/\/www.prazskekancelare.com\/test\/wp-content\/uploads\/2015\/11\/budova-kancelari-praha-6.jpg<\/span>\n\t\t\t\t\t\t\t\t\t\t<p><\/p>\n\t\t\t\t\t\t\t\t\t\t\t\t\t\t\t\t\t\t<a><img class=\"skip-lazy\" src=\"https:\/\/www.prazskekancelare.com\/test\/wp-content\/uploads\/2015\/11\/budova-kancelari-praha-6-400x300.jpg\" alt=\"budova-kancelari-praha-6\" \/><\/a>\n\t\t\t\t\t\t\t\t\t\t\t\t\t\t\t<\/li>\n\t\t\t\t\t\t<\/ul>\n\n\t\t<div id=\"slideshow-wrappergallery23517\" class=\"slideshow-wrapper\" style=\"--slideshow-width:1452px\">\n\t\t\n\t\t<div class=\"slideshow-fullsize\" id=\"fullsizegallery23517\">\n\t\t\t\t\t\t\t\t\t\t\t\t\t\t<div id=\"imgprevgallery23517\" class=\"slideshow-imgprev imgnav\" title=\"Previous Image\">Previous Image<\/div>\n\t\t\t\t\t\t<a id=\"imglinkgallery23517\" class=\"slideshow-imglink imglink\">\n\t\t\t\t<!-- link -->\n\t\t\t<\/a>\n\t\t\t\t\t\t\t\t\t\t\t<div id=\"imgnextgallery23517\" class=\"slideshow-imgnext imgnav\" title=\"Next Image\">Next Image<\/div>\n\t\t\t\t\t\t<div id=\"imagegallery23517\" class=\"slideshow-image\"><\/div>\n\t\t\t<div class=\"slideshow-information infobottom\" id=\"informationgallery23517\">\n\t\t\t\t<h3 class=\"slideshow-info-heading\">info heading<\/h3>\n\t\t\t\t<p class=\"slideshow-info-content\">info content<\/p>\n\t\t\t<\/div>\n\t\t<\/div>\n\n\t\t\t\t\t<div id=\"thumbnailsgallery23517\" class=\"slideshow-thumbnails thumbsbot\">\n\t\t\t\t<div class=\"slideshow-slideleft\" id=\"slideleftgallery23517\" title=\"Slide Left\"><\/div>\n\t\t\t\t<div class=\"slideshow-slidearea\" id=\"slideareagallery23517\">\n\t\t\t\t\t<div class=\"slideshow-slider\" id=\"slidergallery23517\"><\/div>\n\t\t\t\t<\/div>\n\t\t\t\t<div class=\"slideshow-slideright\" id=\"sliderightgallery23517\" title=\"Slide Right\"><\/div>\n\t\t\t\t<br style=\"clear:both; visibility:hidden; height:1px;\" \/>\n\t\t\t<\/div>\n\t\t\t<\/div>\n\n\t\n<p>&nbsp;<\/p>\n<p>Kancel\u00e1\u0159e k pron\u00e1jmu\u00a0<strong>Hrad\u010dansk\u00e1 Office Center\u00a0\u2705\u00a0<\/strong>Praha 6 jsou reprezentativn\u00ed, prostorn\u00e9 a nach\u00e1zej\u00ed se v ulici Milady Hor\u00e1kov\u00e9, Praha 6. Pron\u00e1jem kancel\u00e1\u0159\u00ed Praha 6 Milady Hor\u00e1kov\u00e1\u00a0se nach\u00e1z\u00ed v administrativn\u00ed budov\u011b v rychle se rozv\u00edjej\u00edc\u00ed lokalit\u011b bl\u00edzko Dejvic. V dom\u011b je 24 hodinov\u00e1 ostraha objektu a centr\u00e1ln\u00ed recepce. Kancel\u00e1\u0159e k pron\u00e1jmu jsou klimatizovan\u00e9 s otev\u00edrateln\u00fdmi okny. Flexibiln\u00ed uspo\u0159\u00e1d\u00e1n\u00ed kancel\u00e1\u0159\u00ed, bu\u010f jednotliv\u011b nebo open space. Mo\u017enost pron\u00e1jmu parkovac\u00edch st\u00e1n\u00ed. V\u00fdborn\u00e1 dopravn\u00ed dostupnost, p\u0159ed domem je zast\u00e1vka tramvaje, stanice metra pouze 5 minut ch\u016fz\u00ed. Snadn\u00e9 napojen\u00ed na pra\u017esk\u00fd okruh a na leti\u0161t\u011b Ruzyn\u011b. Pron\u00e1jem kancel\u00e1\u0159e Praha 6 na t\u00e9to lokalit\u011b je skv\u011blou volbou z hlediska dostupnosti a pom\u011bru cena\/kvalita.<\/p>\n<p><span style=\"color: #0000ff;\"><strong>V nab\u00eddce jsou:<\/strong><\/span><\/p>\n<ol>\n<li><span style=\"color: #0000ff;\"><strong>malometr\u00e1\u017en\u00ed\u00a0<\/strong>kancel\u00e1\u0159e\u00a0do<strong>\u00a0100 m2\u00a0<\/strong>nebo<\/span><\/li>\n<li><span style=\"color: #0000ff;\"><strong>velkometr\u00e1\u017en\u00ed\u00a0<\/strong>kancel\u00e1\u0159e typu open-space \/ flexibiln\u011b \u0159e\u0161en\u00fdch\u00a0<strong>od 100 m2 do 2.500 m2<\/strong>.<\/span><\/li>\n<\/ol>\n<p><span style=\"color: #ff0000;\"><strong>N\u00e1\u0161 tip:<\/strong>\u00a0Za\u0161lete n\u00e1m rychl\u00fd\u00a0<strong><a style=\"color: #ff0000;\" href=\"\/poptavka-po-kancelarich-k-pronajmu\/\" target=\"_blank\"><span style=\"text-decoration: underline;\">popt\u00e1vkov\u00fd formul\u00e1\u0159<\/span>\u00a0<\/a><\/strong>a my V\u00e1m b\u011bhem 30 minut\u00a0p\u0159iprav\u00edme kompletn\u00ed nab\u00eddku dle Va\u0161ich specifikac\u00ed a bez provize.\u00a0<strong>V nab\u00eddce m\u00e1me 500 kancel\u00e1\u0159\u00ed v\u00a0cel\u00e9 Praze<\/strong>. T\u011b\u0161\u00edme se na spolupr\u00e1ci.<\/span><\/p>\n<h2>Kancel\u00e1\u0159sk\u00e1 budova na Letn\u00e9, Milady Hor\u00e1kov\u00e9 &#8211; metro Hrad\u010dansk\u00e1<\/h2>\n<p>kancel\u00e1\u0159e k pron\u00e1jmu v Hrad\u010dansk\u00e1 Office Center \u2013 Milady Hor\u00e1kov\u00e9 116\/109, Praha 6, se nach\u00e1z\u00ed v \u0161ir\u0161\u00edm centru Prahy, nedaleko Pra\u017esk\u00e9ho hradu a z\u00e1rove\u0148 p\u0159\u00edmo u stanice metra A-Hrad\u010dansk\u00e1. V bl\u00edzk\u00e9m okol\u00ed jsou ve\u0161ker\u00e9 d\u016fle\u017eit\u00e9 slu\u017eby a ob\u010dansk\u00e1 vybavenost<\/p>\n<p>P\u016fvodn\u011b budov\u00e1na pro Ministerstvo elektropr\u016fmyslu, pozd\u011bji s\u00eddlo \u0160kody a dnes nov\u011b zrekonstruovan\u00e1 administrativn\u00ed budova Hrad\u010dansk\u00e1 Office Center nab\u00edz\u00ed v malebn\u00e9 oblasti Prahy 6 p\u0159es 9 000 m2 pronaj\u00edmateln\u00e9 plochy.<\/p>\n<p>Architektonicky a technicky je Hrad\u010dansk\u00e1 Office Center komplexem dvou komunika\u010dn\u011b vz\u00e1jemn\u011b propojen\u00fdch budov, kter\u00e9 sv\u00fdm koncep\u010dn\u00edm \u0159e\u0161en\u00edm dok\u00e1\u017eou uspokojit po\u017eadavky na prostor v\u0161ech subjekt\u016f, od t\u011bch nejmen\u0161\u00edch a\u017e po ty velk\u00e9.<\/p>\n<p>P\u0159idanou hodnotou kancel\u00e1\u0159\u00ed k pron\u00e1jmu na Praze 6 je unik\u00e1tn\u00ed lokalita s v\u00fdbornou dopravn\u00ed dostupnost\u00ed \u2013 ve\u0159ejnou i osobn\u00ed, dispozi\u010dn\u00ed flexibilita a v\u00fdrazn\u00e1 viditelnost. Z nejvy\u0161\u0161\u00edch pater je n\u00e1dhern\u00fd v\u00fdhled na Pra\u017esk\u00fd hrad, v doch\u00e1zkov\u00e9 vzd\u00e1lenosti se nach\u00e1z\u00ed park Letn\u00e1.<\/p>\n<p>V p\u0159\u00edzem\u00ed kancel\u00e1\u0159sk\u00e9 budovy je prodejna potravin Tesco Express, prodejna DM drogerie, pobo\u010dka \u010cesk\u00e9 spo\u0159itelny, l\u00e9k\u00e1rna a nov\u011b t\u00e9\u017e fitness centrum Factory Pro.<\/p>\n<h2>Kancel\u00e1\u0159e Hrad\u010dansk\u00e1 Office Center na Letn\u00e9 a Hrad\u010danech &#8211; popis<\/h2>\n<p>Kancel\u00e1\u0159e Praha 6 jsou skv\u011ble situovan\u00e9 a modern\u00ed centrum nab\u00edz\u00ed kancel\u00e1\u0159e k pron\u00e1jmu, zasedac\u00ed m\u00edstnosti na kr\u00e1tkodob\u00fd i dlouhodob\u00fd pron\u00e1jem a samoz\u0159ejm\u011b mo\u017enost registrace s\u00eddla spole\u010dnosti. Jedn\u00e1 se o full service centrum, tzn. pln\u011b vybaven\u00e9 a servisovan\u00e9 kancel\u00e1\u0159e a zasedac\u00ed m\u00edstnosti, v\u010detn\u011b ve\u0161ker\u00e9 administrativn\u00ed i jin\u00e9 podpory ze strany asistentek. Klient se m\u016f\u017ee pln\u011b v\u011bnovat sv\u00e9 \u010dinnosti a kolektiv centra za\u0159\u00edd\u00ed ve\u0161ker\u00e9 slu\u017eby kolem. Kancel\u00e1\u0159e k pron\u00e1jmu Praha 6 jsou velmi dob\u0159e p\u0159ehledn\u00e9 a jejich um\u00edst\u011bn\u00ed vyhovuj\u00edc\u00ed va\u0161emu denn\u00edmu u\u017e\u00edv\u00e1n\u00ed.<\/p>\n<h2>Zaj\u00edmavosti pron\u00e1jmu kancel\u00e1\u0159\u00ed Letn\u00e1\u00a0Praha 6<\/h2>\n<ul>\n<li>Pron\u00e1jem kancel\u00e1\u0159e Praha 6 &#8211; ji\u017e od 15 m2 do 1.000 m2.<\/li>\n<li>Registrace s\u00eddla spole\u010dnosti. Virtu\u00e1ln\u00ed kancel\u00e1\u0159<\/li>\n<li>vybaven\u00e9 zasedac\u00ed m\u00edstnosti<\/li>\n<li>recepce s administrativn\u00ed a reprezentativn\u00ed asistentkou<\/li>\n<li>s\u00ed\u0165 LAN<\/li>\n<li>non-stop p\u0159\u00edstup do kancel\u00e1\u0159e, ochranka<\/li>\n<li>Flexibiln\u00ed kancel\u00e1\u0159sk\u00e9 prostory od 20 m2<\/li>\n<li>Silnoproud\u00e1 kabel\u00e1\u017e dod\u00e1van\u00e1 ve standardu<\/li>\n<li>Otev\u00edrateln\u00e1 okna<\/li>\n<li>Koberce ve standardu<\/li>\n<li>Sn\u00ed\u017een\u00e9 podhledy v\u010detn\u011b osv\u011btlen\u00ed<\/li>\n<li>24 hodinov\u00e1 bezpe\u010dnostn\u00ed slu\u017eba<\/li>\n<li>Kamerov\u00fd syst\u00e9m CCTV<\/li>\n<li>2 samostatn\u00e9 recepce<\/li>\n<li>7 v\u00fdtah\u016f<\/li>\n<li>Centr\u00e1ln\u00ed vyt\u00e1p\u011bn\u00ed<\/li>\n<li>Maloobchodn\u00ed jednotky v p\u0159\u00edzem\u00ed<\/li>\n<\/ul>\n<h2>Provize za zprost\u0159edkov\u00e1n\u00ed kancel\u00e1\u0159\u00ed Praha 6<\/h2>\n<p>Ve\u0161ker\u00e9 slu\u017eby na\u0161\u00ed spole\u010dnosti a jej\u00edch makl\u00e9\u0159\u016f jsou bez provize.<\/p>\n<h2>Jak poptat kancel\u00e1\u0159 na Milady Hor\u00e1kov\u00e9?<\/h2>\n<p>Pro zasl\u00e1n\u00ed kompletn\u00ed nab\u00eddky s aktu\u00e1ln\u011b dostupn\u00fdmi kancel\u00e1\u0159emi k pron\u00e1jmu na Praze 6 n\u00e1s pros\u00edm nev\u00e1hejte kdykoli kontaktovat.<\/p>\n<p>Rychl\u00fd popt\u00e1vkov\u00fd formul\u00e1\u0159 najdete na konci textu\u00a0a makl\u00e9\u0159e zodpov\u011bdn\u00e9ho za nemovitosti v prav\u00e9m sloupci.<br \/>\ne-mail:\u00a0<strong><a href=\"mailto:info@prazskekancelare.cz\">info@prazskekancelare.cz<\/a><\/strong>\u00a0\/\u00a0telefon: <strong><span style=\"color: #ff0000;\">+420 773 295 925, +420 723 984 360<\/span><\/strong><\/p>\n<h2>v\u00edce informac\u00ed o kancel\u00e1\u0159\u00edch na Hrad\u010dansk\u00e9:<\/h2>\n","protected":false},"author":1,"featured_media":1228,"comment_status":"closed","ping_status":"closed","template":"","yoast_head":"<!-- This site is optimized with the Yoast SEO plugin v16.4 - https:\/\/yoast.com\/wordpress\/plugins\/seo\/ -->\n<title>HRAD\u010cANSK\u00c1 Office Center \u00ae | 700 kancel\u00e1\u0159\u00ed Milady Hor\u00e1kov\u00e9<\/title>\n<meta name=\"description\" content=\"Popt\u00e1vejte kancel\u00e1\u0159e Hrad\u010dansk\u00e1 Office Center \u2705 Milady Hor\u00e1kov\u00e9 Letn\u00e1 Praha 6 \u2705 | 600 kancel\u00e1\u0159\u00ed k pron\u00e1jmu nejen na Hrad\u010danech v Praze | Provize 0%.\" \/>\n<meta name=\"robots\" content=\"noindex, follow, max-snippet:-1, max-image-preview:large, max-video-preview:-1\" \/>\n<meta property=\"og:locale\" content=\"cs_CZ\" \/>\n<meta property=\"og:type\" content=\"article\" \/>\n<meta property=\"og:title\" content=\"HRAD\u010cANSK\u00c1 Office Center \u00ae | 700 kancel\u00e1\u0159\u00ed Milady Hor\u00e1kov\u00e9\" \/>\n<meta property=\"og:description\" content=\"Popt\u00e1vejte kancel\u00e1\u0159e Hrad\u010dansk\u00e1 Office Center \u2705 Milady Hor\u00e1kov\u00e9 Letn\u00e1 Praha 6 \u2705 | 600 kancel\u00e1\u0159\u00ed k pron\u00e1jmu nejen na Hrad\u010danech v Praze | Provize 0%.\" \/>\n<meta property=\"og:url\" content=\"https:\/\/www.prazskekancelare.com\/test\/kancelare-k-pronajmu\/pronajem-kancelari-hradcanska-office-center-praha-6\/\" \/>\n<meta property=\"og:site_name\" content=\"TEST - Pron\u00e1jem kancel\u00e1\u0159e Praha\" \/>\n<meta property=\"article:modified_time\" content=\"2019-10-30T14:22:59+00:00\" \/>\n<meta property=\"og:image\" content=\"https:\/\/www.prazskekancelare.com\/test\/wp-content\/uploads\/2015\/11\/pronajem-kancelari-praha-6.jpg\" \/>\n\t<meta property=\"og:image:width\" content=\"1000\" \/>\n\t<meta property=\"og:image:height\" content=\"660\" \/>\n<meta name=\"twitter:card\" content=\"summary\" \/>\n<meta name=\"twitter:label1\" content=\"Odhadovan\u00e1 doba \u010dten\u00ed\" \/>\n\t<meta name=\"twitter:data1\" content=\"4 minuty\" \/>\n<script type=\"application\/ld+json\" class=\"yoast-schema-graph\">{\"@context\":\"https:\/\/schema.org\",\"@graph\":[{\"@type\":\"Organization\",\"@id\":\"https:\/\/www.prazskekancelare.com\/test\/#organization\",\"name\":\"Pron\\u00e1jem kancel\\u00e1\\u0159e Praha\",\"url\":\"https:\/\/www.prazskekancelare.com\/test\/\",\"sameAs\":[],\"logo\":{\"@type\":\"ImageObject\",\"@id\":\"https:\/\/www.prazskekancelare.com\/test\/#logo\",\"inLanguage\":\"cs\",\"url\":\"https:\/\/www.prazskekancelare.com\/test\/wp-content\/uploads\/2018\/05\/prazske-kancelare-com-logo.png\",\"contentUrl\":\"https:\/\/www.prazskekancelare.com\/test\/wp-content\/uploads\/2018\/05\/prazske-kancelare-com-logo.png\",\"width\":242,\"height\":59,\"caption\":\"Pron\\u00e1jem kancel\\u00e1\\u0159e Praha\"},\"image\":{\"@id\":\"https:\/\/www.prazskekancelare.com\/test\/#logo\"}},{\"@type\":\"WebSite\",\"@id\":\"https:\/\/www.prazskekancelare.com\/test\/#website\",\"url\":\"https:\/\/www.prazskekancelare.com\/test\/\",\"name\":\"TEST - Pron\\u00e1jem kancel\\u00e1\\u0159e Praha\",\"description\":\"Pron\\u00e1jem kancel\\u00e1\\u0159e Praha a Kancelare Praha\",\"publisher\":{\"@id\":\"https:\/\/www.prazskekancelare.com\/test\/#organization\"},\"potentialAction\":[{\"@type\":\"SearchAction\",\"target\":\"https:\/\/www.prazskekancelare.com\/test\/?s={search_term_string}\",\"query-input\":\"required name=search_term_string\"}],\"inLanguage\":\"cs\"},{\"@type\":\"ImageObject\",\"@id\":\"https:\/\/www.prazskekancelare.com\/test\/kancelare-k-pronajmu\/pronajem-kancelari-hradcanska-office-center-praha-6\/#primaryimage\",\"inLanguage\":\"cs\",\"url\":\"https:\/\/www.prazskekancelare.com\/test\/wp-content\/uploads\/2015\/11\/pronajem-kancelari-praha-6.jpg\",\"contentUrl\":\"https:\/\/www.prazskekancelare.com\/test\/wp-content\/uploads\/2015\/11\/pronajem-kancelari-praha-6.jpg\",\"width\":1000,\"height\":660,\"caption\":\"kancel\\u00e1\\u0159e Hrad\\u010dansk\\u00e1 Business Center Milady Hor\\u00e1kov\\u00e9\"},{\"@type\":\"WebPage\",\"@id\":\"https:\/\/www.prazskekancelare.com\/test\/kancelare-k-pronajmu\/pronajem-kancelari-hradcanska-office-center-praha-6\/#webpage\",\"url\":\"https:\/\/www.prazskekancelare.com\/test\/kancelare-k-pronajmu\/pronajem-kancelari-hradcanska-office-center-praha-6\/\",\"name\":\"HRAD\\u010cANSK\\u00c1 Office Center \\u00ae | 700 kancel\\u00e1\\u0159\\u00ed Milady Hor\\u00e1kov\\u00e9\",\"isPartOf\":{\"@id\":\"https:\/\/www.prazskekancelare.com\/test\/#website\"},\"primaryImageOfPage\":{\"@id\":\"https:\/\/www.prazskekancelare.com\/test\/kancelare-k-pronajmu\/pronajem-kancelari-hradcanska-office-center-praha-6\/#primaryimage\"},\"datePublished\":\"2015-11-08T17:05:38+00:00\",\"dateModified\":\"2019-10-30T14:22:59+00:00\",\"description\":\"Popt\\u00e1vejte kancel\\u00e1\\u0159e Hrad\\u010dansk\\u00e1 Office Center \\u2705 Milady Hor\\u00e1kov\\u00e9 Letn\\u00e1 Praha 6 \\u2705 | 600 kancel\\u00e1\\u0159\\u00ed k pron\\u00e1jmu nejen na Hrad\\u010danech v Praze | Provize 0%.\",\"breadcrumb\":{\"@id\":\"https:\/\/www.prazskekancelare.com\/test\/kancelare-k-pronajmu\/pronajem-kancelari-hradcanska-office-center-praha-6\/#breadcrumb\"},\"inLanguage\":\"cs\",\"potentialAction\":[{\"@type\":\"ReadAction\",\"target\":[\"https:\/\/www.prazskekancelare.com\/test\/kancelare-k-pronajmu\/pronajem-kancelari-hradcanska-office-center-praha-6\/\"]}]},{\"@type\":\"BreadcrumbList\",\"@id\":\"https:\/\/www.prazskekancelare.com\/test\/kancelare-k-pronajmu\/pronajem-kancelari-hradcanska-office-center-praha-6\/#breadcrumb\",\"itemListElement\":[{\"@type\":\"ListItem\",\"position\":1,\"item\":{\"@type\":\"WebPage\",\"@id\":\"https:\/\/www.prazskekancelare.com\/test\/\",\"url\":\"https:\/\/www.prazskekancelare.com\/test\/\",\"name\":\"Dom\\u016f\"}},{\"@type\":\"ListItem\",\"position\":2,\"item\":{\"@type\":\"WebPage\",\"@id\":\"https:\/\/www.prazskekancelare.com\/test\/kancelare-k-pronajmu\/\",\"url\":\"https:\/\/www.prazskekancelare.com\/test\/kancelare-k-pronajmu\/\",\"name\":\"Properties\"}},{\"@type\":\"ListItem\",\"position\":3,\"item\":{\"@id\":\"https:\/\/www.prazskekancelare.com\/test\/kancelare-k-pronajmu\/pronajem-kancelari-hradcanska-office-center-praha-6\/#webpage\"}}]}]}<\/script>\n<!-- \/ Yoast SEO plugin. -->","cmb2":{"property_general":{"property_id":"ANO","property_year_built":"","property_address":"Milady Hor\u00e1kov\u00e9 109,\r\n160 00 Praha 6\r\n","property_zip":"","property_contract":"","property_gallery":"","property_plans":"","property_video":"","property_parent_property":""},"property_flags":{"property_featured":"","property_sticky":"","property_reduced":"","property_sold":""},"property_contact":{"property_contact_name":"","property_contact_phone":""},"property_pricing":{"property_price":"210","property_price_prefix":"od","property_price_suffix":"K\u010d\/m2","property_price_custom":""},"property_attributes":{"property_rooms":"NE","property_beds":"6","property_baths":"NE","property_garages":"NE \/ \u010d\u00e1ste\u010dn\u011b","property_home_area":"","property_lot_dimensions":"","property_lot_area":"20 m2 - 1.000 m2"},"property_valuation":{"property_valuation_group":""},"property_public_facilities":{"property_public_facilities_group":""},"property_map_location":{"property_map_location":{"latitude":"50.0970297","longitude":"14.404893899999934"}},"property_relations":{"property_agents":["260"]}},"_links":{"self":[{"href":"https:\/\/www.prazskekancelare.com\/test\/wp-json\/wp\/v2\/property\/1231"}],"collection":[{"href":"https:\/\/www.prazskekancelare.com\/test\/wp-json\/wp\/v2\/property"}],"about":[{"href":"https:\/\/www.prazskekancelare.com\/test\/wp-json\/wp\/v2\/types\/property"}],"author":[{"embeddable":true,"href":"https:\/\/www.prazskekancelare.com\/test\/wp-json\/wp\/v2\/users\/1"}],"replies":[{"embeddable":true,"href":"https:\/\/www.prazskekancelare.com\/test\/wp-json\/wp\/v2\/comments?post=1231"}],"wp:featuredmedia":[{"embeddable":true,"href":"https:\/\/www.prazskekancelare.com\/test\/wp-json\/wp\/v2\/media\/1228"}],"wp:attachment":[{"href":"https:\/\/www.prazskekancelare.com\/test\/wp-json\/wp\/v2\/media?parent=1231"}],"curies":[{"name":"wp","href":"https:\/\/api.w.org\/{rel}","templated":true}]}}