{"id":1217,"date":"2018-08-07T09:28:55","date_gmt":"2018-08-07T07:28:55","guid":{"rendered":"https:\/\/www.prazskekancelare.com\/test\/?post_type=property&#038;p=1217"},"modified":"2019-12-01T12:05:32","modified_gmt":"2019-12-01T11:05:32","slug":"pronajem-kancelari-palmovka-liben-praha-8","status":"publish","type":"property","link":"https:\/\/www.prazskekancelare.com\/test\/kancelare-k-pronajmu\/pronajem-kancelari-palmovka-liben-praha-8\/","title":{"rendered":"Kancel\u00e1\u0159e PALMOVKA Zenklova Libe\u0148 <span style=\"color: #ff0000;\">n\u00e1\u0161 TIP<\/span>"},"content":{"rendered":"\n\t<ul id=\"slideshowgallery22648\" class=\"slideshowgallery22648\" style=\"display:none;\">\n\t\t\t\t\t<!-- From all slides or gallery slides -->\n\t\t\t\t\t\t\t<li>\n\t\t\t\t\t<h3 style=\"opacity:70;\">pronajem kancelari Praha 8<\/h3>\n\t\t\t\t\t\t\t\t\t\t\t<span data-alt=\"pronajem-kancelari-praha-8\">https:\/\/www.prazskekancelare.com\/test\/wp-content\/uploads\/2015\/11\/pronajem-kancelari-praha-8.jpg<\/span>\n\t\t\t\t\t\t\t\t\t\t<p><\/p>\n\t\t\t\t\t\t\t\t\t\t\t\t\t\t\t\t\t\t<a><img class=\"skip-lazy\" src=\"https:\/\/www.prazskekancelare.com\/test\/wp-content\/uploads\/2015\/11\/pronajem-kancelari-praha-8-400x300.jpg\" alt=\"pronajem-kancelari-praha-8\" \/><\/a>\n\t\t\t\t\t\t\t\t\t\t\t\t\t\t\t<\/li>\n\t\t\t\t\t\t\t<li>\n\t\t\t\t\t<h3 style=\"opacity:70;\">kancelare na praze 8 pronajem<\/h3>\n\t\t\t\t\t\t\t\t\t\t\t<span data-alt=\"kancelare-na-praze-8-pronajem\">https:\/\/www.prazskekancelare.com\/test\/wp-content\/uploads\/2015\/11\/kancelare-na-praze-8-pronajem.jpg<\/span>\n\t\t\t\t\t\t\t\t\t\t<p><\/p>\n\t\t\t\t\t\t\t\t\t\t\t\t\t\t\t\t\t\t<a><img class=\"skip-lazy\" src=\"https:\/\/www.prazskekancelare.com\/test\/wp-content\/uploads\/2015\/11\/kancelare-na-praze-8-pronajem-400x300.jpg\" alt=\"kancelare-na-praze-8-pronajem\" \/><\/a>\n\t\t\t\t\t\t\t\t\t\t\t\t\t\t\t<\/li>\n\t\t\t\t\t\t\t<li>\n\t\t\t\t\t<h3 style=\"opacity:70;\">kancelare na praze 8<\/h3>\n\t\t\t\t\t\t\t\t\t\t\t<span data-alt=\"kancelare-na-praze-8\">https:\/\/www.prazskekancelare.com\/test\/wp-content\/uploads\/2015\/11\/kancelare-na-praze-8.jpg<\/span>\n\t\t\t\t\t\t\t\t\t\t<p><\/p>\n\t\t\t\t\t\t\t\t\t\t\t\t\t\t\t\t\t\t<a><img class=\"skip-lazy\" src=\"https:\/\/www.prazskekancelare.com\/test\/wp-content\/uploads\/2015\/11\/kancelare-na-praze-8-400x300.jpg\" alt=\"kancelare-na-praze-8\" \/><\/a>\n\t\t\t\t\t\t\t\t\t\t\t\t\t\t\t<\/li>\n\t\t\t\t\t\t\t<li>\n\t\t\t\t\t<h3 style=\"opacity:70;\">levny pronajem praha 8<\/h3>\n\t\t\t\t\t\t\t\t\t\t\t<span data-alt=\"levny-pronajem-praha-8\">https:\/\/www.prazskekancelare.com\/test\/wp-content\/uploads\/2015\/11\/levny-pronajem-praha-8.jpg<\/span>\n\t\t\t\t\t\t\t\t\t\t<p><\/p>\n\t\t\t\t\t\t\t\t\t\t\t\t\t\t\t\t\t\t<a><img class=\"skip-lazy\" src=\"https:\/\/www.prazskekancelare.com\/test\/wp-content\/uploads\/2015\/11\/levny-pronajem-praha-8-400x300.jpg\" alt=\"levny-pronajem-praha-8\" \/><\/a>\n\t\t\t\t\t\t\t\t\t\t\t\t\t\t\t<\/li>\n\t\t\t\t\t\t\t<li>\n\t\t\t\t\t<h3 style=\"opacity:70;\">Palmovka pronajem kancelare<\/h3>\n\t\t\t\t\t\t\t\t\t\t\t<span data-alt=\"palmovka-pronajem-kancelare\">https:\/\/www.prazskekancelare.com\/test\/wp-content\/uploads\/2015\/11\/palmovka-pronajem-kancelare.jpg<\/span>\n\t\t\t\t\t\t\t\t\t\t<p><\/p>\n\t\t\t\t\t\t\t\t\t\t\t\t\t\t\t\t\t\t<a><img class=\"skip-lazy\" src=\"https:\/\/www.prazskekancelare.com\/test\/wp-content\/uploads\/2015\/11\/palmovka-pronajem-kancelare-400x300.jpg\" alt=\"palmovka-pronajem-kancelare\" \/><\/a>\n\t\t\t\t\t\t\t\t\t\t\t\t\t\t\t<\/li>\n\t\t\t\t\t\t\t<li>\n\t\t\t\t\t<h3 style=\"opacity:70;\">palmovka kancelare levne<\/h3>\n\t\t\t\t\t\t\t\t\t\t\t<span data-alt=\"palmovka-kancelare-levne\">https:\/\/www.prazskekancelare.com\/test\/wp-content\/uploads\/2015\/11\/palmovka-kancelare-levne.jpg<\/span>\n\t\t\t\t\t\t\t\t\t\t<p><\/p>\n\t\t\t\t\t\t\t\t\t\t\t\t\t\t\t\t\t\t<a><img class=\"skip-lazy\" src=\"https:\/\/www.prazskekancelare.com\/test\/wp-content\/uploads\/2015\/11\/palmovka-kancelare-levne-400x300.jpg\" alt=\"palmovka-kancelare-levne\" \/><\/a>\n\t\t\t\t\t\t\t\t\t\t\t\t\t\t\t<\/li>\n\t\t\t\t\t\t\t<li>\n\t\t\t\t\t<h3 style=\"opacity:70;\">praha 8 kancelare<\/h3>\n\t\t\t\t\t\t\t\t\t\t\t<span data-alt=\"praha-8-kancelare\">https:\/\/www.prazskekancelare.com\/test\/wp-content\/uploads\/2015\/11\/praha-8-kancelare.jpg<\/span>\n\t\t\t\t\t\t\t\t\t\t<p><\/p>\n\t\t\t\t\t\t\t\t\t\t\t\t\t\t\t\t\t\t<a><img class=\"skip-lazy\" src=\"https:\/\/www.prazskekancelare.com\/test\/wp-content\/uploads\/2015\/11\/praha-8-kancelare-400x300.jpg\" alt=\"praha-8-kancelare\" \/><\/a>\n\t\t\t\t\t\t\t\t\t\t\t\t\t\t\t<\/li>\n\t\t\t\t\t\t\t<li>\n\t\t\t\t\t<h3 style=\"opacity:70;\">pronajem kancelare zenklova<\/h3>\n\t\t\t\t\t\t\t\t\t\t\t<span data-alt=\"pronajem-kancelare-zenklova\">https:\/\/www.prazskekancelare.com\/test\/wp-content\/uploads\/2015\/11\/pronajem-kancelare-zenklova.jpg<\/span>\n\t\t\t\t\t\t\t\t\t\t<p><\/p>\n\t\t\t\t\t\t\t\t\t\t\t\t\t\t\t\t\t\t<a><img class=\"skip-lazy\" src=\"https:\/\/www.prazskekancelare.com\/test\/wp-content\/uploads\/2015\/11\/pronajem-kancelare-zenklova-400x300.jpg\" alt=\"pronajem-kancelare-zenklova\" \/><\/a>\n\t\t\t\t\t\t\t\t\t\t\t\t\t\t\t<\/li>\n\t\t\t\t\t\t\t<li>\n\t\t\t\t\t<h3 style=\"opacity:70;\">pronajem kancelari na palmovce P8<\/h3>\n\t\t\t\t\t\t\t\t\t\t\t<span data-alt=\"pronajem-kancelari-na-palmovce-p8\">https:\/\/www.prazskekancelare.com\/test\/wp-content\/uploads\/2015\/11\/pronajem-kancelari-na-palmovce-p8.jpg<\/span>\n\t\t\t\t\t\t\t\t\t\t<p><\/p>\n\t\t\t\t\t\t\t\t\t\t\t\t\t\t\t\t\t\t<a><img class=\"skip-lazy\" src=\"https:\/\/www.prazskekancelare.com\/test\/wp-content\/uploads\/2015\/11\/pronajem-kancelari-na-palmovce-p8-400x300.jpg\" alt=\"pronajem-kancelari-na-palmovce-p8\" \/><\/a>\n\t\t\t\t\t\t\t\t\t\t\t\t\t\t\t<\/li>\n\t\t\t\t\t\t\t<li>\n\t\t\t\t\t<h3 style=\"opacity:70;\">pronajem kancelari na praze 8<\/h3>\n\t\t\t\t\t\t\t\t\t\t\t<span data-alt=\"pronajem-kancelari-na-praze-8\">https:\/\/www.prazskekancelare.com\/test\/wp-content\/uploads\/2015\/11\/pronajem-kancelari-na-praze-8.jpg<\/span>\n\t\t\t\t\t\t\t\t\t\t<p><\/p>\n\t\t\t\t\t\t\t\t\t\t\t\t\t\t\t\t\t\t<a><img class=\"skip-lazy\" src=\"https:\/\/www.prazskekancelare.com\/test\/wp-content\/uploads\/2015\/11\/pronajem-kancelari-na-praze-8-400x300.jpg\" alt=\"pronajem-kancelari-na-praze-8\" \/><\/a>\n\t\t\t\t\t\t\t\t\t\t\t\t\t\t\t<\/li>\n\t\t\t\t\t\t\t<li>\n\t\t\t\t\t<h3 style=\"opacity:70;\">pronajem kancelari palmovka<\/h3>\n\t\t\t\t\t\t\t\t\t\t\t<span data-alt=\"pronajem-kancelari-palmovka\">https:\/\/www.prazskekancelare.com\/test\/wp-content\/uploads\/2015\/11\/pronajem-kancelari-palmovka.jpg<\/span>\n\t\t\t\t\t\t\t\t\t\t<p><\/p>\n\t\t\t\t\t\t\t\t\t\t\t\t\t\t\t\t\t\t<a><img class=\"skip-lazy\" src=\"https:\/\/www.prazskekancelare.com\/test\/wp-content\/uploads\/2015\/11\/pronajem-kancelari-palmovka-400x300.jpg\" alt=\"pronajem-kancelari-palmovka\" \/><\/a>\n\t\t\t\t\t\t\t\t\t\t\t\t\t\t\t<\/li>\n\t\t\t\t\t\t\t<li>\n\t\t\t\t\t<h3 style=\"opacity:70;\">kancelar na pronajem praha 8<\/h3>\n\t\t\t\t\t\t\t\t\t\t\t<span data-alt=\"kancelar-na-pronajem-praha-8\">https:\/\/www.prazskekancelare.com\/test\/wp-content\/uploads\/2015\/11\/kancelar-na-pronajem-praha-8.jpg<\/span>\n\t\t\t\t\t\t\t\t\t\t<p><\/p>\n\t\t\t\t\t\t\t\t\t\t\t\t\t\t\t\t\t\t<a><img class=\"skip-lazy\" src=\"https:\/\/www.prazskekancelare.com\/test\/wp-content\/uploads\/2015\/11\/kancelar-na-pronajem-praha-8-400x300.jpg\" alt=\"kancelar-na-pronajem-praha-8\" \/><\/a>\n\t\t\t\t\t\t\t\t\t\t\t\t\t\t\t<\/li>\n\t\t\t\t\t\t<\/ul>\n\n\t\t<div id=\"slideshow-wrappergallery22648\" class=\"slideshow-wrapper\" style=\"--slideshow-width:1452px\">\n\t\t\n\t\t<div class=\"slideshow-fullsize\" id=\"fullsizegallery22648\">\n\t\t\t\t\t\t\t\t\t\t\t\t\t\t<div id=\"imgprevgallery22648\" class=\"slideshow-imgprev imgnav\" title=\"Previous Image\">Previous Image<\/div>\n\t\t\t\t\t\t<a id=\"imglinkgallery22648\" class=\"slideshow-imglink imglink\">\n\t\t\t\t<!-- link -->\n\t\t\t<\/a>\n\t\t\t\t\t\t\t\t\t\t\t<div id=\"imgnextgallery22648\" class=\"slideshow-imgnext imgnav\" title=\"Next Image\">Next Image<\/div>\n\t\t\t\t\t\t<div id=\"imagegallery22648\" class=\"slideshow-image\"><\/div>\n\t\t\t<div class=\"slideshow-information infobottom\" id=\"informationgallery22648\">\n\t\t\t\t<h3 class=\"slideshow-info-heading\">info heading<\/h3>\n\t\t\t\t<p class=\"slideshow-info-content\">info content<\/p>\n\t\t\t<\/div>\n\t\t<\/div>\n\n\t\t\t\t\t<div id=\"thumbnailsgallery22648\" class=\"slideshow-thumbnails thumbsbot\">\n\t\t\t\t<div class=\"slideshow-slideleft\" id=\"slideleftgallery22648\" title=\"Slide Left\"><\/div>\n\t\t\t\t<div class=\"slideshow-slidearea\" id=\"slideareagallery22648\">\n\t\t\t\t\t<div class=\"slideshow-slider\" id=\"slidergallery22648\"><\/div>\n\t\t\t\t<\/div>\n\t\t\t\t<div class=\"slideshow-slideright\" id=\"sliderightgallery22648\" title=\"Slide Right\"><\/div>\n\t\t\t\t<br style=\"clear:both; visibility:hidden; height:1px;\" \/>\n\t\t\t<\/div>\n\t\t\t<\/div>\n\n\t\n<p>&nbsp;<\/p>\n<p>P\u0159edstavujeme <strong>kancel\u00e1\u0159e Palmovka <\/strong>a<strong> kancel\u00e1\u0159e Libe\u0148<\/strong> \u2705 v modern\u00ed a v\u00fdborn\u011b dostupn\u00e9 kancel\u00e1\u0159sk\u00e9 budov\u011b na metru Palmovka | Libe\u0148. Kancel\u00e1\u0159e k pron\u00e1jmu na metru Palmovka se nach\u00e1z\u00ed v objektu, kter\u00fd je postaven z montovan\u00e9ho \u017eelezobetonov\u00e9ho skeletu s parapetn\u00edmi panely a vnit\u0159n\u00edmi dozd\u00edvkami. K dispozici je 6 nadzemn\u00edch kancel\u00e1\u0159sk\u00fdch podla\u017e\u00ed. Vnit\u0159n\u00ed syst\u00e9m p\u0159\u00ed\u010dek rozd\u011bluje podla\u017e\u00ed na jednotliv\u00e9 kancel\u00e1\u0159e ur\u010den\u00e9 pro pron\u00e1jem jednotliv\u011b i jako velk\u00e9 kancel\u00e1\u0159sk\u00e9 celky.<\/p>\n<h2><strong>Kancel\u00e1\u0159e Palmovka &#8211; budova<\/strong><\/h2>\n<p><strong>Kancel\u00e1\u0159sk\u00e9 centrum Palmovka<\/strong> bylo zkolaudov\u00e1no v roce 1982a komplexn\u011b rekonstruov\u00e1no v roce 1994\/5. V roce 2013 byly nov\u011b zrekonstruov\u00e1ny recepce a v\u00fdtah. Na ka\u017ed\u00e9m pat\u0159e je soubor kancel\u00e1\u0159\u00ed k pron\u00e1jmu pod samostatn\u00fdm uzam\u010den\u00edm. Soci\u00e1ln\u00ed za\u0159\u00edzen\u00ed a spole\u010dn\u00e1 kuchy\u0148ka jsou um\u00edst\u011bny ve spole\u010dn\u00fdch prostor\u00e1ch u schodi\u0161t\u011b. K dispozici je dostate\u010dn\u00fd po\u010det tel. linek. V budov\u011b je osobn\u00ed v\u00fdtah a nep\u0159etr\u017eit\u00fd provoz recepce. PC rozvody do ka\u017ed\u00e9 kancel\u00e1\u0159e.<\/p>\n<p><a href=\"\/poptavka-po-kancelarich-k-pronajmu\/\" target=\"_blank\"><img loading=\"lazy\" class=\"alignnone wp-image-3617 size-medium\" src=\"https:\/\/www.prazskekancelare.com\/test\/wp-content\/uploads\/2019\/12\/kancelare-5-5000m-300x46.png\" alt=\"kancel\u00e1\u0159e od 5m\" width=\"300\" height=\"46\" srcset=\"https:\/\/www.prazskekancelare.com\/test\/wp-content\/uploads\/2019\/12\/kancelare-5-5000m-300x46.png 300w, https:\/\/www.prazskekancelare.com\/test\/wp-content\/uploads\/2019\/12\/kancelare-5-5000m-1024x156.png 1024w\" sizes=\"(max-width: 300px) 100vw, 300px\" \/><\/a><\/p>\n<h2>Kancel\u00e1\u0159e Libe\u0148 &#8211; dostupnost<\/h2>\n<p>Do <strong>libe\u0148sk\u00e9 kancel\u00e1\u0159e k pron\u00e1jmu Zenklova<\/strong> tramvaj\u00ed, metrem nebo autem &#8211; v\u0161echny mo\u017enosti m\u016f\u017eete vyu\u017e\u00edt d\u00edky skv\u011bl\u00e9mu um\u00edst\u011bn\u00ed administrativn\u00ed budovy ihned <strong>vedle Palmovky<\/strong>. Pokud sh\u00e1n\u00edte open space nebo samostatnou kancel\u00e1\u0159 administrativn\u00ed budova v Praze 8 v\u00e1m vyjde vst\u0159\u00edc. Voln\u00e9 kancel\u00e1\u0159sk\u00e9 prostory k pron\u00e1jmu Praha. <strong>Pron\u00e1jem kancel\u00e1\u0159\u00ed Zenklova ulice <\/strong>Praha 8 \u2013\u00a0nab\u00edz\u00ed ve\u0161ker\u00fd komfort dopravn\u00ed dostupnosti, ob\u010dansk\u00e9 vybavenosti a nav\u00edc je nab\u00edzen za v\u00fdbornou cenu.<\/p>\n<h2>Zaj\u00edmavosti kancel\u00e1\u0159\u00ed k pron\u00e1jmu na Palmovce Praha 8<\/h2>\n<ul>\n<li><strong>kancel\u00e1\u0159sk\u00e1 budova na Palmovce<\/strong> nab\u00edz\u00ed 1382 \u010dtvere\u010dn\u00edch metr\u016f kancel\u00e1\u0159sk\u00fdch prostor<\/li>\n<li>\u0161estipodla\u017en\u00ed kancel\u00e1\u0159sk\u00e1 budova Praha 8<\/li>\n<li>mo\u017enost pron\u00e1jmu parkovac\u00edch st\u00e1n\u00ed<\/li>\n<li>\u201eopen space\u201c i samostatn\u00e9 <strong>kancel\u00e1\u0159e k pron\u00e1jmu Palmovka<\/strong><\/li>\n<li>nov\u00e1 centr\u00e1ln\u00ed recepce<\/li>\n<li>mo\u017enost pron\u00e1jmu hl\u00eddan\u00fdch parkovac\u00edch st\u00e1n\u00ed p\u0159\u00edmo naproti objektu<\/li>\n<li>centr\u00e1ln\u00ed recepce s halou<\/li>\n<li>kancel\u00e1\u0159e \u201eopen space\u201c i samostatn\u00e9 kancel\u00e1\u0159e k pron\u00e1jmu<\/li>\n<li>v ka\u017ed\u00e9m podla\u017e\u00ed kuchyn\u011b a samostatn\u00e9 soci\u00e1ln\u00ed za\u0159\u00edzen\u00ed<\/li>\n<li>ve\u0159ejn\u00e1 doprava ihned u budovy (metro Palmovka vzd\u00e1leno 50 metr\u016f od budovy)<\/li>\n<li>tramvajov\u00e1 zast\u00e1vka (tramvaje \u010d\u00edslo 1, 3, 4, 8, 10, 12, 16, 24, 25)<\/li>\n<li>autobusov\u00e1 zast\u00e1vka (autobus \u010d\u00edslo 109, 140, 166, 185)<\/li>\n<li>osobn\u00ed v\u00fdtah<\/li>\n<li>v objektu l\u00e9k\u00e1rna a optika<\/li>\n<li>v nejbli\u017e\u0161\u00edm okol\u00ed dostatek obchod\u016f, hotel\u016f, restaurac\u00ed a bankovn\u00edch pobo\u010dek<\/li>\n<li>v \u010d\u00e1sti prostor k dispozici chlazen\u00ed<\/li>\n<li>1 osobn\u00ed v\u00fdtah<\/li>\n<li>plastov\u00e1 okna<\/li>\n<li>T\u00da a datov\u00e9 rozvody<\/li>\n<\/ul>\n<h2>Provize za zprost\u0159edkov\u00e1n\u00ed kancel\u00e1\u0159\u00ed na Palmovce<\/h2>\n<p>Ve\u0161ker\u00e9 slu\u017eby na\u0161\u00ed spole\u010dnosti a jej\u00edch makl\u00e9\u0159\u016f jsou bez provize.<\/p>\n<h2>Kapacity a cena kancel\u00e1\u0159\u00ed Palmovka<\/h2>\n<p><em>(uv\u00e1d\u00edme jen n\u011bkolik z aktu\u00e1ln\u011b voln\u00fdch kancel\u00e1\u0159\u00ed pro p\u0159edstavu)<\/em><\/p>\n<p><strong>Patro \u2013 Plocha &#8211; Cena za m2\/m\u011bs\u00edc &#8211; K dispozici<\/strong><br \/>\n<span style=\"color: #0000ff;\">1. NP \u00a0 \u00a0&#8211; 40 m2\u00a0 \u00a0 \u00a0 \u00a0 \u00a0 \u00a0&#8211; 230 K\u010d\/m2 \u00a0 \u00a0 \u00a0 \u00a0 \u00a0 \u00a0 \u00a0 \u00a0 &#8211; ihned<\/span><br \/>\n<span style=\"color: #0000ff;\"> 2. NP \u00a0 \u00a0&#8211; 105 m2\u00a0 \u00a0 \u00a0 \u00a0 \u00a0&#8211; 230 K\u010d\/m2 \u00a0 \u00a0 \u00a0 \u00a0 \u00a0 \u00a0 \u00a0 \u00a0 &#8211; ihned<\/span><br \/>\n<span style=\"color: #0000ff;\"> 3. NP \u00a0 \u00a0&#8211; 20 m2\u00a0 \u00a0 \u00a0 \u00a0 \u00a0 \u00a0&#8211; 230 K\u010d\/m2 \u00a0 \u00a0 \u00a0 \u00a0 \u00a0 \u00a0 \u00a0 \u00a0 &#8211; ihned<\/span><br \/>\n<span style=\"color: #0000ff;\"> 3. NP \u00a0 \u00a0&#8211; 330 m2\u00a0 \u00a0 \u00a0 \u00a0 \u00a0&#8211; 230 K\u010d\/m2 \u00a0 \u00a0 \u00a0 \u00a0 \u00a0 \u00a0 \u00a0 \u00a0 &#8211; ihned<\/span><br \/>\n<span style=\"color: #0000ff;\"> 2. NP \u00a0 \u00a0&#8211; 510 m2\u00a0 \u00a0\u00a0 \u00a0 \u00a0 &#8211; 230 K\u010d\/m2 \u00a0 \u00a0 \u00a0 \u00a0 \u00a0 \u00a0 \u00a0 \u00a0 &#8211; ihned<\/span><br \/>\n<span style=\"color: #0000ff;\">3. NP \u00a0 \u00a0&#8211; 940 m2\u00a0 \u00a0 \u00a0 \u00a0&#8211; 230 K\u010d\/m2\u00a0 \u00a0 \u00a0 \u00a0 \u00a0 \u00a0 \u00a0 \u00a0 \u00a0 &#8211; ihned<\/span><\/p>\n<p><span style=\"color: #0000ff;\"><strong>&#8230;a dal\u0161\u00ed. Kancel\u00e1\u0159e lze nav\u00edc d\u00e1le d\u011blit!<\/strong><\/span><\/p>\n<p><a href=\"\/poptavka-po-kancelarich-k-pronajmu\/\" target=\"_blank\"><img loading=\"lazy\" class=\"alignnone wp-image-3619 size-medium\" src=\"https:\/\/www.prazskekancelare.com\/test\/wp-content\/uploads\/2019\/12\/poptavejte-bez-provize-300x48.png\" alt=\"popt\u00e1vejte kancel\u00e1\u0159 bez provize\" width=\"300\" height=\"48\" srcset=\"https:\/\/www.prazskekancelare.com\/test\/wp-content\/uploads\/2019\/12\/poptavejte-bez-provize-300x48.png 300w, https:\/\/www.prazskekancelare.com\/test\/wp-content\/uploads\/2019\/12\/poptavejte-bez-provize-1024x163.png 1024w\" sizes=\"(max-width: 300px) 100vw, 300px\" \/><\/a><\/p>\n<p>Pro zasl\u00e1n\u00ed kompletn\u00ed nab\u00eddky s aktu\u00e1ln\u011b dostupn\u00fdmi<strong> kancel\u00e1\u0159emi k pron\u00e1jmu na Palmovce<\/strong> n\u00e1s pros\u00edm nev\u00e1hejte kdykoli kontaktovat.<\/p>\n<p>Rychl\u00fd popt\u00e1vkov\u00fd formul\u00e1\u0159 najdete na konci textu\u00a0a makl\u00e9\u0159e zodpov\u011bdn\u00e9ho za nemovitosti v prav\u00e9m sloupci.<br \/>\ne-mail:\u00a0<strong><a href=\"mailto:info@prazskekancelare.cz\">info@prazskekancelare.cz<\/a><\/strong>\u00a0\/\u00a0telefon: <strong><span style=\"color: #ff0000;\">+420 773 295 925, +420 723 984 360<\/span><\/strong><\/p>\n<h2>v\u00edce informac\u00ed o kancel\u00e1\u0159\u00edch na Palmovce, Libni a Balabence:<\/h2>\n","protected":false},"author":1,"featured_media":1210,"comment_status":"closed","ping_status":"closed","template":"","yoast_head":"<!-- This site is optimized with the Yoast SEO plugin v16.4 - https:\/\/yoast.com\/wordpress\/plugins\/seo\/ -->\n<title>Kancel\u00e1\u0159e PALMOVKA, LIBE\u0147, BALABENKA Praha 8 | Levn\u011b \u00ae<\/title>\n<meta name=\"description\" content=\"Popt\u00e1vejte kancel\u00e1\u0159e Palmovka \u2705 &amp; Kancel\u00e1\u0159e Libe\u0148 &amp; Balabenka &amp; kancel\u00e1\u0159e Vyso\u010dany Praha 8 | 800 kancel\u00e1\u0159\u00ed k pron\u00e1jmu \u2705 do 30 minut | Provize 0%.\" \/>\n<meta name=\"robots\" content=\"noindex, follow, max-snippet:-1, max-image-preview:large, max-video-preview:-1\" \/>\n<meta property=\"og:locale\" content=\"cs_CZ\" \/>\n<meta property=\"og:type\" content=\"article\" \/>\n<meta property=\"og:title\" content=\"Kancel\u00e1\u0159e PALMOVKA, LIBE\u0147, BALABENKA Praha 8 | Levn\u011b \u00ae\" \/>\n<meta property=\"og:description\" content=\"Popt\u00e1vejte kancel\u00e1\u0159e Palmovka \u2705 &amp; Kancel\u00e1\u0159e Libe\u0148 &amp; Balabenka &amp; kancel\u00e1\u0159e Vyso\u010dany Praha 8 | 800 kancel\u00e1\u0159\u00ed k pron\u00e1jmu \u2705 do 30 minut | Provize 0%.\" \/>\n<meta property=\"og:url\" content=\"https:\/\/www.prazskekancelare.com\/test\/kancelare-k-pronajmu\/pronajem-kancelari-palmovka-liben-praha-8\/\" \/>\n<meta property=\"og:site_name\" content=\"TEST - Pron\u00e1jem kancel\u00e1\u0159e Praha\" \/>\n<meta property=\"article:modified_time\" content=\"2019-12-01T11:05:32+00:00\" \/>\n<meta property=\"og:image\" content=\"https:\/\/www.prazskekancelare.com\/test\/wp-content\/uploads\/2015\/11\/palmovka-pronajem-kancelare.jpg\" \/>\n\t<meta property=\"og:image:width\" content=\"1000\" \/>\n\t<meta property=\"og:image:height\" content=\"617\" \/>\n<meta name=\"twitter:card\" content=\"summary\" \/>\n<meta name=\"twitter:label1\" content=\"Odhadovan\u00e1 doba \u010dten\u00ed\" \/>\n\t<meta name=\"twitter:data1\" content=\"3 minuty\" \/>\n<script type=\"application\/ld+json\" class=\"yoast-schema-graph\">{\"@context\":\"https:\/\/schema.org\",\"@graph\":[{\"@type\":\"Organization\",\"@id\":\"https:\/\/www.prazskekancelare.com\/test\/#organization\",\"name\":\"Pron\\u00e1jem kancel\\u00e1\\u0159e Praha\",\"url\":\"https:\/\/www.prazskekancelare.com\/test\/\",\"sameAs\":[],\"logo\":{\"@type\":\"ImageObject\",\"@id\":\"https:\/\/www.prazskekancelare.com\/test\/#logo\",\"inLanguage\":\"cs\",\"url\":\"https:\/\/www.prazskekancelare.com\/test\/wp-content\/uploads\/2018\/05\/prazske-kancelare-com-logo.png\",\"contentUrl\":\"https:\/\/www.prazskekancelare.com\/test\/wp-content\/uploads\/2018\/05\/prazske-kancelare-com-logo.png\",\"width\":242,\"height\":59,\"caption\":\"Pron\\u00e1jem kancel\\u00e1\\u0159e Praha\"},\"image\":{\"@id\":\"https:\/\/www.prazskekancelare.com\/test\/#logo\"}},{\"@type\":\"WebSite\",\"@id\":\"https:\/\/www.prazskekancelare.com\/test\/#website\",\"url\":\"https:\/\/www.prazskekancelare.com\/test\/\",\"name\":\"TEST - Pron\\u00e1jem kancel\\u00e1\\u0159e Praha\",\"description\":\"Pron\\u00e1jem kancel\\u00e1\\u0159e Praha a Kancelare Praha\",\"publisher\":{\"@id\":\"https:\/\/www.prazskekancelare.com\/test\/#organization\"},\"potentialAction\":[{\"@type\":\"SearchAction\",\"target\":\"https:\/\/www.prazskekancelare.com\/test\/?s={search_term_string}\",\"query-input\":\"required name=search_term_string\"}],\"inLanguage\":\"cs\"},{\"@type\":\"ImageObject\",\"@id\":\"https:\/\/www.prazskekancelare.com\/test\/kancelare-k-pronajmu\/pronajem-kancelari-palmovka-liben-praha-8\/#primaryimage\",\"inLanguage\":\"cs\",\"url\":\"https:\/\/www.prazskekancelare.com\/test\/wp-content\/uploads\/2015\/11\/palmovka-pronajem-kancelare.jpg\",\"contentUrl\":\"https:\/\/www.prazskekancelare.com\/test\/wp-content\/uploads\/2015\/11\/palmovka-pronajem-kancelare.jpg\",\"width\":1000,\"height\":617,\"caption\":\"Zenklovka Palmovka\"},{\"@type\":\"WebPage\",\"@id\":\"https:\/\/www.prazskekancelare.com\/test\/kancelare-k-pronajmu\/pronajem-kancelari-palmovka-liben-praha-8\/#webpage\",\"url\":\"https:\/\/www.prazskekancelare.com\/test\/kancelare-k-pronajmu\/pronajem-kancelari-palmovka-liben-praha-8\/\",\"name\":\"Kancel\\u00e1\\u0159e PALMOVKA, LIBE\\u0147, BALABENKA Praha 8 | Levn\\u011b \\u00ae\",\"isPartOf\":{\"@id\":\"https:\/\/www.prazskekancelare.com\/test\/#website\"},\"primaryImageOfPage\":{\"@id\":\"https:\/\/www.prazskekancelare.com\/test\/kancelare-k-pronajmu\/pronajem-kancelari-palmovka-liben-praha-8\/#primaryimage\"},\"datePublished\":\"2018-08-07T07:28:55+00:00\",\"dateModified\":\"2019-12-01T11:05:32+00:00\",\"description\":\"Popt\\u00e1vejte kancel\\u00e1\\u0159e Palmovka \\u2705 & Kancel\\u00e1\\u0159e Libe\\u0148 & Balabenka & kancel\\u00e1\\u0159e Vyso\\u010dany Praha 8 | 800 kancel\\u00e1\\u0159\\u00ed k pron\\u00e1jmu \\u2705 do 30 minut | Provize 0%.\",\"breadcrumb\":{\"@id\":\"https:\/\/www.prazskekancelare.com\/test\/kancelare-k-pronajmu\/pronajem-kancelari-palmovka-liben-praha-8\/#breadcrumb\"},\"inLanguage\":\"cs\",\"potentialAction\":[{\"@type\":\"ReadAction\",\"target\":[\"https:\/\/www.prazskekancelare.com\/test\/kancelare-k-pronajmu\/pronajem-kancelari-palmovka-liben-praha-8\/\"]}]},{\"@type\":\"BreadcrumbList\",\"@id\":\"https:\/\/www.prazskekancelare.com\/test\/kancelare-k-pronajmu\/pronajem-kancelari-palmovka-liben-praha-8\/#breadcrumb\",\"itemListElement\":[{\"@type\":\"ListItem\",\"position\":1,\"item\":{\"@type\":\"WebPage\",\"@id\":\"https:\/\/www.prazskekancelare.com\/test\/\",\"url\":\"https:\/\/www.prazskekancelare.com\/test\/\",\"name\":\"Dom\\u016f\"}},{\"@type\":\"ListItem\",\"position\":2,\"item\":{\"@type\":\"WebPage\",\"@id\":\"https:\/\/www.prazskekancelare.com\/test\/kancelare-k-pronajmu\/\",\"url\":\"https:\/\/www.prazskekancelare.com\/test\/kancelare-k-pronajmu\/\",\"name\":\"Properties\"}},{\"@type\":\"ListItem\",\"position\":3,\"item\":{\"@id\":\"https:\/\/www.prazskekancelare.com\/test\/kancelare-k-pronajmu\/pronajem-kancelari-palmovka-liben-praha-8\/#webpage\"}}]}]}<\/script>\n<!-- \/ Yoast SEO plugin. -->","cmb2":{"property_general":{"property_id":"ANO","property_year_built":"","property_address":"Zenklova 32\/28,\r\n180 00 Praha 8\r\n","property_zip":"","property_contract":"","property_gallery":"","property_plans":"","property_video":"","property_parent_property":""},"property_flags":{"property_featured":"","property_sticky":"","property_reduced":"","property_sold":""},"property_contact":{"property_contact_name":"","property_contact_phone":""},"property_pricing":{"property_price":"230","property_price_prefix":"od","property_price_suffix":"K\u010d\/m2","property_price_custom":""},"property_attributes":{"property_rooms":"NE","property_beds":"5","property_baths":"NE","property_garages":"NE \/ \u010d\u00e1ste\u010dn\u011b","property_home_area":"","property_lot_dimensions":"","property_lot_area":"15 m2 - 800 m2"},"property_valuation":{"property_valuation_group":""},"property_public_facilities":{"property_public_facilities_group":""},"property_map_location":{"property_map_location":{"latitude":"50.10502779999999","longitude":"14.473166499999934"}},"property_relations":{"property_agents":["260"]}},"_links":{"self":[{"href":"https:\/\/www.prazskekancelare.com\/test\/wp-json\/wp\/v2\/property\/1217"}],"collection":[{"href":"https:\/\/www.prazskekancelare.com\/test\/wp-json\/wp\/v2\/property"}],"about":[{"href":"https:\/\/www.prazskekancelare.com\/test\/wp-json\/wp\/v2\/types\/property"}],"author":[{"embeddable":true,"href":"https:\/\/www.prazskekancelare.com\/test\/wp-json\/wp\/v2\/users\/1"}],"replies":[{"embeddable":true,"href":"https:\/\/www.prazskekancelare.com\/test\/wp-json\/wp\/v2\/comments?post=1217"}],"wp:featuredmedia":[{"embeddable":true,"href":"https:\/\/www.prazskekancelare.com\/test\/wp-json\/wp\/v2\/media\/1210"}],"wp:attachment":[{"href":"https:\/\/www.prazskekancelare.com\/test\/wp-json\/wp\/v2\/media?parent=1217"}],"curies":[{"name":"wp","href":"https:\/\/api.w.org\/{rel}","templated":true}]}}