{"id":1203,"date":"2015-11-06T16:28:27","date_gmt":"2015-11-06T15:28:27","guid":{"rendered":"https:\/\/www.prazskekancelare.com\/test\/?post_type=property&#038;p=1203"},"modified":"2019-03-20T16:28:52","modified_gmt":"2019-03-20T15:28:52","slug":"pronajem-kancelari-budejovicka-alej-krc-praha-4","status":"publish","type":"property","link":"https:\/\/www.prazskekancelare.com\/test\/kancelare-k-pronajmu\/pronajem-kancelari-budejovicka-alej-krc-praha-4\/","title":{"rendered":"Kancel\u00e1\u0159e BUD\u011aJOVICK\u00c1 ALEJ Kr\u010d Praha 4 <span style=\"color: #ff0000;\">TOP<\/span>"},"content":{"rendered":"\n\t<ul id=\"slideshowgallery21101\" class=\"slideshowgallery21101\" style=\"display:none;\">\n\t\t\t\t\t<!-- From all slides or gallery slides -->\n\t\t\t\t\t\t\t<li>\n\t\t\t\t\t<h3 style=\"opacity:70;\">pronajem kancelari budejovicka<\/h3>\n\t\t\t\t\t\t\t\t\t\t\t<span data-alt=\"pronajem-kancelari-budejovicka\">https:\/\/www.prazskekancelare.com\/test\/wp-content\/uploads\/2015\/11\/pronajem-kancelari-budejovicka.jpg<\/span>\n\t\t\t\t\t\t\t\t\t\t<p><\/p>\n\t\t\t\t\t\t\t\t\t\t\t\t\t\t\t\t\t\t<a><img class=\"skip-lazy\" src=\"https:\/\/www.prazskekancelare.com\/test\/wp-content\/uploads\/2015\/11\/pronajem-kancelari-budejovicka-400x300.jpg\" alt=\"pronajem-kancelari-budejovicka\" \/><\/a>\n\t\t\t\t\t\t\t\t\t\t\t\t\t\t\t<\/li>\n\t\t\t\t\t\t\t<li>\n\t\t\t\t\t<h3 style=\"opacity:70;\">budejovicka alej<\/h3>\n\t\t\t\t\t\t\t\t\t\t\t<span data-alt=\"budejovicka-alej\">https:\/\/www.prazskekancelare.com\/test\/wp-content\/uploads\/2015\/11\/budejovicka-alej.jpg<\/span>\n\t\t\t\t\t\t\t\t\t\t<p><\/p>\n\t\t\t\t\t\t\t\t\t\t\t\t\t\t\t\t\t\t<a><img class=\"skip-lazy\" src=\"https:\/\/www.prazskekancelare.com\/test\/wp-content\/uploads\/2015\/11\/budejovicka-alej-400x300.jpg\" alt=\"budejovicka-alej\" \/><\/a>\n\t\t\t\t\t\t\t\t\t\t\t\t\t\t\t<\/li>\n\t\t\t\t\t\t\t<li>\n\t\t\t\t\t<h3 style=\"opacity:70;\">budejovicka praha 4 kancelare<\/h3>\n\t\t\t\t\t\t\t\t\t\t\t<span data-alt=\"budejovicka-praha-4-kancelare\">https:\/\/www.prazskekancelare.com\/test\/wp-content\/uploads\/2015\/11\/budejovicka-praha-4-kancelare.jpg<\/span>\n\t\t\t\t\t\t\t\t\t\t<p><\/p>\n\t\t\t\t\t\t\t\t\t\t\t\t\t\t\t\t\t\t<a><img class=\"skip-lazy\" src=\"https:\/\/www.prazskekancelare.com\/test\/wp-content\/uploads\/2015\/11\/budejovicka-praha-4-kancelare-400x300.jpg\" alt=\"budejovicka-praha-4-kancelare\" \/><\/a>\n\t\t\t\t\t\t\t\t\t\t\t\t\t\t\t<\/li>\n\t\t\t\t\t\t\t<li>\n\t\t\t\t\t<h3 style=\"opacity:70;\">budejovicka pronajem kancelari<\/h3>\n\t\t\t\t\t\t\t\t\t\t\t<span data-alt=\"budejovicka-pronajem-kancelari\">https:\/\/www.prazskekancelare.com\/test\/wp-content\/uploads\/2015\/11\/budejovicka-pronajem-kancelari.jpg<\/span>\n\t\t\t\t\t\t\t\t\t\t<p><\/p>\n\t\t\t\t\t\t\t\t\t\t\t\t\t\t\t\t\t\t<a><img class=\"skip-lazy\" src=\"https:\/\/www.prazskekancelare.com\/test\/wp-content\/uploads\/2015\/11\/budejovicka-pronajem-kancelari-400x300.jpg\" alt=\"budejovicka-pronajem-kancelari\" \/><\/a>\n\t\t\t\t\t\t\t\t\t\t\t\t\t\t\t<\/li>\n\t\t\t\t\t\t\t<li>\n\t\t\t\t\t<h3 style=\"opacity:70;\">kancelare budejovicka praha 4<\/h3>\n\t\t\t\t\t\t\t\t\t\t\t<span data-alt=\"kancelare-budejovicka-praha-4\">https:\/\/www.prazskekancelare.com\/test\/wp-content\/uploads\/2015\/11\/kancelare-budejovicka-praha-4.jpg<\/span>\n\t\t\t\t\t\t\t\t\t\t<p><\/p>\n\t\t\t\t\t\t\t\t\t\t\t\t\t\t\t\t\t\t<a><img class=\"skip-lazy\" src=\"https:\/\/www.prazskekancelare.com\/test\/wp-content\/uploads\/2015\/11\/kancelare-budejovicka-praha-4-400x300.jpg\" alt=\"kancelare-budejovicka-praha-4\" \/><\/a>\n\t\t\t\t\t\t\t\t\t\t\t\t\t\t\t<\/li>\n\t\t\t\t\t\t\t<li>\n\t\t\t\t\t<h3 style=\"opacity:70;\">kancelare k pronajmu praha 4 budejovicka<\/h3>\n\t\t\t\t\t\t\t\t\t\t\t<span data-alt=\"kancelare-k-pronajmu-praha-4-budejovicka\">https:\/\/www.prazskekancelare.com\/test\/wp-content\/uploads\/2015\/11\/kancelare-k-pronajmu-praha-4-budejovicka.jpg<\/span>\n\t\t\t\t\t\t\t\t\t\t<p><\/p>\n\t\t\t\t\t\t\t\t\t\t\t\t\t\t\t\t\t\t<a><img class=\"skip-lazy\" src=\"https:\/\/www.prazskekancelare.com\/test\/wp-content\/uploads\/2015\/11\/kancelare-k-pronajmu-praha-4-budejovicka-400x300.jpg\" alt=\"kancelare-k-pronajmu-praha-4-budejovicka\" \/><\/a>\n\t\t\t\t\t\t\t\t\t\t\t\t\t\t\t<\/li>\n\t\t\t\t\t\t\t<li>\n\t\t\t\t\t<h3 style=\"opacity:70;\">praha 4 kancelare k pronajmu<\/h3>\n\t\t\t\t\t\t\t\t\t\t\t<span data-alt=\"praha-4-kancelare-k-pronajmu\">https:\/\/www.prazskekancelare.com\/test\/wp-content\/uploads\/2015\/11\/praha-4-kancelare-k-pronajmu.jpg<\/span>\n\t\t\t\t\t\t\t\t\t\t<p><\/p>\n\t\t\t\t\t\t\t\t\t\t\t\t\t\t\t\t\t\t<a><img class=\"skip-lazy\" src=\"https:\/\/www.prazskekancelare.com\/test\/wp-content\/uploads\/2015\/11\/praha-4-kancelare-k-pronajmu-400x300.jpg\" alt=\"praha-4-kancelare-k-pronajmu\" \/><\/a>\n\t\t\t\t\t\t\t\t\t\t\t\t\t\t\t<\/li>\n\t\t\t\t\t\t\t<li>\n\t\t\t\t\t<h3 style=\"opacity:70;\">pronajem kancelare budejovicka alej<\/h3>\n\t\t\t\t\t\t\t\t\t\t\t<span data-alt=\"pronajem-kancelare-budejovicka-alej\">https:\/\/www.prazskekancelare.com\/test\/wp-content\/uploads\/2015\/11\/pronajem-kancelare-budejovicka-alej.jpg<\/span>\n\t\t\t\t\t\t\t\t\t\t<p><\/p>\n\t\t\t\t\t\t\t\t\t\t\t\t\t\t\t\t\t\t<a><img class=\"skip-lazy\" src=\"https:\/\/www.prazskekancelare.com\/test\/wp-content\/uploads\/2015\/11\/pronajem-kancelare-budejovicka-alej-400x300.jpg\" alt=\"pronajem-kancelare-budejovicka-alej\" \/><\/a>\n\t\t\t\t\t\t\t\t\t\t\t\t\t\t\t<\/li>\n\t\t\t\t\t\t\t<li>\n\t\t\t\t\t<h3 style=\"opacity:70;\">pronajem budejovicka<\/h3>\n\t\t\t\t\t\t\t\t\t\t\t<span data-alt=\"pronajem-budejovicka\">https:\/\/www.prazskekancelare.com\/test\/wp-content\/uploads\/2015\/11\/pronajem-budejovicka.jpg<\/span>\n\t\t\t\t\t\t\t\t\t\t<p><\/p>\n\t\t\t\t\t\t\t\t\t\t\t\t\t\t\t\t\t\t<a><img class=\"skip-lazy\" src=\"https:\/\/www.prazskekancelare.com\/test\/wp-content\/uploads\/2015\/11\/pronajem-budejovicka-400x300.jpg\" alt=\"pronajem-budejovicka\" \/><\/a>\n\t\t\t\t\t\t\t\t\t\t\t\t\t\t\t<\/li>\n\t\t\t\t\t\t\t<li>\n\t\t\t\t\t<h3 style=\"opacity:70;\">pronajem kancelare budejovicka praha 4<\/h3>\n\t\t\t\t\t\t\t\t\t\t\t<span data-alt=\"pronajem-kancelare-budejovicka-praha-4\">https:\/\/www.prazskekancelare.com\/test\/wp-content\/uploads\/2015\/11\/pronajem-kancelare-budejovicka-praha-4.jpg<\/span>\n\t\t\t\t\t\t\t\t\t\t<p><\/p>\n\t\t\t\t\t\t\t\t\t\t\t\t\t\t\t\t\t\t<a><img class=\"skip-lazy\" src=\"https:\/\/www.prazskekancelare.com\/test\/wp-content\/uploads\/2015\/11\/pronajem-kancelare-budejovicka-praha-4-400x300.jpg\" alt=\"pronajem-kancelare-budejovicka-praha-4\" \/><\/a>\n\t\t\t\t\t\t\t\t\t\t\t\t\t\t\t<\/li>\n\t\t\t\t\t\t\t<li>\n\t\t\t\t\t<h3 style=\"opacity:70;\">pronajem kancelare praha 4 budejovicka<\/h3>\n\t\t\t\t\t\t\t\t\t\t\t<span data-alt=\"pronajem-kancelare-praha-4-budejovicka\">https:\/\/www.prazskekancelare.com\/test\/wp-content\/uploads\/2015\/11\/pronajem-kancelare-praha-4-budejovicka.jpg<\/span>\n\t\t\t\t\t\t\t\t\t\t<p><\/p>\n\t\t\t\t\t\t\t\t\t\t\t\t\t\t\t\t\t\t<a><img class=\"skip-lazy\" src=\"https:\/\/www.prazskekancelare.com\/test\/wp-content\/uploads\/2015\/11\/pronajem-kancelare-praha-4-budejovicka-400x300.jpg\" alt=\"pronajem-kancelare-praha-4-budejovicka\" \/><\/a>\n\t\t\t\t\t\t\t\t\t\t\t\t\t\t\t<\/li>\n\t\t\t\t\t\t\t<li>\n\t\t\t\t\t<h3 style=\"opacity:70;\">pronajem kancelari praha 10<\/h3>\n\t\t\t\t\t\t\t\t\t\t\t<span data-alt=\"pronajem-kancelari-praha-10\">https:\/\/www.prazskekancelare.com\/test\/wp-content\/uploads\/2015\/11\/pronajem-kancelari-praha-10.jpg<\/span>\n\t\t\t\t\t\t\t\t\t\t<p><\/p>\n\t\t\t\t\t\t\t\t\t\t\t\t\t\t\t\t\t\t<a><img class=\"skip-lazy\" src=\"https:\/\/www.prazskekancelare.com\/test\/wp-content\/uploads\/2015\/11\/pronajem-kancelari-praha-10-400x300.jpg\" alt=\"pronajem-kancelari-praha-10\" \/><\/a>\n\t\t\t\t\t\t\t\t\t\t\t\t\t\t\t<\/li>\n\t\t\t\t\t\t<\/ul>\n\n\t\t<div id=\"slideshow-wrappergallery21101\" class=\"slideshow-wrapper\" style=\"--slideshow-width:1452px\">\n\t\t\n\t\t<div class=\"slideshow-fullsize\" id=\"fullsizegallery21101\">\n\t\t\t\t\t\t\t\t\t\t\t\t\t\t<div id=\"imgprevgallery21101\" class=\"slideshow-imgprev imgnav\" title=\"Previous Image\">Previous Image<\/div>\n\t\t\t\t\t\t<a id=\"imglinkgallery21101\" class=\"slideshow-imglink imglink\">\n\t\t\t\t<!-- link -->\n\t\t\t<\/a>\n\t\t\t\t\t\t\t\t\t\t\t<div id=\"imgnextgallery21101\" class=\"slideshow-imgnext imgnav\" title=\"Next Image\">Next Image<\/div>\n\t\t\t\t\t\t<div id=\"imagegallery21101\" class=\"slideshow-image\"><\/div>\n\t\t\t<div class=\"slideshow-information infobottom\" id=\"informationgallery21101\">\n\t\t\t\t<h3 class=\"slideshow-info-heading\">info heading<\/h3>\n\t\t\t\t<p class=\"slideshow-info-content\">info content<\/p>\n\t\t\t<\/div>\n\t\t<\/div>\n\n\t\t\t\t\t<div id=\"thumbnailsgallery21101\" class=\"slideshow-thumbnails thumbsbot\">\n\t\t\t\t<div class=\"slideshow-slideleft\" id=\"slideleftgallery21101\" title=\"Slide Left\"><\/div>\n\t\t\t\t<div class=\"slideshow-slidearea\" id=\"slideareagallery21101\">\n\t\t\t\t\t<div class=\"slideshow-slider\" id=\"slidergallery21101\"><\/div>\n\t\t\t\t<\/div>\n\t\t\t\t<div class=\"slideshow-slideright\" id=\"sliderightgallery21101\" title=\"Slide Right\"><\/div>\n\t\t\t\t<br style=\"clear:both; visibility:hidden; height:1px;\" \/>\n\t\t\t<\/div>\n\t\t\t<\/div>\n\n\t\n<p>&nbsp;<\/p>\n<p>Nab\u00edz\u00edme k pron\u00e1jmu<strong> kancel\u00e1\u0159e Antala Sta\u0161ka<\/strong> na Praze 4 na metru Bud\u011bjovick\u00e1 v modern\u00ed, nov\u011b rekonstruovan\u00e9 sedmipodla\u017en\u00ed administrativn\u00ed budov\u011b Bud\u011bjovick\u00e1 Alej. V p\u0159\u00edzem\u00ed kancel\u00e1\u0159sk\u00e9 budovy je samostatn\u00e1 recepce s ostrahou a reprografick\u00e9 centrum. Ve druh\u00e9m nadzemn\u00edm podla\u017e\u00ed je modern\u00ed prostorn\u00e1 j\u00eddelna s pestrou nab\u00eddkou dom\u00e1c\u00ed kuchyn\u011b a dal\u0161\u00edho ob\u010derstven\u00ed. Na tomto pat\u0159e se d\u00e1le nach\u00e1z\u00ed atraktivn\u00ed zasedac\u00ed a konferen\u010dn\u00ed m\u00edstnosti. Kancel\u00e1\u0159sk\u00fd objekt v ulici Bud\u011bjovick\u00e1 disponuje rozs\u00e1hl\u00fdm a nep\u0159etr\u017eit\u011b st\u0159e\u017een\u00fdm parkovi\u0161t\u011bm. Business centrum Bud\u011bjovick\u00e1 Alej nab\u00edz\u00ed 2 zasedac\u00ed m\u00edstnosti a pln\u011b vybaven\u00e9 kancel\u00e1\u0159e s mo\u017enost\u00ed pron\u00e1jmu od 1 pracovn\u00edho m\u00edsta na jeden den, m\u011bs\u00edc i n\u011bkolik let. V\u0161echny kancel\u00e1\u0159e k pron\u00e1jmu na Bud\u011bjovick\u00e9 ulici Praha 4 jsou klimatizovan\u00e9 a za\u0159\u00edzen\u00e9 n\u00e1bytkem, p\u0159\u00edstup do centra je nonstop pomoc\u00ed \u010dipov\u00fdch karet.<\/p>\n<p><span style=\"color: #0000ff;\"><strong>V nab\u00eddce jsou:<\/strong><\/span><\/p>\n<ol>\n<li><span style=\"color: #0000ff;\"><strong>malometr\u00e1\u017en\u00ed\u00a0<\/strong>kancel\u00e1\u0159e\u00a0<strong>do<\/strong>\u00a0<strong>100 m2 (mohou b\u00fdt i vybaven\u00e9)\u00a0<\/strong>nebo<\/span><\/li>\n<li><span style=\"color: #0000ff;\"><strong>velkometr\u00e1\u017en\u00ed\u00a0<\/strong>kancel\u00e1\u0159e typu open-space \/ flexibiln\u011b \u0159e\u0161en\u00fdch\u00a0<strong>od 100 m2 do 2.500 m2<\/strong>.<\/span><\/li>\n<\/ol>\n<p><span style=\"color: #ff0000;\"><strong>N\u00e1\u0161 tip:<\/strong>\u00a0Za\u0161lete n\u00e1m rychl\u00fd\u00a0<strong><a style=\"color: #ff0000;\" href=\"\/poptavka-po-kancelarich-k-pronajmu\/\" target=\"_blank\"><span style=\"text-decoration: underline;\">popt\u00e1vkov\u00fd formul\u00e1\u0159<\/span>\u00a0<\/a><\/strong>a my V\u00e1m b\u011bhem 30 minut\u00a0p\u0159iprav\u00edme kompletn\u00ed nab\u00eddku dle Va\u0161ich specifikac\u00ed a bez provize.\u00a0<strong>V nab\u00eddce m\u00e1me 400 kancel\u00e1\u0159\u00ed v\u00a0cel\u00e9 Praze<\/strong>. T\u011b\u0161\u00edme se na spolupr\u00e1ci.<\/span><\/p>\n<h2>Popis kancel\u00e1\u0159\u00ed k pron\u00e1jmu v Bud\u011bjovick\u00e9 Alej, V Kr\u010di Praha 4<\/h2>\n<p>V\u00fdborn\u011b situovan\u00e9, nadstandardn\u011b vybaven\u00e9 centrum nab\u00edz\u00ed Vybaven\u00e9 kancel\u00e1\u0159e k pron\u00e1jmu na Praze 4, zasedac\u00ed m\u00edstnosti na kr\u00e1tkodob\u00fd i dlouhodob\u00fd pron\u00e1jem kancel\u00e1\u0159\u00ed a samoz\u0159ejm\u011b mo\u017enost registrace s\u00eddla spole\u010dnosti. Jedn\u00e1 se o full service centrum, tzn. pln\u011b vybaven\u00e9 a servisovan\u00e9 kancel\u00e1\u0159e a zasedac\u00ed m\u00edstnosti, v\u010detn\u011b ve\u0161ker\u00e9 administrativn\u00ed i jin\u00e9 podpory ze strany asistentek. Klient se m\u016f\u017ee pln\u011b v\u011bnovat sv\u00e9 \u010dinnosti a kolektiv centra za\u0159\u00edd\u00ed ve\u0161ker\u00e9 slu\u017eby kolem.<\/p>\n<h2>Popis kancel\u00e1\u0159sk\u00e9ho centra v Kr\u010di<\/h2>\n<p>Business Centrum Bud\u011bjovick\u00e1 alej je ur\u010dena z\u00e1jemc\u016fm s citem pro modern\u00ed design a um\u011bn\u00ed modern\u00ed architektury. Architektonick\u00fd n\u00e1vrh zpracoval presti\u017en\u00ed ateli\u00e9r Loxia a vyhl\u00e1\u0161en\u00e1 \u0161v\u00e9dsk\u00e1 architektka Eva Gr\u00e4ne. Skandin\u00e1vsk\u00fd styl je patrn\u00fd ji\u017e p\u0159i prvn\u00edm pohledu na budovu, kter\u00fd uchv\u00e1t\u00ed masivn\u00ed d\u0159ev\u011bn\u00e9 \u017ealuzie a okenn\u00ed r\u00e1my. Kombinace b\u00edl\u00e9 a antracitov\u011b \u0161ed\u00e9 barvy dod\u00e1 budov\u011b na vzne\u0161enosti.<\/p>\n<p>Pron\u00e1jem kancel\u00e1\u0159\u00ed Bud\u011bjovick\u00e1 Praha 4 se nach\u00e1zej\u00ed ve 2. pat\u0159e. Je zde 31 pln\u011b vybaven\u00fdch za\u0159\u00edzen\u00fdch kancel\u00e1\u0159\u00ed s mo\u017enost\u00ed pron\u00e1jmu od 1 pracovn\u00edho m\u00edsta na jeden den, m\u011bs\u00edc i n\u011bkolik let. Kancel\u00e1\u0159e jsou klimatizovan\u00e9, za\u0159\u00edzen\u00e9 luxusn\u00edm n\u00e1bytkem. Klienti maj\u00ed neomezen\u00fd p\u0159\u00edstup do centra pomoc\u00ed \u010dipov\u00fdch karet.<\/p>\n<h2>V\u00fdhody \/ slu\u017eby kancel\u00e1\u0159\u00ed na Antala Sta\u0161ka<\/h2>\n<ul>\n<li>mo\u017en\u00e9 tak\u00e9 pln\u011b vybaven\u00fdch a servisovan\u00fdch kancel\u00e1\u0159\u00ed Bud\u011bjovick\u00e1 alej, Praha 4<\/li>\n<li>s\u00eddlo spole\u010dnosti \u2013 VIP adresa<\/li>\n<li>vybaven\u00e9 zasedac\u00ed m\u00edstnosti Praha 4<\/li>\n<li>recepce s administrativn\u00ed a reprezentativn\u00ed asistentkou<\/li>\n<li>nadstandardn\u011b vybaven\u00e9 z\u00e1zem\u00ed kancel\u00e1\u0159\u00ed k pron\u00e1jmu, kuchy\u0148ka, business lounge, televize, \u2026<\/li>\n<li>odpov\u00edd\u00e1n\u00ed telefonick\u00fdch hovor\u016f, zanech\u00e1v\u00e1n\u00ed vzkaz\u016f, sd\u00edlen\u00ed Outlook kalend\u00e1\u0159e<\/li>\n<li>starost o ve\u0161kerou po\u0161tu (vlastn\u00ed frankovac\u00ed stroj)<\/li>\n<li>servisn\u00ed z\u00f3ny (tisk\u00e1rny, kop\u00edrovac\u00ed stroje, scannery, faxy, \u0159eza\u010dky, skartova\u010dky, laminova\u010dky, \u2026)<\/li>\n<li>s\u00ed\u0165 LAN, ISDN, vysokorychlostn\u00ed internet a ve\u0161ker\u00e9 pot\u0159ebn\u00e9 IT vybaven\u00ed<\/li>\n<li>non-stop p\u0159\u00edstup do kancel\u00e1\u0159\u00ed k pron\u00e1jmu, ochranka, podzemn\u00ed\u00a0parkovi\u0161t\u011b<\/li>\n<\/ul>\n<h2>Provize a zprost\u0159edkov\u00e1n\u00ed kancel\u00e1\u0159\u00ed na Bud\u011bjovick\u00e9<\/h2>\n<p>Ve\u0161ker\u00e9 slu\u017eby na\u0161\u00ed spole\u010dnosti a jej\u00edch makl\u00e9\u0159\u016f jsou bez provize.<\/p>\n<h2>Jak poptat Bud\u011bjovickou Alej?<\/h2>\n<p>D\u00edky velk\u00e9mu po\u010dtu nab\u00edzen\u00fdch pron\u00e1jmu kancel\u00e1\u0159\u00ed v t\u00e9to kancel\u00e1\u0159sk\u00e9 budov\u011b, jejich variabilit\u011b a poskytovan\u00fdm slu\u017eb\u00e1m je cena sestavov\u00e1na p\u0159\u00edmo na m\u00edst\u011b b\u011bhem prohl\u00eddky centra. Za\u0161lete n\u00e1m pros\u00edm jednoduchou popt\u00e1vku nebo zavolejte na\u0161emu makl\u00e9\u0159i a on v\u0161e za\u0159\u00edd\u00ed k Va\u0161\u00ed spokojenosti.<\/p>\n<p>Rychl\u00fd popt\u00e1vkov\u00fd formul\u00e1\u0159 najdete na konci textu\u00a0a makl\u00e9\u0159e zodpov\u011bdn\u00e9ho za nemovitosti v prav\u00e9m sloupci.<\/p>\n<p>e-mail:\u00a0<strong><a href=\"mailto:info@prazskekancelare.cz\">info@prazskekancelare.cz<\/a><\/strong>\u00a0\/\u00a0telefon: <strong><span style=\"color: #ff0000;\">+420 773 295 925, +420 723 984 360<\/span><\/strong><\/p>\n<h2>v\u00edce informac\u00ed o kancel\u00e1\u0159\u00edch na metru Bud\u011bjovick\u00e1:<\/h2>\n","protected":false},"author":1,"featured_media":1193,"comment_status":"closed","ping_status":"closed","template":"","yoast_head":"<!-- This site is optimized with the Yoast SEO plugin v16.4 - https:\/\/yoast.com\/wordpress\/plugins\/seo\/ -->\n<title>BUD\u011aJOVICK\u00c1 ALEJ kancel\u00e1\u0159e | Kr\u010d Praha 4 | 400 KANCEL\u00c1\u0158\u00cd \u00ae<\/title>\n<meta name=\"description\" content=\"Popt\u00e1vejte pron\u00e1jem kancel\u00e1\u0159e Bud\u011bjovick\u00e1 Alej Kr\u010d Praha 4 | 400 kancel\u00e1\u0159\u00ed k pron\u00e1jmu v Praze | Nab\u00eddky kancel\u00e1\u0159\u00ed do 30 minut | Provize 0%.\" \/>\n<meta name=\"robots\" content=\"noindex, follow, max-snippet:-1, max-image-preview:large, max-video-preview:-1\" \/>\n<meta property=\"og:locale\" content=\"cs_CZ\" \/>\n<meta property=\"og:type\" content=\"article\" \/>\n<meta property=\"og:title\" content=\"BUD\u011aJOVICK\u00c1 ALEJ kancel\u00e1\u0159e | Kr\u010d Praha 4 | 400 KANCEL\u00c1\u0158\u00cd \u00ae\" \/>\n<meta property=\"og:description\" content=\"Popt\u00e1vejte pron\u00e1jem kancel\u00e1\u0159e Bud\u011bjovick\u00e1 Alej Kr\u010d Praha 4 | 400 kancel\u00e1\u0159\u00ed k pron\u00e1jmu v Praze | Nab\u00eddky kancel\u00e1\u0159\u00ed do 30 minut | Provize 0%.\" \/>\n<meta property=\"og:url\" content=\"https:\/\/www.prazskekancelare.com\/test\/kancelare-k-pronajmu\/pronajem-kancelari-budejovicka-alej-krc-praha-4\/\" \/>\n<meta property=\"og:site_name\" content=\"TEST - Pron\u00e1jem kancel\u00e1\u0159e Praha\" \/>\n<meta property=\"article:modified_time\" content=\"2019-03-20T15:28:52+00:00\" \/>\n<meta property=\"og:image\" content=\"https:\/\/www.prazskekancelare.com\/test\/wp-content\/uploads\/2015\/11\/budejovicka-praha-4-kancelare.jpg\" \/>\n\t<meta property=\"og:image:width\" content=\"1000\" \/>\n\t<meta property=\"og:image:height\" content=\"595\" \/>\n<meta name=\"twitter:card\" content=\"summary\" \/>\n<meta name=\"twitter:label1\" content=\"Odhadovan\u00e1 doba \u010dten\u00ed\" \/>\n\t<meta name=\"twitter:data1\" content=\"4 minuty\" \/>\n<script type=\"application\/ld+json\" class=\"yoast-schema-graph\">{\"@context\":\"https:\/\/schema.org\",\"@graph\":[{\"@type\":\"Organization\",\"@id\":\"https:\/\/www.prazskekancelare.com\/test\/#organization\",\"name\":\"Pron\\u00e1jem kancel\\u00e1\\u0159e Praha\",\"url\":\"https:\/\/www.prazskekancelare.com\/test\/\",\"sameAs\":[],\"logo\":{\"@type\":\"ImageObject\",\"@id\":\"https:\/\/www.prazskekancelare.com\/test\/#logo\",\"inLanguage\":\"cs\",\"url\":\"https:\/\/www.prazskekancelare.com\/test\/wp-content\/uploads\/2018\/05\/prazske-kancelare-com-logo.png\",\"contentUrl\":\"https:\/\/www.prazskekancelare.com\/test\/wp-content\/uploads\/2018\/05\/prazske-kancelare-com-logo.png\",\"width\":242,\"height\":59,\"caption\":\"Pron\\u00e1jem kancel\\u00e1\\u0159e Praha\"},\"image\":{\"@id\":\"https:\/\/www.prazskekancelare.com\/test\/#logo\"}},{\"@type\":\"WebSite\",\"@id\":\"https:\/\/www.prazskekancelare.com\/test\/#website\",\"url\":\"https:\/\/www.prazskekancelare.com\/test\/\",\"name\":\"TEST - Pron\\u00e1jem kancel\\u00e1\\u0159e Praha\",\"description\":\"Pron\\u00e1jem kancel\\u00e1\\u0159e Praha a Kancelare Praha\",\"publisher\":{\"@id\":\"https:\/\/www.prazskekancelare.com\/test\/#organization\"},\"potentialAction\":[{\"@type\":\"SearchAction\",\"target\":\"https:\/\/www.prazskekancelare.com\/test\/?s={search_term_string}\",\"query-input\":\"required name=search_term_string\"}],\"inLanguage\":\"cs\"},{\"@type\":\"ImageObject\",\"@id\":\"https:\/\/www.prazskekancelare.com\/test\/kancelare-k-pronajmu\/pronajem-kancelari-budejovicka-alej-krc-praha-4\/#primaryimage\",\"inLanguage\":\"cs\",\"url\":\"https:\/\/www.prazskekancelare.com\/test\/wp-content\/uploads\/2015\/11\/budejovicka-praha-4-kancelare.jpg\",\"contentUrl\":\"https:\/\/www.prazskekancelare.com\/test\/wp-content\/uploads\/2015\/11\/budejovicka-praha-4-kancelare.jpg\",\"width\":1000,\"height\":595,\"caption\":\"Bud\\u011bjovick\\u00e1 Alej Praha 4\"},{\"@type\":\"WebPage\",\"@id\":\"https:\/\/www.prazskekancelare.com\/test\/kancelare-k-pronajmu\/pronajem-kancelari-budejovicka-alej-krc-praha-4\/#webpage\",\"url\":\"https:\/\/www.prazskekancelare.com\/test\/kancelare-k-pronajmu\/pronajem-kancelari-budejovicka-alej-krc-praha-4\/\",\"name\":\"BUD\\u011aJOVICK\\u00c1 ALEJ kancel\\u00e1\\u0159e | Kr\\u010d Praha 4 | 400 KANCEL\\u00c1\\u0158\\u00cd \\u00ae\",\"isPartOf\":{\"@id\":\"https:\/\/www.prazskekancelare.com\/test\/#website\"},\"primaryImageOfPage\":{\"@id\":\"https:\/\/www.prazskekancelare.com\/test\/kancelare-k-pronajmu\/pronajem-kancelari-budejovicka-alej-krc-praha-4\/#primaryimage\"},\"datePublished\":\"2015-11-06T15:28:27+00:00\",\"dateModified\":\"2019-03-20T15:28:52+00:00\",\"description\":\"Popt\\u00e1vejte pron\\u00e1jem kancel\\u00e1\\u0159e Bud\\u011bjovick\\u00e1 Alej Kr\\u010d Praha 4 | 400 kancel\\u00e1\\u0159\\u00ed k pron\\u00e1jmu v Praze | Nab\\u00eddky kancel\\u00e1\\u0159\\u00ed do 30 minut | Provize 0%.\",\"breadcrumb\":{\"@id\":\"https:\/\/www.prazskekancelare.com\/test\/kancelare-k-pronajmu\/pronajem-kancelari-budejovicka-alej-krc-praha-4\/#breadcrumb\"},\"inLanguage\":\"cs\",\"potentialAction\":[{\"@type\":\"ReadAction\",\"target\":[\"https:\/\/www.prazskekancelare.com\/test\/kancelare-k-pronajmu\/pronajem-kancelari-budejovicka-alej-krc-praha-4\/\"]}]},{\"@type\":\"BreadcrumbList\",\"@id\":\"https:\/\/www.prazskekancelare.com\/test\/kancelare-k-pronajmu\/pronajem-kancelari-budejovicka-alej-krc-praha-4\/#breadcrumb\",\"itemListElement\":[{\"@type\":\"ListItem\",\"position\":1,\"item\":{\"@type\":\"WebPage\",\"@id\":\"https:\/\/www.prazskekancelare.com\/test\/\",\"url\":\"https:\/\/www.prazskekancelare.com\/test\/\",\"name\":\"Dom\\u016f\"}},{\"@type\":\"ListItem\",\"position\":2,\"item\":{\"@type\":\"WebPage\",\"@id\":\"https:\/\/www.prazskekancelare.com\/test\/kancelare-k-pronajmu\/\",\"url\":\"https:\/\/www.prazskekancelare.com\/test\/kancelare-k-pronajmu\/\",\"name\":\"Properties\"}},{\"@type\":\"ListItem\",\"position\":3,\"item\":{\"@id\":\"https:\/\/www.prazskekancelare.com\/test\/kancelare-k-pronajmu\/pronajem-kancelari-budejovicka-alej-krc-praha-4\/#webpage\"}}]}]}<\/script>\n<!-- \/ Yoast SEO plugin. -->","cmb2":{"property_general":{"property_id":"ANO","property_year_built":"","property_address":"Antala Sta\u0161ka 2027\/77,\r\n140 00 Praha 4\r\n","property_zip":"","property_contract":"","property_gallery":"","property_plans":"","property_video":"","property_parent_property":""},"property_flags":{"property_featured":"","property_sticky":"","property_reduced":"","property_sold":""},"property_contact":{"property_contact_name":"","property_contact_phone":""},"property_pricing":{"property_price":"330","property_price_prefix":"od","property_price_suffix":"K\u010d\/m2","property_price_custom":""},"property_attributes":{"property_rooms":"ANO \/ \u010d\u00e1ste\u010dn\u011b","property_beds":"4","property_baths":"NE","property_garages":"ANO \/ i \u010d\u00e1ste\u010dn\u011b","property_home_area":"","property_lot_dimensions":"","property_lot_area":"10 m2 - 2.000 m2"},"property_valuation":{"property_valuation_group":""},"property_public_facilities":{"property_public_facilities_group":""},"property_map_location":{"property_map_location":{"latitude":"50.0425313","longitude":"14.448058400000036"}},"property_relations":{"property_agents":["260"]}},"_links":{"self":[{"href":"https:\/\/www.prazskekancelare.com\/test\/wp-json\/wp\/v2\/property\/1203"}],"collection":[{"href":"https:\/\/www.prazskekancelare.com\/test\/wp-json\/wp\/v2\/property"}],"about":[{"href":"https:\/\/www.prazskekancelare.com\/test\/wp-json\/wp\/v2\/types\/property"}],"author":[{"embeddable":true,"href":"https:\/\/www.prazskekancelare.com\/test\/wp-json\/wp\/v2\/users\/1"}],"replies":[{"embeddable":true,"href":"https:\/\/www.prazskekancelare.com\/test\/wp-json\/wp\/v2\/comments?post=1203"}],"wp:featuredmedia":[{"embeddable":true,"href":"https:\/\/www.prazskekancelare.com\/test\/wp-json\/wp\/v2\/media\/1193"}],"wp:attachment":[{"href":"https:\/\/www.prazskekancelare.com\/test\/wp-json\/wp\/v2\/media?parent=1203"}],"curies":[{"name":"wp","href":"https:\/\/api.w.org\/{rel}","templated":true}]}}