{"id":1178,"date":"2015-11-06T15:08:54","date_gmt":"2015-11-06T14:08:54","guid":{"rendered":"https:\/\/www.prazskekancelare.com\/test\/?post_type=property&#038;p=1178"},"modified":"2019-03-23T09:08:09","modified_gmt":"2019-03-23T08:08:09","slug":"pronajem-kancelari-revolucni-v-centru-prahy-1-stare-mesto","status":"publish","type":"property","link":"https:\/\/www.prazskekancelare.com\/test\/kancelare-k-pronajmu\/pronajem-kancelari-revolucni-v-centru-prahy-1-stare-mesto\/","title":{"rendered":"Kancel\u00e1\u0159e REVOLU\u010cN\u00cd Praha 1 <span style=\"color: #ff0000;\">n\u00e1\u0161 TIP<\/span>"},"content":{"rendered":"\n\t<ul id=\"slideshowgallery19546\" class=\"slideshowgallery19546\" style=\"display:none;\">\n\t\t\t\t\t<!-- From all slides or gallery slides -->\n\t\t\t\t\t\t\t<li>\n\t\t\t\t\t<h3 style=\"opacity:70;\">kancelare revolucni z ulice<\/h3>\n\t\t\t\t\t\t\t\t\t\t\t<span data-alt=\"kancelare-revolucni-z-ulice\">https:\/\/www.prazskekancelare.com\/test\/wp-content\/uploads\/2015\/11\/kancelare-revolucni-z-ulice.jpg<\/span>\n\t\t\t\t\t\t\t\t\t\t<p><\/p>\n\t\t\t\t\t\t\t\t\t\t\t\t\t\t\t\t\t\t<a><img class=\"skip-lazy\" src=\"https:\/\/www.prazskekancelare.com\/test\/wp-content\/uploads\/2015\/11\/kancelare-revolucni-z-ulice-400x300.jpg\" alt=\"kancelare-revolucni-z-ulice\" \/><\/a>\n\t\t\t\t\t\t\t\t\t\t\t\t\t\t\t<\/li>\n\t\t\t\t\t\t\t<li>\n\t\t\t\t\t<h3 style=\"opacity:70;\">pronajem kancelari centrum praha<\/h3>\n\t\t\t\t\t\t\t\t\t\t\t<span data-alt=\"pronajem-kancelari-centrum-praha\">https:\/\/www.prazskekancelare.com\/test\/wp-content\/uploads\/2015\/11\/pronajem-kancelari-centrum-praha.jpg<\/span>\n\t\t\t\t\t\t\t\t\t\t<p><\/p>\n\t\t\t\t\t\t\t\t\t\t\t\t\t\t\t\t\t\t<a><img class=\"skip-lazy\" src=\"https:\/\/www.prazskekancelare.com\/test\/wp-content\/uploads\/2015\/11\/pronajem-kancelari-centrum-praha-400x300.jpg\" alt=\"pronajem-kancelari-centrum-praha\" \/><\/a>\n\t\t\t\t\t\t\t\t\t\t\t\t\t\t\t<\/li>\n\t\t\t\t\t\t\t<li>\n\t\t\t\t\t<h3 style=\"opacity:70;\">pronajem kancelare revolucni<\/h3>\n\t\t\t\t\t\t\t\t\t\t\t<span data-alt=\"pronajem-kancelare-revolucni\">https:\/\/www.prazskekancelare.com\/test\/wp-content\/uploads\/2015\/11\/pronajem-kancelare-revolucni.jpg<\/span>\n\t\t\t\t\t\t\t\t\t\t<p><\/p>\n\t\t\t\t\t\t\t\t\t\t\t\t\t\t\t\t\t\t<a><img class=\"skip-lazy\" src=\"https:\/\/www.prazskekancelare.com\/test\/wp-content\/uploads\/2015\/11\/pronajem-kancelare-revolucni-400x300.jpg\" alt=\"pronajem-kancelare-revolucni\" \/><\/a>\n\t\t\t\t\t\t\t\t\t\t\t\t\t\t\t<\/li>\n\t\t\t\t\t\t\t<li>\n\t\t\t\t\t<h3 style=\"opacity:70;\">kancelarske pronajmy<\/h3>\n\t\t\t\t\t\t\t\t\t\t\t<span data-alt=\"kancelarske-pronajmy\">https:\/\/www.prazskekancelare.com\/test\/wp-content\/uploads\/2015\/11\/kancelarske-pronajmy.jpg<\/span>\n\t\t\t\t\t\t\t\t\t\t<p><\/p>\n\t\t\t\t\t\t\t\t\t\t\t\t\t\t\t\t\t\t<a><img class=\"skip-lazy\" src=\"https:\/\/www.prazskekancelare.com\/test\/wp-content\/uploads\/2015\/11\/kancelarske-pronajmy-400x300.jpg\" alt=\"kancelarske-pronajmy\" \/><\/a>\n\t\t\t\t\t\t\t\t\t\t\t\t\t\t\t<\/li>\n\t\t\t\t\t\t\t<li>\n\t\t\t\t\t<h3 style=\"opacity:70;\">kancelare pronajem revolucni praha 1<\/h3>\n\t\t\t\t\t\t\t\t\t\t\t<span data-alt=\"kancelare-pronajem-revolucni-praha-1\">https:\/\/www.prazskekancelare.com\/test\/wp-content\/uploads\/2015\/11\/kancelare-pronajem-revolucni-praha-1.jpg<\/span>\n\t\t\t\t\t\t\t\t\t\t<p><\/p>\n\t\t\t\t\t\t\t\t\t\t\t\t\t\t\t\t\t\t<a><img class=\"skip-lazy\" src=\"https:\/\/www.prazskekancelare.com\/test\/wp-content\/uploads\/2015\/11\/kancelare-pronajem-revolucni-praha-1-400x300.jpg\" alt=\"kancelare-pronajem-revolucni-praha-1\" \/><\/a>\n\t\t\t\t\t\t\t\t\t\t\t\t\t\t\t<\/li>\n\t\t\t\t\t\t\t<li>\n\t\t\t\t\t<h3 style=\"opacity:70;\">kancelare k pronajmu centrum prahy<\/h3>\n\t\t\t\t\t\t\t\t\t\t\t<span data-alt=\"kancelare-k-pronajmu-centrum-prahy\">https:\/\/www.prazskekancelare.com\/test\/wp-content\/uploads\/2015\/11\/kancelare-k-pronajmu-centrum-prahy.jpg<\/span>\n\t\t\t\t\t\t\t\t\t\t<p><\/p>\n\t\t\t\t\t\t\t\t\t\t\t\t\t\t\t\t\t\t<a><img class=\"skip-lazy\" src=\"https:\/\/www.prazskekancelare.com\/test\/wp-content\/uploads\/2015\/11\/kancelare-k-pronajmu-centrum-prahy-400x300.jpg\" alt=\"kancelare-k-pronajmu-centrum-prahy\" \/><\/a>\n\t\t\t\t\t\t\t\t\t\t\t\t\t\t\t<\/li>\n\t\t\t\t\t\t\t<li>\n\t\t\t\t\t<h3 style=\"opacity:70;\">kancelare k pronajmu centrum praha 1<\/h3>\n\t\t\t\t\t\t\t\t\t\t\t<span data-alt=\"kancelare-k-pronajmu-centrum-praha-1\">https:\/\/www.prazskekancelare.com\/test\/wp-content\/uploads\/2015\/11\/kancelare-k-pronajmu-centrum-praha-1.jpg<\/span>\n\t\t\t\t\t\t\t\t\t\t<p><\/p>\n\t\t\t\t\t\t\t\t\t\t\t\t\t\t\t\t\t\t<a><img class=\"skip-lazy\" src=\"https:\/\/www.prazskekancelare.com\/test\/wp-content\/uploads\/2015\/11\/kancelare-k-pronajmu-centrum-praha-1-400x300.jpg\" alt=\"kancelare-k-pronajmu-centrum-praha-1\" \/><\/a>\n\t\t\t\t\t\t\t\t\t\t\t\t\t\t\t<\/li>\n\t\t\t\t\t\t\t<li>\n\t\t\t\t\t<h3 style=\"opacity:70;\">pronajem kancelari v praze 1<\/h3>\n\t\t\t\t\t\t\t\t\t\t\t<span data-alt=\"pronajem-kancelari-v-praze-1\">https:\/\/www.prazskekancelare.com\/test\/wp-content\/uploads\/2015\/11\/pronajem-kancelari-v-praze-1.jpg<\/span>\n\t\t\t\t\t\t\t\t\t\t<p><\/p>\n\t\t\t\t\t\t\t\t\t\t\t\t\t\t\t\t\t\t<a><img class=\"skip-lazy\" src=\"https:\/\/www.prazskekancelare.com\/test\/wp-content\/uploads\/2015\/11\/pronajem-kancelari-v-praze-1-400x300.jpg\" alt=\"pronajem-kancelari-v-praze-1\" \/><\/a>\n\t\t\t\t\t\t\t\t\t\t\t\t\t\t\t<\/li>\n\t\t\t\t\t\t\t<li>\n\t\t\t\t\t<h3 style=\"opacity:70;\">pronajem v revolucni ulici<\/h3>\n\t\t\t\t\t\t\t\t\t\t\t<span data-alt=\"pronajem-v-revolucni-ulici\">https:\/\/www.prazskekancelare.com\/test\/wp-content\/uploads\/2015\/11\/pronajem-v-revolucni-ulici.jpg<\/span>\n\t\t\t\t\t\t\t\t\t\t<p><\/p>\n\t\t\t\t\t\t\t\t\t\t\t\t\t\t\t\t\t\t<a><img class=\"skip-lazy\" src=\"https:\/\/www.prazskekancelare.com\/test\/wp-content\/uploads\/2015\/11\/pronajem-v-revolucni-ulici-400x300.jpg\" alt=\"pronajem-v-revolucni-ulici\" \/><\/a>\n\t\t\t\t\t\t\t\t\t\t\t\t\t\t\t<\/li>\n\t\t\t\t\t\t\t<li>\n\t\t\t\t\t<h3 style=\"opacity:70;\">pronajem zasedacich mistnosti praha 1<\/h3>\n\t\t\t\t\t\t\t\t\t\t\t<span data-alt=\"pronajem-zasedacich-mistnosti-praha-1\">https:\/\/www.prazskekancelare.com\/test\/wp-content\/uploads\/2015\/11\/pronajem-zasedacich-mistnosti-praha-1.jpg<\/span>\n\t\t\t\t\t\t\t\t\t\t<p><\/p>\n\t\t\t\t\t\t\t\t\t\t\t\t\t\t\t\t\t\t<a><img class=\"skip-lazy\" src=\"https:\/\/www.prazskekancelare.com\/test\/wp-content\/uploads\/2015\/11\/pronajem-zasedacich-mistnosti-praha-1-400x300.jpg\" alt=\"pronajem-zasedacich-mistnosti-praha-1\" \/><\/a>\n\t\t\t\t\t\t\t\t\t\t\t\t\t\t\t<\/li>\n\t\t\t\t\t\t\t<li>\n\t\t\t\t\t<h3 style=\"opacity:70;\">recepce kancelari praha 1<\/h3>\n\t\t\t\t\t\t\t\t\t\t\t<span data-alt=\"recepce-kancelari-praha-1\">https:\/\/www.prazskekancelare.com\/test\/wp-content\/uploads\/2015\/11\/recepce-kancelari-praha-1.jpg<\/span>\n\t\t\t\t\t\t\t\t\t\t<p><\/p>\n\t\t\t\t\t\t\t\t\t\t\t\t\t\t\t\t\t\t<a><img class=\"skip-lazy\" src=\"https:\/\/www.prazskekancelare.com\/test\/wp-content\/uploads\/2015\/11\/recepce-kancelari-praha-1-400x300.jpg\" alt=\"recepce-kancelari-praha-1\" \/><\/a>\n\t\t\t\t\t\t\t\t\t\t\t\t\t\t\t<\/li>\n\t\t\t\t\t\t\t<li>\n\t\t\t\t\t<h3 style=\"opacity:70;\">revolucni kancelar k pronajmu<\/h3>\n\t\t\t\t\t\t\t\t\t\t\t<span data-alt=\"revolucni-kancelar-k-pronajmu\">https:\/\/www.prazskekancelare.com\/test\/wp-content\/uploads\/2015\/11\/revolucni-kancelar-k-pronajmu.jpg<\/span>\n\t\t\t\t\t\t\t\t\t\t<p><\/p>\n\t\t\t\t\t\t\t\t\t\t\t\t\t\t\t\t\t\t<a><img class=\"skip-lazy\" src=\"https:\/\/www.prazskekancelare.com\/test\/wp-content\/uploads\/2015\/11\/revolucni-kancelar-k-pronajmu-400x300.jpg\" alt=\"revolucni-kancelar-k-pronajmu\" \/><\/a>\n\t\t\t\t\t\t\t\t\t\t\t\t\t\t\t<\/li>\n\t\t\t\t\t\t\t<li>\n\t\t\t\t\t<h3 style=\"opacity:70;\">revolucni kancelare pronajem<\/h3>\n\t\t\t\t\t\t\t\t\t\t\t<span data-alt=\"revolucni-kancelare-pronajem\">https:\/\/www.prazskekancelare.com\/test\/wp-content\/uploads\/2015\/11\/revolucni-kancelare-pronajem.jpg<\/span>\n\t\t\t\t\t\t\t\t\t\t<p><\/p>\n\t\t\t\t\t\t\t\t\t\t\t\t\t\t\t\t\t\t<a><img class=\"skip-lazy\" src=\"https:\/\/www.prazskekancelare.com\/test\/wp-content\/uploads\/2015\/11\/revolucni-kancelare-pronajem-400x300.jpg\" alt=\"revolucni-kancelare-pronajem\" \/><\/a>\n\t\t\t\t\t\t\t\t\t\t\t\t\t\t\t<\/li>\n\t\t\t\t\t\t\t<li>\n\t\t\t\t\t<h3 style=\"opacity:70;\">pronajem kancelari v centru<\/h3>\n\t\t\t\t\t\t\t\t\t\t\t<span data-alt=\"pronajem-kancelari-v-centru\">https:\/\/www.prazskekancelare.com\/test\/wp-content\/uploads\/2015\/11\/pronajem-kancelari-v-centru.jpg<\/span>\n\t\t\t\t\t\t\t\t\t\t<p><\/p>\n\t\t\t\t\t\t\t\t\t\t\t\t\t\t\t\t\t\t<a><img class=\"skip-lazy\" src=\"https:\/\/www.prazskekancelare.com\/test\/wp-content\/uploads\/2015\/11\/pronajem-kancelari-v-centru-400x300.jpg\" alt=\"pronajem-kancelari-v-centru\" \/><\/a>\n\t\t\t\t\t\t\t\t\t\t\t\t\t\t\t<\/li>\n\t\t\t\t\t\t<\/ul>\n\n\t\t<div id=\"slideshow-wrappergallery19546\" class=\"slideshow-wrapper\" style=\"--slideshow-width:1684px\">\n\t\t\n\t\t<div class=\"slideshow-fullsize\" id=\"fullsizegallery19546\">\n\t\t\t\t\t\t\t\t\t\t\t\t\t\t<div id=\"imgprevgallery19546\" class=\"slideshow-imgprev imgnav\" title=\"Previous Image\">Previous Image<\/div>\n\t\t\t\t\t\t<a id=\"imglinkgallery19546\" class=\"slideshow-imglink imglink\">\n\t\t\t\t<!-- link -->\n\t\t\t<\/a>\n\t\t\t\t\t\t\t\t\t\t\t<div id=\"imgnextgallery19546\" class=\"slideshow-imgnext imgnav\" title=\"Next Image\">Next Image<\/div>\n\t\t\t\t\t\t<div id=\"imagegallery19546\" class=\"slideshow-image\"><\/div>\n\t\t\t<div class=\"slideshow-information infobottom\" id=\"informationgallery19546\">\n\t\t\t\t<h3 class=\"slideshow-info-heading\">info heading<\/h3>\n\t\t\t\t<p class=\"slideshow-info-content\">info content<\/p>\n\t\t\t<\/div>\n\t\t<\/div>\n\n\t\t\t\t\t<div id=\"thumbnailsgallery19546\" class=\"slideshow-thumbnails thumbsbot\">\n\t\t\t\t<div class=\"slideshow-slideleft\" id=\"slideleftgallery19546\" title=\"Slide Left\"><\/div>\n\t\t\t\t<div class=\"slideshow-slidearea\" id=\"slideareagallery19546\">\n\t\t\t\t\t<div class=\"slideshow-slider\" id=\"slidergallery19546\"><\/div>\n\t\t\t\t<\/div>\n\t\t\t\t<div class=\"slideshow-slideright\" id=\"sliderightgallery19546\" title=\"Slide Right\"><\/div>\n\t\t\t\t<br style=\"clear:both; visibility:hidden; height:1px;\" \/>\n\t\t\t<\/div>\n\t\t\t<\/div>\n\n\t\n<p>&nbsp;<\/p>\n<p>P\u0159edstavujeme modern\u00ed <strong>pron\u00e1jem kancel\u00e1\u0159\u00ed Revolu\u010dn\u00ed<\/strong> Praha 1 Star\u00e9 M\u011bsto pobl\u00ed\u017e N\u00e1m\u011bst\u00ed Republiky. Kancel\u00e1\u0159e k pron\u00e1jmu v Revolu\u010dn\u00ed ulici byly dlouho o\u010dek\u00e1vanou ud\u00e1lost\u00ed roku 2015. V sam\u00e9m srdci Prahy, ihned vedle N\u00e1m\u011bst\u00ed Republiky v t\u011bsn\u00e9 bl\u00edzkosti metra stejn\u00e9ho jm\u00e9no linky B bylo nov\u011b otev\u0159eno kancel\u00e1\u0159sk\u00e9 centrum nab\u00edzej\u00edc\u00ed ve\u0161ker\u00fd pracovn\u00ed komfort, kter\u00fd pot\u0159ebujete pro \u00fasp\u011bch sv\u00e9ho podnik\u00e1n\u00ed.<\/p>\n<p><span style=\"color: #0000ff;\"><strong>V nab\u00eddce jsou:<\/strong><\/span><\/p>\n<ol>\n<li><span style=\"color: #0000ff;\"><strong> malometr\u00e1\u017en\u00ed\u00a0<\/strong>vybaven\u00e9 kancel\u00e1\u0159e\u00a0<strong>od 8 m2<\/strong>nebo<\/span><\/li>\n<li><span style=\"color: #0000ff;\"><strong>velkometr\u00e1\u017en\u00ed\u00a0<\/strong>kancel\u00e1\u0159e typu open-space\u00a0<strong>od 100 m2 do 1.400 m2<\/strong>.<\/span><\/li>\n<\/ol>\n<p><span style=\"color: #ff0000;\"><strong>N\u00e1\u0161 tip:<\/strong>\u00a0Za\u0161lete n\u00e1m rychl\u00fd\u00a0<strong><a style=\"color: #ff0000;\" href=\"\/poptavka-po-kancelarich-k-pronajmu\/\" target=\"_blank\">popt\u00e1vkov\u00fd formul\u00e1\u0159\u00a0<\/a><\/strong>a my V\u00e1m b\u011bhem 30 minut\u00a0p\u0159iprav\u00edme kompletn\u00ed nab\u00eddku dle Va\u0161ich specifikac\u00ed a bez provize.\u00a0<strong>V nab\u00eddce m\u00e1me 500 kancel\u00e1\u0159\u00ed v Praze<\/strong>. T\u011b\u0161\u00edme se na spolupr\u00e1ci.<\/span><\/p>\n<h2>Lokalita kancel\u00e1\u0159\u00ed v Revolu\u010dn\u00ed ulici<\/h2>\n<p>Tento nov\u011b rekonstruovan\u00fd komer\u010dn\u00ed objekt v Revolu\u010dn\u00ed ulici \u010d. 7 se nach\u00e1z\u00ed na dohled od Obecn\u00edho domu na n\u00e1m\u011bst\u00ed Republiky. V\u00fdhodou je skv\u011bla ob\u010dansk\u00e1 vybavenost, p\u0159\u00edm\u00e9 sousedstv\u00ed obchodn\u00edch center Palladium a Kotva, velk\u00e9 mno\u017estv\u00ed restaurac\u00ed, kav\u00e1ren, bank a hotel\u016f. Budova m\u00e1 vynikaj\u00edc\u00ed dopravn\u00ed dostupnost jak osobn\u00edm automobilem, tak i m\u011bstskou i mezim\u011bstskou hromadnou dopravou. Stanice metra (N\u00e1m\u011bst\u00ed Republiky) se nach\u00e1z\u00ed jen 200 metr\u016f od hlavn\u00edho vstupu a p\u0159\u00edmo p\u0159ed budovou je tramvajov\u00e1 a autobusov\u00e1 zast\u00e1vka. Lokalita je rovn\u011b\u017e bezprobl\u00e9mov\u011b dostupn\u00e1 z pra\u017esk\u00e9 magistr\u00e1ly. V samotn\u00e9 budov\u011b s\u00eddl\u00ed spole\u010dnosti jako nap\u0159. Forbes, Yves Rocher, Pepa.cz a dal\u0161\u00ed. Pron\u00e1jem kancel\u00e1\u0159\u00ed na Praze 1 v\u00e1m p\u0159inese presti\u017e va\u0161emu podnik\u00e1n\u00ed.<\/p>\n<h2>Kancel\u00e1\u0159sk\u00e1 budova v Revolu\u010dn\u00ed na Star\u00e9m M\u011bst\u011b<\/h2>\n<p>Revolu\u010dn\u00ed 7 je nov\u011b rekonstruovan\u00e1 komer\u010dn\u00ed budova v historick\u00e9m centru Prahy u n\u00e1m\u011bst\u00ed Republiky na rohu ulic Revolu\u010dn\u00ed a Dlouh\u00e1. V samotn\u00e9 budov\u011b je k dispozici 6 000 m2 pronaj\u00edmateln\u00fdch ploch v deseti podla\u017e\u00edch. Parkovat lze p\u0159\u00edmo v podzemn\u00edch gar\u00e1\u017e\u00edch budovy nebo v sousedn\u00edch gar\u00e1\u017e\u00edch n\u00e1kupn\u00edho centra Palladium nebo Kotva vzd\u00e1len\u00fdch minutu ch\u016fze od budovy, p\u0159\u00edp. v administrativn\u00edm centru Revolu\u010dn\u00ed 8. U vstupu do objektu se nach\u00e1z\u00ed reprezentativn\u00ed recepce funguj\u00edc\u00ed 24 hodin denn\u011b, 7 dn\u00ed v t\u00fddnu. Budova disponuje modern\u00edm 24 hod. bezpe\u010dnostn\u00edm syst\u00e9mem v\u010d. magnetick\u00fdch \u010didel.<\/p>\n<h2>Zaj\u00edmavosti o kancel\u00e1\u0159\u00edch na N\u00e1m\u011bst\u00ed Republiky<\/h2>\n<ul>\n<li>1270 m2 kancel\u00e1\u0159\u00ed k pron\u00e1jmu na 2 podla\u017e\u00edch<\/li>\n<li>36 klimatizovan\u00fdch kancel\u00e1\u0159\u00ed vybaven\u00fdch modern\u00edm n\u00e1bytkem a kvalitn\u00edm<\/li>\n<li>kobercem. Otev\u00edrateln\u00e1 okna, \u010dty\u0159trubkov\u00fd HVAC syst\u00e9m (topen\u00ed, ventilace a klimatizace).<\/li>\n<li>Vlastn\u00ed reprezentativn\u00ed recepce na pat\u0159e.<\/li>\n<li>Copy centrum vybaven\u00e9 multifunk\u010dn\u00edm kop\u00edrovac\u00edm \/tiskov\u00fdm za\u0159\u00edzen\u00edm.<\/li>\n<li>Za\u0159\u00edzen\u00e9 kuchy\u0148ky s mo\u017enost\u00ed neomezen\u00e9 konzumace n\u00e1poj\u016f.<\/li>\n<li>3 reprezentativn\u00ed zasedac\u00ed m\u00edstnosti s kapacitou a\u017e 10 osob.<\/li>\n<li>Klimatizovan\u00e1 serverovna s IT dohledem.<\/li>\n<\/ul>\n<h2>Provize za zprost\u0159edkov\u00e1n\u00ed kancel\u00e1\u0159\u00ed na Star\u00e9m M\u011bst\u011b<\/h2>\n<p>Ve\u0161ker\u00e9 slu\u017eby na\u0161\u00ed spole\u010dnosti a jej\u00edch makl\u00e9\u0159\u016f jsou bez provize.<\/p>\n<h2>Cena kancel\u00e1\u0159\u00ed v centru<\/h2>\n<p>D\u00edky velk\u00e9mu po\u010dtu nab\u00edzen\u00fdch kancel\u00e1\u0159\u00ed k pron\u00e1jmu\u00a0v tomto business centru, jejich variabilit\u011b a poskytovan\u00fdm slu\u017eb\u00e1m je cena sestavov\u00e1na p\u0159\u00edmo na m\u00edst\u011b b\u011bhem prohl\u00eddky centra. Za\u0161lete n\u00e1m pros\u00edm jednoduchou popt\u00e1vku nebo zavolejte na\u0161emu makl\u00e9\u0159i a on v\u0161e za\u0159\u00edd\u00ed k Va\u0161\u00ed spokojenosti.<\/p>\n<p>Rychl\u00fd popt\u00e1vkov\u00fd formul\u00e1\u0159 najdete na konci textu\u00a0a makl\u00e9\u0159e zodpov\u011bdn\u00e9ho za nemovitosti v prav\u00e9m sloupci.<\/p>\n<p>e-mail:\u00a0<strong><a href=\"mailto:info@prazskekancelare.cz\">info@prazskekancelare.cz<\/a><\/strong>\u00a0\/\u00a0telefon: <strong><span style=\"color: #ff0000;\">+420 773 295 925, +420 723 984 360<\/span><\/strong><\/p>\n<h2>v\u00edce informac\u00ed o kancel\u00e1\u0159\u00edch v Revolu\u010dn\u00ed, Star\u00e9 M\u011bsto:<\/h2>\n","protected":false},"author":1,"featured_media":1177,"comment_status":"closed","ping_status":"closed","template":"","yoast_head":"<!-- This site is optimized with the Yoast SEO plugin v16.4 - https:\/\/yoast.com\/wordpress\/plugins\/seo\/ -->\n<title>REVOLU\u010cN\u00cd kancel\u00e1\u0159e Star\u00e9 M\u011bsto Praha 1 | 1000 KANCEL\u00c1\u0158\u00cd \u00ae<\/title>\n<meta name=\"description\" content=\"Popt\u00e1vejte pron\u00e1jem kancel\u00e1\u0159e Revolu\u010dn\u00ed Star\u00e9 M\u011bsto Praha 1 | 1000 kancel\u00e1\u0159\u00ed k pron\u00e1jmu v Praze | Nab\u00eddky kancel\u00e1\u0159\u00ed do 30 minut | Provize 0%.\" \/>\n<meta name=\"robots\" content=\"noindex, follow, max-snippet:-1, max-image-preview:large, max-video-preview:-1\" \/>\n<meta property=\"og:locale\" content=\"cs_CZ\" \/>\n<meta property=\"og:type\" content=\"article\" \/>\n<meta property=\"og:title\" content=\"REVOLU\u010cN\u00cd kancel\u00e1\u0159e Star\u00e9 M\u011bsto Praha 1 | 1000 KANCEL\u00c1\u0158\u00cd \u00ae\" \/>\n<meta property=\"og:description\" content=\"Popt\u00e1vejte pron\u00e1jem kancel\u00e1\u0159e Revolu\u010dn\u00ed Star\u00e9 M\u011bsto Praha 1 | 1000 kancel\u00e1\u0159\u00ed k pron\u00e1jmu v Praze | Nab\u00eddky kancel\u00e1\u0159\u00ed do 30 minut | Provize 0%.\" \/>\n<meta property=\"og:url\" content=\"https:\/\/www.prazskekancelare.com\/test\/kancelare-k-pronajmu\/pronajem-kancelari-revolucni-v-centru-prahy-1-stare-mesto\/\" \/>\n<meta property=\"og:site_name\" content=\"TEST - Pron\u00e1jem kancel\u00e1\u0159e Praha\" \/>\n<meta property=\"article:modified_time\" content=\"2019-03-23T08:08:09+00:00\" \/>\n<meta property=\"og:image\" content=\"https:\/\/www.prazskekancelare.com\/test\/wp-content\/uploads\/2015\/11\/kancelare-revolucni-z-ulice.jpg\" \/>\n\t<meta property=\"og:image:width\" content=\"924\" \/>\n\t<meta property=\"og:image:height\" content=\"549\" \/>\n<meta name=\"twitter:card\" content=\"summary\" \/>\n<meta name=\"twitter:label1\" content=\"Odhadovan\u00e1 doba \u010dten\u00ed\" \/>\n\t<meta name=\"twitter:data1\" content=\"3 minuty\" \/>\n<script type=\"application\/ld+json\" class=\"yoast-schema-graph\">{\"@context\":\"https:\/\/schema.org\",\"@graph\":[{\"@type\":\"Organization\",\"@id\":\"https:\/\/www.prazskekancelare.com\/test\/#organization\",\"name\":\"Pron\\u00e1jem kancel\\u00e1\\u0159e Praha\",\"url\":\"https:\/\/www.prazskekancelare.com\/test\/\",\"sameAs\":[],\"logo\":{\"@type\":\"ImageObject\",\"@id\":\"https:\/\/www.prazskekancelare.com\/test\/#logo\",\"inLanguage\":\"cs\",\"url\":\"https:\/\/www.prazskekancelare.com\/test\/wp-content\/uploads\/2018\/05\/prazske-kancelare-com-logo.png\",\"contentUrl\":\"https:\/\/www.prazskekancelare.com\/test\/wp-content\/uploads\/2018\/05\/prazske-kancelare-com-logo.png\",\"width\":242,\"height\":59,\"caption\":\"Pron\\u00e1jem kancel\\u00e1\\u0159e Praha\"},\"image\":{\"@id\":\"https:\/\/www.prazskekancelare.com\/test\/#logo\"}},{\"@type\":\"WebSite\",\"@id\":\"https:\/\/www.prazskekancelare.com\/test\/#website\",\"url\":\"https:\/\/www.prazskekancelare.com\/test\/\",\"name\":\"TEST - Pron\\u00e1jem kancel\\u00e1\\u0159e Praha\",\"description\":\"Pron\\u00e1jem kancel\\u00e1\\u0159e Praha a Kancelare Praha\",\"publisher\":{\"@id\":\"https:\/\/www.prazskekancelare.com\/test\/#organization\"},\"potentialAction\":[{\"@type\":\"SearchAction\",\"target\":\"https:\/\/www.prazskekancelare.com\/test\/?s={search_term_string}\",\"query-input\":\"required name=search_term_string\"}],\"inLanguage\":\"cs\"},{\"@type\":\"ImageObject\",\"@id\":\"https:\/\/www.prazskekancelare.com\/test\/kancelare-k-pronajmu\/pronajem-kancelari-revolucni-v-centru-prahy-1-stare-mesto\/#primaryimage\",\"inLanguage\":\"cs\",\"url\":\"https:\/\/www.prazskekancelare.com\/test\/wp-content\/uploads\/2015\/11\/kancelare-revolucni-z-ulice.jpg\",\"contentUrl\":\"https:\/\/www.prazskekancelare.com\/test\/wp-content\/uploads\/2015\/11\/kancelare-revolucni-z-ulice.jpg\",\"width\":924,\"height\":549,\"caption\":\"Kancel\\u00e1\\u0159e Revolu\\u010dn\\u00ed ulice Praha 1\"},{\"@type\":\"WebPage\",\"@id\":\"https:\/\/www.prazskekancelare.com\/test\/kancelare-k-pronajmu\/pronajem-kancelari-revolucni-v-centru-prahy-1-stare-mesto\/#webpage\",\"url\":\"https:\/\/www.prazskekancelare.com\/test\/kancelare-k-pronajmu\/pronajem-kancelari-revolucni-v-centru-prahy-1-stare-mesto\/\",\"name\":\"REVOLU\\u010cN\\u00cd kancel\\u00e1\\u0159e Star\\u00e9 M\\u011bsto Praha 1 | 1000 KANCEL\\u00c1\\u0158\\u00cd \\u00ae\",\"isPartOf\":{\"@id\":\"https:\/\/www.prazskekancelare.com\/test\/#website\"},\"primaryImageOfPage\":{\"@id\":\"https:\/\/www.prazskekancelare.com\/test\/kancelare-k-pronajmu\/pronajem-kancelari-revolucni-v-centru-prahy-1-stare-mesto\/#primaryimage\"},\"datePublished\":\"2015-11-06T14:08:54+00:00\",\"dateModified\":\"2019-03-23T08:08:09+00:00\",\"description\":\"Popt\\u00e1vejte pron\\u00e1jem kancel\\u00e1\\u0159e Revolu\\u010dn\\u00ed Star\\u00e9 M\\u011bsto Praha 1 | 1000 kancel\\u00e1\\u0159\\u00ed k pron\\u00e1jmu v Praze | Nab\\u00eddky kancel\\u00e1\\u0159\\u00ed do 30 minut | Provize 0%.\",\"breadcrumb\":{\"@id\":\"https:\/\/www.prazskekancelare.com\/test\/kancelare-k-pronajmu\/pronajem-kancelari-revolucni-v-centru-prahy-1-stare-mesto\/#breadcrumb\"},\"inLanguage\":\"cs\",\"potentialAction\":[{\"@type\":\"ReadAction\",\"target\":[\"https:\/\/www.prazskekancelare.com\/test\/kancelare-k-pronajmu\/pronajem-kancelari-revolucni-v-centru-prahy-1-stare-mesto\/\"]}]},{\"@type\":\"BreadcrumbList\",\"@id\":\"https:\/\/www.prazskekancelare.com\/test\/kancelare-k-pronajmu\/pronajem-kancelari-revolucni-v-centru-prahy-1-stare-mesto\/#breadcrumb\",\"itemListElement\":[{\"@type\":\"ListItem\",\"position\":1,\"item\":{\"@type\":\"WebPage\",\"@id\":\"https:\/\/www.prazskekancelare.com\/test\/\",\"url\":\"https:\/\/www.prazskekancelare.com\/test\/\",\"name\":\"Dom\\u016f\"}},{\"@type\":\"ListItem\",\"position\":2,\"item\":{\"@type\":\"WebPage\",\"@id\":\"https:\/\/www.prazskekancelare.com\/test\/kancelare-k-pronajmu\/\",\"url\":\"https:\/\/www.prazskekancelare.com\/test\/kancelare-k-pronajmu\/\",\"name\":\"Properties\"}},{\"@type\":\"ListItem\",\"position\":3,\"item\":{\"@id\":\"https:\/\/www.prazskekancelare.com\/test\/kancelare-k-pronajmu\/pronajem-kancelari-revolucni-v-centru-prahy-1-stare-mesto\/#webpage\"}}]}]}<\/script>\n<!-- \/ Yoast SEO plugin. -->","cmb2":{"property_general":{"property_id":"ANO","property_year_built":"","property_address":"Revolu\u010dn\u00ed 7, \r\n110 00 Praha 1\r\n","property_zip":"","property_contract":"","property_gallery":"","property_plans":"","property_video":"","property_parent_property":""},"property_flags":{"property_featured":"","property_sticky":"","property_reduced":"","property_sold":""},"property_contact":{"property_contact_name":"","property_contact_phone":""},"property_pricing":{"property_price":"340","property_price_prefix":"od","property_price_suffix":"K\u010d\/m2","property_price_custom":""},"property_attributes":{"property_rooms":"ANO","property_beds":"6","property_baths":"NE","property_garages":"ANO \/ i \u010d\u00e1ste\u010dn\u011b","property_home_area":"","property_lot_dimensions":"","property_lot_area":"10 m2 - 1.600 m2"},"property_valuation":{"property_valuation_group":""},"property_public_facilities":{"property_public_facilities_group":""},"property_map_location":{"property_map_location":{"latitude":"50.09035979999999","longitude":"14.427691900000013"}},"property_relations":{"property_agents":["260"]}},"_links":{"self":[{"href":"https:\/\/www.prazskekancelare.com\/test\/wp-json\/wp\/v2\/property\/1178"}],"collection":[{"href":"https:\/\/www.prazskekancelare.com\/test\/wp-json\/wp\/v2\/property"}],"about":[{"href":"https:\/\/www.prazskekancelare.com\/test\/wp-json\/wp\/v2\/types\/property"}],"author":[{"embeddable":true,"href":"https:\/\/www.prazskekancelare.com\/test\/wp-json\/wp\/v2\/users\/1"}],"replies":[{"embeddable":true,"href":"https:\/\/www.prazskekancelare.com\/test\/wp-json\/wp\/v2\/comments?post=1178"}],"wp:featuredmedia":[{"embeddable":true,"href":"https:\/\/www.prazskekancelare.com\/test\/wp-json\/wp\/v2\/media\/1177"}],"wp:attachment":[{"href":"https:\/\/www.prazskekancelare.com\/test\/wp-json\/wp\/v2\/media?parent=1178"}],"curies":[{"name":"wp","href":"https:\/\/api.w.org\/{rel}","templated":true}]}}