{"id":1160,"date":"2018-12-20T16:47:40","date_gmt":"2018-12-20T15:47:40","guid":{"rendered":"https:\/\/www.prazskekancelare.com\/test\/?post_type=property&#038;p=1160"},"modified":"2019-11-21T11:17:37","modified_gmt":"2019-11-21T10:17:37","slug":"pronajem-kancelari-bredovsky-dvur-nove-mesto-praha-1","status":"publish","type":"property","link":"https:\/\/www.prazskekancelare.com\/test\/kancelare-k-pronajmu\/pronajem-kancelari-bredovsky-dvur-nove-mesto-praha-1\/","title":{"rendered":"Kancel\u00e1\u0159e Bredovsk\u00fd Dv\u016fr Praha 1 <span style=\"color: #ff0000;\">zlevn\u011bno<\/span>"},"content":{"rendered":"\n\t<ul id=\"slideshowgallery18146\" class=\"slideshowgallery18146\" style=\"display:none;\">\n\t\t\t\t\t<!-- From all slides or gallery slides -->\n\t\t\t\t\t\t\t<li>\n\t\t\t\t\t<h3 style=\"opacity:70;\">pronajem kancelari bredovsky dvur<\/h3>\n\t\t\t\t\t\t\t\t\t\t\t<span data-alt=\"pronajem-kancelari-bredovsky-dvur\">https:\/\/www.prazskekancelare.com\/test\/wp-content\/uploads\/2015\/11\/pronajem-kancelari-bredovsky-dvur.jpg<\/span>\n\t\t\t\t\t\t\t\t\t\t<p><\/p>\n\t\t\t\t\t\t\t\t\t\t\t\t\t\t\t\t\t\t<a><img class=\"skip-lazy\" src=\"https:\/\/www.prazskekancelare.com\/test\/wp-content\/uploads\/2015\/11\/pronajem-kancelari-bredovsky-dvur-400x300.jpg\" alt=\"pronajem-kancelari-bredovsky-dvur\" \/><\/a>\n\t\t\t\t\t\t\t\t\t\t\t\t\t\t\t<\/li>\n\t\t\t\t\t\t\t<li>\n\t\t\t\t\t<h3 style=\"opacity:70;\">kancelare k pronajmu praha 1<\/h3>\n\t\t\t\t\t\t\t\t\t\t\t<span data-alt=\"kancelare-k-pronajmu-praha-1\">https:\/\/www.prazskekancelare.com\/test\/wp-content\/uploads\/2016\/09\/kancelare-k-pronajmu-praha-1.jpg<\/span>\n\t\t\t\t\t\t\t\t\t\t<p><\/p>\n\t\t\t\t\t\t\t\t\t\t\t\t\t\t\t\t\t\t<a><img class=\"skip-lazy\" src=\"https:\/\/www.prazskekancelare.com\/test\/wp-content\/uploads\/2016\/09\/kancelare-k-pronajmu-praha-1-400x300.jpg\" alt=\"kancelare-k-pronajmu-praha-1\" \/><\/a>\n\t\t\t\t\t\t\t\t\t\t\t\t\t\t\t<\/li>\n\t\t\t\t\t\t\t<li>\n\t\t\t\t\t<h3 style=\"opacity:70;\">kancelare praha<\/h3>\n\t\t\t\t\t\t\t\t\t\t\t<span data-alt=\"kancelare-praha\">https:\/\/www.prazskekancelare.com\/test\/wp-content\/uploads\/2016\/09\/kancelare-praha.jpg<\/span>\n\t\t\t\t\t\t\t\t\t\t<p><\/p>\n\t\t\t\t\t\t\t\t\t\t\t\t\t\t\t\t\t\t<a><img class=\"skip-lazy\" src=\"https:\/\/www.prazskekancelare.com\/test\/wp-content\/uploads\/2016\/09\/kancelare-praha-400x300.jpg\" alt=\"kancelare-praha\" \/><\/a>\n\t\t\t\t\t\t\t\t\t\t\t\t\t\t\t<\/li>\n\t\t\t\t\t\t\t<li>\n\t\t\t\t\t<h3 style=\"opacity:70;\">kancelare vaclavske namesti<\/h3>\n\t\t\t\t\t\t\t\t\t\t\t<span data-alt=\"kancelare-vaclavske-namesti\">https:\/\/www.prazskekancelare.com\/test\/wp-content\/uploads\/2016\/09\/kancelare-vaclavske-namesti.jpg<\/span>\n\t\t\t\t\t\t\t\t\t\t<p><\/p>\n\t\t\t\t\t\t\t\t\t\t\t\t\t\t\t\t\t\t<a><img class=\"skip-lazy\" src=\"https:\/\/www.prazskekancelare.com\/test\/wp-content\/uploads\/2016\/09\/kancelare-vaclavske-namesti-400x300.jpg\" alt=\"kancelare-vaclavske-namesti\" \/><\/a>\n\t\t\t\t\t\t\t\t\t\t\t\t\t\t\t<\/li>\n\t\t\t\t\t\t\t<li>\n\t\t\t\t\t<h3 style=\"opacity:70;\">kancelare v centru<\/h3>\n\t\t\t\t\t\t\t\t\t\t\t<span data-alt=\"kancelare-v-centru\">https:\/\/www.prazskekancelare.com\/test\/wp-content\/uploads\/2016\/09\/kancelare-v-centru.jpg<\/span>\n\t\t\t\t\t\t\t\t\t\t<p><\/p>\n\t\t\t\t\t\t\t\t\t\t\t\t\t\t\t\t\t\t<a><img class=\"skip-lazy\" src=\"https:\/\/www.prazskekancelare.com\/test\/wp-content\/uploads\/2016\/09\/kancelare-v-centru-400x300.jpg\" alt=\"kancelare-v-centru\" \/><\/a>\n\t\t\t\t\t\t\t\t\t\t\t\t\t\t\t<\/li>\n\t\t\t\t\t\t\t<li>\n\t\t\t\t\t<h3 style=\"opacity:70;\">pronajem kancelari Bredovsky Dvur<\/h3>\n\t\t\t\t\t\t\t\t\t\t\t<span data-alt=\"pronajem-kancelari-bredovsky-dvur\">https:\/\/www.prazskekancelare.com\/test\/wp-content\/uploads\/2016\/09\/pronajem-kancelari-bredovsky-dvur.jpg<\/span>\n\t\t\t\t\t\t\t\t\t\t<p><\/p>\n\t\t\t\t\t\t\t\t\t\t\t\t\t\t\t\t\t\t<a><img class=\"skip-lazy\" src=\"https:\/\/www.prazskekancelare.com\/test\/wp-content\/uploads\/2016\/09\/pronajem-kancelari-bredovsky-dvur-400x300.jpg\" alt=\"pronajem-kancelari-bredovsky-dvur\" \/><\/a>\n\t\t\t\t\t\t\t\t\t\t\t\t\t\t\t<\/li>\n\t\t\t\t\t\t\t<li>\n\t\t\t\t\t<h3 style=\"opacity:70;\">pronajem kancelari centrum prahy<\/h3>\n\t\t\t\t\t\t\t\t\t\t\t<span data-alt=\"pronajem-kancelari-centrum-prahy\">https:\/\/www.prazskekancelare.com\/test\/wp-content\/uploads\/2016\/09\/pronajem-kancelari-centrum-prahy.jpg<\/span>\n\t\t\t\t\t\t\t\t\t\t<p><\/p>\n\t\t\t\t\t\t\t\t\t\t\t\t\t\t\t\t\t\t<a><img class=\"skip-lazy\" src=\"https:\/\/www.prazskekancelare.com\/test\/wp-content\/uploads\/2016\/09\/pronajem-kancelari-centrum-prahy-400x300.jpg\" alt=\"pronajem-kancelari-centrum-prahy\" \/><\/a>\n\t\t\t\t\t\t\t\t\t\t\t\t\t\t\t<\/li>\n\t\t\t\t\t\t\t<li>\n\t\t\t\t\t<h3 style=\"opacity:70;\">pronajem kancelari v centru prahy<\/h3>\n\t\t\t\t\t\t\t\t\t\t\t<span data-alt=\"pronajem-kancelari-v-centru-prahy\">https:\/\/www.prazskekancelare.com\/test\/wp-content\/uploads\/2016\/09\/pronajem-kancelari-v-centru-prahy.jpg<\/span>\n\t\t\t\t\t\t\t\t\t\t<p><\/p>\n\t\t\t\t\t\t\t\t\t\t\t\t\t\t\t\t\t\t<a><img class=\"skip-lazy\" src=\"https:\/\/www.prazskekancelare.com\/test\/wp-content\/uploads\/2016\/09\/pronajem-kancelari-v-centru-prahy-400x300.jpg\" alt=\"pronajem-kancelari-v-centru-prahy\" \/><\/a>\n\t\t\t\t\t\t\t\t\t\t\t\t\t\t\t<\/li>\n\t\t\t\t\t\t\t<li>\n\t\t\t\t\t<h3 style=\"opacity:70;\">pronajem zarizenych kancelari<\/h3>\n\t\t\t\t\t\t\t\t\t\t\t<span data-alt=\"pronajem-zarizenych-kancelari\">https:\/\/www.prazskekancelare.com\/test\/wp-content\/uploads\/2016\/09\/pronajem-zarizenych-kancelari.jpg<\/span>\n\t\t\t\t\t\t\t\t\t\t<p><\/p>\n\t\t\t\t\t\t\t\t\t\t\t\t\t\t\t\t\t\t<a><img class=\"skip-lazy\" src=\"https:\/\/www.prazskekancelare.com\/test\/wp-content\/uploads\/2016\/09\/pronajem-zarizenych-kancelari-400x300.jpg\" alt=\"pronajem-zarizenych-kancelari\" \/><\/a>\n\t\t\t\t\t\t\t\t\t\t\t\t\t\t\t<\/li>\n\t\t\t\t\t\t\t<li>\n\t\t\t\t\t<h3 style=\"opacity:70;\">zarizene kancelare<\/h3>\n\t\t\t\t\t\t\t\t\t\t\t<span data-alt=\"zarizene-kancelare\">https:\/\/www.prazskekancelare.com\/test\/wp-content\/uploads\/2016\/09\/zarizene-kancelare.jpg<\/span>\n\t\t\t\t\t\t\t\t\t\t<p><\/p>\n\t\t\t\t\t\t\t\t\t\t\t\t\t\t\t\t\t\t<a><img class=\"skip-lazy\" src=\"https:\/\/www.prazskekancelare.com\/test\/wp-content\/uploads\/2016\/09\/zarizene-kancelare-400x300.jpg\" alt=\"zarizene-kancelare\" \/><\/a>\n\t\t\t\t\t\t\t\t\t\t\t\t\t\t\t<\/li>\n\t\t\t\t\t\t\t<li>\n\t\t\t\t\t<h3 style=\"opacity:70;\">Bredovsky dum k pronajmu<\/h3>\n\t\t\t\t\t\t\t\t\t\t\t<span data-alt=\"bredovsky-dum-k-pronajmu\">https:\/\/www.prazskekancelare.com\/test\/wp-content\/uploads\/2015\/11\/bredovsky-dum-k-pronajmu.jpg<\/span>\n\t\t\t\t\t\t\t\t\t\t<p><\/p>\n\t\t\t\t\t\t\t\t\t\t\t\t\t\t\t\t\t\t<a><img class=\"skip-lazy\" src=\"https:\/\/www.prazskekancelare.com\/test\/wp-content\/uploads\/2015\/11\/bredovsky-dum-k-pronajmu-400x300.jpg\" alt=\"bredovsky-dum-k-pronajmu\" \/><\/a>\n\t\t\t\t\t\t\t\t\t\t\t\t\t\t\t<\/li>\n\t\t\t\t\t\t\t<li>\n\t\t\t\t\t<h3 style=\"opacity:70;\">kancelar k pronajmu praha 1<\/h3>\n\t\t\t\t\t\t\t\t\t\t\t<span data-alt=\"kancelar-k-pronajmu-praha-1\">https:\/\/www.prazskekancelare.com\/test\/wp-content\/uploads\/2015\/11\/kancelar-k-pronajmu-praha-1.jpg<\/span>\n\t\t\t\t\t\t\t\t\t\t<p><\/p>\n\t\t\t\t\t\t\t\t\t\t\t\t\t\t\t\t\t\t<a><img class=\"skip-lazy\" src=\"https:\/\/www.prazskekancelare.com\/test\/wp-content\/uploads\/2015\/11\/kancelar-k-pronajmu-praha-1-400x300.jpg\" alt=\"kancelar-k-pronajmu-praha-1\" \/><\/a>\n\t\t\t\t\t\t\t\t\t\t\t\t\t\t\t<\/li>\n\t\t\t\t\t\t\t<li>\n\t\t\t\t\t<h3 style=\"opacity:70;\">kancelare bredovsky dvur<\/h3>\n\t\t\t\t\t\t\t\t\t\t\t<span data-alt=\"kancelare-bredovsky-dvur\">https:\/\/www.prazskekancelare.com\/test\/wp-content\/uploads\/2015\/11\/kancelare-bredovsky-dvur.jpg<\/span>\n\t\t\t\t\t\t\t\t\t\t<p><\/p>\n\t\t\t\t\t\t\t\t\t\t\t\t\t\t\t\t\t\t<a><img class=\"skip-lazy\" src=\"https:\/\/www.prazskekancelare.com\/test\/wp-content\/uploads\/2015\/11\/kancelare-bredovsky-dvur-400x300.jpg\" alt=\"kancelare-bredovsky-dvur\" \/><\/a>\n\t\t\t\t\t\t\t\t\t\t\t\t\t\t\t<\/li>\n\t\t\t\t\t\t\t<li>\n\t\t\t\t\t<h3 style=\"opacity:70;\">kancelare k pronajmu na praze 1<\/h3>\n\t\t\t\t\t\t\t\t\t\t\t<span data-alt=\"kancelare-k-pronajmu-na-praze-1\">https:\/\/www.prazskekancelare.com\/test\/wp-content\/uploads\/2015\/11\/kancelare-k-pronajmu-na-praze-1.jpg<\/span>\n\t\t\t\t\t\t\t\t\t\t<p><\/p>\n\t\t\t\t\t\t\t\t\t\t\t\t\t\t\t\t\t\t<a><img class=\"skip-lazy\" src=\"https:\/\/www.prazskekancelare.com\/test\/wp-content\/uploads\/2015\/11\/kancelare-k-pronajmu-na-praze-1-400x300.jpg\" alt=\"kancelare-k-pronajmu-na-praze-1\" \/><\/a>\n\t\t\t\t\t\t\t\t\t\t\t\t\t\t\t<\/li>\n\t\t\t\t\t\t\t<li>\n\t\t\t\t\t<h3 style=\"opacity:70;\">kancelare praha 1 bredovsky dvur<\/h3>\n\t\t\t\t\t\t\t\t\t\t\t<span data-alt=\"kancelare-praha-1-bredovsky-dvur\">https:\/\/www.prazskekancelare.com\/test\/wp-content\/uploads\/2015\/11\/kancelare-praha-1-bredovsky-dvur.jpg<\/span>\n\t\t\t\t\t\t\t\t\t\t<p><\/p>\n\t\t\t\t\t\t\t\t\t\t\t\t\t\t\t\t\t\t<a><img class=\"skip-lazy\" src=\"https:\/\/www.prazskekancelare.com\/test\/wp-content\/uploads\/2015\/11\/kancelare-praha-1-bredovsky-dvur-400x300.jpg\" alt=\"kancelare-praha-1-bredovsky-dvur\" \/><\/a>\n\t\t\t\t\t\t\t\t\t\t\t\t\t\t\t<\/li>\n\t\t\t\t\t\t\t<li>\n\t\t\t\t\t<h3 style=\"opacity:70;\">kancelare praha 1<\/h3>\n\t\t\t\t\t\t\t\t\t\t\t<span data-alt=\"kancelare-praha-1\">https:\/\/www.prazskekancelare.com\/test\/wp-content\/uploads\/2015\/11\/kancelare-praha-1.jpg<\/span>\n\t\t\t\t\t\t\t\t\t\t<p><\/p>\n\t\t\t\t\t\t\t\t\t\t\t\t\t\t\t\t\t\t<a><img class=\"skip-lazy\" src=\"https:\/\/www.prazskekancelare.com\/test\/wp-content\/uploads\/2015\/11\/kancelare-praha-1-400x300.jpg\" alt=\"kancelare-praha-1\" \/><\/a>\n\t\t\t\t\t\t\t\t\t\t\t\t\t\t\t<\/li>\n\t\t\t\t\t\t\t<li>\n\t\t\t\t\t<h3 style=\"opacity:70;\">praha 1 kancelar k pronajmu<\/h3>\n\t\t\t\t\t\t\t\t\t\t\t<span data-alt=\"praha-1-kancelar-k-pronajmu\">https:\/\/www.prazskekancelare.com\/test\/wp-content\/uploads\/2015\/11\/praha-1-kancelar-k-pronajmu.jpg<\/span>\n\t\t\t\t\t\t\t\t\t\t<p><\/p>\n\t\t\t\t\t\t\t\t\t\t\t\t\t\t\t\t\t\t<a><img class=\"skip-lazy\" src=\"https:\/\/www.prazskekancelare.com\/test\/wp-content\/uploads\/2015\/11\/praha-1-kancelar-k-pronajmu-400x300.jpg\" alt=\"praha-1-kancelar-k-pronajmu\" \/><\/a>\n\t\t\t\t\t\t\t\t\t\t\t\t\t\t\t<\/li>\n\t\t\t\t\t\t\t<li>\n\t\t\t\t\t<h3 style=\"opacity:70;\">praha 1 kancelare<\/h3>\n\t\t\t\t\t\t\t\t\t\t\t<span data-alt=\"praha-1-kancelare\">https:\/\/www.prazskekancelare.com\/test\/wp-content\/uploads\/2015\/11\/praha-1-kancelare.jpg<\/span>\n\t\t\t\t\t\t\t\t\t\t<p><\/p>\n\t\t\t\t\t\t\t\t\t\t\t\t\t\t\t\t\t\t<a><img class=\"skip-lazy\" src=\"https:\/\/www.prazskekancelare.com\/test\/wp-content\/uploads\/2015\/11\/praha-1-kancelare-400x300.jpg\" alt=\"praha-1-kancelare\" \/><\/a>\n\t\t\t\t\t\t\t\t\t\t\t\t\t\t\t<\/li>\n\t\t\t\t\t\t\t<li>\n\t\t\t\t\t<h3 style=\"opacity:70;\">kancelar v praze<\/h3>\n\t\t\t\t\t\t\t\t\t\t\t<span data-alt=\"kancelar-v-praze\">https:\/\/www.prazskekancelare.com\/test\/wp-content\/uploads\/2016\/09\/kancelar-v-praze.jpg<\/span>\n\t\t\t\t\t\t\t\t\t\t<p><\/p>\n\t\t\t\t\t\t\t\t\t\t\t\t\t\t\t\t\t\t<a><img class=\"skip-lazy\" src=\"https:\/\/www.prazskekancelare.com\/test\/wp-content\/uploads\/2016\/09\/kancelar-v-praze-400x300.jpg\" alt=\"kancelar-v-praze\" \/><\/a>\n\t\t\t\t\t\t\t\t\t\t\t\t\t\t\t<\/li>\n\t\t\t\t\t\t<\/ul>\n\n\t\t<div id=\"slideshow-wrappergallery18146\" class=\"slideshow-wrapper\" style=\"--slideshow-width:2264px\">\n\t\t\n\t\t<div class=\"slideshow-fullsize\" id=\"fullsizegallery18146\">\n\t\t\t\t\t\t\t\t\t\t\t\t\t\t<div id=\"imgprevgallery18146\" class=\"slideshow-imgprev imgnav\" title=\"Previous Image\">Previous Image<\/div>\n\t\t\t\t\t\t<a id=\"imglinkgallery18146\" class=\"slideshow-imglink imglink\">\n\t\t\t\t<!-- link -->\n\t\t\t<\/a>\n\t\t\t\t\t\t\t\t\t\t\t<div id=\"imgnextgallery18146\" class=\"slideshow-imgnext imgnav\" title=\"Next Image\">Next Image<\/div>\n\t\t\t\t\t\t<div id=\"imagegallery18146\" class=\"slideshow-image\"><\/div>\n\t\t\t<div class=\"slideshow-information infobottom\" id=\"informationgallery18146\">\n\t\t\t\t<h3 class=\"slideshow-info-heading\">info heading<\/h3>\n\t\t\t\t<p class=\"slideshow-info-content\">info content<\/p>\n\t\t\t<\/div>\n\t\t<\/div>\n\n\t\t\t\t\t<div id=\"thumbnailsgallery18146\" class=\"slideshow-thumbnails thumbsbot\">\n\t\t\t\t<div class=\"slideshow-slideleft\" id=\"slideleftgallery18146\" title=\"Slide Left\"><\/div>\n\t\t\t\t<div class=\"slideshow-slidearea\" id=\"slideareagallery18146\">\n\t\t\t\t\t<div class=\"slideshow-slider\" id=\"slidergallery18146\"><\/div>\n\t\t\t\t<\/div>\n\t\t\t\t<div class=\"slideshow-slideright\" id=\"sliderightgallery18146\" title=\"Slide Right\"><\/div>\n\t\t\t\t<br style=\"clear:both; visibility:hidden; height:1px;\" \/>\n\t\t\t<\/div>\n\t\t\t<\/div>\n\n\t\n<p>&nbsp;<\/p>\n<p>Doporu\u010dujeme\u00a0<strong>kancel\u00e1\u0159e Bredovsk\u00fd Dv\u016fr<\/strong> \u2705\u00a0v centru Prahy 1 Nov\u00e9ho M\u011bsta. Ide\u00e1ln\u00ed spojen\u00ed historick\u00e9ho objektu a modern\u00ed kancel\u00e1\u0159sk\u00e9 budovy k pron\u00e1jmu t\u0159\u00eddy A nab\u00edz\u00ed velice reprezentativn\u00ed prostory.<\/p>\n<p><span style=\"color: #0000ff;\"><strong>Velikost kancel\u00e1\u0159\u00ed od 8 m2 do 2.000 m2. <\/strong><\/span><\/p>\n<p><span style=\"color: #ff0000;\"><strong>N\u00e1\u0161 tip:<\/strong> Dejte n\u00e1m mo\u017enost V\u00e1s vz\u00edt na kr\u00e1tkou prohl\u00eddku <strong>kancel\u00e1\u0159\u00ed v Bredovsk\u00e9m Dvo\u0159e<\/strong>. Z kancel\u00e1\u0159\u00ed budete ur\u010dit\u011b nad\u0161eni a my ud\u011bl\u00e1me maximum, abychom V\u00e1m zajistili ty nejlep\u0161\u00ed smluvn\u00ed podm\u00ednky. Nav\u00edc pracujeme bez jak\u00e9koli provize, nic tedy neriskujete. T\u011b\u0161\u00edme se na spolupr\u00e1ci.<\/span><\/p>\n<h3><span style=\"color: #ff0000;\"><strong><a style=\"color: #ff0000;\" href=\"\/poptavka-po-kancelarich-k-pronajmu\/\" target=\"_blank\">Popt\u00e1vejte Bredovsk\u00fd Dv\u016fr BEZ provize &gt;&gt;<\/a><\/strong><\/span><\/h3>\n<h2>Lokalita kancel\u00e1\u0159\u00ed na Nov\u00e9m M\u011bst\u011b v centru Prahy<\/h2>\n<p><strong>Bredovsk\u00fd Dv\u016fr<\/strong> m\u00e1 perfektn\u00ed lokalitu centra Prahy \u2013 t\u011bsn\u00e9 sousedstv\u00ed s V\u00e1clavsk\u00fdm n\u00e1m\u011bst\u00edm (2min ch\u016fze) zaji\u0161\u0165uje perfektn\u00ed dopravn\u00ed dostupnost metrem: Muzeum (A, C), M\u016fstek (B,C ), Hlavn\u00ed n\u00e1dra\u017e\u00ed (C), a tramvaj\u00ed ze zast\u00e1vky Jind\u0159i\u0161sk\u00e1, \u010di autem 200m od Magistr\u00e1ly. Ve\u0161ker\u00e1 ob\u010dansk\u00e1 vybavenost v okol\u00ed jako nap\u0159. restaurace, obchody, banky, po\u0161ta, atd.) dopl\u0148uje v\u0161e pot\u0159ebn\u00e9 pro ka\u017edodenn\u00ed pr\u00e1ci.<\/p>\n<h2>Popis a za\u0159\u00edzen\u00ed kancel\u00e1\u0159\u00ed Bredovsk\u00fd Dv\u016fr Nov\u00e9 M\u011bsto<\/h2>\n<p>Individu\u00e1ln\u011b klimatizovan\u00e9 kancel\u00e1\u0159e, otev\u00edrateln\u00e1 okna, 24\/7 p\u0159\u00edstup do budovy \u2013 recepce, ostraha, bezpe\u010dnostn\u00ed vstup na karty. <strong>Kancel\u00e1\u0159e Bredovsk\u00fd Dv\u016fr<\/strong> na pron\u00e1jem jsou vybaven\u00e9 kvalitn\u00edm kancel\u00e1\u0159sk\u00fdm n\u00e1bytkem. Ka\u017ed\u00e1 kancel\u00e1\u0159 je vybavena pro jedno a\u017e osm pracovn\u00edch m\u00edst v z\u00e1vislosti na jej\u00ed velikosti. Va\u0161i kancel\u00e1\u0159 lze na p\u0159\u00e1n\u00ed dovybavit dle mo\u017enost\u00ed business centra n\u00e1bytkem, IT technikou apod.<\/p>\n<ul>\n<li>Pron\u00e1jem kancel\u00e1\u0159e v centru Prahy Nov\u00e9ho M\u011bsta<\/li>\n<li>s\u00eddlo spole\u010dnosti \u2013 VIP adresa<\/li>\n<li>vybaven\u00e9 zasedac\u00ed m\u00edstnosti<\/li>\n<li>recepce s administrativn\u00ed a reprezentativn\u00ed asistentkou<\/li>\n<li>nadstandardn\u011b vybaven\u00e9 z\u00e1zem\u00ed, kuchy\u0148ka, business lounge, televize, \u2026<\/li>\n<li>odpov\u00edd\u00e1n\u00ed telefonick\u00fdch hovor\u016f, zanech\u00e1v\u00e1n\u00ed vzkaz\u016f, sd\u00edlen\u00ed outlook kalend\u00e1\u0159e<\/li>\n<li>starost o ve\u0161kerou po\u0161tu (vlastn\u00ed frankovac\u00ed stroj)<\/li>\n<li>ISDN, vysokorychlostn\u00ed internet a ve\u0161ker\u00e9 pot\u0159ebn\u00e9 IT v\u010detn\u011b server room,<\/li>\n<li>s\u00ed\u0165 LAN<\/li>\n<li>non-stop p\u0159\u00edstup do kancel\u00e1\u0159e, ochranka<\/li>\n<\/ul>\n<h2>Provize za kancel\u00e1\u0159e na metru Muzeum a M\u016fstek<\/h2>\n<p>Ve\u0161ker\u00e9 slu\u017eby na\u0161\u00ed spole\u010dnosti a jej\u00edch makl\u00e9\u0159\u016f jsou bez provize.<\/p>\n<h2>Cena kancel\u00e1\u0159\u00ed na Nov\u00e9m M\u011bst\u011b Bredovsk\u00fd Dv\u016fr<\/h2>\n<p>D\u00edky velk\u00e9mu po\u010dtu nab\u00edzen\u00fdch pron\u00e1jmu kancel\u00e1\u0159\u00ed v centru Prahy a konkr\u00e9tn\u011b v tomto business centru, jejich variabilit\u011b a poskytovan\u00fdm slu\u017eb\u00e1m je cena sestavov\u00e1na p\u0159\u00edmo na m\u00edst\u011b b\u011bhem prohl\u00eddky centra. Za\u0161lete n\u00e1m pros\u00edm jednoduchou <strong>popt\u00e1vku po Bredovsk\u00e9m Dvo\u0159e<\/strong> nebo zavolejte na\u0161emu makl\u00e9\u0159i a on v\u0161e za\u0159\u00edd\u00ed k Va\u0161\u00ed spokojenosti.<\/p>\n<p>Rychl\u00fd popt\u00e1vkov\u00fd formul\u00e1\u0159 najdete na konci textu\u00a0a makl\u00e9\u0159e zodpov\u011bdn\u00e9ho za nemovitosti v prav\u00e9m sloupci.<\/p>\n<p>e-mail:\u00a0<strong><a href=\"mailto:info@prazskekancelare.cz\">info@prazskekancelare.cz<\/a><\/strong>\u00a0\/\u00a0telefon: <strong><span style=\"color: #ff0000;\">+420 773 295 925, +420 723 984 360<\/span><\/strong><\/p>\n<h3><span style=\"color: #ff0000;\"><strong><a style=\"color: #ff0000;\" href=\"\/poptavka-po-kancelarich-k-pronajmu\/\" target=\"_blank\">Popt\u00e1vejte Bredovsk\u00fd Dv\u016fr BEZ provize &gt;&gt;<\/a><\/strong><\/span><\/h3>\n<hr \/>\n<p>&nbsp;<\/p>\n<h2>v\u00edce informac\u00ed o Bredovsk\u00e9m Dvo\u0159e:<\/h2>\n","protected":false},"author":1,"featured_media":1646,"comment_status":"closed","ping_status":"closed","template":"","yoast_head":"<!-- This site is optimized with the Yoast SEO plugin v16.4 - https:\/\/yoast.com\/wordpress\/plugins\/seo\/ -->\n<title>BREDOVSK\u00dd DV\u016eR kancel\u00e1\u0159e Praha 1 | 100 Kancel\u00e1\u0159\u00ed levn\u011b&gt;&gt;<\/title>\n<meta name=\"description\" content=\"Popt\u00e1vejte pron\u00e1jem kancel\u00e1\u0159e Bredovsk\u00fd Dv\u016fr Praha 1 \u2705 | 100 kancel\u00e1\u0159\u00ed k pron\u00e1jmu Nov\u00e9 M\u011bsto Praha \u2705 | Nab\u00eddky kancel\u00e1\u0159\u00ed do 30 minut | Provize 0%.\" \/>\n<meta name=\"robots\" content=\"noindex, follow, max-snippet:-1, max-image-preview:large, max-video-preview:-1\" \/>\n<meta property=\"og:locale\" content=\"cs_CZ\" \/>\n<meta property=\"og:type\" content=\"article\" \/>\n<meta property=\"og:title\" content=\"BREDOVSK\u00dd DV\u016eR kancel\u00e1\u0159e Praha 1 | 100 Kancel\u00e1\u0159\u00ed levn\u011b&gt;&gt;\" \/>\n<meta property=\"og:description\" content=\"Popt\u00e1vejte pron\u00e1jem kancel\u00e1\u0159e Bredovsk\u00fd Dv\u016fr Praha 1 \u2705 | 100 kancel\u00e1\u0159\u00ed k pron\u00e1jmu Nov\u00e9 M\u011bsto Praha \u2705 | Nab\u00eddky kancel\u00e1\u0159\u00ed do 30 minut | Provize 0%.\" \/>\n<meta property=\"og:url\" content=\"https:\/\/www.prazskekancelare.com\/test\/kancelare-k-pronajmu\/pronajem-kancelari-bredovsky-dvur-nove-mesto-praha-1\/\" \/>\n<meta property=\"og:site_name\" content=\"TEST - Pron\u00e1jem kancel\u00e1\u0159e Praha\" \/>\n<meta property=\"article:modified_time\" content=\"2019-11-21T10:17:37+00:00\" \/>\n<meta property=\"og:image\" content=\"https:\/\/www.prazskekancelare.com\/test\/wp-content\/uploads\/2016\/09\/pronajem-kancelari-centrum-prahy.jpg\" \/>\n\t<meta property=\"og:image:width\" content=\"653\" \/>\n\t<meta property=\"og:image:height\" content=\"439\" \/>\n<meta name=\"twitter:card\" content=\"summary\" \/>\n<meta name=\"twitter:label1\" content=\"Odhadovan\u00e1 doba \u010dten\u00ed\" \/>\n\t<meta name=\"twitter:data1\" content=\"3 minuty\" \/>\n<script type=\"application\/ld+json\" class=\"yoast-schema-graph\">{\"@context\":\"https:\/\/schema.org\",\"@graph\":[{\"@type\":\"Organization\",\"@id\":\"https:\/\/www.prazskekancelare.com\/test\/#organization\",\"name\":\"Pron\\u00e1jem kancel\\u00e1\\u0159e Praha\",\"url\":\"https:\/\/www.prazskekancelare.com\/test\/\",\"sameAs\":[],\"logo\":{\"@type\":\"ImageObject\",\"@id\":\"https:\/\/www.prazskekancelare.com\/test\/#logo\",\"inLanguage\":\"cs\",\"url\":\"https:\/\/www.prazskekancelare.com\/test\/wp-content\/uploads\/2018\/05\/prazske-kancelare-com-logo.png\",\"contentUrl\":\"https:\/\/www.prazskekancelare.com\/test\/wp-content\/uploads\/2018\/05\/prazske-kancelare-com-logo.png\",\"width\":242,\"height\":59,\"caption\":\"Pron\\u00e1jem kancel\\u00e1\\u0159e Praha\"},\"image\":{\"@id\":\"https:\/\/www.prazskekancelare.com\/test\/#logo\"}},{\"@type\":\"WebSite\",\"@id\":\"https:\/\/www.prazskekancelare.com\/test\/#website\",\"url\":\"https:\/\/www.prazskekancelare.com\/test\/\",\"name\":\"TEST - Pron\\u00e1jem kancel\\u00e1\\u0159e Praha\",\"description\":\"Pron\\u00e1jem kancel\\u00e1\\u0159e Praha a Kancelare Praha\",\"publisher\":{\"@id\":\"https:\/\/www.prazskekancelare.com\/test\/#organization\"},\"potentialAction\":[{\"@type\":\"SearchAction\",\"target\":\"https:\/\/www.prazskekancelare.com\/test\/?s={search_term_string}\",\"query-input\":\"required name=search_term_string\"}],\"inLanguage\":\"cs\"},{\"@type\":\"ImageObject\",\"@id\":\"https:\/\/www.prazskekancelare.com\/test\/kancelare-k-pronajmu\/pronajem-kancelari-bredovsky-dvur-nove-mesto-praha-1\/#primaryimage\",\"inLanguage\":\"cs\",\"url\":\"https:\/\/www.prazskekancelare.com\/test\/wp-content\/uploads\/2016\/09\/pronajem-kancelari-centrum-prahy.jpg\",\"contentUrl\":\"https:\/\/www.prazskekancelare.com\/test\/wp-content\/uploads\/2016\/09\/pronajem-kancelari-centrum-prahy.jpg\",\"width\":653,\"height\":439,\"caption\":\"Za\\u0159\\u00edzen\\u00e9 kancel\\u00e1\\u0159e Praha 1 Bredovsk\\u00fd Dv\\u016fr Politick\\u00fdch v\\u011bz\\u0148\\u016f\"},{\"@type\":\"WebPage\",\"@id\":\"https:\/\/www.prazskekancelare.com\/test\/kancelare-k-pronajmu\/pronajem-kancelari-bredovsky-dvur-nove-mesto-praha-1\/#webpage\",\"url\":\"https:\/\/www.prazskekancelare.com\/test\/kancelare-k-pronajmu\/pronajem-kancelari-bredovsky-dvur-nove-mesto-praha-1\/\",\"name\":\"BREDOVSK\\u00dd DV\\u016eR kancel\\u00e1\\u0159e Praha 1 | 100 Kancel\\u00e1\\u0159\\u00ed levn\\u011b>>\",\"isPartOf\":{\"@id\":\"https:\/\/www.prazskekancelare.com\/test\/#website\"},\"primaryImageOfPage\":{\"@id\":\"https:\/\/www.prazskekancelare.com\/test\/kancelare-k-pronajmu\/pronajem-kancelari-bredovsky-dvur-nove-mesto-praha-1\/#primaryimage\"},\"datePublished\":\"2018-12-20T15:47:40+00:00\",\"dateModified\":\"2019-11-21T10:17:37+00:00\",\"description\":\"Popt\\u00e1vejte pron\\u00e1jem kancel\\u00e1\\u0159e Bredovsk\\u00fd Dv\\u016fr Praha 1 \\u2705 | 100 kancel\\u00e1\\u0159\\u00ed k pron\\u00e1jmu Nov\\u00e9 M\\u011bsto Praha \\u2705 | Nab\\u00eddky kancel\\u00e1\\u0159\\u00ed do 30 minut | Provize 0%.\",\"breadcrumb\":{\"@id\":\"https:\/\/www.prazskekancelare.com\/test\/kancelare-k-pronajmu\/pronajem-kancelari-bredovsky-dvur-nove-mesto-praha-1\/#breadcrumb\"},\"inLanguage\":\"cs\",\"potentialAction\":[{\"@type\":\"ReadAction\",\"target\":[\"https:\/\/www.prazskekancelare.com\/test\/kancelare-k-pronajmu\/pronajem-kancelari-bredovsky-dvur-nove-mesto-praha-1\/\"]}]},{\"@type\":\"BreadcrumbList\",\"@id\":\"https:\/\/www.prazskekancelare.com\/test\/kancelare-k-pronajmu\/pronajem-kancelari-bredovsky-dvur-nove-mesto-praha-1\/#breadcrumb\",\"itemListElement\":[{\"@type\":\"ListItem\",\"position\":1,\"item\":{\"@type\":\"WebPage\",\"@id\":\"https:\/\/www.prazskekancelare.com\/test\/\",\"url\":\"https:\/\/www.prazskekancelare.com\/test\/\",\"name\":\"Dom\\u016f\"}},{\"@type\":\"ListItem\",\"position\":2,\"item\":{\"@type\":\"WebPage\",\"@id\":\"https:\/\/www.prazskekancelare.com\/test\/kancelare-k-pronajmu\/\",\"url\":\"https:\/\/www.prazskekancelare.com\/test\/kancelare-k-pronajmu\/\",\"name\":\"Properties\"}},{\"@type\":\"ListItem\",\"position\":3,\"item\":{\"@id\":\"https:\/\/www.prazskekancelare.com\/test\/kancelare-k-pronajmu\/pronajem-kancelari-bredovsky-dvur-nove-mesto-praha-1\/#webpage\"}}]}]}<\/script>\n<!-- \/ Yoast SEO plugin. -->","cmb2":{"property_general":{"property_id":"ANO","property_year_built":"","property_address":"Olivova 4, \r\n110 00 Praha 1\r\n","property_zip":"","property_contract":"","property_gallery":"","property_plans":"","property_video":"","property_parent_property":""},"property_flags":{"property_featured":"","property_sticky":"","property_reduced":"","property_sold":""},"property_contact":{"property_contact_name":"","property_contact_phone":""},"property_pricing":{"property_price":"350","property_price_prefix":"od","property_price_suffix":"K\u010d\/m2","property_price_custom":""},"property_attributes":{"property_rooms":"ANO","property_beds":"5","property_baths":"NE","property_garages":"ANO \/ i \u010d\u00e1ste\u010dn\u011b","property_home_area":"","property_lot_dimensions":"","property_lot_area":"15 m2 - 2.000 m2"},"property_valuation":{"property_valuation_group":""},"property_public_facilities":{"property_public_facilities_group":""},"property_map_location":{"property_map_location":{"latitude":"50.0827986","longitude":"14.430585299999962"}},"property_relations":{"property_agents":["260"]}},"_links":{"self":[{"href":"https:\/\/www.prazskekancelare.com\/test\/wp-json\/wp\/v2\/property\/1160"}],"collection":[{"href":"https:\/\/www.prazskekancelare.com\/test\/wp-json\/wp\/v2\/property"}],"about":[{"href":"https:\/\/www.prazskekancelare.com\/test\/wp-json\/wp\/v2\/types\/property"}],"author":[{"embeddable":true,"href":"https:\/\/www.prazskekancelare.com\/test\/wp-json\/wp\/v2\/users\/1"}],"replies":[{"embeddable":true,"href":"https:\/\/www.prazskekancelare.com\/test\/wp-json\/wp\/v2\/comments?post=1160"}],"wp:featuredmedia":[{"embeddable":true,"href":"https:\/\/www.prazskekancelare.com\/test\/wp-json\/wp\/v2\/media\/1646"}],"wp:attachment":[{"href":"https:\/\/www.prazskekancelare.com\/test\/wp-json\/wp\/v2\/media?parent=1160"}],"curies":[{"name":"wp","href":"https:\/\/api.w.org\/{rel}","templated":true}]}}