{"id":1141,"date":"2015-10-30T17:56:15","date_gmt":"2015-10-30T16:56:15","guid":{"rendered":"https:\/\/www.prazskekancelare.com\/test\/?post_type=property&#038;p=1141"},"modified":"2019-03-23T09:09:09","modified_gmt":"2019-03-23T08:09:09","slug":"palac-archa-pronajem-kancelare-na-porici-praha-1","status":"publish","type":"property","link":"https:\/\/www.prazskekancelare.com\/test\/kancelare-k-pronajmu\/palac-archa-pronajem-kancelare-na-porici-praha-1\/","title":{"rendered":"Kancel\u00e1\u0159e PAL\u00c1C ARCHA Na Po\u0159\u00ed\u010d\u00ed <span style=\"color: #ff0000;\">TOP<\/span>"},"content":{"rendered":"\n\t<ul id=\"slideshowgallery16439\" class=\"slideshowgallery16439\" style=\"display:none;\">\n\t\t\t\t\t<!-- From all slides or gallery slides -->\n\t\t\t\t\t\t\t<li>\n\t\t\t\t\t<h3 style=\"opacity:70;\">Pronajem kancelari v centru Prahy<\/h3>\n\t\t\t\t\t\t\t\t\t\t\t<span data-alt=\"pronajem-kancelari-v-centru-prahy\">https:\/\/www.prazskekancelare.com\/test\/wp-content\/uploads\/2015\/10\/pronajem-kancelari-v-centru-prahy.jpg<\/span>\n\t\t\t\t\t\t\t\t\t\t<p><\/p>\n\t\t\t\t\t\t\t\t\t\t\t\t\t\t\t\t\t\t<a><img class=\"skip-lazy\" src=\"https:\/\/www.prazskekancelare.com\/test\/wp-content\/uploads\/2015\/10\/pronajem-kancelari-v-centru-prahy-400x300.jpg\" alt=\"pronajem-kancelari-v-centru-prahy\" \/><\/a>\n\t\t\t\t\t\t\t\t\t\t\t\t\t\t\t<\/li>\n\t\t\t\t\t\t\t<li>\n\t\t\t\t\t<h3 style=\"opacity:70;\">kancelarepalacarcha<\/h3>\n\t\t\t\t\t\t\t\t\t\t\t<span data-alt=\"kancelarepalacarcha\">https:\/\/www.prazskekancelare.com\/test\/wp-content\/uploads\/2019\/01\/kancelarepalacarcha.jpg<\/span>\n\t\t\t\t\t\t\t\t\t\t<p><\/p>\n\t\t\t\t\t\t\t\t\t\t\t\t\t\t\t\t\t\t<a><img class=\"skip-lazy\" src=\"https:\/\/www.prazskekancelare.com\/test\/wp-content\/uploads\/2019\/01\/kancelarepalacarcha-400x300.jpg\" alt=\"kancelarepalacarcha\" \/><\/a>\n\t\t\t\t\t\t\t\t\t\t\t\t\t\t\t<\/li>\n\t\t\t\t\t\t\t<li>\n\t\t\t\t\t<h3 style=\"opacity:70;\">meetingroompalacarcha<\/h3>\n\t\t\t\t\t\t\t\t\t\t\t<span data-alt=\"meetingroompalacarcha\">https:\/\/www.prazskekancelare.com\/test\/wp-content\/uploads\/2019\/01\/meetingroompalacarcha.jpg<\/span>\n\t\t\t\t\t\t\t\t\t\t<p><\/p>\n\t\t\t\t\t\t\t\t\t\t\t\t\t\t\t\t\t\t<a><img class=\"skip-lazy\" src=\"https:\/\/www.prazskekancelare.com\/test\/wp-content\/uploads\/2019\/01\/meetingroompalacarcha-400x300.jpg\" alt=\"meetingroompalacarcha\" \/><\/a>\n\t\t\t\t\t\t\t\t\t\t\t\t\t\t\t<\/li>\n\t\t\t\t\t\t\t<li>\n\t\t\t\t\t<h3 style=\"opacity:70;\">servisovanekancelarepalacarcha<\/h3>\n\t\t\t\t\t\t\t\t\t\t\t<span data-alt=\"servisovanekancelarepalacarcha\">https:\/\/www.prazskekancelare.com\/test\/wp-content\/uploads\/2019\/01\/servisovanekancelarepalacarcha.jpg<\/span>\n\t\t\t\t\t\t\t\t\t\t<p><\/p>\n\t\t\t\t\t\t\t\t\t\t\t\t\t\t\t\t\t\t<a><img class=\"skip-lazy\" src=\"https:\/\/www.prazskekancelare.com\/test\/wp-content\/uploads\/2019\/01\/servisovanekancelarepalacarcha-400x300.jpg\" alt=\"servisovanekancelarepalacarcha\" \/><\/a>\n\t\t\t\t\t\t\t\t\t\t\t\t\t\t\t<\/li>\n\t\t\t\t\t\t\t<li>\n\t\t\t\t\t<h3 style=\"opacity:70;\">vybavenekancelarepalacarcha<\/h3>\n\t\t\t\t\t\t\t\t\t\t\t<span data-alt=\"vybavenekancelarepalacarcha\">https:\/\/www.prazskekancelare.com\/test\/wp-content\/uploads\/2019\/01\/vybavenekancelarepalacarcha.jpg<\/span>\n\t\t\t\t\t\t\t\t\t\t<p><\/p>\n\t\t\t\t\t\t\t\t\t\t\t\t\t\t\t\t\t\t<a><img class=\"skip-lazy\" src=\"https:\/\/www.prazskekancelare.com\/test\/wp-content\/uploads\/2019\/01\/vybavenekancelarepalacarcha-400x300.jpg\" alt=\"vybavenekancelarepalacarcha\" \/><\/a>\n\t\t\t\t\t\t\t\t\t\t\t\t\t\t\t<\/li>\n\t\t\t\t\t\t\t<li>\n\t\t\t\t\t<h3 style=\"opacity:70;\">zasedacimistnostpalacarcha<\/h3>\n\t\t\t\t\t\t\t\t\t\t\t<span data-alt=\"zasedacimistnostpalacarcha\">https:\/\/www.prazskekancelare.com\/test\/wp-content\/uploads\/2019\/01\/zasedacimistnostpalacarcha.jpg<\/span>\n\t\t\t\t\t\t\t\t\t\t<p><\/p>\n\t\t\t\t\t\t\t\t\t\t\t\t\t\t\t\t\t\t<a><img class=\"skip-lazy\" src=\"https:\/\/www.prazskekancelare.com\/test\/wp-content\/uploads\/2019\/01\/zasedacimistnostpalacarcha-400x300.jpg\" alt=\"zasedacimistnostpalacarcha\" \/><\/a>\n\t\t\t\t\t\t\t\t\t\t\t\t\t\t\t<\/li>\n\t\t\t\t\t\t\t<li>\n\t\t\t\t\t<h3 style=\"opacity:70;\">archa_exterier<\/h3>\n\t\t\t\t\t\t\t\t\t\t\t<span data-alt=\"archaexterier\">https:\/\/www.prazskekancelare.com\/test\/wp-content\/uploads\/2015\/10\/archa_exterier1.jpg<\/span>\n\t\t\t\t\t\t\t\t\t\t<p><\/p>\n\t\t\t\t\t\t\t\t\t\t\t\t\t\t\t\t\t\t<a><img class=\"skip-lazy\" src=\"https:\/\/www.prazskekancelare.com\/test\/wp-content\/uploads\/2015\/10\/archa_exterier1-150x150.jpg\" alt=\"archaexterier\" \/><\/a>\n\t\t\t\t\t\t\t\t\t\t\t\t\t\t\t<\/li>\n\t\t\t\t\t\t\t<li>\n\t\t\t\t\t<h3 style=\"opacity:70;\">kancelar k pronajmu praha 1<\/h3>\n\t\t\t\t\t\t\t\t\t\t\t<span data-alt=\"kancelar-k-pronajmu-praha-1\">https:\/\/www.prazskekancelare.com\/test\/wp-content\/uploads\/2015\/10\/kancelar-k-pronajmu-praha-1.jpg<\/span>\n\t\t\t\t\t\t\t\t\t\t<p><\/p>\n\t\t\t\t\t\t\t\t\t\t\t\t\t\t\t\t\t\t<a><img class=\"skip-lazy\" src=\"https:\/\/www.prazskekancelare.com\/test\/wp-content\/uploads\/2015\/10\/kancelar-k-pronajmu-praha-1-400x300.jpg\" alt=\"kancelar-k-pronajmu-praha-1\" \/><\/a>\n\t\t\t\t\t\t\t\t\t\t\t\t\t\t\t<\/li>\n\t\t\t\t\t\t\t<li>\n\t\t\t\t\t<h3 style=\"opacity:70;\">kancelare k pronajmu na porici<\/h3>\n\t\t\t\t\t\t\t\t\t\t\t<span data-alt=\"kancelare-k-pronajmu-na-porici\">https:\/\/www.prazskekancelare.com\/test\/wp-content\/uploads\/2015\/10\/kancelare-k-pronajmu-na-porici.jpg<\/span>\n\t\t\t\t\t\t\t\t\t\t<p><\/p>\n\t\t\t\t\t\t\t\t\t\t\t\t\t\t\t\t\t\t<a><img class=\"skip-lazy\" src=\"https:\/\/www.prazskekancelare.com\/test\/wp-content\/uploads\/2015\/10\/kancelare-k-pronajmu-na-porici-400x300.jpg\" alt=\"kancelare-k-pronajmu-na-porici\" \/><\/a>\n\t\t\t\t\t\t\t\t\t\t\t\t\t\t\t<\/li>\n\t\t\t\t\t\t\t<li>\n\t\t\t\t\t<h3 style=\"opacity:70;\">kancelare archa<\/h3>\n\t\t\t\t\t\t\t\t\t\t\t<span data-alt=\"kancelare-archa\">https:\/\/www.prazskekancelare.com\/test\/wp-content\/uploads\/2015\/10\/kancelare-archa.jpg<\/span>\n\t\t\t\t\t\t\t\t\t\t<p><\/p>\n\t\t\t\t\t\t\t\t\t\t\t\t\t\t\t\t\t\t<a><img class=\"skip-lazy\" src=\"https:\/\/www.prazskekancelare.com\/test\/wp-content\/uploads\/2015\/10\/kancelare-archa-400x300.jpg\" alt=\"kancelare-archa\" \/><\/a>\n\t\t\t\t\t\t\t\t\t\t\t\t\t\t\t<\/li>\n\t\t\t\t\t\t\t<li>\n\t\t\t\t\t<h3 style=\"opacity:70;\">palac archa pronajmy<\/h3>\n\t\t\t\t\t\t\t\t\t\t\t<span data-alt=\"palac-archa-pronajmy\">https:\/\/www.prazskekancelare.com\/test\/wp-content\/uploads\/2015\/10\/palac-archa-pronajmy.jpg<\/span>\n\t\t\t\t\t\t\t\t\t\t<p><\/p>\n\t\t\t\t\t\t\t\t\t\t\t\t\t\t\t\t\t\t<a><img class=\"skip-lazy\" src=\"https:\/\/www.prazskekancelare.com\/test\/wp-content\/uploads\/2015\/10\/palac-archa-pronajmy-400x300.jpg\" alt=\"palac-archa-pronajmy\" \/><\/a>\n\t\t\t\t\t\t\t\t\t\t\t\t\t\t\t<\/li>\n\t\t\t\t\t\t\t<li>\n\t\t\t\t\t<h3 style=\"opacity:70;\">pronajem kancelare praha 1<\/h3>\n\t\t\t\t\t\t\t\t\t\t\t<span data-alt=\"pronajem-kancelare-praha-1\">https:\/\/www.prazskekancelare.com\/test\/wp-content\/uploads\/2015\/10\/pronajem-kancelare-praha-12.jpg<\/span>\n\t\t\t\t\t\t\t\t\t\t<p><\/p>\n\t\t\t\t\t\t\t\t\t\t\t\t\t\t\t\t\t\t<a><img class=\"skip-lazy\" src=\"https:\/\/www.prazskekancelare.com\/test\/wp-content\/uploads\/2015\/10\/pronajem-kancelare-praha-12-400x300.jpg\" alt=\"pronajem-kancelare-praha-1\" \/><\/a>\n\t\t\t\t\t\t\t\t\t\t\t\t\t\t\t<\/li>\n\t\t\t\t\t\t\t<li>\n\t\t\t\t\t<h3 style=\"opacity:70;\">pronajem kancelari praha 1<\/h3>\n\t\t\t\t\t\t\t\t\t\t\t<span data-alt=\"pronajem-kancelari-praha-1\">https:\/\/www.prazskekancelare.com\/test\/wp-content\/uploads\/2015\/10\/pronajem-kancelari-praha-11.jpg<\/span>\n\t\t\t\t\t\t\t\t\t\t<p><\/p>\n\t\t\t\t\t\t\t\t\t\t\t\t\t\t\t\t\t\t<a><img class=\"skip-lazy\" src=\"https:\/\/www.prazskekancelare.com\/test\/wp-content\/uploads\/2015\/10\/pronajem-kancelari-praha-11-400x300.jpg\" alt=\"pronajem-kancelari-praha-1\" \/><\/a>\n\t\t\t\t\t\t\t\t\t\t\t\t\t\t\t<\/li>\n\t\t\t\t\t\t\t<li>\n\t\t\t\t\t<h3 style=\"opacity:70;\">kancelarenapronajempalacarcha<\/h3>\n\t\t\t\t\t\t\t\t\t\t\t<span data-alt=\"kancelarenapronajempalacarcha\">https:\/\/www.prazskekancelare.com\/test\/wp-content\/uploads\/2019\/01\/kancelarenapronajempalacarcha.jpg<\/span>\n\t\t\t\t\t\t\t\t\t\t<p><\/p>\n\t\t\t\t\t\t\t\t\t\t\t\t\t\t\t\t\t\t<a><img class=\"skip-lazy\" src=\"https:\/\/www.prazskekancelare.com\/test\/wp-content\/uploads\/2019\/01\/kancelarenapronajempalacarcha-400x300.jpg\" alt=\"kancelarenapronajempalacarcha\" \/><\/a>\n\t\t\t\t\t\t\t\t\t\t\t\t\t\t\t<\/li>\n\t\t\t\t\t\t<\/ul>\n\n\t\t<div id=\"slideshow-wrappergallery16439\" class=\"slideshow-wrapper\" style=\"--slideshow-width:1684px\">\n\t\t\n\t\t<div class=\"slideshow-fullsize\" id=\"fullsizegallery16439\">\n\t\t\t\t\t\t\t\t\t\t\t\t\t\t<div id=\"imgprevgallery16439\" class=\"slideshow-imgprev imgnav\" title=\"Previous Image\">Previous Image<\/div>\n\t\t\t\t\t\t<a id=\"imglinkgallery16439\" class=\"slideshow-imglink imglink\">\n\t\t\t\t<!-- link -->\n\t\t\t<\/a>\n\t\t\t\t\t\t\t\t\t\t\t<div id=\"imgnextgallery16439\" class=\"slideshow-imgnext imgnav\" title=\"Next Image\">Next Image<\/div>\n\t\t\t\t\t\t<div id=\"imagegallery16439\" class=\"slideshow-image\"><\/div>\n\t\t\t<div class=\"slideshow-information infobottom\" id=\"informationgallery16439\">\n\t\t\t\t<h3 class=\"slideshow-info-heading\">info heading<\/h3>\n\t\t\t\t<p class=\"slideshow-info-content\">info content<\/p>\n\t\t\t<\/div>\n\t\t<\/div>\n\n\t\t\t\t\t<div id=\"thumbnailsgallery16439\" class=\"slideshow-thumbnails thumbsbot\">\n\t\t\t\t<div class=\"slideshow-slideleft\" id=\"slideleftgallery16439\" title=\"Slide Left\"><\/div>\n\t\t\t\t<div class=\"slideshow-slidearea\" id=\"slideareagallery16439\">\n\t\t\t\t\t<div class=\"slideshow-slider\" id=\"slidergallery16439\"><\/div>\n\t\t\t\t<\/div>\n\t\t\t\t<div class=\"slideshow-slideright\" id=\"sliderightgallery16439\" title=\"Slide Right\"><\/div>\n\t\t\t\t<br style=\"clear:both; visibility:hidden; height:1px;\" \/>\n\t\t\t<\/div>\n\t\t\t<\/div>\n\n\t\n<p>&nbsp;<\/p>\n<p>Nab\u00edz\u00edme\u00a0<strong>kancel\u00e1\u0159e Pal\u00e1c Archa<\/strong>, business centrum nab\u00edzej\u00edc\u00ed <strong>pln\u011b vybaven\u00e9 a servisovan\u00e9 kancel\u00e1\u0159e, ale tak\u00e9 velk\u00e9 nevybaven\u00e9 tis\u00edce metr\u016f velk\u00e9 kancel\u00e1\u0159e na Praze 1 v ulici<\/strong> Na Po\u0159\u00ed\u010d\u00ed ihned na metru Florenc. Pokud jste flexibiln\u00ed podnikatel nebo spole\u010dnost a vy\u017eadujete stejn\u011b flexibiln\u00ed pracovi\u0161t\u011b, nem\u011blo by zdej\u0161\u00ed centrum uj\u00edt Va\u0161\u00ed pozornosti. Jste na druh\u00e9 stran\u011b velk\u00e1 spole\u010dnost, kter\u00e1 hled\u00e1 z\u00e1zem\u00ed modern\u00ed budovy v centru? Pal\u00e1c Archa je tedy ide\u00e1ln\u00ed volbou i pro v\u00e1s.<\/p>\n<p><span style=\"color: #0000ff;\"><strong>V nab\u00eddce jsou:<\/strong><\/span><\/p>\n<ol>\n<li><span style=\"color: #0000ff;\"><strong> malometr\u00e1\u017en\u00ed\u00a0<\/strong>vybaven\u00e9 kancel\u00e1\u0159e\u00a0<strong>od 8 m2<\/strong>nebo<\/span><\/li>\n<li><span style=\"color: #0000ff;\"><strong>velkometr\u00e1\u017en\u00ed\u00a0<\/strong>kancel\u00e1\u0159e typu open-space\u00a0<strong>od 100 m2 do 2.400 m2<\/strong>.<\/span><\/li>\n<\/ol>\n<p><span style=\"color: #ff0000;\"><strong>N\u00e1\u0161 tip:<\/strong>\u00a0Za\u0161lete n\u00e1m rychl\u00fd\u00a0<strong><a style=\"color: #ff0000;\" href=\"\/poptavka-po-kancelarich-k-pronajmu\/\" target=\"_blank\">popt\u00e1vkov\u00fd formul\u00e1\u0159\u00a0<\/a><\/strong>a my V\u00e1m b\u011bhem 30 minut\u00a0p\u0159iprav\u00edme kompletn\u00ed nab\u00eddku dle Va\u0161ich specifikac\u00ed a bez provize.\u00a0<strong>V nab\u00eddce m\u00e1me 500 kancel\u00e1\u0159\u00ed v Praze<\/strong>. T\u011b\u0161\u00edme se na spolupr\u00e1ci.<\/span><\/p>\n<h2>Pal\u00e1c Archa okol\u00ed kancel\u00e1\u0159\u00ed Na Po\u0159\u00ed\u010d\u00ed v centru Prahy<\/h2>\n<p>Okol\u00ed kancel\u00e1\u0159\u00ed k pron\u00e1jmu v centru Prahy 1 Na Po\u0159\u00ed\u010d\u00ed nab\u00edz\u00ed spoustu obchod\u016f a slu\u017eeb jako nap\u0159\u00edklad italskou restauraci, obchodn\u00ed centrum, pek\u00e1rnu, po\u0161tu, vin\u00e1rnu, \u010dist\u00edrnu od\u011bv\u016f, solarium a tiskoviny. V bl\u00edzkosti kancel\u00e1\u0159sk\u00e9ho centra \u010dek\u00e1 na klienta v\u0161e, co pot\u0159ebuje pro podporu sv\u00e9ho podnik\u00e1n\u00ed, obchodu: hotely, restaurace, po\u0161ty, banky, obchodn\u00ed d\u016fm, divadla. Velkou v\u00fdhodou je tak\u00e9 bl\u00edzkost m\u011bstsk\u00e9 hromadn\u00e9 dopravy a snadn\u00e9 spojen\u00ed na mezin\u00e1rodn\u00ed leti\u0161t\u011b V\u00e1clava Havla Praha. Toto kancel\u00e1\u0159sk\u00e9 centrum je velmi obl\u00edbeno p\u0159ev\u00e1\u017en\u011b d\u00edky lukrativn\u00ed adrese v reprezentativn\u00ed \u010d\u00e1sti hlavn\u00edho m\u011bsta.<\/p>\n<h2>Popis kancel\u00e1\u0159sk\u00e9ho centra na metru Florenc<\/h2>\n<p>V\u00fdborn\u011b situovan\u00e9, nadstandardn\u011b vybaven\u00e9 kancel\u00e1\u0159e k pron\u00e1jmu nab\u00edz\u00ed za\u0159\u00edzen\u00e9 kancel\u00e1\u0159sk\u00e9 prostory, zasedac\u00ed m\u00edstnosti na kr\u00e1tkodob\u00fd i dlouhodob\u00fd pron\u00e1jem a samoz\u0159ejm\u011b mo\u017enost registrace s\u00eddla spole\u010dnosti. Jedn\u00e1 se o full service centrum, tzn. pln\u011b vybaven\u00e9 a servisovan\u00e9 kancel\u00e1\u0159e a zasedac\u00ed m\u00edstnosti, v\u010detn\u011b ve\u0161ker\u00e9 administrativn\u00ed i jin\u00e9 podpory ze strany asistentek. Klient se m\u016f\u017ee pln\u011b v\u011bnovat sv\u00e9 \u010dinnosti a kolektiv centra za\u0159\u00edd\u00ed ve\u0161ker\u00e9 slu\u017eby kolem. Nab\u00edz\u00edme opravdu nejlep\u0161\u00ed pln\u011b vybaven\u00e9 kancel\u00e1\u0159e na Praze 1.<\/p>\n<p>Klienti obdivuj\u00ed elegantn\u00ed recepci, pln\u011b vybaven\u00e9 zasedac\u00ed m\u00edstnosti a business lounge pro n\u00e1v\u0161t\u011bvn\u00edky, kte\u0159\u00ed \u010dasto cestuj\u00ed. Na m\u00edst\u011b je p\u0159ipraven profesion\u00e1ln\u00ed kolektiv, kter\u00fd V\u00e1m kdykoli pom\u016f\u017ee nejen v administrativn\u00ed oblasti.<\/p>\n<h2>Hlavn\u00ed v\u00fdhody mal\u00fdch a vybaven\u00fdch kancel\u00e1\u0159\u00ed v Pal\u00e1ci Archa<\/h2>\n<ul>\n<li>Pron\u00e1jem kancel\u00e1\u0159\u00ed Na Po\u0159\u00ed\u010d\u00ed\u00a0&#8211; pln\u011b vybaven\u00e9 a servisovan\u00e9 kancel\u00e1\u0159e<\/li>\n<li>Klasick\u00e9 i pln\u011b vybaven\u00e9 kancel\u00e1\u0159e<\/li>\n<li>S\u00eddlo spole\u010dnosti \u2013 na VIP adrese<\/li>\n<li>Vybaven\u00e9 zasedac\u00ed m\u00edstnosti<\/li>\n<li>Recepce s reprezentativn\u00edmi a jazykov\u011b zdatn\u00fdmi asistentkami<\/li>\n<li>Nadstandardn\u011b vybaven\u00e9 z\u00e1zem\u00ed kancel\u00e1\u0159\u00ed<\/li>\n<li>Telefonn\u00ed a faxov\u00e9 slu\u017eby<\/li>\n<li>Starost o ve\u0161kerou po\u0161tu<\/li>\n<li>S\u00ed\u0165 LAN, vysokorychlostn\u00ed internetov\u00e9 p\u0159ipojen\u00ed a ve\u0161ker\u00e9 pot\u0159ebn\u00e9 IT, v\u010detn\u011b vlastn\u00ed server room<\/li>\n<li>vybaven\u00e9 zasedac\u00ed m\u00edstnosti<\/li>\n<li>recepce s administrativn\u00ed a reprezentativn\u00ed asistentkou<\/li>\n<li>nadstandardn\u011b vybaven\u00e9 z\u00e1zem\u00ed, kuchy\u0148ka, business lounge, televize, \u2026<\/li>\n<li>odpov\u00edd\u00e1n\u00ed telefonick\u00fdch hovor\u016f, zanech\u00e1v\u00e1n\u00ed vzkaz\u016f, sd\u00edlen\u00ed outlook kalend\u00e1\u0159e<\/li>\n<li>starost o ve\u0161kerou po\u0161tu (vlastn\u00ed frankovac\u00ed stroj)<\/li>\n<\/ul>\n<h2>Provize za kancel\u00e1\u0159e v Pal\u00e1ci Archa<\/h2>\n<p>Ve\u0161ker\u00e9 slu\u017eby na\u0161\u00ed spole\u010dnosti a jej\u00edch makl\u00e9\u0159\u016f jsou bez provize.<\/p>\n<h2>Cena kancel\u00e1\u0159\u00ed u Florence<\/h2>\n<p>D\u00edky velk\u00e9mu po\u010dtu nab\u00edzen\u00fdch kancel\u00e1\u0159\u00ed k pron\u00e1jmu v ulici Na Po\u0159\u00ed\u010d\u00ed,\u00a0jejich variabilit\u011b a poskytovan\u00fdm slu\u017eb\u00e1m je cena sestavov\u00e1na p\u0159\u00edmo na m\u00edst\u011b b\u011bhem prohl\u00eddky centra. Za\u0161lete n\u00e1m pros\u00edm jednoduchou popt\u00e1vku nebo zavolejte na\u0161emu makl\u00e9\u0159i a on v\u0161e za\u0159\u00edd\u00ed k Va\u0161\u00ed spokojenosti.<\/p>\n<p>Nechte se p\u0159ekvapit, \u017ee i vybaven\u00e9 kancel\u00e1\u0159sk\u00e9 centrum, poskytuj\u00edc\u00ed nadstandardn\u00ed slu\u017eby, dok\u00e1\u017ee nab\u00eddnout zaj\u00edmav\u00e9 cenov\u00e9 podm\u00ednky!<\/p>\n<p>Rychl\u00fd popt\u00e1vkov\u00fd formul\u00e1\u0159 najdete na konci str\u00e1nky a makl\u00e9\u0159e zodpov\u011bdn\u00e9ho za nemovitosti v prav\u00e9m sloupci. Kontaktujte jej kdykoli.<\/p>\n<p>e-mail:\u00a0<strong><a href=\"mailto:info@prazskekancelare.cz\">info@prazskekancelare.cz<\/a><\/strong>\u00a0\/\u00a0telefon: <strong><span style=\"color: #ff0000;\">+420 773 295 925, +420 723 984 360<\/span><\/strong><\/p>\n<h2>v\u00edce informac\u00ed o kancel\u00e1\u0159\u00edch v centru:<\/h2>\n","protected":false},"author":1,"featured_media":1137,"comment_status":"closed","ping_status":"closed","template":"","yoast_head":"<!-- This site is optimized with the Yoast SEO plugin v16.4 - https:\/\/yoast.com\/wordpress\/plugins\/seo\/ -->\n<title>PAL\u00c1C ARCHA kancel\u00e1\u0159e Na Po\u0159\u00ed\u010d\u00ed Praha 1 | 1000 KANCEL\u00c1\u0158\u00cd \u00ae<\/title>\n<meta name=\"description\" content=\"Popt\u00e1vejte pron\u00e1jem kancel\u00e1\u0159e Pal\u00e1c Archa na Po\u0159\u00ed\u010d\u00ed Praha 1 | 1000 kancel\u00e1\u0159\u00ed k pron\u00e1jmu v Praze | Nab\u00eddky kancel\u00e1\u0159\u00ed do 30 minut | Provize 0%.\" \/>\n<meta name=\"robots\" content=\"noindex, follow, max-snippet:-1, max-image-preview:large, max-video-preview:-1\" \/>\n<meta property=\"og:locale\" content=\"cs_CZ\" \/>\n<meta property=\"og:type\" content=\"article\" \/>\n<meta property=\"og:title\" content=\"PAL\u00c1C ARCHA kancel\u00e1\u0159e Na Po\u0159\u00ed\u010d\u00ed Praha 1 | 1000 KANCEL\u00c1\u0158\u00cd \u00ae\" \/>\n<meta property=\"og:description\" content=\"Popt\u00e1vejte pron\u00e1jem kancel\u00e1\u0159e Pal\u00e1c Archa na Po\u0159\u00ed\u010d\u00ed Praha 1 | 1000 kancel\u00e1\u0159\u00ed k pron\u00e1jmu v Praze | Nab\u00eddky kancel\u00e1\u0159\u00ed do 30 minut | Provize 0%.\" \/>\n<meta property=\"og:url\" content=\"https:\/\/www.prazskekancelare.com\/test\/kancelare-k-pronajmu\/palac-archa-pronajem-kancelare-na-porici-praha-1\/\" \/>\n<meta property=\"og:site_name\" content=\"TEST - Pron\u00e1jem kancel\u00e1\u0159e Praha\" \/>\n<meta property=\"article:modified_time\" content=\"2019-03-23T08:09:09+00:00\" \/>\n<meta property=\"og:image\" content=\"https:\/\/www.prazskekancelare.com\/test\/wp-content\/uploads\/2015\/10\/palac-archa-pronajmy.jpg\" \/>\n\t<meta property=\"og:image:width\" content=\"1000\" \/>\n\t<meta property=\"og:image:height\" content=\"662\" \/>\n<meta name=\"twitter:card\" content=\"summary\" \/>\n<meta name=\"twitter:label1\" content=\"Odhadovan\u00e1 doba \u010dten\u00ed\" \/>\n\t<meta name=\"twitter:data1\" content=\"4 minuty\" \/>\n<script type=\"application\/ld+json\" class=\"yoast-schema-graph\">{\"@context\":\"https:\/\/schema.org\",\"@graph\":[{\"@type\":\"Organization\",\"@id\":\"https:\/\/www.prazskekancelare.com\/test\/#organization\",\"name\":\"Pron\\u00e1jem kancel\\u00e1\\u0159e Praha\",\"url\":\"https:\/\/www.prazskekancelare.com\/test\/\",\"sameAs\":[],\"logo\":{\"@type\":\"ImageObject\",\"@id\":\"https:\/\/www.prazskekancelare.com\/test\/#logo\",\"inLanguage\":\"cs\",\"url\":\"https:\/\/www.prazskekancelare.com\/test\/wp-content\/uploads\/2018\/05\/prazske-kancelare-com-logo.png\",\"contentUrl\":\"https:\/\/www.prazskekancelare.com\/test\/wp-content\/uploads\/2018\/05\/prazske-kancelare-com-logo.png\",\"width\":242,\"height\":59,\"caption\":\"Pron\\u00e1jem kancel\\u00e1\\u0159e Praha\"},\"image\":{\"@id\":\"https:\/\/www.prazskekancelare.com\/test\/#logo\"}},{\"@type\":\"WebSite\",\"@id\":\"https:\/\/www.prazskekancelare.com\/test\/#website\",\"url\":\"https:\/\/www.prazskekancelare.com\/test\/\",\"name\":\"TEST - Pron\\u00e1jem kancel\\u00e1\\u0159e Praha\",\"description\":\"Pron\\u00e1jem kancel\\u00e1\\u0159e Praha a Kancelare Praha\",\"publisher\":{\"@id\":\"https:\/\/www.prazskekancelare.com\/test\/#organization\"},\"potentialAction\":[{\"@type\":\"SearchAction\",\"target\":\"https:\/\/www.prazskekancelare.com\/test\/?s={search_term_string}\",\"query-input\":\"required name=search_term_string\"}],\"inLanguage\":\"cs\"},{\"@type\":\"ImageObject\",\"@id\":\"https:\/\/www.prazskekancelare.com\/test\/kancelare-k-pronajmu\/palac-archa-pronajem-kancelare-na-porici-praha-1\/#primaryimage\",\"inLanguage\":\"cs\",\"url\":\"https:\/\/www.prazskekancelare.com\/test\/wp-content\/uploads\/2015\/10\/palac-archa-pronajmy.jpg\",\"contentUrl\":\"https:\/\/www.prazskekancelare.com\/test\/wp-content\/uploads\/2015\/10\/palac-archa-pronajmy.jpg\",\"width\":1000,\"height\":662,\"caption\":\"Kancel\\u00e1\\u0159e Pal\\u00e1c Archa Praha 1\"},{\"@type\":\"WebPage\",\"@id\":\"https:\/\/www.prazskekancelare.com\/test\/kancelare-k-pronajmu\/palac-archa-pronajem-kancelare-na-porici-praha-1\/#webpage\",\"url\":\"https:\/\/www.prazskekancelare.com\/test\/kancelare-k-pronajmu\/palac-archa-pronajem-kancelare-na-porici-praha-1\/\",\"name\":\"PAL\\u00c1C ARCHA kancel\\u00e1\\u0159e Na Po\\u0159\\u00ed\\u010d\\u00ed Praha 1 | 1000 KANCEL\\u00c1\\u0158\\u00cd \\u00ae\",\"isPartOf\":{\"@id\":\"https:\/\/www.prazskekancelare.com\/test\/#website\"},\"primaryImageOfPage\":{\"@id\":\"https:\/\/www.prazskekancelare.com\/test\/kancelare-k-pronajmu\/palac-archa-pronajem-kancelare-na-porici-praha-1\/#primaryimage\"},\"datePublished\":\"2015-10-30T16:56:15+00:00\",\"dateModified\":\"2019-03-23T08:09:09+00:00\",\"description\":\"Popt\\u00e1vejte pron\\u00e1jem kancel\\u00e1\\u0159e Pal\\u00e1c Archa na Po\\u0159\\u00ed\\u010d\\u00ed Praha 1 | 1000 kancel\\u00e1\\u0159\\u00ed k pron\\u00e1jmu v Praze | Nab\\u00eddky kancel\\u00e1\\u0159\\u00ed do 30 minut | Provize 0%.\",\"breadcrumb\":{\"@id\":\"https:\/\/www.prazskekancelare.com\/test\/kancelare-k-pronajmu\/palac-archa-pronajem-kancelare-na-porici-praha-1\/#breadcrumb\"},\"inLanguage\":\"cs\",\"potentialAction\":[{\"@type\":\"ReadAction\",\"target\":[\"https:\/\/www.prazskekancelare.com\/test\/kancelare-k-pronajmu\/palac-archa-pronajem-kancelare-na-porici-praha-1\/\"]}]},{\"@type\":\"BreadcrumbList\",\"@id\":\"https:\/\/www.prazskekancelare.com\/test\/kancelare-k-pronajmu\/palac-archa-pronajem-kancelare-na-porici-praha-1\/#breadcrumb\",\"itemListElement\":[{\"@type\":\"ListItem\",\"position\":1,\"item\":{\"@type\":\"WebPage\",\"@id\":\"https:\/\/www.prazskekancelare.com\/test\/\",\"url\":\"https:\/\/www.prazskekancelare.com\/test\/\",\"name\":\"Dom\\u016f\"}},{\"@type\":\"ListItem\",\"position\":2,\"item\":{\"@type\":\"WebPage\",\"@id\":\"https:\/\/www.prazskekancelare.com\/test\/kancelare-k-pronajmu\/\",\"url\":\"https:\/\/www.prazskekancelare.com\/test\/kancelare-k-pronajmu\/\",\"name\":\"Properties\"}},{\"@type\":\"ListItem\",\"position\":3,\"item\":{\"@id\":\"https:\/\/www.prazskekancelare.com\/test\/kancelare-k-pronajmu\/palac-archa-pronajem-kancelare-na-porici-praha-1\/#webpage\"}}]}]}<\/script>\n<!-- \/ Yoast SEO plugin. -->","cmb2":{"property_general":{"property_id":"ANO","property_year_built":"","property_address":"Na Po\u0159\u00ed\u010d\u00ed 24,\r\n110 00 Praha 1\r\n","property_zip":"","property_contract":"","property_gallery":"","property_plans":"","property_video":"","property_parent_property":""},"property_flags":{"property_featured":"","property_sticky":"","property_reduced":"","property_sold":""},"property_contact":{"property_contact_name":"","property_contact_phone":""},"property_pricing":{"property_price":"350","property_price_prefix":"od","property_price_suffix":"K\u010d\/m2","property_price_custom":""},"property_attributes":{"property_rooms":"ANO","property_beds":"6","property_baths":"NE","property_garages":"ANO \/ i \u010d\u00e1ste\u010dn\u011b","property_home_area":"","property_lot_dimensions":"","property_lot_area":"15 m2 - 2.100 m2"},"property_valuation":{"property_valuation_group":""},"property_public_facilities":{"property_public_facilities_group":""},"property_map_location":{"property_map_location":{"latitude":"50.0894309","longitude":"14.433676500000047"}},"property_relations":{"property_agents":["260"]}},"_links":{"self":[{"href":"https:\/\/www.prazskekancelare.com\/test\/wp-json\/wp\/v2\/property\/1141"}],"collection":[{"href":"https:\/\/www.prazskekancelare.com\/test\/wp-json\/wp\/v2\/property"}],"about":[{"href":"https:\/\/www.prazskekancelare.com\/test\/wp-json\/wp\/v2\/types\/property"}],"author":[{"embeddable":true,"href":"https:\/\/www.prazskekancelare.com\/test\/wp-json\/wp\/v2\/users\/1"}],"replies":[{"embeddable":true,"href":"https:\/\/www.prazskekancelare.com\/test\/wp-json\/wp\/v2\/comments?post=1141"}],"wp:featuredmedia":[{"embeddable":true,"href":"https:\/\/www.prazskekancelare.com\/test\/wp-json\/wp\/v2\/media\/1137"}],"wp:attachment":[{"href":"https:\/\/www.prazskekancelare.com\/test\/wp-json\/wp\/v2\/media?parent=1141"}],"curies":[{"name":"wp","href":"https:\/\/api.w.org\/{rel}","templated":true}]}}