{"id":1104,"date":"2015-10-29T16:56:23","date_gmt":"2015-10-29T15:56:23","guid":{"rendered":"https:\/\/www.prazskekancelare.com\/test\/?post_type=property&#038;p=1104"},"modified":"2019-03-23T09:18:17","modified_gmt":"2019-03-23T08:18:17","slug":"pronajem-kancelari-ovocny-trh-centrum-praha-1","status":"publish","type":"property","link":"https:\/\/www.prazskekancelare.com\/test\/kancelare-k-pronajmu\/pronajem-kancelari-ovocny-trh-centrum-praha-1\/","title":{"rendered":"Kancel\u00e1\u0159e OVOCN\u00dd TRH Praha 1 <span style=\"color: #ff0000;\">VIP adresa<\/span>"},"content":{"rendered":"\n\t<ul id=\"slideshowgallery15702\" class=\"slideshowgallery15702\" style=\"display:none;\">\n\t\t\t\t\t<!-- From all slides or gallery slides -->\n\t\t\t\t\t\t\t<li>\n\t\t\t\t\t<h3 style=\"opacity:70;\">zasedaci mistnosti praha 1<\/h3>\n\t\t\t\t\t\t\t\t\t\t\t<span data-alt=\"zasedaci-mistnosti-praha-1\">https:\/\/www.prazskekancelare.com\/test\/wp-content\/uploads\/2015\/10\/zasedaci-mistnosti-praha-1.jpg<\/span>\n\t\t\t\t\t\t\t\t\t\t<p><\/p>\n\t\t\t\t\t\t\t\t\t\t\t\t\t\t\t\t\t\t<a><img class=\"skip-lazy\" src=\"https:\/\/www.prazskekancelare.com\/test\/wp-content\/uploads\/2015\/10\/zasedaci-mistnosti-praha-1-400x300.jpg\" alt=\"zasedaci-mistnosti-praha-1\" \/><\/a>\n\t\t\t\t\t\t\t\t\t\t\t\t\t\t\t<\/li>\n\t\t\t\t\t\t\t<li>\n\t\t\t\t\t<h3 style=\"opacity:70;\">kancelareovocnytrh<\/h3>\n\t\t\t\t\t\t\t\t\t\t\t<span data-alt=\"kancelareovocnytrh\">https:\/\/www.prazskekancelare.com\/test\/wp-content\/uploads\/2018\/12\/kancelareovocnytrh.jpg<\/span>\n\t\t\t\t\t\t\t\t\t\t<p><\/p>\n\t\t\t\t\t\t\t\t\t\t\t\t\t\t\t\t\t\t<a><img class=\"skip-lazy\" src=\"https:\/\/www.prazskekancelare.com\/test\/wp-content\/uploads\/2018\/12\/kancelareovocnytrh-400x300.jpg\" alt=\"kancelareovocnytrh\" \/><\/a>\n\t\t\t\t\t\t\t\t\t\t\t\t\t\t\t<\/li>\n\t\t\t\t\t\t\t<li>\n\t\t\t\t\t<h3 style=\"opacity:70;\">ovocnytrhkancelarekpronajmu<\/h3>\n\t\t\t\t\t\t\t\t\t\t\t<span data-alt=\"ovocnytrhkancelarekpronajmu\">https:\/\/www.prazskekancelare.com\/test\/wp-content\/uploads\/2018\/12\/ovocnytrhkancelarekpronajmu.jpg<\/span>\n\t\t\t\t\t\t\t\t\t\t<p><\/p>\n\t\t\t\t\t\t\t\t\t\t\t\t\t\t\t\t\t\t<a><img class=\"skip-lazy\" src=\"https:\/\/www.prazskekancelare.com\/test\/wp-content\/uploads\/2018\/12\/ovocnytrhkancelarekpronajmu-400x300.jpg\" alt=\"ovocnytrhkancelarekpronajmu\" \/><\/a>\n\t\t\t\t\t\t\t\t\t\t\t\t\t\t\t<\/li>\n\t\t\t\t\t\t\t<li>\n\t\t\t\t\t<h3 style=\"opacity:70;\">kancelare ovocny trh<\/h3>\n\t\t\t\t\t\t\t\t\t\t\t<span data-alt=\"kancelare-ovocny-trh\">https:\/\/www.prazskekancelare.com\/test\/wp-content\/uploads\/2015\/10\/kancelare-ovocny-trh.jpg<\/span>\n\t\t\t\t\t\t\t\t\t\t<p><\/p>\n\t\t\t\t\t\t\t\t\t\t\t\t\t\t\t\t\t\t<a><img class=\"skip-lazy\" src=\"https:\/\/www.prazskekancelare.com\/test\/wp-content\/uploads\/2015\/10\/kancelare-ovocny-trh-400x300.jpg\" alt=\"kancelare-ovocny-trh\" \/><\/a>\n\t\t\t\t\t\t\t\t\t\t\t\t\t\t\t<\/li>\n\t\t\t\t\t\t\t<li>\n\t\t\t\t\t<h3 style=\"opacity:70;\">kancelare na ovocnem trhu praha 1<\/h3>\n\t\t\t\t\t\t\t\t\t\t\t<span data-alt=\"kancelare-na-ovocnem-trhu-praha-1\">https:\/\/www.prazskekancelare.com\/test\/wp-content\/uploads\/2015\/10\/kancelare-na-ovocnem-trhu-praha-1.jpg<\/span>\n\t\t\t\t\t\t\t\t\t\t<p><\/p>\n\t\t\t\t\t\t\t\t\t\t\t\t\t\t\t\t\t\t<a><img class=\"skip-lazy\" src=\"https:\/\/www.prazskekancelare.com\/test\/wp-content\/uploads\/2015\/10\/kancelare-na-ovocnem-trhu-praha-1-400x300.jpg\" alt=\"kancelare-na-ovocnem-trhu-praha-1\" \/><\/a>\n\t\t\t\t\t\t\t\t\t\t\t\t\t\t\t<\/li>\n\t\t\t\t\t\t\t<li>\n\t\t\t\t\t<h3 style=\"opacity:70;\">kancelare planek ovocny trh<\/h3>\n\t\t\t\t\t\t\t\t\t\t\t<span data-alt=\"kancelare-planek-ovocny-trh\">https:\/\/www.prazskekancelare.com\/test\/wp-content\/uploads\/2015\/10\/kancelare-planek-ovocny-trh.jpg<\/span>\n\t\t\t\t\t\t\t\t\t\t<p><\/p>\n\t\t\t\t\t\t\t\t\t\t\t\t\t\t\t\t\t\t<a><img class=\"skip-lazy\" src=\"https:\/\/www.prazskekancelare.com\/test\/wp-content\/uploads\/2015\/10\/kancelare-planek-ovocny-trh-400x300.jpg\" alt=\"kancelare-planek-ovocny-trh\" \/><\/a>\n\t\t\t\t\t\t\t\t\t\t\t\t\t\t\t<\/li>\n\t\t\t\t\t\t\t<li>\n\t\t\t\t\t<h3 style=\"opacity:70;\">kancelare v centru prahy 1<\/h3>\n\t\t\t\t\t\t\t\t\t\t\t<span data-alt=\"kancelare-v-centru-prahy-1\">https:\/\/www.prazskekancelare.com\/test\/wp-content\/uploads\/2015\/10\/kancelare-v-centru-prahy-1.jpg<\/span>\n\t\t\t\t\t\t\t\t\t\t<p><\/p>\n\t\t\t\t\t\t\t\t\t\t\t\t\t\t\t\t\t\t<a><img class=\"skip-lazy\" src=\"https:\/\/www.prazskekancelare.com\/test\/wp-content\/uploads\/2015\/10\/kancelare-v-centru-prahy-1-400x300.jpg\" alt=\"kancelare-v-centru-prahy-1\" \/><\/a>\n\t\t\t\t\t\t\t\t\t\t\t\t\t\t\t<\/li>\n\t\t\t\t\t\t\t<li>\n\t\t\t\t\t<h3 style=\"opacity:70;\">ovocny trh kancelare<\/h3>\n\t\t\t\t\t\t\t\t\t\t\t<span data-alt=\"ovocny-trh-kancelare\">https:\/\/www.prazskekancelare.com\/test\/wp-content\/uploads\/2015\/10\/ovocny-trh-kancelare.jpg<\/span>\n\t\t\t\t\t\t\t\t\t\t<p><\/p>\n\t\t\t\t\t\t\t\t\t\t\t\t\t\t\t\t\t\t<a><img class=\"skip-lazy\" src=\"https:\/\/www.prazskekancelare.com\/test\/wp-content\/uploads\/2015\/10\/ovocny-trh-kancelare-400x300.jpg\" alt=\"ovocny-trh-kancelare\" \/><\/a>\n\t\t\t\t\t\t\t\t\t\t\t\t\t\t\t<\/li>\n\t\t\t\t\t\t\t<li>\n\t\t\t\t\t<h3 style=\"opacity:70;\">ovocny trh pronajmy kancelari<\/h3>\n\t\t\t\t\t\t\t\t\t\t\t<span data-alt=\"ovocny-trh-pronajmy-kancelari\">https:\/\/www.prazskekancelare.com\/test\/wp-content\/uploads\/2015\/10\/ovocny-trh-pronajmy-kancelari.jpg<\/span>\n\t\t\t\t\t\t\t\t\t\t<p><\/p>\n\t\t\t\t\t\t\t\t\t\t\t\t\t\t\t\t\t\t<a><img class=\"skip-lazy\" src=\"https:\/\/www.prazskekancelare.com\/test\/wp-content\/uploads\/2015\/10\/ovocny-trh-pronajmy-kancelari-400x300.jpg\" alt=\"ovocny-trh-pronajmy-kancelari\" \/><\/a>\n\t\t\t\t\t\t\t\t\t\t\t\t\t\t\t<\/li>\n\t\t\t\t\t\t\t<li>\n\t\t\t\t\t<h3 style=\"opacity:70;\">pronajem kancelari praha 1 ovocny trh<\/h3>\n\t\t\t\t\t\t\t\t\t\t\t<span data-alt=\"pronajem-kancelari-praha-1-ovocny-trh\">https:\/\/www.prazskekancelare.com\/test\/wp-content\/uploads\/2015\/10\/pronajem-kancelari-praha-1-ovocny-trh.jpg<\/span>\n\t\t\t\t\t\t\t\t\t\t<p><\/p>\n\t\t\t\t\t\t\t\t\t\t\t\t\t\t\t\t\t\t<a><img class=\"skip-lazy\" src=\"https:\/\/www.prazskekancelare.com\/test\/wp-content\/uploads\/2015\/10\/pronajem-kancelari-praha-1-ovocny-trh-400x300.jpg\" alt=\"pronajem-kancelari-praha-1-ovocny-trh\" \/><\/a>\n\t\t\t\t\t\t\t\t\t\t\t\t\t\t\t<\/li>\n\t\t\t\t\t\t\t<li>\n\t\t\t\t\t<h3 style=\"opacity:70;\">pronajem ovocny trh<\/h3>\n\t\t\t\t\t\t\t\t\t\t\t<span data-alt=\"pronajem-ovocny-trh\">https:\/\/www.prazskekancelare.com\/test\/wp-content\/uploads\/2015\/10\/pronajem-ovocny-trh.jpg<\/span>\n\t\t\t\t\t\t\t\t\t\t<p><\/p>\n\t\t\t\t\t\t\t\t\t\t\t\t\t\t\t\t\t\t<a><img class=\"skip-lazy\" src=\"https:\/\/www.prazskekancelare.com\/test\/wp-content\/uploads\/2015\/10\/pronajem-ovocny-trh-400x300.jpg\" alt=\"pronajem-ovocny-trh\" \/><\/a>\n\t\t\t\t\t\t\t\t\t\t\t\t\t\t\t<\/li>\n\t\t\t\t\t\t\t<li>\n\t\t\t\t\t<h3 style=\"opacity:70;\">kancelarecentrumpraha1<\/h3>\n\t\t\t\t\t\t\t\t\t\t\t<span data-alt=\"kancelarecentrumpraha1\">https:\/\/www.prazskekancelare.com\/test\/wp-content\/uploads\/2018\/12\/kancelarecentrumpraha1.jpg<\/span>\n\t\t\t\t\t\t\t\t\t\t<p><\/p>\n\t\t\t\t\t\t\t\t\t\t\t\t\t\t\t\t\t\t<a><img class=\"skip-lazy\" src=\"https:\/\/www.prazskekancelare.com\/test\/wp-content\/uploads\/2018\/12\/kancelarecentrumpraha1-400x300.jpg\" alt=\"kancelarecentrumpraha1\" \/><\/a>\n\t\t\t\t\t\t\t\t\t\t\t\t\t\t\t<\/li>\n\t\t\t\t\t\t<\/ul>\n\n\t\t<div id=\"slideshow-wrappergallery15702\" class=\"slideshow-wrapper\" style=\"--slideshow-width:1452px\">\n\t\t\n\t\t<div class=\"slideshow-fullsize\" id=\"fullsizegallery15702\">\n\t\t\t\t\t\t\t\t\t\t\t\t\t\t<div id=\"imgprevgallery15702\" class=\"slideshow-imgprev imgnav\" title=\"Previous Image\">Previous Image<\/div>\n\t\t\t\t\t\t<a id=\"imglinkgallery15702\" class=\"slideshow-imglink imglink\">\n\t\t\t\t<!-- link -->\n\t\t\t<\/a>\n\t\t\t\t\t\t\t\t\t\t\t<div id=\"imgnextgallery15702\" class=\"slideshow-imgnext imgnav\" title=\"Next Image\">Next Image<\/div>\n\t\t\t\t\t\t<div id=\"imagegallery15702\" class=\"slideshow-image\"><\/div>\n\t\t\t<div class=\"slideshow-information infobottom\" id=\"informationgallery15702\">\n\t\t\t\t<h3 class=\"slideshow-info-heading\">info heading<\/h3>\n\t\t\t\t<p class=\"slideshow-info-content\">info content<\/p>\n\t\t\t<\/div>\n\t\t<\/div>\n\n\t\t\t\t\t<div id=\"thumbnailsgallery15702\" class=\"slideshow-thumbnails thumbsbot\">\n\t\t\t\t<div class=\"slideshow-slideleft\" id=\"slideleftgallery15702\" title=\"Slide Left\"><\/div>\n\t\t\t\t<div class=\"slideshow-slidearea\" id=\"slideareagallery15702\">\n\t\t\t\t\t<div class=\"slideshow-slider\" id=\"slidergallery15702\"><\/div>\n\t\t\t\t<\/div>\n\t\t\t\t<div class=\"slideshow-slideright\" id=\"sliderightgallery15702\" title=\"Slide Right\"><\/div>\n\t\t\t\t<br style=\"clear:both; visibility:hidden; height:1px;\" \/>\n\t\t\t<\/div>\n\t\t\t<\/div>\n\n\t\n<p>&nbsp;<\/p>\n<p>Nab\u00edz\u00edme <strong>kancel\u00e1\u0159e Ovocn\u00fd Trh<\/strong> v centru Prahy, kancel\u00e1\u0159sk\u00e9 centrum jeho\u017e malometr\u00e1\u017en\u00ed i velkometr\u00e1\u017en\u00ed kancel\u00e1\u0159e k pron\u00e1jmu Praha 1 se nach\u00e1z\u00ed p\u0159\u00edmo v samotn\u00e9m centru Prahy 1. Jedn\u00e1 se o reprezentativn\u00ed budovu s historick\u00fdm v\u00fdznamem, kter\u00e1 nab\u00edz\u00ed nejen pron\u00e1jem pln\u011b vybaven\u00fdch a servisovan\u00fdch kancel\u00e1\u0159\u00ed, ale i pron\u00e1jem klasicky neza\u0159\u00edzen\u00fdch kancel\u00e1\u0159sk\u00fdch prostor a openspace.<\/p>\n<p><span style=\"color: #0000ff;\"><strong>V nab\u00eddce jsou:<\/strong><\/span><\/p>\n<ol>\n<li><span style=\"color: #0000ff;\"><strong> malometr\u00e1\u017en\u00ed\u00a0<\/strong>vybaven\u00e9 kancel\u00e1\u0159e\u00a0<strong>od 8 m2 do 100 m2\u00a0<\/strong>nebo<\/span><\/li>\n<li><span style=\"color: #0000ff;\"><strong>velkometr\u00e1\u017en\u00ed\u00a0<\/strong>kancel\u00e1\u0159e typu open-space\u00a0<strong>od 100 m2 do 1.000 m2<\/strong>.<\/span><\/li>\n<\/ol>\n<p><span style=\"color: #ff0000;\"><strong>N\u00e1\u0161 tip:<\/strong>\u00a0Za\u0161lete n\u00e1m rychl\u00fd\u00a0<strong><a style=\"color: #ff0000;\" href=\"\/poptavka-po-kancelarich-k-pronajmu\/\" target=\"_blank\"><span style=\"text-decoration: underline;\">popt\u00e1vkov\u00fd formul\u00e1\u0159<\/span>\u00a0<\/a><\/strong>a my V\u00e1m b\u011bhem 30 minut\u00a0p\u0159iprav\u00edme kompletn\u00ed nab\u00eddku dle Va\u0161ich specifikac\u00ed a bez provize.\u00a0<strong>V nab\u00eddce m\u00e1me 1000 kancel\u00e1\u0159\u00ed v Praze<\/strong>. T\u011b\u0161\u00edme se na spolupr\u00e1ci.<\/span><\/p>\n<h2>Okol\u00ed malometr\u00e1\u017en\u00edch kancel\u00e1\u0159\u00ed v centru Prahy 1<\/h2>\n<p>Obl\u00edbenost t\u011bchto kancel\u00e1\u0159\u00ed k pron\u00e1jmu Praha 1 spo\u010d\u00edv\u00e1 v tom, \u017ee se nach\u00e1z\u00ed na lukrativn\u00ed adrese, kter\u00e1 se nach\u00e1z\u00ed v historick\u00e9 a reprezentativn\u00ed \u010d\u00e1sti hlavn\u00edho m\u011bsta. V okol\u00ed tohoto centra s\u00eddl\u00ed hned n\u011bkolik v\u00fdznamn\u00fdch historick\u00fdch budov, v\u010detn\u011b s\u00eddel mezin\u00e1rodn\u00edch korporac\u00ed, st\u00e1tn\u00edch \u00fa\u0159ad\u016f nebo soud\u016f. Tak\u00e9 je zde nep\u0159ebern\u00e9 mno\u017estv\u00ed nab\u00edzen\u00fdch slu\u017eeb, \u010di obchod\u016f, nap\u0159. restaurace, po\u0161ta, l\u00e9k\u00e1rny, banky, kav\u00e1rny a velk\u00e9 obchodn\u00ed centra v t\u011bsn\u00e9 bl\u00edzkosti, kter\u00fdmi jsou nap\u0159\u00edklad n\u00e1kupn\u00ed centrum Palladium, n\u00e1kupn\u00ed galerie Myslbek nebo obchodn\u00ed d\u016fm Kotva.<\/p>\n<p>d\u00e1le se v okol\u00ed pronaj\u00edman\u00fdch kancel\u00e1\u0159\u00ed v centru Prahy nach\u00e1z\u00ed Stavovsk\u00e9 divadlo, kter\u00e9 se nach\u00e1z\u00ed na jihoz\u00e1padn\u00ed stran\u011b n\u00e1m\u011bst\u00ed. V bl\u00edzkosti se tak\u00e9 nach\u00e1z\u00ed historick\u00e9 s\u00eddlo Karlovy univerzity \u2013 Karolinum, a v neposledn\u00ed \u0159ad\u011b tak\u00e9 historick\u00e1 budova s pam\u00e1te\u010dn\u00edm charakterem \u2013 D\u016fm U \u010cern\u00e9 Matky Bo\u017e\u00ed. Krom\u011b historicky v\u00fdznamn\u00fdch budov se ov\u0161em v okol\u00ed business centra nach\u00e1zej\u00ed s\u00eddla mezin\u00e1rodn\u00edch korporac\u00ed, st\u00e1tn\u00ed \u00fa\u0159ady nebo soudy.<\/p>\n<h2>Hlavn\u00ed v\u00fdhody mal\u00fdch kancel\u00e1\u0159\u00ed na Ovocn\u00e9m trhu v centru<\/h2>\n<ul>\n<li>Kancel\u00e1\u0159 k pron\u00e1jmu Praha 1 &#8211; pln\u011b vybaven\u00e9 a servisovan\u00e9<\/li>\n<li>Klasick\u00e9 i pln\u011b vybaven\u00e9 kancel\u00e1\u0159e<\/li>\n<li>S\u00eddlo spole\u010dnosti \u2013 na VIP adrese<\/li>\n<li>Vybaven\u00e9 zasedac\u00ed m\u00edstnosti<\/li>\n<li>Recepce s reprezentativn\u00edmi a jazykov\u011b zdatn\u00fdmi asistentkami<\/li>\n<li>Nadstandardn\u011b vybaven\u00e9 z\u00e1zem\u00ed BC<\/li>\n<li>Telefonn\u00ed a faxov\u00e9 slu\u017eby<\/li>\n<li>Starost o ve\u0161kerou po\u0161tu<\/li>\n<li>S\u00ed\u0165 LAN, vysokorychlostn\u00ed internetov\u00e9 p\u0159ipojen\u00ed a ve\u0161ker\u00e9 pot\u0159ebn\u00e9 IT, v\u010detn\u011b vlastn\u00ed server room<\/li>\n<li>P\u0159\u00edstup do budovy 24\/7, ochranka<\/li>\n<\/ul>\n<h2>Provize za zprost\u0159edkov\u00e1n\u00ed v\u00fdhodn\u00e9ho pron\u00e1jmu kancel\u00e1\u0159\u00ed v centru<\/h2>\n<p>Ve\u0161ker\u00e9 slu\u017eby na\u0161\u00ed spole\u010dnosti a jej\u00edch makl\u00e9\u0159\u016f jsou bez provize.<\/p>\n<h2>Cena malometr\u00e1\u017en\u00edch kancel\u00e1\u0159\u00ed<\/h2>\n<p>D\u00edky velk\u00e9mu po\u010dtu nab\u00edzen\u00fdch pron\u00e1jmu kancel\u00e1\u0159\u00ed\u00a0v tomto business centru, jejich variabilit\u011b a poskytovan\u00fdm slu\u017eb\u00e1m je cena sestavov\u00e1na p\u0159\u00edmo na m\u00edst\u011b b\u011bhem prohl\u00eddky centra. Za\u0161lete n\u00e1m pros\u00edm jednoduchou popt\u00e1vku nebo zavolejte na\u0161emu makl\u00e9\u0159i a on v\u0161e za\u0159\u00edd\u00ed k Va\u0161\u00ed spokojenosti.<\/p>\n<p>Nechte se p\u0159ekvapit, \u017ee i vybaven\u00e9 kancel\u00e1\u0159sk\u00e9 centrum, poskytuj\u00edc\u00ed nadstandardn\u00ed slu\u017eby, dok\u00e1\u017ee nab\u00eddnout zaj\u00edmav\u00e9 cenov\u00e9 podm\u00ednky!<\/p>\n<p>Rychl\u00fd popt\u00e1vkov\u00fd formul\u00e1\u0159 najdete na konci textu\u00a0a makl\u00e9\u0159e zodpov\u011bdn\u00e9ho za nemovitosti v prav\u00e9m sloupci.<\/p>\n<p>e-mail:\u00a0<strong><a href=\"mailto:info@prazskekancelare.cz\">info@prazskekancelare.cz<\/a><\/strong>\u00a0\/\u00a0telefon: <strong><span style=\"color: #ff0000;\">+420 773 295 925, +420 723 984 360<\/span><\/strong><\/p>\n<h2>v\u00edce informac\u00ed o kancel\u00e1\u0159\u00edch nejen na Ovocn\u00e9m trhu:<\/h2>\n","protected":false},"author":1,"featured_media":2864,"comment_status":"closed","ping_status":"closed","template":"","yoast_head":"<!-- This site is optimized with the Yoast SEO plugin v16.4 - https:\/\/yoast.com\/wordpress\/plugins\/seo\/ -->\n<title>OVOCN\u00dd TRH kancel\u00e1\u0159e centrum Praha 1 | 1000 KANCEL\u00c1\u0158\u00cd \u00ae<\/title>\n<meta name=\"description\" content=\"Popt\u00e1vejte pron\u00e1jem kancel\u00e1\u0159e Ovocn\u00fd trh centrum Praha 1 | 1000 kancel\u00e1\u0159\u00ed k pron\u00e1jmu v Praze | Nab\u00eddky kancel\u00e1\u0159\u00ed do 30 minut | Provize 0%.\" \/>\n<meta name=\"robots\" content=\"noindex, follow, max-snippet:-1, max-image-preview:large, max-video-preview:-1\" \/>\n<meta property=\"og:locale\" content=\"cs_CZ\" \/>\n<meta property=\"og:type\" content=\"article\" \/>\n<meta property=\"og:title\" content=\"OVOCN\u00dd TRH kancel\u00e1\u0159e centrum Praha 1 | 1000 KANCEL\u00c1\u0158\u00cd \u00ae\" \/>\n<meta property=\"og:description\" content=\"Popt\u00e1vejte pron\u00e1jem kancel\u00e1\u0159e Ovocn\u00fd trh centrum Praha 1 | 1000 kancel\u00e1\u0159\u00ed k pron\u00e1jmu v Praze | Nab\u00eddky kancel\u00e1\u0159\u00ed do 30 minut | Provize 0%.\" \/>\n<meta property=\"og:url\" content=\"https:\/\/www.prazskekancelare.com\/test\/kancelare-k-pronajmu\/pronajem-kancelari-ovocny-trh-centrum-praha-1\/\" \/>\n<meta property=\"og:site_name\" content=\"TEST - Pron\u00e1jem kancel\u00e1\u0159e Praha\" \/>\n<meta property=\"article:modified_time\" content=\"2019-03-23T08:18:17+00:00\" \/>\n<meta property=\"og:image\" content=\"https:\/\/www.prazskekancelare.com\/test\/wp-content\/uploads\/2018\/12\/ovocnytrhkancelarekpronajmu.jpg\" \/>\n\t<meta property=\"og:image:width\" content=\"1115\" \/>\n\t<meta property=\"og:image:height\" content=\"757\" \/>\n<meta name=\"twitter:card\" content=\"summary\" \/>\n<meta name=\"twitter:label1\" content=\"Odhadovan\u00e1 doba \u010dten\u00ed\" \/>\n\t<meta name=\"twitter:data1\" content=\"3 minuty\" \/>\n<script type=\"application\/ld+json\" class=\"yoast-schema-graph\">{\"@context\":\"https:\/\/schema.org\",\"@graph\":[{\"@type\":\"Organization\",\"@id\":\"https:\/\/www.prazskekancelare.com\/test\/#organization\",\"name\":\"Pron\\u00e1jem kancel\\u00e1\\u0159e Praha\",\"url\":\"https:\/\/www.prazskekancelare.com\/test\/\",\"sameAs\":[],\"logo\":{\"@type\":\"ImageObject\",\"@id\":\"https:\/\/www.prazskekancelare.com\/test\/#logo\",\"inLanguage\":\"cs\",\"url\":\"https:\/\/www.prazskekancelare.com\/test\/wp-content\/uploads\/2018\/05\/prazske-kancelare-com-logo.png\",\"contentUrl\":\"https:\/\/www.prazskekancelare.com\/test\/wp-content\/uploads\/2018\/05\/prazske-kancelare-com-logo.png\",\"width\":242,\"height\":59,\"caption\":\"Pron\\u00e1jem kancel\\u00e1\\u0159e Praha\"},\"image\":{\"@id\":\"https:\/\/www.prazskekancelare.com\/test\/#logo\"}},{\"@type\":\"WebSite\",\"@id\":\"https:\/\/www.prazskekancelare.com\/test\/#website\",\"url\":\"https:\/\/www.prazskekancelare.com\/test\/\",\"name\":\"TEST - Pron\\u00e1jem kancel\\u00e1\\u0159e Praha\",\"description\":\"Pron\\u00e1jem kancel\\u00e1\\u0159e Praha a Kancelare Praha\",\"publisher\":{\"@id\":\"https:\/\/www.prazskekancelare.com\/test\/#organization\"},\"potentialAction\":[{\"@type\":\"SearchAction\",\"target\":\"https:\/\/www.prazskekancelare.com\/test\/?s={search_term_string}\",\"query-input\":\"required name=search_term_string\"}],\"inLanguage\":\"cs\"},{\"@type\":\"ImageObject\",\"@id\":\"https:\/\/www.prazskekancelare.com\/test\/kancelare-k-pronajmu\/pronajem-kancelari-ovocny-trh-centrum-praha-1\/#primaryimage\",\"inLanguage\":\"cs\",\"url\":\"https:\/\/www.prazskekancelare.com\/test\/wp-content\/uploads\/2018\/12\/ovocnytrhkancelarekpronajmu.jpg\",\"contentUrl\":\"https:\/\/www.prazskekancelare.com\/test\/wp-content\/uploads\/2018\/12\/ovocnytrhkancelarekpronajmu.jpg\",\"width\":1115,\"height\":757,\"caption\":\"Ovocn\\u00fd trh pron\\u00e1jem kancel\\u00e1\\u0159e Praha 1\"},{\"@type\":\"WebPage\",\"@id\":\"https:\/\/www.prazskekancelare.com\/test\/kancelare-k-pronajmu\/pronajem-kancelari-ovocny-trh-centrum-praha-1\/#webpage\",\"url\":\"https:\/\/www.prazskekancelare.com\/test\/kancelare-k-pronajmu\/pronajem-kancelari-ovocny-trh-centrum-praha-1\/\",\"name\":\"OVOCN\\u00dd TRH kancel\\u00e1\\u0159e centrum Praha 1 | 1000 KANCEL\\u00c1\\u0158\\u00cd \\u00ae\",\"isPartOf\":{\"@id\":\"https:\/\/www.prazskekancelare.com\/test\/#website\"},\"primaryImageOfPage\":{\"@id\":\"https:\/\/www.prazskekancelare.com\/test\/kancelare-k-pronajmu\/pronajem-kancelari-ovocny-trh-centrum-praha-1\/#primaryimage\"},\"datePublished\":\"2015-10-29T15:56:23+00:00\",\"dateModified\":\"2019-03-23T08:18:17+00:00\",\"description\":\"Popt\\u00e1vejte pron\\u00e1jem kancel\\u00e1\\u0159e Ovocn\\u00fd trh centrum Praha 1 | 1000 kancel\\u00e1\\u0159\\u00ed k pron\\u00e1jmu v Praze | Nab\\u00eddky kancel\\u00e1\\u0159\\u00ed do 30 minut | Provize 0%.\",\"breadcrumb\":{\"@id\":\"https:\/\/www.prazskekancelare.com\/test\/kancelare-k-pronajmu\/pronajem-kancelari-ovocny-trh-centrum-praha-1\/#breadcrumb\"},\"inLanguage\":\"cs\",\"potentialAction\":[{\"@type\":\"ReadAction\",\"target\":[\"https:\/\/www.prazskekancelare.com\/test\/kancelare-k-pronajmu\/pronajem-kancelari-ovocny-trh-centrum-praha-1\/\"]}]},{\"@type\":\"BreadcrumbList\",\"@id\":\"https:\/\/www.prazskekancelare.com\/test\/kancelare-k-pronajmu\/pronajem-kancelari-ovocny-trh-centrum-praha-1\/#breadcrumb\",\"itemListElement\":[{\"@type\":\"ListItem\",\"position\":1,\"item\":{\"@type\":\"WebPage\",\"@id\":\"https:\/\/www.prazskekancelare.com\/test\/\",\"url\":\"https:\/\/www.prazskekancelare.com\/test\/\",\"name\":\"Dom\\u016f\"}},{\"@type\":\"ListItem\",\"position\":2,\"item\":{\"@type\":\"WebPage\",\"@id\":\"https:\/\/www.prazskekancelare.com\/test\/kancelare-k-pronajmu\/\",\"url\":\"https:\/\/www.prazskekancelare.com\/test\/kancelare-k-pronajmu\/\",\"name\":\"Properties\"}},{\"@type\":\"ListItem\",\"position\":3,\"item\":{\"@id\":\"https:\/\/www.prazskekancelare.com\/test\/kancelare-k-pronajmu\/pronajem-kancelari-ovocny-trh-centrum-praha-1\/#webpage\"}}]}]}<\/script>\n<!-- \/ Yoast SEO plugin. -->","cmb2":{"property_general":{"property_id":"ANO","property_year_built":"","property_address":"Ovocn\u00fd trh 572\/11,\r\n110 00 Praha 1\r\n","property_zip":"","property_contract":"","property_gallery":"","property_plans":"","property_video":"","property_parent_property":""},"property_flags":{"property_featured":"","property_sticky":"","property_reduced":"","property_sold":""},"property_contact":{"property_contact_name":"","property_contact_phone":""},"property_pricing":{"property_price":"350","property_price_prefix":"od","property_price_suffix":"K\u010d\/m2","property_price_custom":""},"property_attributes":{"property_rooms":"ANO","property_beds":"6","property_baths":"NE","property_garages":"ANO \/ i \u010d\u00e1ste\u010dn\u011b","property_home_area":"","property_lot_dimensions":"","property_lot_area":"15 m2 - 950 m2"},"property_valuation":{"property_valuation_group":""},"property_public_facilities":{"property_public_facilities_group":""},"property_map_location":{"property_map_location":{"latitude":"50.0869362","longitude":"14.424725699999954"}},"property_relations":{"property_agents":["260"]}},"_links":{"self":[{"href":"https:\/\/www.prazskekancelare.com\/test\/wp-json\/wp\/v2\/property\/1104"}],"collection":[{"href":"https:\/\/www.prazskekancelare.com\/test\/wp-json\/wp\/v2\/property"}],"about":[{"href":"https:\/\/www.prazskekancelare.com\/test\/wp-json\/wp\/v2\/types\/property"}],"author":[{"embeddable":true,"href":"https:\/\/www.prazskekancelare.com\/test\/wp-json\/wp\/v2\/users\/1"}],"replies":[{"embeddable":true,"href":"https:\/\/www.prazskekancelare.com\/test\/wp-json\/wp\/v2\/comments?post=1104"}],"wp:featuredmedia":[{"embeddable":true,"href":"https:\/\/www.prazskekancelare.com\/test\/wp-json\/wp\/v2\/media\/2864"}],"wp:attachment":[{"href":"https:\/\/www.prazskekancelare.com\/test\/wp-json\/wp\/v2\/media?parent=1104"}],"curies":[{"name":"wp","href":"https:\/\/api.w.org\/{rel}","templated":true}]}}