{"id":1093,"date":"2019-01-02T16:31:56","date_gmt":"2019-01-02T15:31:56","guid":{"rendered":"https:\/\/www.prazskekancelare.com\/test\/?post_type=property&#038;p=1093"},"modified":"2019-11-02T16:57:36","modified_gmt":"2019-11-02T15:57:36","slug":"pronajem-kancelari-river-garden-karlin-praha-8","status":"publish","type":"property","link":"https:\/\/www.prazskekancelare.com\/test\/kancelare-k-pronajmu\/pronajem-kancelari-river-garden-karlin-praha-8\/","title":{"rendered":"Kancel\u00e1\u0159e River Garden Praha 8 <span style=\"color: #ff0000;\">n\u00e1\u0161 TIP<\/span>"},"content":{"rendered":"\n\t<ul id=\"slideshowgallery14265\" class=\"slideshowgallery14265\" style=\"display:none;\">\n\t\t\t\t\t<!-- From all slides or gallery slides -->\n\t\t\t\t\t\t\t<li>\n\t\t\t\t\t<h3 style=\"opacity:70;\">pronajem kancelare praha 8<\/h3>\n\t\t\t\t\t\t\t\t\t\t\t<span data-alt=\"pronajem-kancelare-praha-8\">https:\/\/www.prazskekancelare.com\/test\/wp-content\/uploads\/2015\/10\/pronajem-kancelare-praha-8.jpg<\/span>\n\t\t\t\t\t\t\t\t\t\t<p><\/p>\n\t\t\t\t\t\t\t\t\t\t\t\t\t\t\t\t\t\t<a><img class=\"skip-lazy\" src=\"https:\/\/www.prazskekancelare.com\/test\/wp-content\/uploads\/2015\/10\/pronajem-kancelare-praha-8-400x300.jpg\" alt=\"pronajem-kancelare-praha-8\" \/><\/a>\n\t\t\t\t\t\t\t\t\t\t\t\t\t\t\t<\/li>\n\t\t\t\t\t\t\t<li>\n\t\t\t\t\t<h3 style=\"opacity:70;\">kancelarerivergarden<\/h3>\n\t\t\t\t\t\t\t\t\t\t\t<span data-alt=\"kancelarerivergarden\">https:\/\/www.prazskekancelare.com\/test\/wp-content\/uploads\/2018\/10\/kancelarerivergarden1.jpg<\/span>\n\t\t\t\t\t\t\t\t\t\t<p><\/p>\n\t\t\t\t\t\t\t\t\t\t\t\t\t\t\t\t\t\t<a><img class=\"skip-lazy\" src=\"https:\/\/www.prazskekancelare.com\/test\/wp-content\/uploads\/2018\/10\/kancelarerivergarden1-400x300.jpg\" alt=\"kancelarerivergarden\" \/><\/a>\n\t\t\t\t\t\t\t\t\t\t\t\t\t\t\t<\/li>\n\t\t\t\t\t\t\t<li>\n\t\t\t\t\t<h3 style=\"opacity:70;\">kancelarekarlinlevne<\/h3>\n\t\t\t\t\t\t\t\t\t\t\t<span data-alt=\"kancelarekarlinlevne\">https:\/\/www.prazskekancelare.com\/test\/wp-content\/uploads\/2018\/10\/kancelarekarlinlevne.jpg<\/span>\n\t\t\t\t\t\t\t\t\t\t<p><\/p>\n\t\t\t\t\t\t\t\t\t\t\t\t\t\t\t\t\t\t<a><img class=\"skip-lazy\" src=\"https:\/\/www.prazskekancelare.com\/test\/wp-content\/uploads\/2018\/10\/kancelarekarlinlevne-400x300.jpg\" alt=\"kancelarekarlinlevne\" \/><\/a>\n\t\t\t\t\t\t\t\t\t\t\t\t\t\t\t<\/li>\n\t\t\t\t\t\t\t<li>\n\t\t\t\t\t<h3 style=\"opacity:70;\">kancelarekpronajmukarlin<\/h3>\n\t\t\t\t\t\t\t\t\t\t\t<span data-alt=\"kancelarekpronajmukarlin\">https:\/\/www.prazskekancelare.com\/test\/wp-content\/uploads\/2018\/10\/kancelarekpronajmukarlin.jpg<\/span>\n\t\t\t\t\t\t\t\t\t\t<p><\/p>\n\t\t\t\t\t\t\t\t\t\t\t\t\t\t\t\t\t\t<a><img class=\"skip-lazy\" src=\"https:\/\/www.prazskekancelare.com\/test\/wp-content\/uploads\/2018\/10\/kancelarekpronajmukarlin-400x300.jpg\" alt=\"kancelarekpronajmukarlin\" \/><\/a>\n\t\t\t\t\t\t\t\t\t\t\t\t\t\t\t<\/li>\n\t\t\t\t\t\t\t<li>\n\t\t\t\t\t<h3 style=\"opacity:70;\">kancelarevkarline<\/h3>\n\t\t\t\t\t\t\t\t\t\t\t<span data-alt=\"kancelarevkarline\">https:\/\/www.prazskekancelare.com\/test\/wp-content\/uploads\/2018\/10\/kancelarevkarline.jpg<\/span>\n\t\t\t\t\t\t\t\t\t\t<p><\/p>\n\t\t\t\t\t\t\t\t\t\t\t\t\t\t\t\t\t\t<a><img class=\"skip-lazy\" src=\"https:\/\/www.prazskekancelare.com\/test\/wp-content\/uploads\/2018\/10\/kancelarevkarline-400x300.jpg\" alt=\"kancelarevkarline\" \/><\/a>\n\t\t\t\t\t\t\t\t\t\t\t\t\t\t\t<\/li>\n\t\t\t\t\t\t\t<li>\n\t\t\t\t\t<h3 style=\"opacity:70;\">karlinarivergardenkancelare<\/h3>\n\t\t\t\t\t\t\t\t\t\t\t<span data-alt=\"karlinarivergardenkancelare\">https:\/\/www.prazskekancelare.com\/test\/wp-content\/uploads\/2018\/10\/karlinarivergardenkancelare.jpg<\/span>\n\t\t\t\t\t\t\t\t\t\t<p><\/p>\n\t\t\t\t\t\t\t\t\t\t\t\t\t\t\t\t\t\t<a><img class=\"skip-lazy\" src=\"https:\/\/www.prazskekancelare.com\/test\/wp-content\/uploads\/2018\/10\/karlinarivergardenkancelare-400x300.jpg\" alt=\"karlinarivergardenkancelare\" \/><\/a>\n\t\t\t\t\t\t\t\t\t\t\t\t\t\t\t<\/li>\n\t\t\t\t\t\t\t<li>\n\t\t\t\t\t<h3 style=\"opacity:70;\">karlinkancelare<\/h3>\n\t\t\t\t\t\t\t\t\t\t\t<span data-alt=\"karlinkancelare\">https:\/\/www.prazskekancelare.com\/test\/wp-content\/uploads\/2018\/10\/karlinkancelare.jpg<\/span>\n\t\t\t\t\t\t\t\t\t\t<p><\/p>\n\t\t\t\t\t\t\t\t\t\t\t\t\t\t\t\t\t\t<a><img class=\"skip-lazy\" src=\"https:\/\/www.prazskekancelare.com\/test\/wp-content\/uploads\/2018\/10\/karlinkancelare-400x300.jpg\" alt=\"karlinkancelare\" \/><\/a>\n\t\t\t\t\t\t\t\t\t\t\t\t\t\t\t<\/li>\n\t\t\t\t\t\t\t<li>\n\t\t\t\t\t<h3 style=\"opacity:70;\">rivegardenprahakarlin<\/h3>\n\t\t\t\t\t\t\t\t\t\t\t<span data-alt=\"rivegardenprahakarlin\">https:\/\/www.prazskekancelare.com\/test\/wp-content\/uploads\/2018\/10\/rivegardenprahakarlin.jpg<\/span>\n\t\t\t\t\t\t\t\t\t\t<p><\/p>\n\t\t\t\t\t\t\t\t\t\t\t\t\t\t\t\t\t\t<a><img class=\"skip-lazy\" src=\"https:\/\/www.prazskekancelare.com\/test\/wp-content\/uploads\/2018\/10\/rivegardenprahakarlin-400x300.jpg\" alt=\"rivegardenprahakarlin\" \/><\/a>\n\t\t\t\t\t\t\t\t\t\t\t\t\t\t\t<\/li>\n\t\t\t\t\t\t\t<li>\n\t\t\t\t\t<h3 style=\"opacity:70;\">rivergardenkancelare<\/h3>\n\t\t\t\t\t\t\t\t\t\t\t<span data-alt=\"rivergardenkancelare\">https:\/\/www.prazskekancelare.com\/test\/wp-content\/uploads\/2018\/10\/rivergardenkancelare.jpg<\/span>\n\t\t\t\t\t\t\t\t\t\t<p><\/p>\n\t\t\t\t\t\t\t\t\t\t\t\t\t\t\t\t\t\t<a><img class=\"skip-lazy\" src=\"https:\/\/www.prazskekancelare.com\/test\/wp-content\/uploads\/2018\/10\/rivergardenkancelare-400x300.jpg\" alt=\"rivergardenkancelare\" \/><\/a>\n\t\t\t\t\t\t\t\t\t\t\t\t\t\t\t<\/li>\n\t\t\t\t\t\t\t<li>\n\t\t\t\t\t<h3 style=\"opacity:70;\">kancelarerivergarden<\/h3>\n\t\t\t\t\t\t\t\t\t\t\t<span data-alt=\"kancelarerivergarden\">https:\/\/www.prazskekancelare.com\/test\/wp-content\/uploads\/2018\/10\/kancelarerivergarden.jpg<\/span>\n\t\t\t\t\t\t\t\t\t\t<p><\/p>\n\t\t\t\t\t\t\t\t\t\t\t\t\t\t\t\t\t\t<a><img class=\"skip-lazy\" src=\"https:\/\/www.prazskekancelare.com\/test\/wp-content\/uploads\/2018\/10\/kancelarerivergarden-400x300.jpg\" alt=\"kancelarerivergarden\" \/><\/a>\n\t\t\t\t\t\t\t\t\t\t\t\t\t\t\t<\/li>\n\t\t\t\t\t\t\t<li>\n\t\t\t\t\t<h3 style=\"opacity:70;\">pronajem kancelari namesti republiky<\/h3>\n\t\t\t\t\t\t\t\t\t\t\t<span data-alt=\"pronajem-kancelari-namesti-republiky\">https:\/\/www.prazskekancelare.com\/test\/wp-content\/uploads\/2015\/10\/pronajem-kancelari-namesti-republiky.jpg<\/span>\n\t\t\t\t\t\t\t\t\t\t<p><\/p>\n\t\t\t\t\t\t\t\t\t\t\t\t\t\t\t\t\t\t<a><img class=\"skip-lazy\" src=\"https:\/\/www.prazskekancelare.com\/test\/wp-content\/uploads\/2015\/10\/pronajem-kancelari-namesti-republiky-400x300.jpg\" alt=\"pronajem-kancelari-namesti-republiky\" \/><\/a>\n\t\t\t\t\t\t\t\t\t\t\t\t\t\t\t<\/li>\n\t\t\t\t\t\t\t<li>\n\t\t\t\t\t<h3 style=\"opacity:70;\">pronajem kancelari<\/h3>\n\t\t\t\t\t\t\t\t\t\t\t<span data-alt=\"pronajem-kancelari\">https:\/\/www.prazskekancelare.com\/test\/wp-content\/uploads\/2015\/10\/pronajem-kancelari.jpg<\/span>\n\t\t\t\t\t\t\t\t\t\t<p><\/p>\n\t\t\t\t\t\t\t\t\t\t\t\t\t\t\t\t\t\t<a><img class=\"skip-lazy\" src=\"https:\/\/www.prazskekancelare.com\/test\/wp-content\/uploads\/2015\/10\/pronajem-kancelari-400x300.jpg\" alt=\"pronajem-kancelari\" \/><\/a>\n\t\t\t\t\t\t\t\t\t\t\t\t\t\t\t<\/li>\n\t\t\t\t\t\t\t<li>\n\t\t\t\t\t<h3 style=\"opacity:70;\">kacnelare praha 1<\/h3>\n\t\t\t\t\t\t\t\t\t\t\t<span data-alt=\"kacnelare-praha-1\">https:\/\/www.prazskekancelare.com\/test\/wp-content\/uploads\/2015\/10\/kacnelare-praha-1.jpg<\/span>\n\t\t\t\t\t\t\t\t\t\t<p><\/p>\n\t\t\t\t\t\t\t\t\t\t\t\t\t\t\t\t\t\t<a><img class=\"skip-lazy\" src=\"https:\/\/www.prazskekancelare.com\/test\/wp-content\/uploads\/2015\/10\/kacnelare-praha-1-300x225.jpg\" alt=\"kacnelare-praha-1\" \/><\/a>\n\t\t\t\t\t\t\t\t\t\t\t\t\t\t\t<\/li>\n\t\t\t\t\t\t\t<li>\n\t\t\t\t\t<h3 style=\"opacity:70;\">kancelare k pronajmu Praha 8<\/h3>\n\t\t\t\t\t\t\t\t\t\t\t<span data-alt=\"kancelare-k-pronajmu-praha-8\">https:\/\/www.prazskekancelare.com\/test\/wp-content\/uploads\/2015\/10\/kancelare-k-pronajmu-praha-8.jpg<\/span>\n\t\t\t\t\t\t\t\t\t\t<p><\/p>\n\t\t\t\t\t\t\t\t\t\t\t\t\t\t\t\t\t\t<a><img class=\"skip-lazy\" src=\"https:\/\/www.prazskekancelare.com\/test\/wp-content\/uploads\/2015\/10\/kancelare-k-pronajmu-praha-8-400x300.jpg\" alt=\"kancelare-k-pronajmu-praha-8\" \/><\/a>\n\t\t\t\t\t\t\t\t\t\t\t\t\t\t\t<\/li>\n\t\t\t\t\t\t\t<li>\n\t\t\t\t\t<h3 style=\"opacity:70;\">kancelare riverside<\/h3>\n\t\t\t\t\t\t\t\t\t\t\t<span data-alt=\"kancelare-riverside\">https:\/\/www.prazskekancelare.com\/test\/wp-content\/uploads\/2015\/10\/kancelare-riverside.jpg<\/span>\n\t\t\t\t\t\t\t\t\t\t<p><\/p>\n\t\t\t\t\t\t\t\t\t\t\t\t\t\t\t\t\t\t<a><img class=\"skip-lazy\" src=\"https:\/\/www.prazskekancelare.com\/test\/wp-content\/uploads\/2015\/10\/kancelare-riverside-300x225.jpg\" alt=\"kancelare-riverside\" \/><\/a>\n\t\t\t\t\t\t\t\t\t\t\t\t\t\t\t<\/li>\n\t\t\t\t\t\t\t<li>\n\t\t\t\t\t<h3 style=\"opacity:70;\">Praha 8 kancelare k pronajmu<\/h3>\n\t\t\t\t\t\t\t\t\t\t\t<span data-alt=\"praha-8-kancelare-k-pronajmu\">https:\/\/www.prazskekancelare.com\/test\/wp-content\/uploads\/2015\/10\/praha-8-kancelare-k-pronajmu.jpg<\/span>\n\t\t\t\t\t\t\t\t\t\t<p><\/p>\n\t\t\t\t\t\t\t\t\t\t\t\t\t\t\t\t\t\t<a><img class=\"skip-lazy\" src=\"https:\/\/www.prazskekancelare.com\/test\/wp-content\/uploads\/2015\/10\/praha-8-kancelare-k-pronajmu-400x300.jpg\" alt=\"praha-8-kancelare-k-pronajmu\" \/><\/a>\n\t\t\t\t\t\t\t\t\t\t\t\t\t\t\t<\/li>\n\t\t\t\t\t\t\t<li>\n\t\t\t\t\t<h3 style=\"opacity:70;\">kancelarenapronajembutovice<\/h3>\n\t\t\t\t\t\t\t\t\t\t\t<span data-alt=\"kancelarenapronajembutovice\">https:\/\/www.prazskekancelare.com\/test\/wp-content\/uploads\/2019\/01\/kancelarenapronajembutovice.jpg<\/span>\n\t\t\t\t\t\t\t\t\t\t<p><\/p>\n\t\t\t\t\t\t\t\t\t\t\t\t\t\t\t\t\t\t<a><img class=\"skip-lazy\" src=\"https:\/\/www.prazskekancelare.com\/test\/wp-content\/uploads\/2019\/01\/kancelarenapronajembutovice-400x300.jpg\" alt=\"kancelarenapronajembutovice\" \/><\/a>\n\t\t\t\t\t\t\t\t\t\t\t\t\t\t\t<\/li>\n\t\t\t\t\t\t<\/ul>\n\n\t\t<div id=\"slideshow-wrappergallery14265\" class=\"slideshow-wrapper\" style=\"--slideshow-width:2032px\">\n\t\t\n\t\t<div class=\"slideshow-fullsize\" id=\"fullsizegallery14265\">\n\t\t\t\t\t\t\t\t\t\t\t\t\t\t<div id=\"imgprevgallery14265\" class=\"slideshow-imgprev imgnav\" title=\"Previous Image\">Previous Image<\/div>\n\t\t\t\t\t\t<a id=\"imglinkgallery14265\" class=\"slideshow-imglink imglink\">\n\t\t\t\t<!-- link -->\n\t\t\t<\/a>\n\t\t\t\t\t\t\t\t\t\t\t<div id=\"imgnextgallery14265\" class=\"slideshow-imgnext imgnav\" title=\"Next Image\">Next Image<\/div>\n\t\t\t\t\t\t<div id=\"imagegallery14265\" class=\"slideshow-image\"><\/div>\n\t\t\t<div class=\"slideshow-information infobottom\" id=\"informationgallery14265\">\n\t\t\t\t<h3 class=\"slideshow-info-heading\">info heading<\/h3>\n\t\t\t\t<p class=\"slideshow-info-content\">info content<\/p>\n\t\t\t<\/div>\n\t\t<\/div>\n\n\t\t\t\t\t<div id=\"thumbnailsgallery14265\" class=\"slideshow-thumbnails thumbsbot\">\n\t\t\t\t<div class=\"slideshow-slideleft\" id=\"slideleftgallery14265\" title=\"Slide Left\"><\/div>\n\t\t\t\t<div class=\"slideshow-slidearea\" id=\"slideareagallery14265\">\n\t\t\t\t\t<div class=\"slideshow-slider\" id=\"slidergallery14265\"><\/div>\n\t\t\t\t<\/div>\n\t\t\t\t<div class=\"slideshow-slideright\" id=\"sliderightgallery14265\" title=\"Slide Right\"><\/div>\n\t\t\t\t<br style=\"clear:both; visibility:hidden; height:1px;\" \/>\n\t\t\t<\/div>\n\t\t\t<\/div>\n\n\t\n<p>&nbsp;<\/p>\n<p>Pron\u00e1jem\u00a0kancel\u00e1\u0159e v <strong>River Garden Office Business Centre Karl\u00edn<\/strong> \u2705 Praha 8 \u00a0se nach\u00e1z\u00ed v rychle se rozv\u00edjej\u00edc\u00ed \u010dtvrti v centru Prahy, v modern\u00edm kancel\u00e1\u0159sk\u00e9m komplexu. V kancel\u00e1\u0159sk\u00e9 budov\u011b s\u00eddl\u00ed po\u010detn\u00e1 komunita firem p\u016fsob\u00edc\u00edch v cel\u00e9 \u0159ad\u011b obor\u016f, od poradensk\u00fdch firem, p\u0159es banky, IT a\u017e po s\u00eddla FMCG firem. D\u00edky v\u00fdhodn\u00e9 poloze kancel\u00e1\u0159\u00ed lze do centra m\u011bsta snadno doj\u00edt p\u011b\u0161ky nebo dojet na kole pod\u00e9l \u0159eky. K cest\u011b do dal\u0161\u00edch \u010d\u00e1st\u00ed Prahy lze vyu\u017e\u00edt vynikaj\u00edc\u00ed spojen\u00ed hromadnou dopravou nebo autem.<\/p>\n<p><span style=\"color: #0000ff;\"><strong>V nab\u00eddce jsou:<\/strong><\/span><\/p>\n<ol>\n<li><span style=\"color: #0000ff;\"><strong>malometr\u00e1\u017en\u00ed\u00a0<\/strong>kancel\u00e1\u0159e <strong>do\u00a0100 m2\u00a0<\/strong>nebo<\/span><\/li>\n<li><span style=\"color: #0000ff;\"><strong>velkometr\u00e1\u017en\u00ed\u00a0<\/strong>kancel\u00e1\u0159e typu open-space \/ flexibiln\u011b \u0159e\u0161en\u00fdch\u00a0<strong>od 100 m2 do 2.500 m2<\/strong>.<\/span><\/li>\n<\/ol>\n<p><span style=\"color: #ff0000;\"><strong>N\u00e1\u0161 tip:<\/strong>\u00a0Za\u0161lete n\u00e1m rychl\u00fd\u00a0<span style=\"text-decoration: underline;\"><strong><a style=\"color: #ff0000; text-decoration: underline;\" href=\"\/poptavka-po-kancelarich-k-pronajmu\/\" target=\"_blank\">popt\u00e1vkov\u00fd formul\u00e1\u0159\u00a0<\/a><\/strong><\/span>a my V\u00e1m b\u011bhem 30 minut\u00a0p\u0159iprav\u00edme kompletn\u00ed nab\u00eddku dle Va\u0161ich specifikac\u00ed a bez provize.\u00a0<strong>V nab\u00eddce m\u00e1me 500 kancel\u00e1\u0159\u00ed v\u00a0cel\u00e9 Praze<\/strong>. T\u011b\u0161\u00edme se na spolupr\u00e1ci.<\/span><\/p>\n<h2>Kancel\u00e1\u0159sk\u00e1 budova River Garden<\/h2>\n<p>Ned\u00e1vno postaven\u00e1 kancel\u00e1\u0159sk\u00e1 budova nab\u00edz\u00ed velk\u00e9 mno\u017estv\u00ed p\u0159irozen\u00e9ho sv\u011btla a pohodln\u00e9 pracovn\u00ed prost\u0159ed\u00ed s v\u00fdhledem na Vltavu. Okoln\u00ed parky jsou pak skv\u011bl\u00fdm m\u00edstem k odpo\u010dinku. Karl\u00edn je tak\u00e9 zn\u00e1m\u00fd mno\u017estv\u00edm kvalitn\u00edch restaurac\u00ed, obchod\u016f a slu\u017eeb a romantick\u00fdmi uli\u010dkami a n\u00e1m\u011bst\u00edmi, kde se p\u016fvodn\u00ed secesn\u00ed budovy m\u00eds\u00ed s modern\u00ed architekturou.<\/p>\n<h2>Hlavn\u00ed v\u00fdhody kancel\u00e1\u0159\u00ed na Rohansk\u00e9m n\u00e1b\u0159e\u017e\u00ed<\/h2>\n<ul>\n<li>Pron\u00e1jem kancel\u00e1\u0159e Praha 8 &#8211; pln\u011b vybaven\u00e9 a servisovan\u00e9 kancel\u00e1\u0159sk\u00e9 prostory<\/li>\n<li>s\u00eddlo spole\u010dnosti \u2013 VIP adresa v centru Prahy<\/li>\n<li>vybaven\u00e9 zasedac\u00ed m\u00edstnosti<\/li>\n<li>recepce s administrativn\u00ed a reprezentativn\u00ed asistentkou<\/li>\n<li>nadstandardn\u011b vybaven\u00e9 z\u00e1zem\u00ed, kuchy\u0148ka, business lounge, televize, \u2026<\/li>\n<li>odpov\u00edd\u00e1n\u00ed telefonick\u00fdch hovor\u016f, zanech\u00e1v\u00e1n\u00ed vzkaz\u016f, sd\u00edlen\u00ed outlook kalend\u00e1\u0159e<\/li>\n<li>starost o ve\u0161kerou po\u0161tu (vlastn\u00ed frankovac\u00ed stroj)<\/li>\n<li>servisn\u00ed z\u00f3ny (tisk\u00e1rny, kop\u00edrovac\u00ed stroje, scannery, faxy, \u0159eza\u010dky, skartova\u010dky, laminova\u010dky, \u2026)<\/li>\n<li>ISDN, vysokorychlostn\u00ed internet a ve\u0161ker\u00e9 pot\u0159ebn\u00e9 IT v\u010detn\u011b server room,<\/li>\n<li>s\u00ed\u0165 LAN<\/li>\n<li>non-stop p\u0159\u00edstup do kancel\u00e1\u0159e k pron\u00e1jmu<\/li>\n<li>ochranka<\/li>\n<li>podzemn\u00ed parkovi\u0161t\u011b<\/li>\n<li>strategick\u00e1 poloha v rychle se rozv\u00edjej\u00edc\u00ed pra\u017esk\u00e9 \u010dtvrti Karl\u00edn, p\u00e1r minut od centra<\/li>\n<li>v\u00fdborn\u00e1 dostupnost do centra i okrajov\u00fdch \u010d\u00e1sti Prahy, velkorys\u00e9 parkovac\u00ed prostory<\/li>\n<li>nov\u011b postaven\u00e1 budova s vysok\u00fdmi standardy a nejmodern\u011bj\u0161\u00edm vybaven\u00edm<\/li>\n<li>kancel\u00e1\u0159e pln\u00e9 denn\u00edho sv\u011btla<\/li>\n<li>business lounge a zasedac\u00ed m\u00edstnosti r\u016fzn\u00fdch velikost\u00ed<\/li>\n<li>recepce a t\u00fdm asistentek pro administrativn\u00ed podporu<\/li>\n<\/ul>\n<h2>Provize za kancel\u00e1\u0159e na Rohanu<\/h2>\n<p>Ve\u0161ker\u00e9 slu\u017eby na\u0161\u00ed spole\u010dnosti a jej\u00edch makl\u00e9\u0159\u016f jsou bez provize.<\/p>\n<h2>Cena kancel\u00e1\u0159\u00ed k pron\u00e1jmu v Karl\u00edn\u011b Praha 8<\/h2>\n<p>D\u00edky velk\u00e9mu po\u010dtu nab\u00edzen\u00fdch pron\u00e1jm\u016f kancel\u00e1\u0159\u00ed\u00a0v tomto business centru, jejich variabilit\u011b a poskytovan\u00fdm slu\u017eb\u00e1m je cena sestavov\u00e1na p\u0159\u00edmo na m\u00edst\u011b b\u011bhem prohl\u00eddky centra. Za\u0161lete n\u00e1m pros\u00edm jednoduchou popt\u00e1vku nebo zavolejte na\u0161emu makl\u00e9\u0159i a on v\u0161e za\u0159\u00edd\u00ed k Va\u0161\u00ed spokojenosti.<\/p>\n<p>Nechte se p\u0159ekvapit, \u017ee i vybaven\u00e9 kancel\u00e1\u0159e k pron\u00e1jmu na Praze 8 v River Garden, poskytuj\u00edc\u00ed nadstandardn\u00ed slu\u017eby, dok\u00e1\u017e\u00ed nab\u00eddnout zaj\u00edmav\u00e9 cenov\u00e9 podm\u00ednky!<\/p>\n<p>Rychl\u00fd popt\u00e1vkov\u00fd formul\u00e1\u0159 najdete na konci textu\u00a0a makl\u00e9\u0159e zodpov\u011bdn\u00e9ho za nemovitosti v prav\u00e9m sloupci.<\/p>\n<p>e-mail:\u00a0<strong><a href=\"mailto:info@prazskekancelare.cz\">info@prazskekancelare.cz<\/a><\/strong>\u00a0\/\u00a0telefon: <strong><span style=\"color: #ff0000;\">+420 773 295 925, +420 723 984 360<\/span><\/strong><\/p>\n<h2>v\u00edce informac\u00ed o kancel\u00e1\u0159\u00edch River Garden:<\/h2>\n","protected":false},"author":1,"featured_media":1089,"comment_status":"closed","ping_status":"closed","template":"","yoast_head":"<!-- This site is optimized with the Yoast SEO plugin v16.4 - https:\/\/yoast.com\/wordpress\/plugins\/seo\/ -->\n<title>RIVER GARDEN kancel\u00e1\u0159e Karl\u00edn Praha 8 | 800 KANCEL\u00c1\u0158\u00cd &gt;&gt;<\/title>\n<meta name=\"description\" content=\"Popt\u00e1vejte kancel\u00e1\u0159e River Garden Office Karl\u00edn Praha 8 levn\u011b \u2705 | 800 kancel\u00e1\u0159\u00ed k pron\u00e1jmu v River Garden \u2705 | Nab\u00eddka kancel\u00e1\u0159\u00ed obratem | Provize 0%.\" \/>\n<meta name=\"robots\" content=\"noindex, follow, max-snippet:-1, max-image-preview:large, max-video-preview:-1\" \/>\n<meta property=\"og:locale\" content=\"cs_CZ\" \/>\n<meta property=\"og:type\" content=\"article\" \/>\n<meta property=\"og:title\" content=\"RIVER GARDEN kancel\u00e1\u0159e Karl\u00edn Praha 8 | 800 KANCEL\u00c1\u0158\u00cd &gt;&gt;\" \/>\n<meta property=\"og:description\" content=\"Popt\u00e1vejte kancel\u00e1\u0159e River Garden Office Karl\u00edn Praha 8 levn\u011b \u2705 | 800 kancel\u00e1\u0159\u00ed k pron\u00e1jmu v River Garden \u2705 | Nab\u00eddka kancel\u00e1\u0159\u00ed obratem | Provize 0%.\" \/>\n<meta property=\"og:url\" content=\"https:\/\/www.prazskekancelare.com\/test\/kancelare-k-pronajmu\/pronajem-kancelari-river-garden-karlin-praha-8\/\" \/>\n<meta property=\"og:site_name\" content=\"TEST - Pron\u00e1jem kancel\u00e1\u0159e Praha\" \/>\n<meta property=\"article:modified_time\" content=\"2019-11-02T15:57:36+00:00\" \/>\n<meta property=\"og:image\" content=\"https:\/\/www.prazskekancelare.com\/test\/wp-content\/uploads\/2015\/10\/kancelare-riverside.jpg\" \/>\n\t<meta property=\"og:image:width\" content=\"1000\" \/>\n\t<meta property=\"og:image:height\" content=\"749\" \/>\n<meta name=\"twitter:card\" content=\"summary\" \/>\n<meta name=\"twitter:label1\" content=\"Odhadovan\u00e1 doba \u010dten\u00ed\" \/>\n\t<meta name=\"twitter:data1\" content=\"3 minuty\" \/>\n<script type=\"application\/ld+json\" class=\"yoast-schema-graph\">{\"@context\":\"https:\/\/schema.org\",\"@graph\":[{\"@type\":\"Organization\",\"@id\":\"https:\/\/www.prazskekancelare.com\/test\/#organization\",\"name\":\"Pron\\u00e1jem kancel\\u00e1\\u0159e Praha\",\"url\":\"https:\/\/www.prazskekancelare.com\/test\/\",\"sameAs\":[],\"logo\":{\"@type\":\"ImageObject\",\"@id\":\"https:\/\/www.prazskekancelare.com\/test\/#logo\",\"inLanguage\":\"cs\",\"url\":\"https:\/\/www.prazskekancelare.com\/test\/wp-content\/uploads\/2018\/05\/prazske-kancelare-com-logo.png\",\"contentUrl\":\"https:\/\/www.prazskekancelare.com\/test\/wp-content\/uploads\/2018\/05\/prazske-kancelare-com-logo.png\",\"width\":242,\"height\":59,\"caption\":\"Pron\\u00e1jem kancel\\u00e1\\u0159e Praha\"},\"image\":{\"@id\":\"https:\/\/www.prazskekancelare.com\/test\/#logo\"}},{\"@type\":\"WebSite\",\"@id\":\"https:\/\/www.prazskekancelare.com\/test\/#website\",\"url\":\"https:\/\/www.prazskekancelare.com\/test\/\",\"name\":\"TEST - Pron\\u00e1jem kancel\\u00e1\\u0159e Praha\",\"description\":\"Pron\\u00e1jem kancel\\u00e1\\u0159e Praha a Kancelare Praha\",\"publisher\":{\"@id\":\"https:\/\/www.prazskekancelare.com\/test\/#organization\"},\"potentialAction\":[{\"@type\":\"SearchAction\",\"target\":\"https:\/\/www.prazskekancelare.com\/test\/?s={search_term_string}\",\"query-input\":\"required name=search_term_string\"}],\"inLanguage\":\"cs\"},{\"@type\":\"ImageObject\",\"@id\":\"https:\/\/www.prazskekancelare.com\/test\/kancelare-k-pronajmu\/pronajem-kancelari-river-garden-karlin-praha-8\/#primaryimage\",\"inLanguage\":\"cs\",\"url\":\"https:\/\/www.prazskekancelare.com\/test\/wp-content\/uploads\/2015\/10\/kancelare-riverside.jpg\",\"contentUrl\":\"https:\/\/www.prazskekancelare.com\/test\/wp-content\/uploads\/2015\/10\/kancelare-riverside.jpg\",\"width\":1000,\"height\":749,\"caption\":\"River Garden Praha 8\"},{\"@type\":\"WebPage\",\"@id\":\"https:\/\/www.prazskekancelare.com\/test\/kancelare-k-pronajmu\/pronajem-kancelari-river-garden-karlin-praha-8\/#webpage\",\"url\":\"https:\/\/www.prazskekancelare.com\/test\/kancelare-k-pronajmu\/pronajem-kancelari-river-garden-karlin-praha-8\/\",\"name\":\"RIVER GARDEN kancel\\u00e1\\u0159e Karl\\u00edn Praha 8 | 800 KANCEL\\u00c1\\u0158\\u00cd >>\",\"isPartOf\":{\"@id\":\"https:\/\/www.prazskekancelare.com\/test\/#website\"},\"primaryImageOfPage\":{\"@id\":\"https:\/\/www.prazskekancelare.com\/test\/kancelare-k-pronajmu\/pronajem-kancelari-river-garden-karlin-praha-8\/#primaryimage\"},\"datePublished\":\"2019-01-02T15:31:56+00:00\",\"dateModified\":\"2019-11-02T15:57:36+00:00\",\"description\":\"Popt\\u00e1vejte kancel\\u00e1\\u0159e River Garden Office Karl\\u00edn Praha 8 levn\\u011b \\u2705 | 800 kancel\\u00e1\\u0159\\u00ed k pron\\u00e1jmu v River Garden \\u2705 | Nab\\u00eddka kancel\\u00e1\\u0159\\u00ed obratem | Provize 0%.\",\"breadcrumb\":{\"@id\":\"https:\/\/www.prazskekancelare.com\/test\/kancelare-k-pronajmu\/pronajem-kancelari-river-garden-karlin-praha-8\/#breadcrumb\"},\"inLanguage\":\"cs\",\"potentialAction\":[{\"@type\":\"ReadAction\",\"target\":[\"https:\/\/www.prazskekancelare.com\/test\/kancelare-k-pronajmu\/pronajem-kancelari-river-garden-karlin-praha-8\/\"]}]},{\"@type\":\"BreadcrumbList\",\"@id\":\"https:\/\/www.prazskekancelare.com\/test\/kancelare-k-pronajmu\/pronajem-kancelari-river-garden-karlin-praha-8\/#breadcrumb\",\"itemListElement\":[{\"@type\":\"ListItem\",\"position\":1,\"item\":{\"@type\":\"WebPage\",\"@id\":\"https:\/\/www.prazskekancelare.com\/test\/\",\"url\":\"https:\/\/www.prazskekancelare.com\/test\/\",\"name\":\"Dom\\u016f\"}},{\"@type\":\"ListItem\",\"position\":2,\"item\":{\"@type\":\"WebPage\",\"@id\":\"https:\/\/www.prazskekancelare.com\/test\/kancelare-k-pronajmu\/\",\"url\":\"https:\/\/www.prazskekancelare.com\/test\/kancelare-k-pronajmu\/\",\"name\":\"Properties\"}},{\"@type\":\"ListItem\",\"position\":3,\"item\":{\"@id\":\"https:\/\/www.prazskekancelare.com\/test\/kancelare-k-pronajmu\/pronajem-kancelari-river-garden-karlin-praha-8\/#webpage\"}}]}]}<\/script>\n<!-- \/ Yoast SEO plugin. -->","cmb2":{"property_general":{"property_id":"ANO","property_year_built":"","property_address":"Rohansk\u00e9 n\u00e1b\u0159e\u017e\u00ed 670\/19\r\n186 00 Praha 8\r\n","property_zip":"","property_contract":"","property_gallery":"","property_plans":"","property_video":"","property_parent_property":""},"property_flags":{"property_featured":"","property_sticky":"","property_reduced":"","property_sold":""},"property_contact":{"property_contact_name":"","property_contact_phone":""},"property_pricing":{"property_price":"350","property_price_prefix":"od","property_price_suffix":"K\u010d\/m2","property_price_custom":""},"property_attributes":{"property_rooms":"ANO","property_beds":"6","property_baths":"NE","property_garages":"ANO \/ i \u010d\u00e1ste\u010dn\u011b","property_home_area":"","property_lot_dimensions":"","property_lot_area":"8 m2 - 1.000 m2"},"property_valuation":{"property_valuation_group":""},"property_public_facilities":{"property_public_facilities_group":""},"property_map_location":{"property_map_location":{"latitude":"50.0944258","longitude":"14.44914790000007"}},"property_relations":{"property_agents":["260"]}},"_links":{"self":[{"href":"https:\/\/www.prazskekancelare.com\/test\/wp-json\/wp\/v2\/property\/1093"}],"collection":[{"href":"https:\/\/www.prazskekancelare.com\/test\/wp-json\/wp\/v2\/property"}],"about":[{"href":"https:\/\/www.prazskekancelare.com\/test\/wp-json\/wp\/v2\/types\/property"}],"author":[{"embeddable":true,"href":"https:\/\/www.prazskekancelare.com\/test\/wp-json\/wp\/v2\/users\/1"}],"replies":[{"embeddable":true,"href":"https:\/\/www.prazskekancelare.com\/test\/wp-json\/wp\/v2\/comments?post=1093"}],"wp:featuredmedia":[{"embeddable":true,"href":"https:\/\/www.prazskekancelare.com\/test\/wp-json\/wp\/v2\/media\/1089"}],"wp:attachment":[{"href":"https:\/\/www.prazskekancelare.com\/test\/wp-json\/wp\/v2\/media?parent=1093"}],"curies":[{"name":"wp","href":"https:\/\/api.w.org\/{rel}","templated":true}]}}