{"id":1084,"date":"2015-10-27T16:44:29","date_gmt":"2015-10-27T15:44:29","guid":{"rendered":"https:\/\/www.prazskekancelare.com\/test\/?post_type=property&#038;p=1084"},"modified":"2019-11-02T18:12:50","modified_gmt":"2019-11-02T17:12:50","slug":"pronajem-kancelari-burzovni-palac-namesti-republiky-praha-1","status":"publish","type":"property","link":"https:\/\/www.prazskekancelare.com\/test\/kancelare-k-pronajmu\/pronajem-kancelari-burzovni-palac-namesti-republiky-praha-1\/","title":{"rendered":"Kancel\u00e1\u0159e BURZOVN\u00cd PAL\u00c1C Praha 1 <span style=\"color: #ff0000;\">TOP<\/span>"},"content":{"rendered":"\n\t<ul id=\"slideshowgallery13972\" class=\"slideshowgallery13972\" style=\"display:none;\">\n\t\t\t\t\t<!-- From all slides or gallery slides -->\n\t\t\t\t\t\t\t<li>\n\t\t\t\t\t<h3 style=\"opacity:70;\">pronajem kancelari<\/h3>\n\t\t\t\t\t\t\t\t\t\t\t<span data-alt=\"pronajem-kancelari\">https:\/\/www.prazskekancelare.com\/test\/wp-content\/uploads\/2015\/10\/pronajem-kancelari.jpg<\/span>\n\t\t\t\t\t\t\t\t\t\t<p><\/p>\n\t\t\t\t\t\t\t\t\t\t\t\t\t\t\t\t\t\t<a><img class=\"skip-lazy\" src=\"https:\/\/www.prazskekancelare.com\/test\/wp-content\/uploads\/2015\/10\/pronajem-kancelari-400x300.jpg\" alt=\"pronajem-kancelari\" \/><\/a>\n\t\t\t\t\t\t\t\t\t\t\t\t\t\t\t<\/li>\n\t\t\t\t\t\t\t<li>\n\t\t\t\t\t<h3 style=\"opacity:70;\">kancelare burzovni palac<\/h3>\n\t\t\t\t\t\t\t\t\t\t\t<span data-alt=\"kancelare-burzovni-palac\">https:\/\/www.prazskekancelare.com\/test\/wp-content\/uploads\/2015\/10\/kancelare-burzovni-palac.jpg<\/span>\n\t\t\t\t\t\t\t\t\t\t<p><\/p>\n\t\t\t\t\t\t\t\t\t\t\t\t\t\t\t\t\t\t<a><img class=\"skip-lazy\" src=\"https:\/\/www.prazskekancelare.com\/test\/wp-content\/uploads\/2015\/10\/kancelare-burzovni-palac-400x300.jpg\" alt=\"kancelare-burzovni-palac\" \/><\/a>\n\t\t\t\t\t\t\t\t\t\t\t\t\t\t\t<\/li>\n\t\t\t\t\t\t\t<li>\n\t\t\t\t\t<h3 style=\"opacity:70;\">burzovni palac kancelare k pronajmu<\/h3>\n\t\t\t\t\t\t\t\t\t\t\t<span data-alt=\"burzovni-palac-kancelare-k-pronajmu\">https:\/\/www.prazskekancelare.com\/test\/wp-content\/uploads\/2015\/10\/burzovni-palac-kancelare-k-pronajmu.jpg<\/span>\n\t\t\t\t\t\t\t\t\t\t<p><\/p>\n\t\t\t\t\t\t\t\t\t\t\t\t\t\t\t\t\t\t<a><img class=\"skip-lazy\" src=\"https:\/\/www.prazskekancelare.com\/test\/wp-content\/uploads\/2015\/10\/burzovni-palac-kancelare-k-pronajmu-400x300.jpg\" alt=\"burzovni-palac-kancelare-k-pronajmu\" \/><\/a>\n\t\t\t\t\t\t\t\t\t\t\t\t\t\t\t<\/li>\n\t\t\t\t\t\t\t<li>\n\t\t\t\t\t<h3 style=\"opacity:70;\">kancelare burza<\/h3>\n\t\t\t\t\t\t\t\t\t\t\t<span data-alt=\"kancelare-burza\">https:\/\/www.prazskekancelare.com\/test\/wp-content\/uploads\/2015\/10\/kancelare-burza.jpg<\/span>\n\t\t\t\t\t\t\t\t\t\t<p><\/p>\n\t\t\t\t\t\t\t\t\t\t\t\t\t\t\t\t\t\t<a><img class=\"skip-lazy\" src=\"https:\/\/www.prazskekancelare.com\/test\/wp-content\/uploads\/2015\/10\/kancelare-burza-400x300.jpg\" alt=\"kancelare-burza\" \/><\/a>\n\t\t\t\t\t\t\t\t\t\t\t\t\t\t\t<\/li>\n\t\t\t\t\t\t\t<li>\n\t\t\t\t\t<h3 style=\"opacity:70;\">pronajem kancelare praha 1<\/h3>\n\t\t\t\t\t\t\t\t\t\t\t<span data-alt=\"pronajem-kancelare-praha-1\">https:\/\/www.prazskekancelare.com\/test\/wp-content\/uploads\/2015\/10\/pronajem-kancelare-praha-11.jpg<\/span>\n\t\t\t\t\t\t\t\t\t\t<p><\/p>\n\t\t\t\t\t\t\t\t\t\t\t\t\t\t\t\t\t\t<a><img class=\"skip-lazy\" src=\"https:\/\/www.prazskekancelare.com\/test\/wp-content\/uploads\/2015\/10\/pronajem-kancelare-praha-11-400x300.jpg\" alt=\"pronajem-kancelare-praha-1\" \/><\/a>\n\t\t\t\t\t\t\t\t\t\t\t\t\t\t\t<\/li>\n\t\t\t\t\t\t\t<li>\n\t\t\t\t\t<h3 style=\"opacity:70;\">pronajem kancelare praha<\/h3>\n\t\t\t\t\t\t\t\t\t\t\t<span data-alt=\"pronajem-kancelare-praha\">https:\/\/www.prazskekancelare.com\/test\/wp-content\/uploads\/2015\/10\/pronajem-kancelare-praha.jpg<\/span>\n\t\t\t\t\t\t\t\t\t\t<p><\/p>\n\t\t\t\t\t\t\t\t\t\t\t\t\t\t\t\t\t\t<a><img class=\"skip-lazy\" src=\"https:\/\/www.prazskekancelare.com\/test\/wp-content\/uploads\/2015\/10\/pronajem-kancelare-praha-400x300.jpg\" alt=\"pronajem-kancelare-praha\" \/><\/a>\n\t\t\t\t\t\t\t\t\t\t\t\t\t\t\t<\/li>\n\t\t\t\t\t\t\t<li>\n\t\t\t\t\t<h3 style=\"opacity:70;\">pronajem kancelari florenc<\/h3>\n\t\t\t\t\t\t\t\t\t\t\t<span data-alt=\"pronajem-kancelari-florenc\">https:\/\/www.prazskekancelare.com\/test\/wp-content\/uploads\/2015\/10\/pronajem-kancelari-florenc1.jpg<\/span>\n\t\t\t\t\t\t\t\t\t\t<p><\/p>\n\t\t\t\t\t\t\t\t\t\t\t\t\t\t\t\t\t\t<a><img class=\"skip-lazy\" src=\"https:\/\/www.prazskekancelare.com\/test\/wp-content\/uploads\/2015\/10\/pronajem-kancelari-florenc1-400x300.jpg\" alt=\"pronajem-kancelari-florenc\" \/><\/a>\n\t\t\t\t\t\t\t\t\t\t\t\t\t\t\t<\/li>\n\t\t\t\t\t\t\t<li>\n\t\t\t\t\t<h3 style=\"opacity:70;\">pronajem kancelari na namesti republiky<\/h3>\n\t\t\t\t\t\t\t\t\t\t\t<span data-alt=\"pronajem-kancelari-na-namesti-republiky\">https:\/\/www.prazskekancelare.com\/test\/wp-content\/uploads\/2015\/10\/pronajem-kancelari-na-namesti-republiky.jpg<\/span>\n\t\t\t\t\t\t\t\t\t\t<p><\/p>\n\t\t\t\t\t\t\t\t\t\t\t\t\t\t\t\t\t\t<a><img class=\"skip-lazy\" src=\"https:\/\/www.prazskekancelare.com\/test\/wp-content\/uploads\/2015\/10\/pronajem-kancelari-na-namesti-republiky-400x300.jpg\" alt=\"pronajem-kancelari-na-namesti-republiky\" \/><\/a>\n\t\t\t\t\t\t\t\t\t\t\t\t\t\t\t<\/li>\n\t\t\t\t\t\t\t<li>\n\t\t\t\t\t<h3 style=\"opacity:70;\">pronajem kancelari na praze 1<\/h3>\n\t\t\t\t\t\t\t\t\t\t\t<span data-alt=\"pronajem-kancelari-na-praze-1\">https:\/\/www.prazskekancelare.com\/test\/wp-content\/uploads\/2015\/10\/pronajem-kancelari-na-praze-1.jpg<\/span>\n\t\t\t\t\t\t\t\t\t\t<p><\/p>\n\t\t\t\t\t\t\t\t\t\t\t\t\t\t\t\t\t\t<a><img class=\"skip-lazy\" src=\"https:\/\/www.prazskekancelare.com\/test\/wp-content\/uploads\/2015\/10\/pronajem-kancelari-na-praze-1-400x300.jpg\" alt=\"pronajem-kancelari-na-praze-1\" \/><\/a>\n\t\t\t\t\t\t\t\t\t\t\t\t\t\t\t<\/li>\n\t\t\t\t\t\t\t<li>\n\t\t\t\t\t<h3 style=\"opacity:70;\">pronajem kancelari namesti republiky<\/h3>\n\t\t\t\t\t\t\t\t\t\t\t<span data-alt=\"pronajem-kancelari-namesti-republiky\">https:\/\/www.prazskekancelare.com\/test\/wp-content\/uploads\/2015\/10\/pronajem-kancelari-namesti-republiky.jpg<\/span>\n\t\t\t\t\t\t\t\t\t\t<p><\/p>\n\t\t\t\t\t\t\t\t\t\t\t\t\t\t\t\t\t\t<a><img class=\"skip-lazy\" src=\"https:\/\/www.prazskekancelare.com\/test\/wp-content\/uploads\/2015\/10\/pronajem-kancelari-namesti-republiky-400x300.jpg\" alt=\"pronajem-kancelari-namesti-republiky\" \/><\/a>\n\t\t\t\t\t\t\t\t\t\t\t\t\t\t\t<\/li>\n\t\t\t\t\t\t\t<li>\n\t\t\t\t\t<h3 style=\"opacity:70;\">kancelare k pronajmu praha 1<\/h3>\n\t\t\t\t\t\t\t\t\t\t\t<span data-alt=\"kancelare-k-pronajmu-praha-1\">https:\/\/www.prazskekancelare.com\/test\/wp-content\/uploads\/2015\/10\/kancelare-k-pronajmu-praha-1.jpg<\/span>\n\t\t\t\t\t\t\t\t\t\t<p><\/p>\n\t\t\t\t\t\t\t\t\t\t\t\t\t\t\t\t\t\t<a><img class=\"skip-lazy\" src=\"https:\/\/www.prazskekancelare.com\/test\/wp-content\/uploads\/2015\/10\/kancelare-k-pronajmu-praha-1-400x300.jpg\" alt=\"kancelare-k-pronajmu-praha-1\" \/><\/a>\n\t\t\t\t\t\t\t\t\t\t\t\t\t\t\t<\/li>\n\t\t\t\t\t\t<\/ul>\n\n\t\t<div id=\"slideshow-wrappergallery13972\" class=\"slideshow-wrapper\" style=\"--slideshow-width:1336px\">\n\t\t\n\t\t<div class=\"slideshow-fullsize\" id=\"fullsizegallery13972\">\n\t\t\t\t\t\t\t\t\t\t\t\t\t\t<div id=\"imgprevgallery13972\" class=\"slideshow-imgprev imgnav\" title=\"Previous Image\">Previous Image<\/div>\n\t\t\t\t\t\t<a id=\"imglinkgallery13972\" class=\"slideshow-imglink imglink\">\n\t\t\t\t<!-- link -->\n\t\t\t<\/a>\n\t\t\t\t\t\t\t\t\t\t\t<div id=\"imgnextgallery13972\" class=\"slideshow-imgnext imgnav\" title=\"Next Image\">Next Image<\/div>\n\t\t\t\t\t\t<div id=\"imagegallery13972\" class=\"slideshow-image\"><\/div>\n\t\t\t<div class=\"slideshow-information infobottom\" id=\"informationgallery13972\">\n\t\t\t\t<h3 class=\"slideshow-info-heading\">info heading<\/h3>\n\t\t\t\t<p class=\"slideshow-info-content\">info content<\/p>\n\t\t\t<\/div>\n\t\t<\/div>\n\n\t\t\t\t\t<div id=\"thumbnailsgallery13972\" class=\"slideshow-thumbnails thumbsbot\">\n\t\t\t\t<div class=\"slideshow-slideleft\" id=\"slideleftgallery13972\" title=\"Slide Left\"><\/div>\n\t\t\t\t<div class=\"slideshow-slidearea\" id=\"slideareagallery13972\">\n\t\t\t\t\t<div class=\"slideshow-slider\" id=\"slidergallery13972\"><\/div>\n\t\t\t\t<\/div>\n\t\t\t\t<div class=\"slideshow-slideright\" id=\"sliderightgallery13972\" title=\"Slide Right\"><\/div>\n\t\t\t\t<br style=\"clear:both; visibility:hidden; height:1px;\" \/>\n\t\t\t<\/div>\n\t\t\t<\/div>\n\n\t\n<p>&nbsp;<\/p>\n<p>Nab\u00edz\u00edme<strong> kancel\u00e1\u0159e\u00a0Burzovn\u00ed Pal\u00e1c\u00a0\u2705<\/strong> &#8211; malometr\u00e1\u017en\u00ed i velkometr\u00e1\u017en\u00ed kancel\u00e1\u0159e od 5 do 1000m2 v <strong>(PSE &#8211;<\/strong>\u00a0<strong>Prague Stock Exchange Offices)<\/strong> s\u00eddl\u00edc\u00ed p\u0159\u00edmo v srdci Prahy. V jeho pas\u00e1\u017ei najdete \u0159adu obchod\u016f a slu\u017eeb jako nap\u0159\u00edklad arabskou restauraci, pek\u00e1rnu, po\u0161tu, vin\u00e1rnu, \u010dist\u00edrnu od\u011bv\u016f, solarium a tiskoviny. V bl\u00edzkosti centra \u010dek\u00e1 na klienta v\u0161e, co pot\u0159ebuje pro podporu sv\u00e9ho podnik\u00e1n\u00ed, obchodu: hotely, restaurace, po\u0161ty, banky, obchodn\u00ed d\u016fm, divadla. Velkou v\u00fdhodou je tak\u00e9 bl\u00edzkost m\u011bstsk\u00e9 hromadn\u00e9 dopravy, snadn\u00e9 spojen\u00ed na mezin\u00e1rodn\u00ed leti\u0161t\u011b Ruzyn\u011b a podzemn\u00ed parkovi\u0161t\u011b. Tyto kancel\u00e1\u0159e k pron\u00e1jmu centrum Prahy jsou velmi obl\u00edben\u00e9 p\u0159ev\u00e1\u017en\u011b d\u00edky lukrativn\u00ed adrese v reprezentativn\u00ed \u010d\u00e1sti hlavn\u00edho m\u011bsta.<\/p>\n<p><span style=\"color: #0000ff;\"><strong>V nab\u00eddce jsou:<\/strong><\/span><\/p>\n<ol>\n<li><span style=\"color: #0000ff;\"><strong> malometr\u00e1\u017en\u00ed\u00a0<\/strong>vybaven\u00e9 kancel\u00e1\u0159e\u00a0<strong>od 8 m2\u00a0<\/strong>nebo<\/span><\/li>\n<li><span style=\"color: #0000ff;\"><strong>velkometr\u00e1\u017en\u00ed\u00a0<\/strong>kancel\u00e1\u0159e typu open-space\u00a0<strong>od 100 m2 do 1.400 m2<\/strong>.<\/span><\/li>\n<\/ol>\n<p><span style=\"color: #ff0000;\"><strong>N\u00e1\u0161 tip:<\/strong>\u00a0Za\u0161lete n\u00e1m rychl\u00fd\u00a0<span style=\"text-decoration: underline;\"><strong><a style=\"color: #ff0000; text-decoration: underline;\" href=\"\/poptavka-po-kancelarich-k-pronajmu\/\" target=\"_blank\">popt\u00e1vkov\u00fd formul\u00e1\u0159\u00a0<\/a><\/strong><\/span>a my V\u00e1m b\u011bhem 30 minut\u00a0p\u0159iprav\u00edme kompletn\u00ed nab\u00eddku dle Va\u0161ich specifikac\u00ed a bez provize.\u00a0<strong>V nab\u00eddce m\u00e1me 1000 kancel\u00e1\u0159\u00ed v Praze<\/strong>. T\u011b\u0161\u00edme se na spolupr\u00e1ci.<\/span><\/p>\n<h2>Pron\u00e1jem kancel\u00e1\u0159\u00ed Burzovn\u00ed Pal\u00e1c &#8211; budova<\/h2>\n<p>Presti\u017en\u00ed kancel\u00e1\u0159sk\u00e9 prostory se nach\u00e1z\u00ed v prvn\u00edm pat\u0159e modern\u00ed budovy Pra\u017esk\u00e9 burzy v historick\u00e9m srdci m\u011bsta, kter\u00e9 je hnac\u00edm motorem n\u00e1rodn\u00ed ekonomiky. Pra\u017esk\u00e1 burza je exkluzivn\u00edm m\u00edstem s ide\u00e1ln\u00ed polohou pobl\u00ed\u017e evropsk\u00fdch centr\u00e1l mnoha nadn\u00e1rodn\u00edch spole\u010dnost\u00ed. Povaha struktury pra\u017esk\u00e9 ekonomiky se p\u0159esunula od pr\u016fmyslu ke slu\u017eb\u00e1m, jako jsou finance a obchod, ve kter\u00fdch pracuje v\u011bt\u0161ina pr\u00e1ceschopn\u00fdch obyvatel Prahy. Zastoupen\u00ed maj\u00ed v\u0161ak tak\u00e9 odv\u011btv\u00ed, jako je farmaceutick\u00fd pr\u016fmysl, tiska\u0159stv\u00ed, potravin\u00e1\u0159stv\u00ed, v\u00fdroba dopravn\u00edch za\u0159\u00edzen\u00ed, po\u010d\u00edta\u010dov\u00e9 technologie a elektrotechnika. Jeliko\u017e se jedn\u00e1 o hlavn\u00ed m\u011bsto \u010cesk\u00e9 republiky, je zde spousta r\u016fzn\u00fdch instituc\u00ed ve\u0159ejn\u00e9 spr\u00e1vy. Tak\u00e9 je zde mnoho spole\u010dnost\u00ed orientovan\u00fdch na turismus, jako jsou hotely a restaurace. V budov\u011b Pra\u017esk\u00e9 burzy je restaurace, ale jsou zde i obchody, bary, kina, divadla a dostupn\u00e1 ve\u0159ejn\u00e1 doprava.<\/p>\n<h2>Kancel\u00e1\u0159e k pron\u00e1jmu PSE (Prague Stock Exchange) &#8211; popis<\/h2>\n<p>Skv\u011ble situovan\u00e9, modern\u00ed centrum nab\u00edz\u00ed za\u0159\u00edzen\u00e9 kancel\u00e1\u0159sk\u00e9 prostory, zasedac\u00ed m\u00edstnosti na kr\u00e1tkodob\u00fd i dlouhodob\u00fd pron\u00e1jem a samoz\u0159ejm\u011b mo\u017enost registrace s\u00eddla spole\u010dnosti. Jedn\u00e1 se o full service centrum, tzn. pln\u011b vybaven\u00e9 a servisovan\u00e9 kancel\u00e1\u0159e a zasedac\u00ed m\u00edstnosti, v\u010detn\u011b ve\u0161ker\u00e9 administrativn\u00ed i jin\u00e9 podpory ze strany asistentek. Klient se m\u016f\u017ee pln\u011b v\u011bnovat sv\u00e9 \u010dinnosti a kolektiv centra za\u0159\u00edd\u00ed ve\u0161ker\u00e9 slu\u017eby kolem. Nab\u00edz\u00edme opravdu nejlep\u0161\u00ed kancel\u00e1\u0159e v Praze.<\/p>\n<h2>Hlavn\u00ed v\u00fdhody vybaven\u00fdch a malometr\u00e1\u017en\u00edch kancel\u00e1\u0159\u00ed Praha 1<\/h2>\n<ul>\n<li>Pron\u00e1jem kancel\u00e1\u0159e Praha 1\u00a0&#8211; pln\u011b vybaven\u00e9 a servisovan\u00e9 kancel\u00e1\u0159sk\u00e9 prostory<\/li>\n<li>s\u00eddlo spole\u010dnosti \u2013 VIP adresa v centru Prahy<\/li>\n<li>vybaven\u00e9 zasedac\u00ed m\u00edstnosti<\/li>\n<li>recepce s administrativn\u00ed a reprezentativn\u00ed asistentkou<\/li>\n<li>nadstandardn\u011b vybaven\u00e9 z\u00e1zem\u00ed, kuchy\u0148ka, business lounge, televize, \u2026<\/li>\n<li>odpov\u00edd\u00e1n\u00ed telefonick\u00fdch hovor\u016f, zanech\u00e1v\u00e1n\u00ed vzkaz\u016f, sd\u00edlen\u00ed outlook kalend\u00e1\u0159e<\/li>\n<li>starost o ve\u0161kerou po\u0161tu (vlastn\u00ed frankovac\u00ed stroj)<\/li>\n<li>servisn\u00ed z\u00f3ny (tisk\u00e1rny, kop\u00edrovac\u00ed stroje, scannery, faxy, \u0159eza\u010dky, skartova\u010dky, laminova\u010dky, \u2026)<\/li>\n<li>ISDN, vysokorychlostn\u00ed internet a ve\u0161ker\u00e9 pot\u0159ebn\u00e9 IT v\u010detn\u011b server room,<\/li>\n<li>s\u00ed\u0165 LAN<\/li>\n<li>non-stop p\u0159\u00edstup do kancel\u00e1\u0159e, ochranka<\/li>\n<li>podzemn\u00ed parkovi\u0161t\u011b<\/li>\n<\/ul>\n<h2>Kancel\u00e1\u0159e Burzovn\u00ed Pal\u00e1c Business Centre &#8211; bez provize<\/h2>\n<p>Ve\u0161ker\u00e9 slu\u017eby na\u0161\u00ed spole\u010dnosti a jej\u00edch makl\u00e9\u0159\u016f jsou bez provize.<\/p>\n<h2>Cena malometr\u00e1\u017en\u00edch a velkometr\u00e1\u017en\u00edch kancel\u00e1\u0159\u00ed<\/h2>\n<p>D\u00edky velk\u00e9mu po\u010dtu nab\u00edzen\u00fdch kancel\u00e1\u0159\u00ed k pron\u00e1jmu\u00a0v tomto business centru, jejich variabilit\u011b a poskytovan\u00fdm slu\u017eb\u00e1m je cena sestavov\u00e1na p\u0159\u00edmo na m\u00edst\u011b b\u011bhem prohl\u00eddky centra. Za\u0161lete n\u00e1m pros\u00edm jednoduchou popt\u00e1vku nebo zavolejte na\u0161emu makl\u00e9\u0159i a on v\u0161e za\u0159\u00edd\u00ed k Va\u0161\u00ed spokojenosti.<\/p>\n<p>Nechte se p\u0159ekvapit, \u017ee i vybaven\u00e9 kancel\u00e1\u0159e k pron\u00e1jmu Praha 1 v Burzovn\u00edm Pal\u00e1ci, poskytuj\u00edc\u00ed nadstandardn\u00ed slu\u017eby, dok\u00e1\u017ee nab\u00eddnout zaj\u00edmav\u00e9 cenov\u00e9 podm\u00ednky!<\/p>\n<p>Rychl\u00fd popt\u00e1vkov\u00fd formul\u00e1\u0159 najdete na konci textu\u00a0a makl\u00e9\u0159e zodpov\u011bdn\u00e9ho za nemovitosti v prav\u00e9m sloupci.<\/p>\n<p>e-mail:\u00a0<strong><a href=\"mailto:info@prazskekancelare.cz\">info@prazskekancelare.cz<\/a><\/strong>\u00a0\/\u00a0telefon: <strong><span style=\"color: #ff0000;\">+420 773 295 925, +420 723 984 360<\/span><\/strong><\/p>\n<h2>v\u00edce informac\u00ed o malometr\u00e1\u017en\u00edch kancel\u00e1\u0159\u00edch v centru:<\/h2>\n","protected":false},"author":1,"featured_media":1074,"comment_status":"closed","ping_status":"closed","template":"","yoast_head":"<!-- This site is optimized with the Yoast SEO plugin v16.4 - https:\/\/yoast.com\/wordpress\/plugins\/seo\/ -->\n<title>BURZOVN\u00cd PAL\u00c1C Kancel\u00e1\u0159e N\u00e1m\u011bst\u00ed Republiky | V\u00fdhodn\u011b &gt;&gt;<\/title>\n<meta name=\"description\" content=\"Popt\u00e1vejte kancel\u00e1\u0159e Burzovn\u00ed Pal\u00e1c \u2705 (Prague Stock Exchange Offices) N\u00e1m\u011bst\u00ed Republiky Praha 1 \u2705| 1000 Kancel\u00e1\u0159\u00ed k pron\u00e1jmu v Praze BEZ provize.\" \/>\n<meta name=\"robots\" content=\"noindex, follow, max-snippet:-1, max-image-preview:large, max-video-preview:-1\" \/>\n<meta property=\"og:locale\" content=\"cs_CZ\" \/>\n<meta property=\"og:type\" content=\"article\" \/>\n<meta property=\"og:title\" content=\"BURZOVN\u00cd PAL\u00c1C Kancel\u00e1\u0159e N\u00e1m\u011bst\u00ed Republiky | V\u00fdhodn\u011b &gt;&gt;\" \/>\n<meta property=\"og:description\" content=\"Popt\u00e1vejte kancel\u00e1\u0159e Burzovn\u00ed Pal\u00e1c \u2705 (Prague Stock Exchange Offices) N\u00e1m\u011bst\u00ed Republiky Praha 1 \u2705| 1000 Kancel\u00e1\u0159\u00ed k pron\u00e1jmu v Praze BEZ provize.\" \/>\n<meta property=\"og:url\" content=\"https:\/\/www.prazskekancelare.com\/test\/kancelare-k-pronajmu\/pronajem-kancelari-burzovni-palac-namesti-republiky-praha-1\/\" \/>\n<meta property=\"og:site_name\" content=\"TEST - Pron\u00e1jem kancel\u00e1\u0159e Praha\" \/>\n<meta property=\"article:modified_time\" content=\"2019-11-02T17:12:50+00:00\" \/>\n<meta property=\"og:image\" content=\"https:\/\/www.prazskekancelare.com\/test\/wp-content\/uploads\/2015\/10\/kancelare-burza.jpg\" \/>\n\t<meta property=\"og:image:width\" content=\"1000\" \/>\n\t<meta property=\"og:image:height\" content=\"582\" \/>\n<meta name=\"twitter:card\" content=\"summary\" \/>\n<meta name=\"twitter:label1\" content=\"Odhadovan\u00e1 doba \u010dten\u00ed\" \/>\n\t<meta name=\"twitter:data1\" content=\"4 minuty\" \/>\n<script type=\"application\/ld+json\" class=\"yoast-schema-graph\">{\"@context\":\"https:\/\/schema.org\",\"@graph\":[{\"@type\":\"Organization\",\"@id\":\"https:\/\/www.prazskekancelare.com\/test\/#organization\",\"name\":\"Pron\\u00e1jem kancel\\u00e1\\u0159e Praha\",\"url\":\"https:\/\/www.prazskekancelare.com\/test\/\",\"sameAs\":[],\"logo\":{\"@type\":\"ImageObject\",\"@id\":\"https:\/\/www.prazskekancelare.com\/test\/#logo\",\"inLanguage\":\"cs\",\"url\":\"https:\/\/www.prazskekancelare.com\/test\/wp-content\/uploads\/2018\/05\/prazske-kancelare-com-logo.png\",\"contentUrl\":\"https:\/\/www.prazskekancelare.com\/test\/wp-content\/uploads\/2018\/05\/prazske-kancelare-com-logo.png\",\"width\":242,\"height\":59,\"caption\":\"Pron\\u00e1jem kancel\\u00e1\\u0159e Praha\"},\"image\":{\"@id\":\"https:\/\/www.prazskekancelare.com\/test\/#logo\"}},{\"@type\":\"WebSite\",\"@id\":\"https:\/\/www.prazskekancelare.com\/test\/#website\",\"url\":\"https:\/\/www.prazskekancelare.com\/test\/\",\"name\":\"TEST - Pron\\u00e1jem kancel\\u00e1\\u0159e Praha\",\"description\":\"Pron\\u00e1jem kancel\\u00e1\\u0159e Praha a Kancelare Praha\",\"publisher\":{\"@id\":\"https:\/\/www.prazskekancelare.com\/test\/#organization\"},\"potentialAction\":[{\"@type\":\"SearchAction\",\"target\":\"https:\/\/www.prazskekancelare.com\/test\/?s={search_term_string}\",\"query-input\":\"required name=search_term_string\"}],\"inLanguage\":\"cs\"},{\"@type\":\"ImageObject\",\"@id\":\"https:\/\/www.prazskekancelare.com\/test\/kancelare-k-pronajmu\/pronajem-kancelari-burzovni-palac-namesti-republiky-praha-1\/#primaryimage\",\"inLanguage\":\"cs\",\"url\":\"https:\/\/www.prazskekancelare.com\/test\/wp-content\/uploads\/2015\/10\/kancelare-burza.jpg\",\"contentUrl\":\"https:\/\/www.prazskekancelare.com\/test\/wp-content\/uploads\/2015\/10\/kancelare-burza.jpg\",\"width\":1000,\"height\":582,\"caption\":\"Burzovn\\u00ed Pal\\u00e1c Praha 1 kancel\\u00e1\\u0159e k pron\\u00e1jmu\"},{\"@type\":\"WebPage\",\"@id\":\"https:\/\/www.prazskekancelare.com\/test\/kancelare-k-pronajmu\/pronajem-kancelari-burzovni-palac-namesti-republiky-praha-1\/#webpage\",\"url\":\"https:\/\/www.prazskekancelare.com\/test\/kancelare-k-pronajmu\/pronajem-kancelari-burzovni-palac-namesti-republiky-praha-1\/\",\"name\":\"BURZOVN\\u00cd PAL\\u00c1C Kancel\\u00e1\\u0159e N\\u00e1m\\u011bst\\u00ed Republiky | V\\u00fdhodn\\u011b >>\",\"isPartOf\":{\"@id\":\"https:\/\/www.prazskekancelare.com\/test\/#website\"},\"primaryImageOfPage\":{\"@id\":\"https:\/\/www.prazskekancelare.com\/test\/kancelare-k-pronajmu\/pronajem-kancelari-burzovni-palac-namesti-republiky-praha-1\/#primaryimage\"},\"datePublished\":\"2015-10-27T15:44:29+00:00\",\"dateModified\":\"2019-11-02T17:12:50+00:00\",\"description\":\"Popt\\u00e1vejte kancel\\u00e1\\u0159e Burzovn\\u00ed Pal\\u00e1c \\u2705 (Prague Stock Exchange Offices) N\\u00e1m\\u011bst\\u00ed Republiky Praha 1 \\u2705| 1000 Kancel\\u00e1\\u0159\\u00ed k pron\\u00e1jmu v Praze BEZ provize.\",\"breadcrumb\":{\"@id\":\"https:\/\/www.prazskekancelare.com\/test\/kancelare-k-pronajmu\/pronajem-kancelari-burzovni-palac-namesti-republiky-praha-1\/#breadcrumb\"},\"inLanguage\":\"cs\",\"potentialAction\":[{\"@type\":\"ReadAction\",\"target\":[\"https:\/\/www.prazskekancelare.com\/test\/kancelare-k-pronajmu\/pronajem-kancelari-burzovni-palac-namesti-republiky-praha-1\/\"]}]},{\"@type\":\"BreadcrumbList\",\"@id\":\"https:\/\/www.prazskekancelare.com\/test\/kancelare-k-pronajmu\/pronajem-kancelari-burzovni-palac-namesti-republiky-praha-1\/#breadcrumb\",\"itemListElement\":[{\"@type\":\"ListItem\",\"position\":1,\"item\":{\"@type\":\"WebPage\",\"@id\":\"https:\/\/www.prazskekancelare.com\/test\/\",\"url\":\"https:\/\/www.prazskekancelare.com\/test\/\",\"name\":\"Dom\\u016f\"}},{\"@type\":\"ListItem\",\"position\":2,\"item\":{\"@type\":\"WebPage\",\"@id\":\"https:\/\/www.prazskekancelare.com\/test\/kancelare-k-pronajmu\/\",\"url\":\"https:\/\/www.prazskekancelare.com\/test\/kancelare-k-pronajmu\/\",\"name\":\"Properties\"}},{\"@type\":\"ListItem\",\"position\":3,\"item\":{\"@id\":\"https:\/\/www.prazskekancelare.com\/test\/kancelare-k-pronajmu\/pronajem-kancelari-burzovni-palac-namesti-republiky-praha-1\/#webpage\"}}]}]}<\/script>\n<!-- \/ Yoast SEO plugin. -->","cmb2":{"property_general":{"property_id":"ANO","property_year_built":"","property_address":"Rybn\u00e1 14, \r\n110 00 Praha 1\r\n","property_zip":"","property_contract":"","property_gallery":"","property_plans":"","property_video":"","property_parent_property":""},"property_flags":{"property_featured":"","property_sticky":"","property_reduced":"","property_sold":""},"property_contact":{"property_contact_name":"","property_contact_phone":""},"property_pricing":{"property_price":"350","property_price_prefix":"od","property_price_suffix":"K\u010d\/m2","property_price_custom":""},"property_attributes":{"property_rooms":"ANO","property_beds":"6","property_baths":"NE","property_garages":"ANO \/ i \u010d\u00e1ste\u010dn\u011b","property_home_area":"","property_lot_dimensions":"","property_lot_area":"8 m2 - 1.750 m2"},"property_valuation":{"property_valuation_group":""},"property_public_facilities":{"property_public_facilities_group":""},"property_map_location":{"property_map_location":{"latitude":"50.0894552","longitude":"14.426615999999967"}},"property_relations":{"property_agents":["260"]}},"_links":{"self":[{"href":"https:\/\/www.prazskekancelare.com\/test\/wp-json\/wp\/v2\/property\/1084"}],"collection":[{"href":"https:\/\/www.prazskekancelare.com\/test\/wp-json\/wp\/v2\/property"}],"about":[{"href":"https:\/\/www.prazskekancelare.com\/test\/wp-json\/wp\/v2\/types\/property"}],"author":[{"embeddable":true,"href":"https:\/\/www.prazskekancelare.com\/test\/wp-json\/wp\/v2\/users\/1"}],"replies":[{"embeddable":true,"href":"https:\/\/www.prazskekancelare.com\/test\/wp-json\/wp\/v2\/comments?post=1084"}],"wp:featuredmedia":[{"embeddable":true,"href":"https:\/\/www.prazskekancelare.com\/test\/wp-json\/wp\/v2\/media\/1074"}],"wp:attachment":[{"href":"https:\/\/www.prazskekancelare.com\/test\/wp-json\/wp\/v2\/media?parent=1084"}],"curies":[{"name":"wp","href":"https:\/\/api.w.org\/{rel}","templated":true}]}}