{"id":1058,"date":"2018-04-23T17:25:24","date_gmt":"2018-04-23T15:25:24","guid":{"rendered":"https:\/\/www.prazskekancelare.com\/test\/?post_type=property&#038;p=1058"},"modified":"2021-04-14T15:19:58","modified_gmt":"2021-04-14T13:19:58","slug":"pronajem-kancelari-city-empiria-pankrac-business-center-praha-4","status":"publish","type":"property","link":"https:\/\/www.prazskekancelare.com\/test\/kancelare-k-pronajmu\/pronajem-kancelari-city-empiria-pankrac-business-center-praha-4\/","title":{"rendered":"City Empiria Pankr\u00e1c Tower Praha 4 <span style=\"color: #ff0000;\">TIP<\/span>"},"content":{"rendered":"\n\t<ul id=\"slideshowgallery12181\" class=\"slideshowgallery12181\" style=\"display:none;\">\n\t\t\t\t\t<!-- From all slides or gallery slides -->\n\t\t\t\t\t\t\t<li>\n\t\t\t\t\t<h3 style=\"opacity:70;\">pronajem kancelari nabrezi<\/h3>\n\t\t\t\t\t\t\t\t\t\t\t<span data-alt=\"pronajem-kancelari-nabrezi\">https:\/\/www.prazskekancelare.com\/test\/wp-content\/uploads\/2015\/10\/pronajem-kancelari-nabrezi.jpg<\/span>\n\t\t\t\t\t\t\t\t\t\t<p><\/p>\n\t\t\t\t\t\t\t\t\t\t\t\t\t\t\t\t\t\t<a><img class=\"skip-lazy\" src=\"https:\/\/www.prazskekancelare.com\/test\/wp-content\/uploads\/2015\/10\/pronajem-kancelari-nabrezi-400x300.jpg\" alt=\"pronajem-kancelari-nabrezi\" \/><\/a>\n\t\t\t\t\t\t\t\t\t\t\t\t\t\t\t<\/li>\n\t\t\t\t\t\t\t<li>\n\t\t\t\t\t<h3 style=\"opacity:70;\">pronajemkancelareempiria<\/h3>\n\t\t\t\t\t\t\t\t\t\t\t<span data-alt=\"pronajemkancelareempiria\">https:\/\/www.prazskekancelare.com\/test\/wp-content\/uploads\/2018\/11\/pronajemkancelareempiria.jpg<\/span>\n\t\t\t\t\t\t\t\t\t\t<p><\/p>\n\t\t\t\t\t\t\t\t\t\t\t\t\t\t\t\t\t\t<a><img class=\"skip-lazy\" src=\"https:\/\/www.prazskekancelare.com\/test\/wp-content\/uploads\/2018\/11\/pronajemkancelareempiria-300x225.jpg\" alt=\"pronajemkancelareempiria\" \/><\/a>\n\t\t\t\t\t\t\t\t\t\t\t\t\t\t\t<\/li>\n\t\t\t\t\t\t\t<li>\n\t\t\t\t\t<h3 style=\"opacity:70;\">praha4kancelare<\/h3>\n\t\t\t\t\t\t\t\t\t\t\t<span data-alt=\"praha4kancelare\">https:\/\/www.prazskekancelare.com\/test\/wp-content\/uploads\/2018\/11\/praha4kancelare.jpg<\/span>\n\t\t\t\t\t\t\t\t\t\t<p><\/p>\n\t\t\t\t\t\t\t\t\t\t\t\t\t\t\t\t\t\t<a><img class=\"skip-lazy\" src=\"https:\/\/www.prazskekancelare.com\/test\/wp-content\/uploads\/2018\/11\/praha4kancelare-300x225.jpg\" alt=\"praha4kancelare\" \/><\/a>\n\t\t\t\t\t\t\t\t\t\t\t\t\t\t\t<\/li>\n\t\t\t\t\t\t\t<li>\n\t\t\t\t\t<h3 style=\"opacity:70;\">cityempiria<\/h3>\n\t\t\t\t\t\t\t\t\t\t\t<span data-alt=\"cityempiria\">https:\/\/www.prazskekancelare.com\/test\/wp-content\/uploads\/2018\/11\/cityempiria.jpg<\/span>\n\t\t\t\t\t\t\t\t\t\t<p><\/p>\n\t\t\t\t\t\t\t\t\t\t\t\t\t\t\t\t\t\t<a><img class=\"skip-lazy\" src=\"https:\/\/www.prazskekancelare.com\/test\/wp-content\/uploads\/2018\/11\/cityempiria-400x300.jpg\" alt=\"cityempiria\" \/><\/a>\n\t\t\t\t\t\t\t\t\t\t\t\t\t\t\t<\/li>\n\t\t\t\t\t\t\t<li>\n\t\t\t\t\t<h3 style=\"opacity:70;\">arkadypankracpraha4kancelare<\/h3>\n\t\t\t\t\t\t\t\t\t\t\t<span data-alt=\"arkadypankracpraha4kancelare\">https:\/\/www.prazskekancelare.com\/test\/wp-content\/uploads\/2018\/11\/arkadypankracpraha4kancelare.jpg<\/span>\n\t\t\t\t\t\t\t\t\t\t<p><\/p>\n\t\t\t\t\t\t\t\t\t\t\t\t\t\t\t\t\t\t<a><img class=\"skip-lazy\" src=\"https:\/\/www.prazskekancelare.com\/test\/wp-content\/uploads\/2018\/11\/arkadypankracpraha4kancelare-400x300.jpg\" alt=\"arkadypankracpraha4kancelare\" \/><\/a>\n\t\t\t\t\t\t\t\t\t\t\t\t\t\t\t<\/li>\n\t\t\t\t\t\t\t<li>\n\t\t\t\t\t<h3 style=\"opacity:70;\">city empiria kancelare vybavene<\/h3>\n\t\t\t\t\t\t\t\t\t\t\t<span data-alt=\"city-empiria-kancelare-vybavene\">https:\/\/www.prazskekancelare.com\/test\/wp-content\/uploads\/2019\/12\/city-empiria-kancelare-vybavene.jpg<\/span>\n\t\t\t\t\t\t\t\t\t\t<p><\/p>\n\t\t\t\t\t\t\t\t\t\t\t\t\t\t\t\t\t\t<a><img class=\"skip-lazy\" src=\"https:\/\/www.prazskekancelare.com\/test\/wp-content\/uploads\/2019\/12\/city-empiria-kancelare-vybavene-400x300.jpg\" alt=\"city-empiria-kancelare-vybavene\" \/><\/a>\n\t\t\t\t\t\t\t\t\t\t\t\t\t\t\t<\/li>\n\t\t\t\t\t\t\t<li>\n\t\t\t\t\t<h3 style=\"opacity:70;\">empiria tower kancelare levne<\/h3>\n\t\t\t\t\t\t\t\t\t\t\t<span data-alt=\"empiria-tower-kancelare-levne\">https:\/\/www.prazskekancelare.com\/test\/wp-content\/uploads\/2019\/12\/empiria-tower-kancelare-levne.jpg<\/span>\n\t\t\t\t\t\t\t\t\t\t<p><\/p>\n\t\t\t\t\t\t\t\t\t\t\t\t\t\t\t\t\t\t<a><img class=\"skip-lazy\" src=\"https:\/\/www.prazskekancelare.com\/test\/wp-content\/uploads\/2019\/12\/empiria-tower-kancelare-levne-400x300.jpg\" alt=\"empiria-tower-kancelare-levne\" \/><\/a>\n\t\t\t\t\t\t\t\t\t\t\t\t\t\t\t<\/li>\n\t\t\t\t\t\t\t<li>\n\t\t\t\t\t<h3 style=\"opacity:70;\">City Empiria<\/h3>\n\t\t\t\t\t\t\t\t\t\t\t<span data-alt=\"city-empiria\">https:\/\/www.prazskekancelare.com\/test\/wp-content\/uploads\/2019\/12\/city-empiria.jpg<\/span>\n\t\t\t\t\t\t\t\t\t\t<p><\/p>\n\t\t\t\t\t\t\t\t\t\t\t\t\t\t\t\t\t\t<a><img class=\"skip-lazy\" src=\"https:\/\/www.prazskekancelare.com\/test\/wp-content\/uploads\/2019\/12\/city-empiria-400x300.jpg\" alt=\"city-empiria\" \/><\/a>\n\t\t\t\t\t\t\t\t\t\t\t\t\t\t\t<\/li>\n\t\t\t\t\t\t\t<li>\n\t\t\t\t\t<h3 style=\"opacity:70;\">empiria kancel\u00e1\u0159e pankr\u00e1c<\/h3>\n\t\t\t\t\t\t\t\t\t\t\t<span data-alt=\"empiria-kancele-pankrc\">https:\/\/www.prazskekancelare.com\/test\/wp-content\/uploads\/2019\/12\/empiria-kancelare-pankrac.jpg<\/span>\n\t\t\t\t\t\t\t\t\t\t<p><\/p>\n\t\t\t\t\t\t\t\t\t\t\t\t\t\t\t\t\t\t<a><img class=\"skip-lazy\" src=\"https:\/\/www.prazskekancelare.com\/test\/wp-content\/uploads\/2019\/12\/empiria-kancelare-pankrac-400x300.jpg\" alt=\"empiria-kancele-pankrc\" \/><\/a>\n\t\t\t\t\t\t\t\t\t\t\t\t\t\t\t<\/li>\n\t\t\t\t\t\t\t<li>\n\t\t\t\t\t<h3 style=\"opacity:70;\">pronajemkancelarepankrac<\/h3>\n\t\t\t\t\t\t\t\t\t\t\t<span data-alt=\"pronajemkancelarepankrac\">https:\/\/www.prazskekancelare.com\/test\/wp-content\/uploads\/2018\/11\/pronajemkancelarepankrac1.jpg<\/span>\n\t\t\t\t\t\t\t\t\t\t<p><\/p>\n\t\t\t\t\t\t\t\t\t\t\t\t\t\t\t\t\t\t<a><img class=\"skip-lazy\" src=\"https:\/\/www.prazskekancelare.com\/test\/wp-content\/uploads\/2018\/11\/pronajemkancelarepankrac1-300x225.jpg\" alt=\"pronajemkancelarepankrac\" \/><\/a>\n\t\t\t\t\t\t\t\t\t\t\t\t\t\t\t<\/li>\n\t\t\t\t\t\t\t<li>\n\t\t\t\t\t<h3 style=\"opacity:70;\">pronajem kancelari praha 4<\/h3>\n\t\t\t\t\t\t\t\t\t\t\t<span data-alt=\"pronajem-kancelari-praha-4\">https:\/\/www.prazskekancelare.com\/test\/wp-content\/uploads\/2015\/10\/pronajem-kancelari-praha-4.jpg<\/span>\n\t\t\t\t\t\t\t\t\t\t<p><\/p>\n\t\t\t\t\t\t\t\t\t\t\t\t\t\t\t\t\t\t<a><img class=\"skip-lazy\" src=\"https:\/\/www.prazskekancelare.com\/test\/wp-content\/uploads\/2015\/10\/pronajem-kancelari-praha-4-400x300.jpg\" alt=\"pronajem-kancelari-praha-4\" \/><\/a>\n\t\t\t\t\t\t\t\t\t\t\t\t\t\t\t<\/li>\n\t\t\t\t\t\t\t<li>\n\t\t\t\t\t<h3 style=\"opacity:70;\">empirie kancelare k pronajmu<\/h3>\n\t\t\t\t\t\t\t\t\t\t\t<span data-alt=\"empirie-kancelare-k-pronajmu\">https:\/\/www.prazskekancelare.com\/test\/wp-content\/uploads\/2015\/10\/empirie-kancelare-k-pronajmu.jpg<\/span>\n\t\t\t\t\t\t\t\t\t\t<p><\/p>\n\t\t\t\t\t\t\t\t\t\t\t\t\t\t\t\t\t\t<a><img class=\"skip-lazy\" src=\"https:\/\/www.prazskekancelare.com\/test\/wp-content\/uploads\/2015\/10\/empirie-kancelare-k-pronajmu-400x300.jpg\" alt=\"empirie-kancelare-k-pronajmu\" \/><\/a>\n\t\t\t\t\t\t\t\t\t\t\t\t\t\t\t<\/li>\n\t\t\t\t\t\t\t<li>\n\t\t\t\t\t<h3 style=\"opacity:70;\">emprira II<\/h3>\n\t\t\t\t\t\t\t\t\t\t\t<span data-alt=\"emprira-ii\">https:\/\/www.prazskekancelare.com\/test\/wp-content\/uploads\/2015\/10\/emprira-ii.jpg<\/span>\n\t\t\t\t\t\t\t\t\t\t<p><\/p>\n\t\t\t\t\t\t\t\t\t\t\t\t\t\t\t\t\t\t<a><img class=\"skip-lazy\" src=\"https:\/\/www.prazskekancelare.com\/test\/wp-content\/uploads\/2015\/10\/emprira-ii-400x300.jpg\" alt=\"emprira-ii\" \/><\/a>\n\t\t\t\t\t\t\t\t\t\t\t\t\t\t\t<\/li>\n\t\t\t\t\t\t\t<li>\n\t\t\t\t\t<h3 style=\"opacity:70;\">kancelare k pronajmu praha 4<\/h3>\n\t\t\t\t\t\t\t\t\t\t\t<span data-alt=\"kancelare-k-pronajmu-praha-4\">https:\/\/www.prazskekancelare.com\/test\/wp-content\/uploads\/2015\/10\/kancelare-k-pronajmu-praha-4.jpg<\/span>\n\t\t\t\t\t\t\t\t\t\t<p><\/p>\n\t\t\t\t\t\t\t\t\t\t\t\t\t\t\t\t\t\t<a><img class=\"skip-lazy\" src=\"https:\/\/www.prazskekancelare.com\/test\/wp-content\/uploads\/2015\/10\/kancelare-k-pronajmu-praha-4-400x300.jpg\" alt=\"kancelare-k-pronajmu-praha-4\" \/><\/a>\n\t\t\t\t\t\t\t\t\t\t\t\t\t\t\t<\/li>\n\t\t\t\t\t\t\t<li>\n\t\t\t\t\t<h3 style=\"opacity:70;\">kancelare na pronajem praha 4<\/h3>\n\t\t\t\t\t\t\t\t\t\t\t<span data-alt=\"kancelare-na-pronajem-praha-4\">https:\/\/www.prazskekancelare.com\/test\/wp-content\/uploads\/2015\/10\/kancelare-na-pronajem-praha-4.jpg<\/span>\n\t\t\t\t\t\t\t\t\t\t<p><\/p>\n\t\t\t\t\t\t\t\t\t\t\t\t\t\t\t\t\t\t<a><img class=\"skip-lazy\" src=\"https:\/\/www.prazskekancelare.com\/test\/wp-content\/uploads\/2015\/10\/kancelare-na-pronajem-praha-4-400x300.jpg\" alt=\"kancelare-na-pronajem-praha-4\" \/><\/a>\n\t\t\t\t\t\t\t\t\t\t\t\t\t\t\t<\/li>\n\t\t\t\t\t\t\t<li>\n\t\t\t\t\t<h3 style=\"opacity:70;\">kancelare praha 4<\/h3>\n\t\t\t\t\t\t\t\t\t\t\t<span data-alt=\"kancelare-praha-4\">https:\/\/www.prazskekancelare.com\/test\/wp-content\/uploads\/2015\/10\/kancelare-praha-4.jpg<\/span>\n\t\t\t\t\t\t\t\t\t\t<p><\/p>\n\t\t\t\t\t\t\t\t\t\t\t\t\t\t\t\t\t\t<a><img class=\"skip-lazy\" src=\"https:\/\/www.prazskekancelare.com\/test\/wp-content\/uploads\/2015\/10\/kancelare-praha-4-400x300.jpg\" alt=\"kancelare-praha-4\" \/><\/a>\n\t\t\t\t\t\t\t\t\t\t\t\t\t\t\t<\/li>\n\t\t\t\t\t\t\t<li>\n\t\t\t\t\t<h3 style=\"opacity:70;\">praha 4 kancelare<\/h3>\n\t\t\t\t\t\t\t\t\t\t\t<span data-alt=\"praha-4-kancelare\">https:\/\/www.prazskekancelare.com\/test\/wp-content\/uploads\/2015\/10\/praha-4-kancelare.jpg<\/span>\n\t\t\t\t\t\t\t\t\t\t<p><\/p>\n\t\t\t\t\t\t\t\t\t\t\t\t\t\t\t\t\t\t<a><img class=\"skip-lazy\" src=\"https:\/\/www.prazskekancelare.com\/test\/wp-content\/uploads\/2015\/10\/praha-4-kancelare-400x300.jpg\" alt=\"praha-4-kancelare\" \/><\/a>\n\t\t\t\t\t\t\t\t\t\t\t\t\t\t\t<\/li>\n\t\t\t\t\t\t\t<li>\n\t\t\t\t\t<h3 style=\"opacity:70;\">pronajem kancelare na praze 4<\/h3>\n\t\t\t\t\t\t\t\t\t\t\t<span data-alt=\"pronajem-kancelare-na-praze-4\">https:\/\/www.prazskekancelare.com\/test\/wp-content\/uploads\/2015\/10\/pronajem-kancelare-na-praze-4.jpg<\/span>\n\t\t\t\t\t\t\t\t\t\t<p><\/p>\n\t\t\t\t\t\t\t\t\t\t\t\t\t\t\t\t\t\t<a><img class=\"skip-lazy\" src=\"https:\/\/www.prazskekancelare.com\/test\/wp-content\/uploads\/2015\/10\/pronajem-kancelare-na-praze-4-400x300.jpg\" alt=\"pronajem-kancelare-na-praze-4\" \/><\/a>\n\t\t\t\t\t\t\t\t\t\t\t\t\t\t\t<\/li>\n\t\t\t\t\t\t\t<li>\n\t\t\t\t\t<h3 style=\"opacity:70;\">pronajem kancelare pankrac<\/h3>\n\t\t\t\t\t\t\t\t\t\t\t<span data-alt=\"pronajem-kancelare-pankrac\">https:\/\/www.prazskekancelare.com\/test\/wp-content\/uploads\/2015\/10\/pronajem-kancelare-pankrac.jpg<\/span>\n\t\t\t\t\t\t\t\t\t\t<p><\/p>\n\t\t\t\t\t\t\t\t\t\t\t\t\t\t\t\t\t\t<a><img class=\"skip-lazy\" src=\"https:\/\/www.prazskekancelare.com\/test\/wp-content\/uploads\/2015\/10\/pronajem-kancelare-pankrac-400x300.jpg\" alt=\"pronajem-kancelare-pankrac\" \/><\/a>\n\t\t\t\t\t\t\t\t\t\t\t\t\t\t\t<\/li>\n\t\t\t\t\t\t\t<li>\n\t\t\t\t\t<h3 style=\"opacity:70;\">city empiria kancel\u00e1\u0159e k pron\u00e1jmu<\/h3>\n\t\t\t\t\t\t\t\t\t\t\t<span data-alt=\"city-empiria-kancele-k-pronjmu\">https:\/\/www.prazskekancelare.com\/test\/wp-content\/uploads\/2019\/12\/city-empiria-kancelare-k-pronajmu.jpg<\/span>\n\t\t\t\t\t\t\t\t\t\t<p><\/p>\n\t\t\t\t\t\t\t\t\t\t\t\t\t\t\t\t\t\t<a><img class=\"skip-lazy\" src=\"https:\/\/www.prazskekancelare.com\/test\/wp-content\/uploads\/2019\/12\/city-empiria-kancelare-k-pronajmu-400x300.jpg\" alt=\"city-empiria-kancele-k-pronjmu\" \/><\/a>\n\t\t\t\t\t\t\t\t\t\t\t\t\t\t\t<\/li>\n\t\t\t\t\t\t<\/ul>\n\n\t\t<div id=\"slideshow-wrappergallery12181\" class=\"slideshow-wrapper\" style=\"--slideshow-width:2380px\">\n\t\t\n\t\t<div class=\"slideshow-fullsize\" id=\"fullsizegallery12181\">\n\t\t\t\t\t\t\t\t\t\t\t\t\t\t<div id=\"imgprevgallery12181\" class=\"slideshow-imgprev imgnav\" title=\"Previous Image\">Previous Image<\/div>\n\t\t\t\t\t\t<a id=\"imglinkgallery12181\" class=\"slideshow-imglink imglink\">\n\t\t\t\t<!-- link -->\n\t\t\t<\/a>\n\t\t\t\t\t\t\t\t\t\t\t<div id=\"imgnextgallery12181\" class=\"slideshow-imgnext imgnav\" title=\"Next Image\">Next Image<\/div>\n\t\t\t\t\t\t<div id=\"imagegallery12181\" class=\"slideshow-image\"><\/div>\n\t\t\t<div class=\"slideshow-information infobottom\" id=\"informationgallery12181\">\n\t\t\t\t<h3 class=\"slideshow-info-heading\">info heading<\/h3>\n\t\t\t\t<p class=\"slideshow-info-content\">info content<\/p>\n\t\t\t<\/div>\n\t\t<\/div>\n\n\t\t\t\t\t<div id=\"thumbnailsgallery12181\" class=\"slideshow-thumbnails thumbsbot\">\n\t\t\t\t<div class=\"slideshow-slideleft\" id=\"slideleftgallery12181\" title=\"Slide Left\"><\/div>\n\t\t\t\t<div class=\"slideshow-slidearea\" id=\"slideareagallery12181\">\n\t\t\t\t\t<div class=\"slideshow-slider\" id=\"slidergallery12181\"><\/div>\n\t\t\t\t<\/div>\n\t\t\t\t<div class=\"slideshow-slideright\" id=\"sliderightgallery12181\" title=\"Slide Right\"><\/div>\n\t\t\t\t<br style=\"clear:both; visibility:hidden; height:1px;\" \/>\n\t\t\t<\/div>\n\t\t\t<\/div>\n\n\t\n<p>&nbsp;<\/p>\n<p>Nab\u00edz\u00edme <strong>kancel\u00e1\u0159e\u00a0City Empiria Pankr\u00e1c<\/strong> Praha 4 \u2705 v\u00a0notoricky zn\u00e1m\u00e9, vysokopodla\u017en\u00ed budov\u011b\u00a0na metru Pankr\u00e1c. Ta je se sv\u00fdmi 104 metry dominantou pra\u017esk\u00e9 \u010dtvrti Pankr\u00e1c a nach\u00e1z\u00ed p\u0159\u00edmo na metru Pankr\u00e1c a v bezprost\u0159edn\u00ed bl\u00edzkosti pra\u017esk\u00e9 magistr\u00e1ly s p\u0159\u00edm\u00fdm napojen\u00edm na d\u00e1lnici D1 a vynikaj\u00edc\u00ed konektivitou i na ostatn\u00ed pra\u017esk\u00e9 v\u00fdpadovky. Aktu\u00e1ln\u011b se <strong>CITY EMPIRIA<\/strong> p\u0159ejmenovala na <strong>EMPIRIA Tower<\/strong>, ale to nic neubral ona jej\u00ed atraktivit\u011b u v\u011bt\u0161iny spole\u010dnost\u00ed. Doporu\u010dujeme prohl\u00eddku BEZ provize. Zabere n\u011bkolik minut a jsme si jist\u00ed, \u017ee budete nad\u0161eni.<\/p>\n<h2><strong>City Empiria Pankr\u00e1c &#8211; kancel\u00e1\u0159e <\/strong><span style=\"color: #ff0000;\"><em>(mal\u00e9 i velk\u00e9)<\/em><\/span><\/h2>\n<ul>\n<li><strong>od 5 m2:\u00a0<\/strong>\u00a0pro mal\u00e9 spole\u010dnost, za\u010d\u00ednaj\u00edc\u00ed podnikatele \/ \u017eivnostn\u00edky, virtu\u00e1ln\u00ed s\u00eddla, ale tak\u00e9 co-working, flexi m\u00edsto, \u2026<\/li>\n<li><strong>od 100 m2 \u2013 5.000 m2:<\/strong>\u00a0pro v\u011bt\u0161\u00ed \/ velk\u00e9 spole\u010dnosti, cel\u00e1 patra, velk\u00e9 \u00faspory, open space kancel\u00e1\u0159e nebo d\u011bliteln\u00e9 kancel\u00e1\u0159e \u2013\u00a0<strong>velmi v\u00fdhodn\u00e9!<span style=\"color: #ff0000;\">\u00a0<\/span><\/strong><span style=\"color: #ff0000;\"><em>(spo\u010d\u00edt\u00e1me v\u00e1m Zdarma \u00faspory)<\/em><\/span><\/li>\n<\/ul>\n<p><strong>Popt\u00e1vejte IHNED nez\u00e1vazn\u011b | V\u00fdhodn\u00e9 ceny a BEZ provize:<\/strong><\/p>\n<div id=\"attachment_3617\" style=\"width: 310px\" class=\"wp-caption alignnone\"><a href=\"\/poptavka-po-kancelarich-k-pronajmu\/\" target=\"_blank\" rel=\"noopener noreferrer\"><img aria-describedby=\"caption-attachment-3617\" loading=\"lazy\" class=\"wp-image-3617 size-medium\" src=\"https:\/\/www.prazskekancelare.com\/test\/wp-content\/uploads\/2019\/12\/kancelare-5-5000m-300x46.png\" alt=\"city empiria pankr\u00e1c\" width=\"300\" height=\"46\" srcset=\"https:\/\/www.prazskekancelare.com\/test\/wp-content\/uploads\/2019\/12\/kancelare-5-5000m-300x46.png 300w, https:\/\/www.prazskekancelare.com\/test\/wp-content\/uploads\/2019\/12\/kancelare-5-5000m-1024x156.png 1024w\" sizes=\"(max-width: 300px) 100vw, 300px\" \/><\/a><p id=\"caption-attachment-3617\" class=\"wp-caption-text\"><span style=\"color: #ffffff;\">city empiria pankr\u00e1c<\/span><\/p><\/div>\n<h2>Voln\u00e9 kancel\u00e1\u0159e City Empiria Tower<\/h2>\n<p><span style=\"color: #0000ff;\"><strong>Patro\u00a0| V\u00fdm\u011bra<\/strong><\/span><\/p>\n<p><span style=\"color: #0000ff;\">5. patro <strong>(vybaven\u00e9 kancel\u00e1\u0159e)<\/strong> | 5 m2, 10 m2, 18 m2, 22 m2, 35 m2, 41 m2, 55 m2, 67 m2, 80 m2<\/span><br \/>\n<span style=\"color: #0000ff;\"> 8. patro | 266 m2<\/span><br \/>\n<span style=\"color: #0000ff;\"> 9. patro | 124 m2<\/span><br \/>\n<span style=\"color: #0000ff;\"> 10. patro | 373 m2<\/span><br \/>\n<span style=\"color: #0000ff;\"> 13. patro | 484 m2, 505 m2, 1200 m2<\/span><br \/>\n<span style=\"color: #0000ff;\"> 25. patro | 636 m2, 850 m2, 2057 m2, 3250 m2 + mnoho dal\u0161\u00edch!<\/span><\/p>\n<p><strong><span style=\"color: #ff0000;\">POZOR:<\/span><\/strong> Nab\u00eddka se m\u011bn\u00ed ka\u017ed\u00fd den. Aktu\u00e1ln\u011b voln\u00e9 kancel\u00e1\u0159e za\u0161leme do 30 minut.<\/p>\n<h2>Lokalita kancel\u00e1\u0159\u00ed na Pankr\u00e1ci v City Empiria<\/h2>\n<p>Lokalita Pankr\u00e1ce m\u00e1 tak\u00e9 vynikaj\u00edc\u00ed infrastrukturu se snadn\u00fdm parkov\u00e1n\u00edm, s mno\u017estv\u00edm gastronomick\u00fdch, hotelov\u00fdch a jin\u00fdch slu\u017eeb, kter\u00e9 se v posledn\u00ed dob\u011b \u010d\u00edm d\u00e1l rychleji rozv\u00edjej\u00ed tak\u00e9 d\u00edky mohutn\u00e9 developersk\u00e9 v\u00fdstavb\u011b jak reziden\u010dn\u00edch tak komer\u010dn\u00edch budov, \u010d\u00edm\u017e l\u00e1k\u00e1 mno\u017estv\u00ed v\u00fdznamn\u00fdch \u010desk\u00fdch i nadn\u00e1rodn\u00edch spole\u010dnost\u00ed p\u0159edev\u0161\u00edm z oblasti ICT jako jsou nap\u0159. Microsoft, Hewlett Packard, Dell, Oracle, Telefonica a mnoho dal\u0161\u00edch. Nen\u00ed divu, \u017ee je tato \u010d\u00e1st Prahy s nads\u00e1zkou ozna\u010dov\u00e1na jako \u201epra\u017esk\u00e9 silicon valley\u201c.<br \/>\nBl\u00edzkost obchodn\u00edho centra Ark\u00e1dy k budov\u011b s <strong>kancel\u00e1\u0159emi City Empiria<\/strong> zase poskytuje ve\u0161kerou podporu pro p\u0159\u00edpadn\u00e1 obchodn\u00ed jedn\u00e1n\u00ed v kav\u00e1rn\u00e1ch, pizzeri\u00edch a ostatn\u00edch restaurac\u00edch. Pro klienty a n\u00e1v\u0161t\u011bvn\u00edky je p\u0159ipraveno parkovi\u0161t\u011b a 50 metr\u016f vzd\u00e1len\u00e1 stanice metra C.<\/p>\n<h2>Popis kancel\u00e1\u0159\u00ed k pron\u00e1jmu v City Empiria na Pankr\u00e1ci<\/h2>\n<p>Modern\u011b vybaven\u00e9 <strong>kancel\u00e1\u0159e City Empiria<\/strong> k pron\u00e1jmu Praha 4 se nach\u00e1z\u00ed v druh\u00e9 nejvy\u0161\u0161\u00ed budov\u011b v \u010cR s kr\u00e1sn\u00fdm v\u00fdhledem na Prahu. Pron\u00e1jem kancel\u00e1\u0159\u00ed Pankr\u00e1c je d\u00edky sv\u00e9 skv\u011bl\u00e9 poloze uprost\u0159ed business z\u00f3ny vyhled\u00e1v\u00e1no spole\u010dnostmi, kter\u00e9 up\u0159ednost\u0148uj\u00ed tep obchodn\u00edch z\u00f3n a vyhled\u00e1vaj\u00ed velk\u00fd obchodn\u00ed potenci\u00e1l v podob\u011b okoln\u00edch spole\u010dnost\u00ed a ve\u0161ker\u00fdch s t\u00edm spojen\u00fdch p\u0159\u00edle\u017eitost\u00ed. K dispozici jsou zde pln\u011b a modern\u011b vybaven\u00e9 kancel\u00e1\u0159e, zasedac\u00ed m\u00edstnosti, business lounge, kuchy\u0148ka, recepce, servisn\u00ed z\u00f3na a ve\u0161ker\u00e1 podpora od kolektivu centra.<br \/>\nV\u00fdborn\u011b situovan\u00e9, nadstandardn\u011b vybaven\u00e9 kancel\u00e1\u0159e k pron\u00e1jmu Pankr\u00e1c nab\u00edz\u00ed vybaven\u00e9 prostory, zasedac\u00ed m\u00edstnosti na kr\u00e1tkodob\u00fd i dlouhodob\u00fd pron\u00e1jem kancel\u00e1\u0159\u00ed a samoz\u0159ejm\u011b mo\u017enost registrace s\u00eddla spole\u010dnosti. Jedn\u00e1 se o full service centrum, tzn. pln\u011b vybaven\u00e9 a servisovan\u00e9 kancel\u00e1\u0159e a zasedac\u00ed m\u00edstnosti, v\u010detn\u011b ve\u0161ker\u00e9 administrativn\u00ed i jin\u00e9 podpory ze strany asistentek. Klient se m\u016f\u017ee pln\u011b v\u011bnovat sv\u00e9 \u010dinnosti a kolektiv centra za\u0159\u00edd\u00ed ve\u0161ker\u00e9 slu\u017eby kolem.<\/p>\n<p>Centrum je obl\u00edbeno d\u00edky v\u00fdborn\u00e9mu pom\u011bru kvalita\/cena.<\/p>\n<h2>V\u00fdhody kancel\u00e1\u0159\u00ed na Pankr\u00e1ci<\/h2>\n<ul>\n<li>pln\u011b vybaven\u00e9 i nevybaven\u00e9 kancel\u00e1\u0159e (je to na v\u00e1s)<\/li>\n<li><span style=\"text-decoration: underline;\">kancel\u00e1\u0159e od 5 m2 do 4.000 m2<\/span><\/li>\n<li>registrace s\u00eddla spole\u010dnosti \u2013 VIP adresa<\/li>\n<li>vybaven\u00e9 zasedac\u00ed m\u00edstnosti &#8211; 3x<\/li>\n<li>recepce s administrativn\u00ed a reprezentativn\u00ed asistentkou<\/li>\n<li>nadstandardn\u011b vybaven\u00e9 z\u00e1zem\u00ed kancel\u00e1\u0159\u00ed, kuchy\u0148ka, business lounge, televize, \u2026<\/li>\n<li>odpov\u00edd\u00e1n\u00ed telefonick\u00fdch hovor\u016f, zanech\u00e1v\u00e1n\u00ed vzkaz\u016f, sd\u00edlen\u00ed outlook kalend\u00e1\u0159e<\/li>\n<li>starost o ve\u0161kerou po\u0161tu (vlastn\u00ed frankovac\u00ed stroj)<\/li>\n<li>servisn\u00ed z\u00f3ny (tisk\u00e1rny, kop\u00edrovac\u00ed stroje, scannery, faxy, \u0159eza\u010dky, skartova\u010dky, laminova\u010dky, \u2026)<\/li>\n<li>s\u00ed\u0165 LAN, ISDN, vysokorychlostn\u00ed internet a ve\u0161ker\u00e9 pot\u0159ebn\u00e9 IT v\u010detn\u011b server room,<\/li>\n<li>non-stop p\u0159\u00edstup do kancel\u00e1\u0159e, ochranka, parkovi\u0161t\u011b<\/li>\n<\/ul>\n<h2>Kancel\u00e1\u0159e Empiria BEZ provize<\/h2>\n<p>Ve\u0161ker\u00e9 slu\u017eby na\u0161\u00ed spole\u010dnosti a jej\u00edch makl\u00e9\u0159\u016f jsou bez provize.<\/p>\n<h2>Cena kancel\u00e1\u0159\u00ed na Pankr\u00e1ci v City Empiria<\/h2>\n<p>D\u00edky velk\u00e9mu po\u010dtu nab\u00edzen\u00fdch pron\u00e1jmu <strong>kancel\u00e1\u0159\u00ed v City Empiria Tower<\/strong> v tomto business centru, jejich variabilit\u011b a poskytovan\u00fdm slu\u017eb\u00e1m je cena sestavov\u00e1na p\u0159\u00edmo na m\u00edst\u011b b\u011bhem prohl\u00eddky centra. Za\u0161lete n\u00e1m pros\u00edm jednoduchou popt\u00e1vku nebo zavolejte na\u0161emu makl\u00e9\u0159i a on v\u0161e za\u0159\u00edd\u00ed k Va\u0161\u00ed spokojenosti.<\/p>\n<p>Nechte se p\u0159ekvapit, \u017ee i vybaven\u00e9 kancel\u00e1\u0159sk\u00e9 centrum, poskytuj\u00edc\u00ed nadstandardn\u00ed slu\u017eby, dok\u00e1\u017ee nab\u00eddnout zaj\u00edmav\u00e9 cenov\u00e9 podm\u00ednky!<\/p>\n<p>Rychl\u00fd popt\u00e1vkov\u00fd formul\u00e1\u0159 najdete na konci textu\u00a0a makl\u00e9\u0159e zodpov\u011bdn\u00e9ho za nemovitosti v prav\u00e9m sloupci.<\/p>\n<p>e-mail:\u00a0<strong><a href=\"mailto:info@prazskekancelare.cz\">info@prazskekancelare.cz<\/a><\/strong>\u00a0\/\u00a0telefon: <strong><span style=\"color: #ff0000;\">+420 773 295 925, +420 723 984 360<\/span><\/strong><\/p>\n<div id=\"attachment_3618\" style=\"width: 310px\" class=\"wp-caption alignnone\"><a href=\"https:\/\/www.prazskekancelare.com\/test\/poptavka-po-kancelarich-k-pronajmu\/\" target=\"_blank\" rel=\"noopener noreferrer\"><img aria-describedby=\"caption-attachment-3618\" loading=\"lazy\" class=\"wp-image-3618 size-medium\" src=\"https:\/\/www.prazskekancelare.com\/test\/wp-content\/uploads\/2019\/12\/nabidky-do-30-minut-300x46.png\" alt=\"CITY EMPIRIA\" width=\"300\" height=\"46\" srcset=\"https:\/\/www.prazskekancelare.com\/test\/wp-content\/uploads\/2019\/12\/nabidky-do-30-minut-300x46.png 300w, https:\/\/www.prazskekancelare.com\/test\/wp-content\/uploads\/2019\/12\/nabidky-do-30-minut-1024x156.png 1024w\" sizes=\"(max-width: 300px) 100vw, 300px\" \/><\/a><p id=\"caption-attachment-3618\" class=\"wp-caption-text\"><span style=\"color: #ffffff;\">CITY EMPIRIA<\/span><\/p><\/div>\n<h2>V\u00edce informac\u00ed o kancel\u00e1\u0159\u00edch CITY EMPIRIA u D1:<\/h2>\n","protected":false},"author":1,"featured_media":3653,"comment_status":"closed","ping_status":"closed","template":"","yoast_head":"<!-- This site is optimized with the Yoast SEO plugin v16.4 - https:\/\/yoast.com\/wordpress\/plugins\/seo\/ -->\n<title>CITY EMPIRIA Pankr\u00e1c \u2764\ufe0f | Empiria TOWER Na str\u017ei 65 | LEVN\u011a!<\/title>\n<meta name=\"description\" content=\"Popt\u00e1vejte CITY EMPIRIA Pankr\u00e1c Tower Praha 4. Empiria Tower Na Str\u017ei 65 LEVN\u011a. Kancel\u00e1\u0159e od 5 - 5.000m v City Empiria bez provize.\u2714\ufe0f\" \/>\n<meta name=\"robots\" content=\"noindex, follow, max-snippet:-1, max-image-preview:large, max-video-preview:-1\" \/>\n<meta property=\"og:locale\" content=\"cs_CZ\" \/>\n<meta property=\"og:type\" content=\"article\" \/>\n<meta property=\"og:title\" content=\"CITY EMPIRIA Pankr\u00e1c \u2764\ufe0f | Empiria TOWER Na str\u017ei 65 | LEVN\u011a!\" \/>\n<meta property=\"og:description\" content=\"Popt\u00e1vejte CITY EMPIRIA Pankr\u00e1c Tower Praha 4. Empiria Tower Na Str\u017ei 65 LEVN\u011a. Kancel\u00e1\u0159e od 5 - 5.000m v City Empiria bez provize.\u2714\ufe0f\" \/>\n<meta property=\"og:url\" content=\"https:\/\/www.prazskekancelare.com\/test\/kancelare-k-pronajmu\/pronajem-kancelari-city-empiria-pankrac-business-center-praha-4\/\" \/>\n<meta property=\"og:site_name\" content=\"TEST - Pron\u00e1jem kancel\u00e1\u0159e Praha\" \/>\n<meta property=\"article:modified_time\" content=\"2021-04-14T13:19:58+00:00\" \/>\n<meta property=\"og:image\" content=\"https:\/\/www.prazskekancelare.com\/test\/wp-content\/uploads\/2019\/12\/city-empiria.jpg\" \/>\n\t<meta property=\"og:image:width\" content=\"1024\" \/>\n\t<meta property=\"og:image:height\" content=\"599\" \/>\n<meta name=\"twitter:card\" content=\"summary\" \/>\n<meta name=\"twitter:label1\" content=\"Odhadovan\u00e1 doba \u010dten\u00ed\" \/>\n\t<meta name=\"twitter:data1\" content=\"5 minut\" \/>\n<script type=\"application\/ld+json\" class=\"yoast-schema-graph\">{\"@context\":\"https:\/\/schema.org\",\"@graph\":[{\"@type\":\"Organization\",\"@id\":\"https:\/\/www.prazskekancelare.com\/test\/#organization\",\"name\":\"Pron\\u00e1jem kancel\\u00e1\\u0159e Praha\",\"url\":\"https:\/\/www.prazskekancelare.com\/test\/\",\"sameAs\":[],\"logo\":{\"@type\":\"ImageObject\",\"@id\":\"https:\/\/www.prazskekancelare.com\/test\/#logo\",\"inLanguage\":\"cs\",\"url\":\"https:\/\/www.prazskekancelare.com\/test\/wp-content\/uploads\/2018\/05\/prazske-kancelare-com-logo.png\",\"contentUrl\":\"https:\/\/www.prazskekancelare.com\/test\/wp-content\/uploads\/2018\/05\/prazske-kancelare-com-logo.png\",\"width\":242,\"height\":59,\"caption\":\"Pron\\u00e1jem kancel\\u00e1\\u0159e Praha\"},\"image\":{\"@id\":\"https:\/\/www.prazskekancelare.com\/test\/#logo\"}},{\"@type\":\"WebSite\",\"@id\":\"https:\/\/www.prazskekancelare.com\/test\/#website\",\"url\":\"https:\/\/www.prazskekancelare.com\/test\/\",\"name\":\"TEST - Pron\\u00e1jem kancel\\u00e1\\u0159e Praha\",\"description\":\"Pron\\u00e1jem kancel\\u00e1\\u0159e Praha a Kancelare Praha\",\"publisher\":{\"@id\":\"https:\/\/www.prazskekancelare.com\/test\/#organization\"},\"potentialAction\":[{\"@type\":\"SearchAction\",\"target\":\"https:\/\/www.prazskekancelare.com\/test\/?s={search_term_string}\",\"query-input\":\"required name=search_term_string\"}],\"inLanguage\":\"cs\"},{\"@type\":\"ImageObject\",\"@id\":\"https:\/\/www.prazskekancelare.com\/test\/kancelare-k-pronajmu\/pronajem-kancelari-city-empiria-pankrac-business-center-praha-4\/#primaryimage\",\"inLanguage\":\"cs\",\"url\":\"https:\/\/www.prazskekancelare.com\/test\/wp-content\/uploads\/2019\/12\/city-empiria.jpg\",\"contentUrl\":\"https:\/\/www.prazskekancelare.com\/test\/wp-content\/uploads\/2019\/12\/city-empiria.jpg\",\"width\":1024,\"height\":599,\"caption\":\"City Empiria\"},{\"@type\":\"WebPage\",\"@id\":\"https:\/\/www.prazskekancelare.com\/test\/kancelare-k-pronajmu\/pronajem-kancelari-city-empiria-pankrac-business-center-praha-4\/#webpage\",\"url\":\"https:\/\/www.prazskekancelare.com\/test\/kancelare-k-pronajmu\/pronajem-kancelari-city-empiria-pankrac-business-center-praha-4\/\",\"name\":\"CITY EMPIRIA Pankr\\u00e1c \\u2764\\ufe0f | Empiria TOWER Na str\\u017ei 65 | LEVN\\u011a!\",\"isPartOf\":{\"@id\":\"https:\/\/www.prazskekancelare.com\/test\/#website\"},\"primaryImageOfPage\":{\"@id\":\"https:\/\/www.prazskekancelare.com\/test\/kancelare-k-pronajmu\/pronajem-kancelari-city-empiria-pankrac-business-center-praha-4\/#primaryimage\"},\"datePublished\":\"2018-04-23T15:25:24+00:00\",\"dateModified\":\"2021-04-14T13:19:58+00:00\",\"description\":\"Popt\\u00e1vejte CITY EMPIRIA Pankr\\u00e1c Tower Praha 4. Empiria Tower Na Str\\u017ei 65 LEVN\\u011a. Kancel\\u00e1\\u0159e od 5 - 5.000m v City Empiria bez provize.\\u2714\\ufe0f\",\"breadcrumb\":{\"@id\":\"https:\/\/www.prazskekancelare.com\/test\/kancelare-k-pronajmu\/pronajem-kancelari-city-empiria-pankrac-business-center-praha-4\/#breadcrumb\"},\"inLanguage\":\"cs\",\"potentialAction\":[{\"@type\":\"ReadAction\",\"target\":[\"https:\/\/www.prazskekancelare.com\/test\/kancelare-k-pronajmu\/pronajem-kancelari-city-empiria-pankrac-business-center-praha-4\/\"]}]},{\"@type\":\"BreadcrumbList\",\"@id\":\"https:\/\/www.prazskekancelare.com\/test\/kancelare-k-pronajmu\/pronajem-kancelari-city-empiria-pankrac-business-center-praha-4\/#breadcrumb\",\"itemListElement\":[{\"@type\":\"ListItem\",\"position\":1,\"item\":{\"@type\":\"WebPage\",\"@id\":\"https:\/\/www.prazskekancelare.com\/test\/\",\"url\":\"https:\/\/www.prazskekancelare.com\/test\/\",\"name\":\"Dom\\u016f\"}},{\"@type\":\"ListItem\",\"position\":2,\"item\":{\"@type\":\"WebPage\",\"@id\":\"https:\/\/www.prazskekancelare.com\/test\/kancelare-k-pronajmu\/\",\"url\":\"https:\/\/www.prazskekancelare.com\/test\/kancelare-k-pronajmu\/\",\"name\":\"Properties\"}},{\"@type\":\"ListItem\",\"position\":3,\"item\":{\"@id\":\"https:\/\/www.prazskekancelare.com\/test\/kancelare-k-pronajmu\/pronajem-kancelari-city-empiria-pankrac-business-center-praha-4\/#webpage\"}}]}]}<\/script>\n<!-- \/ Yoast SEO plugin. -->","cmb2":{"property_general":{"property_id":"ANO","property_year_built":"","property_address":"Na str\u017ei 65, \r\n140 00 Praha 4\r\n","property_zip":"","property_contract":"","property_gallery":"","property_plans":"","property_video":"","property_parent_property":""},"property_flags":{"property_featured":"","property_sticky":"","property_reduced":"","property_sold":""},"property_contact":{"property_contact_name":"","property_contact_phone":""},"property_pricing":{"property_price":"350","property_price_prefix":"od","property_price_suffix":"K\u010d\/m2","property_price_custom":""},"property_attributes":{"property_rooms":"ANO i NE dle volby","property_beds":"6","property_baths":"NE nikdy","property_garages":"ANO \/ NE i \u010d\u00e1ste\u010dn\u011b","property_home_area":"","property_lot_dimensions":"","property_lot_area":"5 m2 - 3.600 m2"},"property_valuation":{"property_valuation_group":""},"property_public_facilities":{"property_public_facilities_group":""},"property_map_location":{"property_map_location":{"latitude":"50.0502818","longitude":"14.439206300000023"}},"property_relations":{"property_agents":["260"]}},"_links":{"self":[{"href":"https:\/\/www.prazskekancelare.com\/test\/wp-json\/wp\/v2\/property\/1058"}],"collection":[{"href":"https:\/\/www.prazskekancelare.com\/test\/wp-json\/wp\/v2\/property"}],"about":[{"href":"https:\/\/www.prazskekancelare.com\/test\/wp-json\/wp\/v2\/types\/property"}],"author":[{"embeddable":true,"href":"https:\/\/www.prazskekancelare.com\/test\/wp-json\/wp\/v2\/users\/1"}],"replies":[{"embeddable":true,"href":"https:\/\/www.prazskekancelare.com\/test\/wp-json\/wp\/v2\/comments?post=1058"}],"wp:featuredmedia":[{"embeddable":true,"href":"https:\/\/www.prazskekancelare.com\/test\/wp-json\/wp\/v2\/media\/3653"}],"wp:attachment":[{"href":"https:\/\/www.prazskekancelare.com\/test\/wp-json\/wp\/v2\/media?parent=1058"}],"curies":[{"name":"wp","href":"https:\/\/api.w.org\/{rel}","templated":true}]}}