{"id":1036,"date":"2019-01-10T16:29:57","date_gmt":"2019-01-10T15:29:57","guid":{"rendered":"https:\/\/www.prazskekancelare.com\/test\/?post_type=property&#038;p=1036"},"modified":"2019-11-02T16:27:52","modified_gmt":"2019-11-02T15:27:52","slug":"pronajem-kancelari-coral-office-park-nove-butovice-praha-5","status":"publish","type":"property","link":"https:\/\/www.prazskekancelare.com\/test\/kancelare-k-pronajmu\/pronajem-kancelari-coral-office-park-nove-butovice-praha-5\/","title":{"rendered":"Kancel\u00e1\u0159e CORAL OFFICE PARK Praha 5 <span style=\"color: #ff0000;\">TOP<\/span>"},"content":{"rendered":"\n\t<ul id=\"slideshowgallery9731\" class=\"slideshowgallery9731\" style=\"display:none;\">\n\t\t\t\t\t<!-- From all slides or gallery slides -->\n\t\t\t\t\t\t\t<li>\n\t\t\t\t\t<h3 style=\"opacity:70;\">kancelare na praze 5<\/h3>\n\t\t\t\t\t\t\t\t\t\t\t<span data-alt=\"kancelare-na-praze-5\">https:\/\/www.prazskekancelare.com\/test\/wp-content\/uploads\/2015\/10\/kancelare-na-praze-5.jpg<\/span>\n\t\t\t\t\t\t\t\t\t\t<p><\/p>\n\t\t\t\t\t\t\t\t\t\t\t\t\t\t\t\t\t\t<a><img class=\"skip-lazy\" src=\"https:\/\/www.prazskekancelare.com\/test\/wp-content\/uploads\/2015\/10\/kancelare-na-praze-5-400x300.jpg\" alt=\"kancelare-na-praze-5\" \/><\/a>\n\t\t\t\t\t\t\t\t\t\t\t\t\t\t\t<\/li>\n\t\t\t\t\t\t\t<li>\n\t\t\t\t\t<h3 style=\"opacity:70;\">pronajem kancelari butovice<\/h3>\n\t\t\t\t\t\t\t\t\t\t\t<span data-alt=\"pronajem-kancelari-butovice\">https:\/\/www.prazskekancelare.com\/test\/wp-content\/uploads\/2015\/10\/pronajem-kancelari-butovice.jpg<\/span>\n\t\t\t\t\t\t\t\t\t\t<p><\/p>\n\t\t\t\t\t\t\t\t\t\t\t\t\t\t\t\t\t\t<a><img class=\"skip-lazy\" src=\"https:\/\/www.prazskekancelare.com\/test\/wp-content\/uploads\/2015\/10\/pronajem-kancelari-butovice-400x300.jpg\" alt=\"pronajem-kancelari-butovice\" \/><\/a>\n\t\t\t\t\t\t\t\t\t\t\t\t\t\t\t<\/li>\n\t\t\t\t\t\t\t<li>\n\t\t\t\t\t<h3 style=\"opacity:70;\">pronajem-kancelare-letiste<\/h3>\n\t\t\t\t\t\t\t\t\t\t\t<span data-alt=\"pronajem-kancelare-letiste\">https:\/\/www.prazskekancelare.com\/test\/wp-content\/uploads\/2015\/10\/pronajem-kancelare-letiste.jpg<\/span>\n\t\t\t\t\t\t\t\t\t\t<p><\/p>\n\t\t\t\t\t\t\t\t\t\t\t\t\t\t\t\t\t\t<a><img class=\"skip-lazy\" src=\"https:\/\/www.prazskekancelare.com\/test\/wp-content\/uploads\/2015\/10\/pronajem-kancelare-letiste-400x300.jpg\" alt=\"pronajem-kancelare-letiste\" \/><\/a>\n\t\t\t\t\t\t\t\t\t\t\t\t\t\t\t<\/li>\n\t\t\t\t\t\t\t<li>\n\t\t\t\t\t<h3 style=\"opacity:70;\">kancelare k pronajmu praha butovice<\/h3>\n\t\t\t\t\t\t\t\t\t\t\t<span data-alt=\"kancelare-k-pronajmu-praha-butovice\">https:\/\/www.prazskekancelare.com\/test\/wp-content\/uploads\/2015\/10\/kancelare-k-pronajmu-praha-butovice.jpg<\/span>\n\t\t\t\t\t\t\t\t\t\t<p><\/p>\n\t\t\t\t\t\t\t\t\t\t\t\t\t\t\t\t\t\t<a><img class=\"skip-lazy\" src=\"https:\/\/www.prazskekancelare.com\/test\/wp-content\/uploads\/2015\/10\/kancelare-k-pronajmu-praha-butovice-400x300.jpg\" alt=\"kancelare-k-pronajmu-praha-butovice\" \/><\/a>\n\t\t\t\t\t\t\t\t\t\t\t\t\t\t\t<\/li>\n\t\t\t\t\t\t\t<li>\n\t\t\t\t\t<h3 style=\"opacity:70;\">butovice-kancelare-pronajem<\/h3>\n\t\t\t\t\t\t\t\t\t\t\t<span data-alt=\"butovice-kancelare-pronajem\">https:\/\/www.prazskekancelare.com\/test\/wp-content\/uploads\/2015\/10\/butovice-kancelare-pronajem1.jpg<\/span>\n\t\t\t\t\t\t\t\t\t\t<p><\/p>\n\t\t\t\t\t\t\t\t\t\t\t\t\t\t\t\t\t\t<a><img class=\"skip-lazy\" src=\"https:\/\/www.prazskekancelare.com\/test\/wp-content\/uploads\/2015\/10\/butovice-kancelare-pronajem1-400x300.jpg\" alt=\"butovice-kancelare-pronajem\" \/><\/a>\n\t\t\t\t\t\t\t\t\t\t\t\t\t\t\t<\/li>\n\t\t\t\t\t\t\t<li>\n\t\t\t\t\t<h3 style=\"opacity:70;\">butovice kancelare k pronajmu<\/h3>\n\t\t\t\t\t\t\t\t\t\t\t<span data-alt=\"butovice-kancelare-k-pronajmu\">https:\/\/www.prazskekancelare.com\/test\/wp-content\/uploads\/2019\/01\/butovice-kancelare-k-pronajmu.jpg<\/span>\n\t\t\t\t\t\t\t\t\t\t<p><\/p>\n\t\t\t\t\t\t\t\t\t\t\t\t\t\t\t\t\t\t<a><img class=\"skip-lazy\" src=\"https:\/\/www.prazskekancelare.com\/test\/wp-content\/uploads\/2019\/01\/butovice-kancelare-k-pronajmu-400x300.jpg\" alt=\"butovice-kancelare-k-pronajmu\" \/><\/a>\n\t\t\t\t\t\t\t\t\t\t\t\t\t\t\t<\/li>\n\t\t\t\t\t\t<\/ul>\n\n\t\t<div id=\"slideshow-wrappergallery9731\" class=\"slideshow-wrapper\" style=\"--slideshow-width:756px\">\n\t\t\n\t\t<div class=\"slideshow-fullsize\" id=\"fullsizegallery9731\">\n\t\t\t\t\t\t\t\t\t\t\t\t\t\t<div id=\"imgprevgallery9731\" class=\"slideshow-imgprev imgnav\" title=\"Previous Image\">Previous Image<\/div>\n\t\t\t\t\t\t<a id=\"imglinkgallery9731\" class=\"slideshow-imglink imglink\">\n\t\t\t\t<!-- link -->\n\t\t\t<\/a>\n\t\t\t\t\t\t\t\t\t\t\t<div id=\"imgnextgallery9731\" class=\"slideshow-imgnext imgnav\" title=\"Next Image\">Next Image<\/div>\n\t\t\t\t\t\t<div id=\"imagegallery9731\" class=\"slideshow-image\"><\/div>\n\t\t\t<div class=\"slideshow-information infobottom\" id=\"informationgallery9731\">\n\t\t\t\t<h3 class=\"slideshow-info-heading\">info heading<\/h3>\n\t\t\t\t<p class=\"slideshow-info-content\">info content<\/p>\n\t\t\t<\/div>\n\t\t<\/div>\n\n\t\t\t\t\t<div id=\"thumbnailsgallery9731\" class=\"slideshow-thumbnails thumbsbot\">\n\t\t\t\t<div class=\"slideshow-slideleft\" id=\"slideleftgallery9731\" title=\"Slide Left\"><\/div>\n\t\t\t\t<div class=\"slideshow-slidearea\" id=\"slideareagallery9731\">\n\t\t\t\t\t<div class=\"slideshow-slider\" id=\"slidergallery9731\"><\/div>\n\t\t\t\t<\/div>\n\t\t\t\t<div class=\"slideshow-slideright\" id=\"sliderightgallery9731\" title=\"Slide Right\"><\/div>\n\t\t\t\t<br style=\"clear:both; visibility:hidden; height:1px;\" \/>\n\t\t\t<\/div>\n\t\t\t<\/div>\n\n\t\n<p>&nbsp;<\/p>\n<p>Nab\u00edz\u00edme kr\u00e1tkodob\u00fd i dlouhodob\u00fd pron\u00e1jem\u00a0<strong>Coral Office Parku\u00a0\u2705 Nov\u00e9 Butovice &#8211;\u00a0<\/strong>za\u0159\u00edzen\u00fdch, \u010d\u00e1ste\u010dn\u011b za\u0159\u00edzen\u00fdch a neza\u0159\u00edzen\u00fdch kancel\u00e1\u0159\u00ed Praha 5 Nov\u00e9 Butovice ve 4. pat\u0159e.\u00a0Kancel\u00e1\u0159e k pron\u00e1jmu jsou v\u00fdborn\u011b dostupn\u00e9 metrem trasy B \u2013 stanice Nov\u00e9 Butovice d\u00edky strategick\u00e9 podob\u011b budovy k pron\u00e1jmu. Nespornou v\u00fdhodou lokality je bl\u00edzkost pra\u017esk\u00e9mu leti\u0161ti dosa\u017eiteln\u00e9ho p\u0159il\u00e9haj\u00edc\u00ed Rozvadovskou spojkou. Cesta na leti\u0161t\u011b trv\u00e1 m\u00e9n\u011b ne\u017e 10 minut.<\/p>\n<p><span style=\"color: #ff0000;\">Popt\u00e1vejte kancel\u00e1\u0159e 20m velk\u00e9, ale i velkometr\u00e1\u017en\u00ed kancel\u00e1\u0159e nad 1000 metr\u016f. v Nab\u00eddce m\u00e1me v\u0161echny vatianty za v\u00fdhodnou cenu a bez jak\u00e9koli provize.<\/span><\/p>\n<p><span style=\"color: #0000ff;\"><strong>V nab\u00eddce jsou:<\/strong><\/span><\/p>\n<ol>\n<li><span style=\"color: #0000ff;\"><strong> malometr\u00e1\u017en\u00ed\u00a0<\/strong>vybaven\u00e9 kancel\u00e1\u0159e\u00a0<strong>od 8 m2\u00a0<\/strong>nebo<\/span><\/li>\n<li><span style=\"color: #0000ff;\"><strong>velkometr\u00e1\u017en\u00ed\u00a0<\/strong>kancel\u00e1\u0159e typu open-space\u00a0<strong>od 100 m2 do 2.500 m2<\/strong>.<\/span><\/li>\n<\/ol>\n<p><span style=\"color: #ff0000;\"><strong>N\u00e1\u0161 tip:<\/strong>\u00a0Za\u0161lete n\u00e1m rychl\u00fd\u00a0<strong><a style=\"color: #ff0000;\" href=\"\/poptavka-po-kancelarich-k-pronajmu\/\" target=\"_blank\"><span style=\"text-decoration: underline;\">popt\u00e1vkov\u00fd formul\u00e1\u0159<\/span>\u00a0<\/a><\/strong>a my V\u00e1m b\u011bhem 30 minut\u00a0p\u0159iprav\u00edme kompletn\u00ed nab\u00eddku dle Va\u0161ich specifikac\u00ed a bez provize.\u00a0<strong>V nab\u00eddce m\u00e1me 1000 kancel\u00e1\u0159\u00ed v Praze<\/strong>. T\u011b\u0161\u00edme se na spolupr\u00e1ci.<\/span><\/p>\n<p>V okol\u00ed budovy a v n\u00ed s\u00eddl\u00ed velk\u00e9 mno\u017estv\u00ed \u010desk\u00fdch a mezin\u00e1rodn\u00edch spole\u010dnost\u00ed a ihned za silnic\u00ed je obl\u00edben\u00e9 obchodn\u00ed centrum Galerie Butovice s mno\u017estv\u00edm slu\u017eeb a rozs\u00e1hl\u00fdmi parkovac\u00edmi plochami, kter\u00e9 zaji\u0161\u0165uj\u00ed pot\u0159ebnou infrastrukturu. Prosklen\u00e9 kancel\u00e1\u0159e ve 4. pat\u0159e nab\u00edzej\u00ed d\u00edky p\u0159\u00edlivu denn\u00edho sv\u011btla velmi p\u0159\u00edjemn\u00e9 pracovn\u00ed prost\u0159ed\u00ed.<\/p>\n<h2>Hlavn\u00ed v\u00fdhody kancel\u00e1\u0159\u00ed Coral Office Park Nov\u00e9 Butovice<\/h2>\n<ul>\n<li>mal\u00fd i velk\u00fd pron\u00e1jem kancel\u00e1\u0159\u00ed Coral Nov\u00e9 Butovice:\u00a0od 10 m2 \u2013 800 m2<\/li>\n<li>vybaven\u00e9 kancel\u00e1\u0159e k pron\u00e1jmu, business lounge a zasedac\u00ed m\u00edstnosti<\/li>\n<li>telefonn\u00ed linky a vysokorychlostn\u00ed internet<\/li>\n<li>z\u00e1zem\u00ed kancel\u00e1\u0159\u00ed s kuchy\u0148kou<\/li>\n<li>nonstop recepce s asistentkami<\/li>\n<li>budova je ihned u metra B \u2013 Nov\u00e9 Butotovice<\/li>\n<\/ul>\n<h2>Slu\u017eby kancel\u00e1\u0159\u00ed<\/h2>\n<ul>\n<li>recepce s recep\u010dn\u00ed<\/li>\n<li>zved\u00e1n\u00ed telefon\u00e1t\u016f<\/li>\n<li>vybaven\u00e9 zasedac\u00ed m\u00edstnosti<\/li>\n<li>kuchy\u0148ka \u2013 vybaven\u00e1<\/li>\n<li>Tisk\u00e1rny, skenery, faxy a kop\u00edrky<\/li>\n<li>Starost o po\u0161tu a frankovac\u00ed stroj<\/li>\n<li>ISDN a vysokorychlostn\u00ed internet<\/li>\n<li>s\u00ed\u0165 LAN<\/li>\n<li>IT podpora<\/li>\n<li>Administrativn\u00ed podpora<\/li>\n<li>Klimatizace<\/li>\n<li>Vstup 24 hodin denn\u011b, 7 dn\u016f v t\u00fddnu<\/li>\n<\/ul>\n<h2>Provize<\/h2>\n<p>Ve\u0161ker\u00e9 slu\u017eby na\u0161\u00ed spole\u010dnosti a jej\u00edch makl\u00e9\u0159\u016f jsou bez provize.<\/p>\n<h2>Cena kancel\u00e1\u0159\u00ed v Coral Office Parku na Nov\u00fdch Butovic\u00edch Praha 5<\/h2>\n<p>D\u00edky velk\u00e9mu po\u010dtu nab\u00edzen\u00fdch pron\u00e1jmu kancel\u00e1\u0159\u00ed\u00a0v tomto business centru, jejich variabilit\u011b a poskytovan\u00fdm slu\u017eb\u00e1m je cena sestavov\u00e1na p\u0159\u00edmo na m\u00edst\u011b b\u011bhem prohl\u00eddky centra. Za\u0161lete n\u00e1m pros\u00edm jednoduchou popt\u00e1vku nebo zavolejte na\u0161emu makl\u00e9\u0159i a on v\u0161e za\u0159\u00edd\u00ed k Va\u0161\u00ed spokojenosti.<\/p>\n<p>Nechte se p\u0159ekvapit, \u017ee i vybaven\u00e9 kancel\u00e1\u0159sk\u00e9 centrum, poskytuj\u00edc\u00ed nadstandardn\u00ed slu\u017eby, dok\u00e1\u017ee nab\u00eddnout zaj\u00edmav\u00e9 cenov\u00e9 podm\u00ednky!<\/p>\n<p>Rychl\u00fd popt\u00e1vkov\u00fd formul\u00e1\u0159 najdete na konci textu\u00a0a makl\u00e9\u0159e zodpov\u011bdn\u00e9ho za nemovitosti v prav\u00e9m sloupci.<\/p>\n<p>e-mail:\u00a0<strong><a href=\"mailto:info@prazskekancelare.cz\">info@prazskekancelare.cz<\/a><\/strong>\u00a0\/\u00a0telefon: <strong><span style=\"color: #ff0000;\">+420 773 295 925, +420 723 984 360<\/span><\/strong><\/p>\n<h2>v\u00edce informac\u00ed o Coral Office Parku:<\/h2>\n","protected":false},"author":1,"featured_media":3013,"comment_status":"closed","ping_status":"closed","template":"","yoast_head":"<!-- This site is optimized with the Yoast SEO plugin v16.4 - https:\/\/yoast.com\/wordpress\/plugins\/seo\/ -->\n<title>CORAL OFFICE Park kancel\u00e1\u0159e Nov\u00e9 Butovice Praha 5 | LEVN\u011a<\/title>\n<meta name=\"description\" content=\"Popt\u00e1vejte kancel\u00e1\u0159e Coral Office Park \u2705 Nov\u00e9 Butovice Praha 5 | 500 business center LEVN\u011a \u2705 | Popt\u00e1vejte levn\u00e9 kancel\u00e1\u0159e po cel\u00e9 Praze Bez provize.\" \/>\n<meta name=\"robots\" content=\"noindex, follow, max-snippet:-1, max-image-preview:large, max-video-preview:-1\" \/>\n<meta property=\"og:locale\" content=\"cs_CZ\" \/>\n<meta property=\"og:type\" content=\"article\" \/>\n<meta property=\"og:title\" content=\"CORAL OFFICE Park kancel\u00e1\u0159e Nov\u00e9 Butovice Praha 5 | LEVN\u011a\" \/>\n<meta property=\"og:description\" content=\"Popt\u00e1vejte kancel\u00e1\u0159e Coral Office Park \u2705 Nov\u00e9 Butovice Praha 5 | 500 business center LEVN\u011a \u2705 | Popt\u00e1vejte levn\u00e9 kancel\u00e1\u0159e po cel\u00e9 Praze Bez provize.\" \/>\n<meta property=\"og:url\" content=\"https:\/\/www.prazskekancelare.com\/test\/kancelare-k-pronajmu\/pronajem-kancelari-coral-office-park-nove-butovice-praha-5\/\" \/>\n<meta property=\"og:site_name\" content=\"TEST - Pron\u00e1jem kancel\u00e1\u0159e Praha\" \/>\n<meta property=\"article:modified_time\" content=\"2019-11-02T15:27:52+00:00\" \/>\n<meta property=\"og:image\" content=\"https:\/\/www.prazskekancelare.com\/test\/wp-content\/uploads\/2019\/01\/butovice-kancelare-k-pronajmu.jpg\" \/>\n\t<meta property=\"og:image:width\" content=\"852\" \/>\n\t<meta property=\"og:image:height\" content=\"563\" \/>\n<meta name=\"twitter:card\" content=\"summary\" \/>\n<meta name=\"twitter:label1\" content=\"Odhadovan\u00e1 doba \u010dten\u00ed\" \/>\n\t<meta name=\"twitter:data1\" content=\"3 minuty\" \/>\n<script type=\"application\/ld+json\" class=\"yoast-schema-graph\">{\"@context\":\"https:\/\/schema.org\",\"@graph\":[{\"@type\":\"Organization\",\"@id\":\"https:\/\/www.prazskekancelare.com\/test\/#organization\",\"name\":\"Pron\\u00e1jem kancel\\u00e1\\u0159e Praha\",\"url\":\"https:\/\/www.prazskekancelare.com\/test\/\",\"sameAs\":[],\"logo\":{\"@type\":\"ImageObject\",\"@id\":\"https:\/\/www.prazskekancelare.com\/test\/#logo\",\"inLanguage\":\"cs\",\"url\":\"https:\/\/www.prazskekancelare.com\/test\/wp-content\/uploads\/2018\/05\/prazske-kancelare-com-logo.png\",\"contentUrl\":\"https:\/\/www.prazskekancelare.com\/test\/wp-content\/uploads\/2018\/05\/prazske-kancelare-com-logo.png\",\"width\":242,\"height\":59,\"caption\":\"Pron\\u00e1jem kancel\\u00e1\\u0159e Praha\"},\"image\":{\"@id\":\"https:\/\/www.prazskekancelare.com\/test\/#logo\"}},{\"@type\":\"WebSite\",\"@id\":\"https:\/\/www.prazskekancelare.com\/test\/#website\",\"url\":\"https:\/\/www.prazskekancelare.com\/test\/\",\"name\":\"TEST - Pron\\u00e1jem kancel\\u00e1\\u0159e Praha\",\"description\":\"Pron\\u00e1jem kancel\\u00e1\\u0159e Praha a Kancelare Praha\",\"publisher\":{\"@id\":\"https:\/\/www.prazskekancelare.com\/test\/#organization\"},\"potentialAction\":[{\"@type\":\"SearchAction\",\"target\":\"https:\/\/www.prazskekancelare.com\/test\/?s={search_term_string}\",\"query-input\":\"required name=search_term_string\"}],\"inLanguage\":\"cs\"},{\"@type\":\"ImageObject\",\"@id\":\"https:\/\/www.prazskekancelare.com\/test\/kancelare-k-pronajmu\/pronajem-kancelari-coral-office-park-nove-butovice-praha-5\/#primaryimage\",\"inLanguage\":\"cs\",\"url\":\"https:\/\/www.prazskekancelare.com\/test\/wp-content\/uploads\/2019\/01\/butovice-kancelare-k-pronajmu.jpg\",\"contentUrl\":\"https:\/\/www.prazskekancelare.com\/test\/wp-content\/uploads\/2019\/01\/butovice-kancelare-k-pronajmu.jpg\",\"width\":852,\"height\":563,\"caption\":\"luxusn\\u00ed kancel\\u00e1\\u0159e praha 5\"},{\"@type\":\"WebPage\",\"@id\":\"https:\/\/www.prazskekancelare.com\/test\/kancelare-k-pronajmu\/pronajem-kancelari-coral-office-park-nove-butovice-praha-5\/#webpage\",\"url\":\"https:\/\/www.prazskekancelare.com\/test\/kancelare-k-pronajmu\/pronajem-kancelari-coral-office-park-nove-butovice-praha-5\/\",\"name\":\"CORAL OFFICE Park kancel\\u00e1\\u0159e Nov\\u00e9 Butovice Praha 5 | LEVN\\u011a\",\"isPartOf\":{\"@id\":\"https:\/\/www.prazskekancelare.com\/test\/#website\"},\"primaryImageOfPage\":{\"@id\":\"https:\/\/www.prazskekancelare.com\/test\/kancelare-k-pronajmu\/pronajem-kancelari-coral-office-park-nove-butovice-praha-5\/#primaryimage\"},\"datePublished\":\"2019-01-10T15:29:57+00:00\",\"dateModified\":\"2019-11-02T15:27:52+00:00\",\"description\":\"Popt\\u00e1vejte kancel\\u00e1\\u0159e Coral Office Park \\u2705 Nov\\u00e9 Butovice Praha 5 | 500 business center LEVN\\u011a \\u2705 | Popt\\u00e1vejte levn\\u00e9 kancel\\u00e1\\u0159e po cel\\u00e9 Praze Bez provize.\",\"breadcrumb\":{\"@id\":\"https:\/\/www.prazskekancelare.com\/test\/kancelare-k-pronajmu\/pronajem-kancelari-coral-office-park-nove-butovice-praha-5\/#breadcrumb\"},\"inLanguage\":\"cs\",\"potentialAction\":[{\"@type\":\"ReadAction\",\"target\":[\"https:\/\/www.prazskekancelare.com\/test\/kancelare-k-pronajmu\/pronajem-kancelari-coral-office-park-nove-butovice-praha-5\/\"]}]},{\"@type\":\"BreadcrumbList\",\"@id\":\"https:\/\/www.prazskekancelare.com\/test\/kancelare-k-pronajmu\/pronajem-kancelari-coral-office-park-nove-butovice-praha-5\/#breadcrumb\",\"itemListElement\":[{\"@type\":\"ListItem\",\"position\":1,\"item\":{\"@type\":\"WebPage\",\"@id\":\"https:\/\/www.prazskekancelare.com\/test\/\",\"url\":\"https:\/\/www.prazskekancelare.com\/test\/\",\"name\":\"Dom\\u016f\"}},{\"@type\":\"ListItem\",\"position\":2,\"item\":{\"@type\":\"WebPage\",\"@id\":\"https:\/\/www.prazskekancelare.com\/test\/kancelare-k-pronajmu\/\",\"url\":\"https:\/\/www.prazskekancelare.com\/test\/kancelare-k-pronajmu\/\",\"name\":\"Properties\"}},{\"@type\":\"ListItem\",\"position\":3,\"item\":{\"@id\":\"https:\/\/www.prazskekancelare.com\/test\/kancelare-k-pronajmu\/pronajem-kancelari-coral-office-park-nove-butovice-praha-5\/#webpage\"}}]}]}<\/script>\n<!-- \/ Yoast SEO plugin. -->","cmb2":{"property_general":{"property_id":"ANO","property_year_built":"","property_address":"Bucharova 12, \r\nNov\u00e9 Butovice Praha 5\r\n","property_zip":"","property_contract":"","property_gallery":"","property_plans":"","property_video":"","property_parent_property":""},"property_flags":{"property_featured":"","property_sticky":"","property_reduced":"","property_sold":""},"property_contact":{"property_contact_name":"","property_contact_phone":""},"property_pricing":{"property_price":"350","property_price_prefix":"od","property_price_suffix":"K\u010d\/m2","property_price_custom":""},"property_attributes":{"property_rooms":"ANO","property_beds":"6","property_baths":"NE","property_garages":"ANO \/ i \u010d\u00e1ste\u010dn\u011b","property_home_area":"","property_lot_dimensions":"","property_lot_area":"15 m2 - 1.000 m2"},"property_valuation":{"property_valuation_group":""},"property_public_facilities":{"property_public_facilities_group":""},"property_map_location":{"property_map_location":{"latitude":"50.050617","longitude":"14.35364770000001"}},"property_relations":{"property_agents":["260"]}},"_links":{"self":[{"href":"https:\/\/www.prazskekancelare.com\/test\/wp-json\/wp\/v2\/property\/1036"}],"collection":[{"href":"https:\/\/www.prazskekancelare.com\/test\/wp-json\/wp\/v2\/property"}],"about":[{"href":"https:\/\/www.prazskekancelare.com\/test\/wp-json\/wp\/v2\/types\/property"}],"author":[{"embeddable":true,"href":"https:\/\/www.prazskekancelare.com\/test\/wp-json\/wp\/v2\/users\/1"}],"replies":[{"embeddable":true,"href":"https:\/\/www.prazskekancelare.com\/test\/wp-json\/wp\/v2\/comments?post=1036"}],"wp:featuredmedia":[{"embeddable":true,"href":"https:\/\/www.prazskekancelare.com\/test\/wp-json\/wp\/v2\/media\/3013"}],"wp:attachment":[{"href":"https:\/\/www.prazskekancelare.com\/test\/wp-json\/wp\/v2\/media?parent=1036"}],"curies":[{"name":"wp","href":"https:\/\/api.w.org\/{rel}","templated":true}]}}