{"id":1008,"date":"2018-10-10T14:44:25","date_gmt":"2018-10-10T12:44:25","guid":{"rendered":"https:\/\/www.prazskekancelare.com\/test\/?post_type=property&#038;p=1008"},"modified":"2019-12-11T15:02:58","modified_gmt":"2019-12-11T14:02:58","slug":"pronajem-kancelari-zlaty-andel-smichov-praha-5","status":"publish","type":"property","link":"https:\/\/www.prazskekancelare.com\/test\/kancelare-k-pronajmu\/pronajem-kancelari-zlaty-andel-smichov-praha-5\/","title":{"rendered":"Kancel\u00e1\u0159e ZLAT\u00dd AND\u011aL Praha 5 <span style=\"color: #ff0000;\">obl\u00edben\u00e9<\/span>"},"content":{"rendered":"\n\t<ul id=\"slideshowgallery6731\" class=\"slideshowgallery6731\" style=\"display:none;\">\n\t\t\t\t\t<!-- From all slides or gallery slides -->\n\t\t\t\t\t\t\t<li>\n\t\t\t\t\t<h3 style=\"opacity:70;\">pronajmy kancelari praha 5<\/h3>\n\t\t\t\t\t\t\t\t\t\t\t<span data-alt=\"pronajmy-kancelari-praha-5\">https:\/\/www.prazskekancelare.com\/test\/wp-content\/uploads\/2015\/10\/pronajmy-kancelari-praha-5.jpg<\/span>\n\t\t\t\t\t\t\t\t\t\t<p><\/p>\n\t\t\t\t\t\t\t\t\t\t\t\t\t\t\t\t\t\t<a><img class=\"skip-lazy\" src=\"https:\/\/www.prazskekancelare.com\/test\/wp-content\/uploads\/2015\/10\/pronajmy-kancelari-praha-5-400x300.jpg\" alt=\"pronajmy-kancelari-praha-5\" \/><\/a>\n\t\t\t\t\t\t\t\t\t\t\t\t\t\t\t<\/li>\n\t\t\t\t\t\t\t<li>\n\t\t\t\t\t<h3 style=\"opacity:70;\"><\/h3>\n\t\t\t\t\t\t\t\t\t\t\t<span data-alt=\"andel-kancelare\">https:\/\/www.prazskekancelare.com\/test\/wp-content\/uploads\/2015\/10\/pronajem-kancelare-praha-5.jpg<\/span>\n\t\t\t\t\t\t\t\t\t\t<p><\/p>\n\t\t\t\t\t\t\t\t\t\t\t\t\t\t\t\t\t\t<a><img class=\"skip-lazy\" src=\"https:\/\/www.prazskekancelare.com\/test\/wp-content\/uploads\/2015\/10\/pronajem-kancelare-praha-5-400x300.jpg\" alt=\"andel-kancelare\" \/><\/a>\n\t\t\t\t\t\t\t\t\t\t\t\t\t\t\t<\/li>\n\t\t\t\t\t\t\t<li>\n\t\t\t\t\t<h3 style=\"opacity:70;\">Praha 5 kancelare<\/h3>\n\t\t\t\t\t\t\t\t\t\t\t<span data-alt=\"praha-5-kancelare\">https:\/\/www.prazskekancelare.com\/test\/wp-content\/uploads\/2015\/10\/praha-5-kancelare.jpg<\/span>\n\t\t\t\t\t\t\t\t\t\t<p><\/p>\n\t\t\t\t\t\t\t\t\t\t\t\t\t\t\t\t\t\t<a><img class=\"skip-lazy\" src=\"https:\/\/www.prazskekancelare.com\/test\/wp-content\/uploads\/2015\/10\/praha-5-kancelare-400x300.jpg\" alt=\"praha-5-kancelare\" \/><\/a>\n\t\t\t\t\t\t\t\t\t\t\t\t\t\t\t<\/li>\n\t\t\t\t\t\t\t<li>\n\t\t\t\t\t<h3 style=\"opacity:70;\">kancelare k pronajmu Praha 5<\/h3>\n\t\t\t\t\t\t\t\t\t\t\t<span data-alt=\"kancelare-k-pronajmu-praha-5\">https:\/\/www.prazskekancelare.com\/test\/wp-content\/uploads\/2015\/10\/kancelare-k-pronajmu-praha-5.jpg<\/span>\n\t\t\t\t\t\t\t\t\t\t<p><\/p>\n\t\t\t\t\t\t\t\t\t\t\t\t\t\t\t\t\t\t<a><img class=\"skip-lazy\" src=\"https:\/\/www.prazskekancelare.com\/test\/wp-content\/uploads\/2015\/10\/kancelare-k-pronajmu-praha-5-400x300.jpg\" alt=\"kancelare-k-pronajmu-praha-5\" \/><\/a>\n\t\t\t\t\t\t\t\t\t\t\t\t\t\t\t<\/li>\n\t\t\t\t\t\t\t<li>\n\t\t\t\t\t<h3 style=\"opacity:70;\">kancelare Praha 5 pronajem<\/h3>\n\t\t\t\t\t\t\t\t\t\t\t<span data-alt=\"kancelare-praha-5-pronajem\">https:\/\/www.prazskekancelare.com\/test\/wp-content\/uploads\/2015\/10\/kancelare-praha-5-pronajem.jpg<\/span>\n\t\t\t\t\t\t\t\t\t\t<p><\/p>\n\t\t\t\t\t\t\t\t\t\t\t\t\t\t\t\t\t\t<a><img class=\"skip-lazy\" src=\"https:\/\/www.prazskekancelare.com\/test\/wp-content\/uploads\/2015\/10\/kancelare-praha-5-pronajem-400x300.jpg\" alt=\"kancelare-praha-5-pronajem\" \/><\/a>\n\t\t\t\t\t\t\t\t\t\t\t\t\t\t\t<\/li>\n\t\t\t\t\t\t\t<li>\n\t\t\t\t\t<h3 style=\"opacity:70;\">pronajem kancelari Praha 5<\/h3>\n\t\t\t\t\t\t\t\t\t\t\t<span data-alt=\"pronajem-kancelari-praha-5\">https:\/\/www.prazskekancelare.com\/test\/wp-content\/uploads\/2015\/10\/pronajem-kancelari-praha-5.jpg<\/span>\n\t\t\t\t\t\t\t\t\t\t<p><\/p>\n\t\t\t\t\t\t\t\t\t\t\t\t\t\t\t\t\t\t<a><img class=\"skip-lazy\" src=\"https:\/\/www.prazskekancelare.com\/test\/wp-content\/uploads\/2015\/10\/pronajem-kancelari-praha-5-400x300.jpg\" alt=\"pronajem-kancelari-praha-5\" \/><\/a>\n\t\t\t\t\t\t\t\t\t\t\t\t\t\t\t<\/li>\n\t\t\t\t\t\t<\/ul>\n\n\t\t<div id=\"slideshow-wrappergallery6731\" class=\"slideshow-wrapper\" style=\"--slideshow-width:756px\">\n\t\t\n\t\t<div class=\"slideshow-fullsize\" id=\"fullsizegallery6731\">\n\t\t\t\t\t\t\t\t\t\t\t\t\t\t<div id=\"imgprevgallery6731\" class=\"slideshow-imgprev imgnav\" title=\"Previous Image\">Previous Image<\/div>\n\t\t\t\t\t\t<a id=\"imglinkgallery6731\" class=\"slideshow-imglink imglink\">\n\t\t\t\t<!-- link -->\n\t\t\t<\/a>\n\t\t\t\t\t\t\t\t\t\t\t<div id=\"imgnextgallery6731\" class=\"slideshow-imgnext imgnav\" title=\"Next Image\">Next Image<\/div>\n\t\t\t\t\t\t<div id=\"imagegallery6731\" class=\"slideshow-image\"><\/div>\n\t\t\t<div class=\"slideshow-information infobottom\" id=\"informationgallery6731\">\n\t\t\t\t<h3 class=\"slideshow-info-heading\">info heading<\/h3>\n\t\t\t\t<p class=\"slideshow-info-content\">info content<\/p>\n\t\t\t<\/div>\n\t\t<\/div>\n\n\t\t\t\t\t<div id=\"thumbnailsgallery6731\" class=\"slideshow-thumbnails thumbsbot\">\n\t\t\t\t<div class=\"slideshow-slideleft\" id=\"slideleftgallery6731\" title=\"Slide Left\"><\/div>\n\t\t\t\t<div class=\"slideshow-slidearea\" id=\"slideareagallery6731\">\n\t\t\t\t\t<div class=\"slideshow-slider\" id=\"slidergallery6731\"><\/div>\n\t\t\t\t<\/div>\n\t\t\t\t<div class=\"slideshow-slideright\" id=\"sliderightgallery6731\" title=\"Slide Right\"><\/div>\n\t\t\t\t<br style=\"clear:both; visibility:hidden; height:1px;\" \/>\n\t\t\t<\/div>\n\t\t\t<\/div>\n\n\t\n<p>&nbsp;<\/p>\n<p>P\u0159edstavujeme modern\u00ed<strong> kancel\u00e1\u0159e\u00a0Zlat\u00fd And\u011bl<\/strong> \u2705v lokalit\u011b Praha 5. <strong>Pron\u00e1jem kancel\u00e1\u0159\u00ed Zlat\u00fd And\u011bl<\/strong> najdete v business centru s mimo\u0159\u00e1dn\u011b v\u00fdhodnou polohou ihned na metru And\u011bl &#8211; trasa B, ve 2. pat\u0159e budovy<strong> kancel\u00e1\u0159e\u00a0And\u011bl<\/strong>, kter\u00e1 je dominantou um\u00edst\u011bnou v srdci revitalizovan\u00e9, ru\u0161n\u00e9 pra\u017esk\u00e9 m\u011bstsk\u00e9 \u010d\u00e1sti Sm\u00edchov. Lokalita And\u011bl se nach\u00e1z\u00ed v centru Prahy a st\u00e1v\u00e1 se st\u00e1le v\u00fdznamn\u011bj\u0161\u00ed \u010dtvrt\u00ed s ultramodern\u00edmi kancel\u00e1\u0159emi, n\u00e1kupn\u00edmi st\u0159edisky, kiny a komer\u010dn\u00edm centrem a je i domovem proslul\u00fdch pra\u017esk\u00fdch pivovar\u016f.<\/p>\n<p>Kancel\u00e1\u0159sk\u00e9 prostory\u00a0business centra And\u011bl nab\u00edz\u00ed v\u00edce ne\u017e 1780 m2 s 27 kancel\u00e1\u0159emi. Pro klienty je zde k dispozici elegantn\u00ed recepce, 2 zasedac\u00ed m\u00edstnosti, kuchy\u0148ka i technick\u00e9 z\u00e1zem\u00ed. Pro pohodl\u00ed klient\u016f je zde mo\u017enost kryt\u00e9ho parkov\u00e1n\u00ed.<\/p>\n<p><span style=\"color: #0000ff;\"><strong>V nab\u00eddce jsou:<\/strong><\/span><\/p>\n<ol>\n<li><span style=\"color: #0000ff;\"><strong> malometr\u00e1\u017en\u00ed\u00a0<\/strong>vybaven\u00e9 kancel\u00e1\u0159e\u00a0<strong>od 5 m2\u00a0<\/strong>nebo<\/span><\/li>\n<li><span style=\"color: #0000ff;\"><strong>velkometr\u00e1\u017en\u00ed\u00a0<\/strong>kancel\u00e1\u0159e typu open-space s flexibiln\u00ed uspo\u0159\u00e1d\u00e1n\u00edm p\u0159\u00ed\u010dek\u00a0<strong>od 100 m2 do 5.000 m2<\/strong>.<\/span><\/li>\n<\/ol>\n<p><a href=\"\/poptavka-po-kancelarich-k-pronajmu\/\" target=\"_blank\"><img loading=\"lazy\" class=\"alignnone wp-image-3617 size-medium\" src=\"https:\/\/www.prazskekancelare.com\/test\/wp-content\/uploads\/2019\/12\/kancelare-5-5000m-300x46.png\" alt=\"kancel\u00e1\u0159e od 5m\" width=\"300\" height=\"46\" srcset=\"https:\/\/www.prazskekancelare.com\/test\/wp-content\/uploads\/2019\/12\/kancelare-5-5000m-300x46.png 300w, https:\/\/www.prazskekancelare.com\/test\/wp-content\/uploads\/2019\/12\/kancelare-5-5000m-1024x156.png 1024w\" sizes=\"(max-width: 300px) 100vw, 300px\" \/><\/a><\/p>\n<p><span style=\"color: #ff0000;\"><strong>N\u00e1\u0161 tip:<\/strong>\u00a0Za\u0161lete n\u00e1m rychl\u00fd\u00a0<span style=\"text-decoration: underline;\"><strong><a style=\"color: #ff0000; text-decoration: underline;\" href=\"\/poptavka-po-kancelarich-k-pronajmu\/\" target=\"_blank\">popt\u00e1vkov\u00fd formul\u00e1\u0159\u00a0<\/a><\/strong><\/span>a my V\u00e1m b\u011bhem 30 minut\u00a0p\u0159iprav\u00edme kompletn\u00ed nab\u00eddku dle Va\u0161ich specifikac\u00ed a bez provize.\u00a0<strong>V nab\u00eddce m\u00e1me 1000 kancel\u00e1\u0159\u00ed v Praze<\/strong>. T\u011b\u0161\u00edme se na spolupr\u00e1ci.<\/span><\/p>\n<h2>Kancel\u00e1\u0159e And\u011bl &#8211; popis<\/h2>\n<p><strong>Kancel\u00e1\u0159sk\u00e9 prostory Zlat\u00fd And\u011bl<\/strong> ke kr\u00e1tkodob\u00e9mu i dlouhodob\u00e9mu pron\u00e1jmu\u00a0jsou skv\u011ble situovan\u00e9 a modern\u00ed centrum nab\u00edz\u00ed kancel\u00e1\u0159sk\u00fd pron\u00e1jem, zasedac\u00ed m\u00edstnosti na kr\u00e1tkodob\u00fd i dlouhodob\u00fd pron\u00e1jem kancel\u00e1\u0159\u00ed a samoz\u0159ejm\u011b mo\u017enost registrace s\u00eddla spole\u010dnosti. Jedn\u00e1 se o full service centrum, tzn. pln\u011b vybaven\u00e9 a servisovan\u00e9 kancel\u00e1\u0159e a zasedac\u00ed m\u00edstnosti, v\u010detn\u011b ve\u0161ker\u00e9 administrativn\u00ed i jin\u00e9 podpory ze strany asistentek. Klient se m\u016f\u017ee pln\u011b v\u011bnovat sv\u00e9 \u010dinnosti a kolektiv centra za\u0159\u00edd\u00ed ve\u0161ker\u00e9 slu\u017eby kolem. Kancel\u00e1\u0159e k pron\u00e1jmu Praha 5 jsou velmi dob\u0159e p\u0159ehledn\u00e9 a jejich um\u00edst\u011bn\u00ed vyhovuj\u00edc\u00ed va\u0161emu denn\u00edmu u\u017e\u00edv\u00e1n\u00ed.<\/p>\n<h2>V\u00fdhody kancel\u00e1\u0159\u00ed Zlat\u00fd And\u011bl Sm\u00edchov<\/h2>\n<ul>\n<li>V\u00fdborn\u011b situovan\u00e9, nadstandardn\u011b flexibiln\u00ed kancel\u00e1\u0159e v centru Prahy<\/li>\n<li>S\u00eddlo spole\u010dnosti VIP adresa<\/li>\n<li>Recepce s administrativn\u00ed asistentkou<\/li>\n<li>Kr\u00e1sn\u00e9 a modern\u00ed z\u00e1zem\u00ed, kuchy\u0148ka, business lounge, televize, \u2026<\/li>\n<li>Odpov\u00edd\u00e1n\u00ed telefonick\u00fdch hovor\u016f, zanech\u00e1v\u00e1n\u00ed vzkaz\u016f, sd\u00edlen\u00ed outlook kalend\u00e1\u0159e,\u2026<\/li>\n<li>Starost o ve\u0161kerou po\u0161tu (vlastn\u00ed frankovac\u00ed stroj)<\/li>\n<li>Servisn\u00ed z\u00f3ny (tisk\u00e1rny, kop\u00edrovac\u00ed stroje, scannery, faxy, \u0159eza\u010dky, skartova\u010dky, laminova\u010dky, \u2026)<\/li>\n<li>S\u00ed\u0165 LAN, ISDN, vysokorychlostn\u00ed internet a ve\u0161ker\u00e9 pot\u0159ebn\u00e9 IT v\u010detn\u011b server room<\/li>\n<li>Non-stop p\u0159\u00edstup do kancel\u00e1\u0159e, ochranka a samoz\u0159ejm\u011b parkovac\u00ed st\u00e1n\u00ed<\/li>\n<li>\u2026 kompletn\u00ed podpora, slu\u017eby a ve\u0161ker\u00fd servis jak\u00fd klient vy\u017eaduje<\/li>\n<\/ul>\n<h2>Provize za kancel\u00e1\u0159e na Zlat\u00e9m And\u011blu<\/h2>\n<p>Ve\u0161ker\u00e9 slu\u017eby na\u0161\u00ed spole\u010dnosti a jej\u00edch makl\u00e9\u0159\u016f jsou bez provize.<\/p>\n<h2>Cena kancel\u00e1\u0159\u00ed Zlat\u00fd And\u011bl<\/h2>\n<p>D\u00edky velk\u00e9mu po\u010dtu nab\u00edzen\u00fdch <strong>kancel\u00e1\u0159\u00ed na Zlat\u00e9m And\u011blu<\/strong> v tomto business centru, jejich variabilit\u011b a poskytovan\u00fdm slu\u017eb\u00e1m je cena sestavov\u00e1na p\u0159\u00edmo na m\u00edst\u011b b\u011bhem prohl\u00eddky centra. Za\u0161lete n\u00e1m pros\u00edm jednoduchou popt\u00e1vku nebo zavolejte na\u0161emu makl\u00e9\u0159i a on v\u0161e za\u0159\u00edd\u00ed k Va\u0161\u00ed spokojenosti.<\/p>\n<p>Rychl\u00fd popt\u00e1vkov\u00fd formul\u00e1\u0159 najdete na konci textu\u00a0a makl\u00e9\u0159e zodpov\u011bdn\u00e9ho za nemovitosti v prav\u00e9m sloupci.<\/p>\n<p>e-mail:\u00a0<strong><a href=\"mailto:info@prazskekancelare.cz\">info@prazskekancelare.cz<\/a><\/strong>\u00a0\/\u00a0telefon: <strong><span style=\"color: #ff0000;\">+420 773 295 925, +420 723 984 360<\/span><\/strong><\/p>\n<p><a href=\"\/poptavka-po-kancelarich-k-pronajmu\/\" target=\"_blank\"><img loading=\"lazy\" class=\"alignnone wp-image-3619 size-medium\" src=\"https:\/\/www.prazskekancelare.com\/test\/wp-content\/uploads\/2019\/12\/poptavejte-bez-provize-300x48.png\" alt=\"popt\u00e1vejte kancel\u00e1\u0159 bez provize\" width=\"300\" height=\"48\" srcset=\"https:\/\/www.prazskekancelare.com\/test\/wp-content\/uploads\/2019\/12\/poptavejte-bez-provize-300x48.png 300w, https:\/\/www.prazskekancelare.com\/test\/wp-content\/uploads\/2019\/12\/poptavejte-bez-provize-1024x163.png 1024w\" sizes=\"(max-width: 300px) 100vw, 300px\" \/><\/a><\/p>\n<h2>v\u00edce informac\u00ed o kancel\u00e1\u0159\u00edch na And\u011blu:<\/h2>\n","protected":false},"author":1,"featured_media":1005,"comment_status":"closed","ping_status":"closed","template":"","yoast_head":"<!-- This site is optimized with the Yoast SEO plugin v16.4 - https:\/\/yoast.com\/wordpress\/plugins\/seo\/ -->\n<title>ZLAT\u00dd AND\u011aL Kancel\u00e1\u0159e Sm\u00edchov Praha 5 | 500 KANCEL\u00c1\u0158\u00cd \u00ae<\/title>\n<meta name=\"description\" content=\"Popt\u00e1vejte kancel\u00e1\u0159e Zlat\u00fd And\u011bl Sm\u00edchov Praha 5 \u2705| Kancel\u00e1\u0159e And\u011bl N\u00e1dra\u017en\u00ed Praha 5, Kancel\u00e1\u0159e Na B\u011blidle a Kancel\u00e1\u0159e Radlick\u00e1 \u2705| Nab\u00eddky BEZ Provize.\" \/>\n<meta name=\"robots\" content=\"noindex, follow, max-snippet:-1, max-image-preview:large, max-video-preview:-1\" \/>\n<meta property=\"og:locale\" content=\"cs_CZ\" \/>\n<meta property=\"og:type\" content=\"article\" \/>\n<meta property=\"og:title\" content=\"ZLAT\u00dd AND\u011aL Kancel\u00e1\u0159e Sm\u00edchov Praha 5 | 500 KANCEL\u00c1\u0158\u00cd \u00ae\" \/>\n<meta property=\"og:description\" content=\"Popt\u00e1vejte kancel\u00e1\u0159e Zlat\u00fd And\u011bl Sm\u00edchov Praha 5 \u2705| Kancel\u00e1\u0159e And\u011bl N\u00e1dra\u017en\u00ed Praha 5, Kancel\u00e1\u0159e Na B\u011blidle a Kancel\u00e1\u0159e Radlick\u00e1 \u2705| Nab\u00eddky BEZ Provize.\" \/>\n<meta property=\"og:url\" content=\"https:\/\/www.prazskekancelare.com\/test\/kancelare-k-pronajmu\/pronajem-kancelari-zlaty-andel-smichov-praha-5\/\" \/>\n<meta property=\"og:site_name\" content=\"TEST - Pron\u00e1jem kancel\u00e1\u0159e Praha\" \/>\n<meta property=\"article:modified_time\" content=\"2019-12-11T14:02:58+00:00\" \/>\n<meta property=\"og:image\" content=\"https:\/\/www.prazskekancelare.com\/test\/wp-content\/uploads\/2015\/10\/pronajem-kancelare-praha-5.jpg\" \/>\n\t<meta property=\"og:image:width\" content=\"960\" \/>\n\t<meta property=\"og:image:height\" content=\"640\" \/>\n<meta name=\"twitter:card\" content=\"summary\" \/>\n<meta name=\"twitter:label1\" content=\"Odhadovan\u00e1 doba \u010dten\u00ed\" \/>\n\t<meta name=\"twitter:data1\" content=\"3 minuty\" \/>\n<script type=\"application\/ld+json\" class=\"yoast-schema-graph\">{\"@context\":\"https:\/\/schema.org\",\"@graph\":[{\"@type\":\"Organization\",\"@id\":\"https:\/\/www.prazskekancelare.com\/test\/#organization\",\"name\":\"Pron\\u00e1jem kancel\\u00e1\\u0159e Praha\",\"url\":\"https:\/\/www.prazskekancelare.com\/test\/\",\"sameAs\":[],\"logo\":{\"@type\":\"ImageObject\",\"@id\":\"https:\/\/www.prazskekancelare.com\/test\/#logo\",\"inLanguage\":\"cs\",\"url\":\"https:\/\/www.prazskekancelare.com\/test\/wp-content\/uploads\/2018\/05\/prazske-kancelare-com-logo.png\",\"contentUrl\":\"https:\/\/www.prazskekancelare.com\/test\/wp-content\/uploads\/2018\/05\/prazske-kancelare-com-logo.png\",\"width\":242,\"height\":59,\"caption\":\"Pron\\u00e1jem kancel\\u00e1\\u0159e Praha\"},\"image\":{\"@id\":\"https:\/\/www.prazskekancelare.com\/test\/#logo\"}},{\"@type\":\"WebSite\",\"@id\":\"https:\/\/www.prazskekancelare.com\/test\/#website\",\"url\":\"https:\/\/www.prazskekancelare.com\/test\/\",\"name\":\"TEST - Pron\\u00e1jem kancel\\u00e1\\u0159e Praha\",\"description\":\"Pron\\u00e1jem kancel\\u00e1\\u0159e Praha a Kancelare Praha\",\"publisher\":{\"@id\":\"https:\/\/www.prazskekancelare.com\/test\/#organization\"},\"potentialAction\":[{\"@type\":\"SearchAction\",\"target\":\"https:\/\/www.prazskekancelare.com\/test\/?s={search_term_string}\",\"query-input\":\"required name=search_term_string\"}],\"inLanguage\":\"cs\"},{\"@type\":\"ImageObject\",\"@id\":\"https:\/\/www.prazskekancelare.com\/test\/kancelare-k-pronajmu\/pronajem-kancelari-zlaty-andel-smichov-praha-5\/#primaryimage\",\"inLanguage\":\"cs\",\"url\":\"https:\/\/www.prazskekancelare.com\/test\/wp-content\/uploads\/2015\/10\/pronajem-kancelare-praha-5.jpg\",\"contentUrl\":\"https:\/\/www.prazskekancelare.com\/test\/wp-content\/uploads\/2015\/10\/pronajem-kancelare-praha-5.jpg\",\"width\":960,\"height\":640,\"caption\":\"Zlat\\u00fd And\\u011bl kancel\\u00e1\\u0159e Praha 5\"},{\"@type\":\"WebPage\",\"@id\":\"https:\/\/www.prazskekancelare.com\/test\/kancelare-k-pronajmu\/pronajem-kancelari-zlaty-andel-smichov-praha-5\/#webpage\",\"url\":\"https:\/\/www.prazskekancelare.com\/test\/kancelare-k-pronajmu\/pronajem-kancelari-zlaty-andel-smichov-praha-5\/\",\"name\":\"ZLAT\\u00dd AND\\u011aL Kancel\\u00e1\\u0159e Sm\\u00edchov Praha 5 | 500 KANCEL\\u00c1\\u0158\\u00cd \\u00ae\",\"isPartOf\":{\"@id\":\"https:\/\/www.prazskekancelare.com\/test\/#website\"},\"primaryImageOfPage\":{\"@id\":\"https:\/\/www.prazskekancelare.com\/test\/kancelare-k-pronajmu\/pronajem-kancelari-zlaty-andel-smichov-praha-5\/#primaryimage\"},\"datePublished\":\"2018-10-10T12:44:25+00:00\",\"dateModified\":\"2019-12-11T14:02:58+00:00\",\"description\":\"Popt\\u00e1vejte kancel\\u00e1\\u0159e Zlat\\u00fd And\\u011bl Sm\\u00edchov Praha 5 \\u2705| Kancel\\u00e1\\u0159e And\\u011bl N\\u00e1dra\\u017en\\u00ed Praha 5, Kancel\\u00e1\\u0159e Na B\\u011blidle a Kancel\\u00e1\\u0159e Radlick\\u00e1 \\u2705| Nab\\u00eddky BEZ Provize.\",\"breadcrumb\":{\"@id\":\"https:\/\/www.prazskekancelare.com\/test\/kancelare-k-pronajmu\/pronajem-kancelari-zlaty-andel-smichov-praha-5\/#breadcrumb\"},\"inLanguage\":\"cs\",\"potentialAction\":[{\"@type\":\"ReadAction\",\"target\":[\"https:\/\/www.prazskekancelare.com\/test\/kancelare-k-pronajmu\/pronajem-kancelari-zlaty-andel-smichov-praha-5\/\"]}]},{\"@type\":\"BreadcrumbList\",\"@id\":\"https:\/\/www.prazskekancelare.com\/test\/kancelare-k-pronajmu\/pronajem-kancelari-zlaty-andel-smichov-praha-5\/#breadcrumb\",\"itemListElement\":[{\"@type\":\"ListItem\",\"position\":1,\"item\":{\"@type\":\"WebPage\",\"@id\":\"https:\/\/www.prazskekancelare.com\/test\/\",\"url\":\"https:\/\/www.prazskekancelare.com\/test\/\",\"name\":\"Dom\\u016f\"}},{\"@type\":\"ListItem\",\"position\":2,\"item\":{\"@type\":\"WebPage\",\"@id\":\"https:\/\/www.prazskekancelare.com\/test\/kancelare-k-pronajmu\/\",\"url\":\"https:\/\/www.prazskekancelare.com\/test\/kancelare-k-pronajmu\/\",\"name\":\"Properties\"}},{\"@type\":\"ListItem\",\"position\":3,\"item\":{\"@id\":\"https:\/\/www.prazskekancelare.com\/test\/kancelare-k-pronajmu\/pronajem-kancelari-zlaty-andel-smichov-praha-5\/#webpage\"}}]}]}<\/script>\n<!-- \/ Yoast SEO plugin. -->","cmb2":{"property_general":{"property_id":"ANO","property_year_built":"","property_address":"N\u00e1dra\u017en\u00ed 25,\r\n150 00 Praha 5","property_zip":"","property_contract":"","property_gallery":"","property_plans":"","property_video":"","property_parent_property":""},"property_flags":{"property_featured":"","property_sticky":"","property_reduced":"","property_sold":""},"property_contact":{"property_contact_name":"","property_contact_phone":""},"property_pricing":{"property_price":"350","property_price_prefix":"od","property_price_suffix":"K\u010d\/m2","property_price_custom":""},"property_attributes":{"property_rooms":"ANO","property_beds":"6","property_baths":"NE","property_garages":"ANO i NE","property_home_area":"","property_lot_dimensions":"","property_lot_area":"15 m2 - 2500 m2"},"property_valuation":{"property_valuation_group":""},"property_public_facilities":{"property_public_facilities_group":""},"property_map_location":{"property_map_location":{"latitude":"50.0716981","longitude":"14.403848599999947"}},"property_relations":{"property_agents":["260"]}},"_links":{"self":[{"href":"https:\/\/www.prazskekancelare.com\/test\/wp-json\/wp\/v2\/property\/1008"}],"collection":[{"href":"https:\/\/www.prazskekancelare.com\/test\/wp-json\/wp\/v2\/property"}],"about":[{"href":"https:\/\/www.prazskekancelare.com\/test\/wp-json\/wp\/v2\/types\/property"}],"author":[{"embeddable":true,"href":"https:\/\/www.prazskekancelare.com\/test\/wp-json\/wp\/v2\/users\/1"}],"replies":[{"embeddable":true,"href":"https:\/\/www.prazskekancelare.com\/test\/wp-json\/wp\/v2\/comments?post=1008"}],"wp:featuredmedia":[{"embeddable":true,"href":"https:\/\/www.prazskekancelare.com\/test\/wp-json\/wp\/v2\/media\/1005"}],"wp:attachment":[{"href":"https:\/\/www.prazskekancelare.com\/test\/wp-json\/wp\/v2\/media?parent=1008"}],"curies":[{"name":"wp","href":"https:\/\/api.w.org\/{rel}","templated":true}]}}